{"id":7084,"date":"2025-01-13T22:45:00","date_gmt":"2025-01-13T21:45:00","guid":{"rendered":"https:\/\/mrdp.pl\/?page_id=7084"},"modified":"2025-01-13T22:45:18","modified_gmt":"2025-01-13T21:45:18","slug":"zawodnicy-mrdp-wschod-2024","status":"publish","type":"page","link":"https:\/\/mrdp.pl\/en\/archiwum\/wmrdp-2024\/zawodnicy-mrdp-wschod-2024","title":{"rendered":"The competitors MRDP East 2024"},"content":{"rendered":"<p>            <section class=\"newsItem userItem\">\n                <a href=\"https:\/\/mrdp.pl\/en\/zawodnik\/katarzyna-karewicz\" title=\"Katarzyna Karewicz\">\n                    <div class=\"fastGrid\">\n                        <div>\n                            <div class=\"avatarColumn\">\n                                <div style=\"background-image: url(https:\/\/mrdp.pl\/en\/wp-content\/themes\/mrdp\/img\/empty.png)\"><\/div>\n                            <\/div>\n                            <div>\n                                <h2 class=\"newsTitle\">Katarzyna Karewicz <span><\/span><\/h2>\n                                <div class=\"info\">\n                                                                        <p><i class=\"icon-globe\"><\/i> <span>Miejscowo\u015b\u0107:<\/span> <strong>Warszawa<\/strong><\/p>                                    <p><i class=\"icon-star-half-empty\"><\/i> <span>Kategoria:<\/span> <strong>SOLO<\/strong><\/p>                                    <p><i class=\"icon-flag-checkered\"><\/i> <span>Numer startowy:<\/span> <strong>1<\/strong><\/p>\n                                    <p><i class=\"icon-list-alt\"><\/i> <span>Data startu:<\/span> <strong>2024-09-21 12:00<\/strong><\/p>                                <\/div>\n                                <div class=\"commentsCount\"><i class=\"icon-comments-alt darkerColor\"><\/i> 4<\/div>\n                                <p><span class=\"more\">\u00bb more<\/span><\/p><\/div>\n                        <\/div>\n                    <\/div>\n                <\/a>\n            <\/section>\n                        <section class=\"newsItem userItem\">\n                <a href=\"https:\/\/mrdp.pl\/en\/zawodnik\/daniel-smieja-2024\" title=\"Daniel \u015amieja\">\n                    <div class=\"fastGrid\">\n                        <div>\n                            <div class=\"avatarColumn\">\n                                <div style=\"background-image: url(https:\/\/mrdp.pl\/uploads\/1-37x70.jpg)\"><\/div>\n                            <\/div>\n                            <div>\n                                <h2 class=\"newsTitle\">Daniel \u015amieja <span>Wigor<\/span><\/h2>\n                                <div class=\"info\">\n                                    <p><i class=\"icon-list-alt\"><\/i> <span>Klub:<\/span> <strong>mrdp.pl<\/strong><\/p>                                    <p><i class=\"icon-globe\"><\/i> <span>Miejscowo\u015b\u0107:<\/span> <strong>Szczecin<\/strong><\/p>                                    <p><i class=\"icon-star-half-empty\"><\/i> <span>Kategoria:<\/span> <strong>SOLO<\/strong><\/p>                                    <p><i class=\"icon-flag-checkered\"><\/i> <span>Numer startowy:<\/span> <strong>10<\/strong><\/p>\n                                    <p><i class=\"icon-list-alt\"><\/i> <span>Data startu:<\/span> <strong>2024-09-21 12:00<\/strong><\/p>                                <\/div>\n                                <div class=\"commentsCount\"><i class=\"icon-comments-alt darkerColor\"><\/i> 9<\/div>\n                                <p><span class=\"more\">\u00bb more<\/span><\/p><\/div>\n                        <\/div>\n                    <\/div>\n                <\/a>\n            <\/section>\n                        <section class=\"newsItem userItem\">\n                <a href=\"https:\/\/mrdp.pl\/en\/zawodnik\/michal-madej-2024\" title=\"Micha\u0142 Madej\">\n                    <div class=\"fastGrid\">\n                        <div>\n                            <div class=\"avatarColumn\">\n                                <div style=\"background-image: url(https:\/\/mrdp.pl\/uploads\/Mike-53x70.jpg)\"><\/div>\n                            <\/div>\n                            <div>\n                                <h2 class=\"newsTitle\">Micha\u0142 Madej <span>Mike Madej<\/span><\/h2>\n                                <div class=\"info\">\n                                                                        <p><i class=\"icon-globe\"><\/i> <span>Miejscowo\u015b\u0107:<\/span> <strong>Wroc\u0142aw<\/strong><\/p>                                    <p><i class=\"icon-star-half-empty\"><\/i> <span>Kategoria:<\/span> <strong>SOLO<\/strong><\/p>                                    <p><i class=\"icon-flag-checkered\"><\/i> <span>Numer startowy:<\/span> <strong>11<\/strong><\/p>\n                                    <p><i class=\"icon-list-alt\"><\/i> <span>Data startu:<\/span> <strong>2024-09-21 12:00<\/strong><\/p>                                <\/div>\n                                <div class=\"commentsCount\"><i class=\"icon-comments-alt darkerColor\"><\/i> 3<\/div>\n                                <p><span class=\"more\">\u00bb more<\/span><\/p><\/div>\n                        <\/div>\n                    <\/div>\n                <\/a>\n            <\/section>\n                        <section class=\"newsItem userItem\">\n                <a href=\"https:\/\/mrdp.pl\/en\/zawodnik\/krzysztof-ulbrich-2024\" title=\"Krzysztof Ulbrich\">\n                    <div class=\"fastGrid\">\n                        <div>\n                            <div class=\"avatarColumn\">\n                                <div style=\"background-image: url(https:\/\/mrdp.pl\/uploads\/ya2-70x61.jpg)\"><\/div>\n                            <\/div>\n                            <div>\n                                <h2 class=\"newsTitle\">Krzysztof Ulbrich <span><\/span><\/h2>\n                                <div class=\"info\">\n                                                                        <p><i class=\"icon-globe\"><\/i> <span>Miejscowo\u015b\u0107:<\/span> <strong>Ostr\u00f3w Wielkopolski <\/strong><\/p>                                    <p><i class=\"icon-star-half-empty\"><\/i> <span>Kategoria:<\/span> <strong>SOLO<\/strong><\/p>                                    <p><i class=\"icon-flag-checkered\"><\/i> <span>Numer startowy:<\/span> <strong>12<\/strong><\/p>\n                                    <p><i class=\"icon-list-alt\"><\/i> <span>Data startu:<\/span> <strong>2024-09-21 12:00<\/strong><\/p>                                <\/div>\n                                <div class=\"commentsCount\"><i class=\"icon-comments-alt darkerColor\"><\/i> 1<\/div>\n                                <p><span class=\"more\">\u00bb more<\/span><\/p><\/div>\n                        <\/div>\n                    <\/div>\n                <\/a>\n            <\/section>\n                        <section class=\"newsItem userItem\">\n                <a href=\"https:\/\/mrdp.pl\/en\/zawodnik\/piotr-kitkowski-2024\" title=\"Piotr Kitkowski\">\n                    <div class=\"fastGrid\">\n                        <div>\n                            <div class=\"avatarColumn\">\n                                <div style=\"background-image: url(https:\/\/mrdp.pl\/en\/wp-content\/themes\/mrdp\/img\/empty.png)\"><\/div>\n                            <\/div>\n                            <div>\n                                <h2 class=\"newsTitle\">Piotr Kitkowski <span>Kita<\/span><\/h2>\n                                <div class=\"info\">\n                                    <p><i class=\"icon-list-alt\"><\/i> <span>Klub:<\/span> <strong>TRISPACE\/TREK<\/strong><\/p>                                    <p><i class=\"icon-globe\"><\/i> <span>Miejscowo\u015b\u0107:<\/span> <strong>Bydgoszcz<\/strong><\/p>                                    <p><i class=\"icon-star-half-empty\"><\/i> <span>Kategoria:<\/span> <strong>SOLO<\/strong><\/p>                                    <p><i class=\"icon-flag-checkered\"><\/i> <span>Numer startowy:<\/span> <strong>14<\/strong><\/p>\n                                    <p><i class=\"icon-list-alt\"><\/i> <span>Data startu:<\/span> <strong>2024-09-21 12:00<\/strong><\/p>                                <\/div>\n                                <div class=\"commentsCount\"><i class=\"icon-comments-alt darkerColor\"><\/i> 1<\/div>\n                                <p><span class=\"more\">\u00bb more<\/span><\/p><\/div>\n                        <\/div>\n                    <\/div>\n                <\/a>\n            <\/section>\n                        <section class=\"newsItem userItem\">\n                <a href=\"https:\/\/mrdp.pl\/en\/zawodnik\/piotr-kostrzewski-2024\" title=\"Piotr Kostrzewski\">\n                    <div class=\"fastGrid\">\n                        <div>\n                            <div class=\"avatarColumn\">\n                                <div style=\"background-image: url(https:\/\/mrdp.pl\/uploads\/Piotr-Kostrzewski-70x65.jpg)\"><\/div>\n                            <\/div>\n                            <div>\n                                <h2 class=\"newsTitle\">Piotr Kostrzewski <span><\/span><\/h2>\n                                <div class=\"info\">\n                                                                        <p><i class=\"icon-globe\"><\/i> <span>Miejscowo\u015b\u0107:<\/span> <strong>MILAN\u00d3WEK<\/strong><\/p>                                    <p><i class=\"icon-star-half-empty\"><\/i> <span>Kategoria:<\/span> <strong>SOLO<\/strong><\/p>                                    <p><i class=\"icon-flag-checkered\"><\/i> <span>Numer startowy:<\/span> <strong>15<\/strong><\/p>\n                                    <p><i class=\"icon-list-alt\"><\/i> <span>Data startu:<\/span> <strong>2024-09-21 12:00<\/strong><\/p>                                <\/div>\n                                <div class=\"commentsCount\"><i class=\"icon-comments-alt darkerColor\"><\/i> 4<\/div>\n                                <p><span class=\"more\">\u00bb more<\/span><\/p><\/div>\n                        <\/div>\n                    <\/div>\n                <\/a>\n            <\/section>\n                        <section class=\"newsItem userItem\">\n                <a href=\"https:\/\/mrdp.pl\/en\/zawodnik\/marcin-kabala-2024\" title=\"Marcin Kaba\u0142a\">\n                    <div class=\"fastGrid\">\n                        <div>\n                            <div class=\"avatarColumn\">\n                                <div style=\"background-image: url(https:\/\/mrdp.pl\/uploads\/382586069_632609352410431_440454525763624225_n-53x70.jpg)\"><\/div>\n                            <\/div>\n                            <div>\n                                <h2 class=\"newsTitle\">Marcin Kaba\u0142a <span><\/span><\/h2>\n                                <div class=\"info\">\n                                                                        <p><i class=\"icon-globe\"><\/i> <span>Miejscowo\u015b\u0107:<\/span> <strong>Kosz\u0119cin<\/strong><\/p>                                    <p><i class=\"icon-star-half-empty\"><\/i> <span>Kategoria:<\/span> <strong>SOLO<\/strong><\/p>                                    <p><i class=\"icon-flag-checkered\"><\/i> <span>Numer startowy:<\/span> <strong>16<\/strong><\/p>\n                                    <p><i class=\"icon-list-alt\"><\/i> <span>Data startu:<\/span> <strong>2024-09-21 12:00<\/strong><\/p>                                <\/div>\n                                <div class=\"commentsCount\"><i class=\"icon-comments-alt darkerColor\"><\/i> 1<\/div>\n                                <p><span class=\"more\">\u00bb more<\/span><\/p><\/div>\n                        <\/div>\n                    <\/div>\n                <\/a>\n            <\/section>\n                        <section class=\"newsItem userItem\">\n                <a href=\"https:\/\/mrdp.pl\/en\/zawodnik\/ireneusz-szymocha-2024\" title=\"Ireneusz Szymocha\">\n                    <div class=\"fastGrid\">\n                        <div>\n                            <div class=\"avatarColumn\">\n                                <div style=\"background-image: url(https:\/\/mrdp.pl\/uploads\/Profilowka-70x67.jpg)\"><\/div>\n                            <\/div>\n                            <div>\n                                <h2 class=\"newsTitle\">Ireneusz Szymocha <span>Achom<\/span><\/h2>\n                                <div class=\"info\">\n                                    <p><i class=\"icon-list-alt\"><\/i> <span>Klub:<\/span> <strong>K.R. ''Gryfland'', ''Zryw'' Parzymiechy<\/strong><\/p>                                    <p><i class=\"icon-globe\"><\/i> <span>Miejscowo\u015b\u0107:<\/span> <strong>Cz\u0119stochowa<\/strong><\/p>                                    <p><i class=\"icon-star-half-empty\"><\/i> <span>Kategoria:<\/span> <strong>SOLO<\/strong><\/p>                                    <p><i class=\"icon-flag-checkered\"><\/i> <span>Numer startowy:<\/span> <strong>17<\/strong><\/p>\n                                    <p><i class=\"icon-list-alt\"><\/i> <span>Data startu:<\/span> <strong>2024-09-21 12:00<\/strong><\/p>                                <\/div>\n                                <div class=\"commentsCount\"><i class=\"icon-comments-alt darkerColor\"><\/i> 5<\/div>\n                                <p><span class=\"more\">\u00bb more<\/span><\/p><\/div>\n                        <\/div>\n                    <\/div>\n                <\/a>\n            <\/section>\n                        <section class=\"newsItem userItem\">\n                <a href=\"https:\/\/mrdp.pl\/en\/zawodnik\/krzysztof-haupt-2024\" title=\"Krzysztof Haupt\">\n                    <div class=\"fastGrid\">\n                        <div>\n                            <div class=\"avatarColumn\">\n                                <div style=\"background-image: url(https:\/\/mrdp.pl\/en\/wp-content\/themes\/mrdp\/img\/empty.png)\"><\/div>\n                            <\/div>\n                            <div>\n                                <h2 class=\"newsTitle\">Krzysztof Haupt <span><\/span><\/h2>\n                                <div class=\"info\">\n                                    <p><i class=\"icon-list-alt\"><\/i> <span>Klub:<\/span> <strong>ZZSK SUCHY LAS <\/strong><\/p>                                    <p><i class=\"icon-globe\"><\/i> <span>Miejscowo\u015b\u0107:<\/span> <strong>Suchy Las<\/strong><\/p>                                    <p><i class=\"icon-star-half-empty\"><\/i> <span>Kategoria:<\/span> <strong>SOLO<\/strong><\/p>                                    <p><i class=\"icon-flag-checkered\"><\/i> <span>Numer startowy:<\/span> <strong>18<\/strong><\/p>\n                                    <p><i class=\"icon-list-alt\"><\/i> <span>Data startu:<\/span> <strong>2024-09-21 12:00<\/strong><\/p>                                <\/div>\n                                <div class=\"commentsCount\"><i class=\"icon-comments-alt darkerColor\"><\/i> 1<\/div>\n                                <p><span class=\"more\">\u00bb more<\/span><\/p><\/div>\n                        <\/div>\n                    <\/div>\n                <\/a>\n            <\/section>\n                        <section class=\"newsItem userItem\">\n                <a href=\"https:\/\/mrdp.pl\/en\/zawodnik\/roman-skarbowski-2024\" title=\"Roman Skarbowski\">\n                    <div class=\"fastGrid\">\n                        <div>\n                            <div class=\"avatarColumn\">\n                                <div style=\"background-image: url(https:\/\/mrdp.pl\/uploads\/romano-zjecie-70x70.jpg)\"><\/div>\n                            <\/div>\n                            <div>\n                                <h2 class=\"newsTitle\">Roman Skarbowski <span>Romano<\/span><\/h2>\n                                <div class=\"info\">\n                                                                        <p><i class=\"icon-globe\"><\/i> <span>Miejscowo\u015b\u0107:<\/span> <strong>Ruda \u015al\u0105ska 6<\/strong><\/p>                                    <p><i class=\"icon-star-half-empty\"><\/i> <span>Kategoria:<\/span> <strong>SOLO<\/strong><\/p>                                    <p><i class=\"icon-flag-checkered\"><\/i> <span>Numer startowy:<\/span> <strong>19<\/strong><\/p>\n                                    <p><i class=\"icon-list-alt\"><\/i> <span>Data startu:<\/span> <strong>2024-09-21 12:00<\/strong><\/p>                                <\/div>\n                                <div class=\"commentsCount\"><i class=\"icon-comments-alt darkerColor\"><\/i> 0<\/div>\n                                <p><span class=\"more\">\u00bb more<\/span><\/p><\/div>\n                        <\/div>\n                    <\/div>\n                <\/a>\n            <\/section>\n                        <section class=\"newsItem userItem\">\n                <a href=\"https:\/\/mrdp.pl\/en\/zawodnik\/rafal-szyszka-2024\" title=\"Rafa\u0142 Szyszka\">\n                    <div class=\"fastGrid\">\n                        <div>\n                            <div class=\"avatarColumn\">\n                                <div style=\"background-image: url(https:\/\/mrdp.pl\/uploads\/IMG_9556-1-70x47.jpg)\"><\/div>\n                            <\/div>\n                            <div>\n                                <h2 class=\"newsTitle\">Rafa\u0142 Szyszka <span><\/span><\/h2>\n                                <div class=\"info\">\n                                    <p><i class=\"icon-list-alt\"><\/i> <span>Klub:<\/span> <strong>Polfarmex<\/strong><\/p>                                    <p><i class=\"icon-globe\"><\/i> <span>Miejscowo\u015b\u0107:<\/span> <strong>Kutno<\/strong><\/p>                                    <p><i class=\"icon-star-half-empty\"><\/i> <span>Kategoria:<\/span> <strong>SOLO<\/strong><\/p>                                    <p><i class=\"icon-flag-checkered\"><\/i> <span>Numer startowy:<\/span> <strong>20<\/strong><\/p>\n                                    <p><i class=\"icon-list-alt\"><\/i> <span>Data startu:<\/span> <strong>2024-09-21 12:00<\/strong><\/p>                                <\/div>\n                                <div class=\"commentsCount\"><i class=\"icon-comments-alt darkerColor\"><\/i> 1<\/div>\n                                <p><span class=\"more\">\u00bb more<\/span><\/p><\/div>\n                        <\/div>\n                    <\/div>\n                <\/a>\n            <\/section>\n                        <section class=\"newsItem userItem\">\n                <a href=\"https:\/\/mrdp.pl\/en\/zawodnik\/bartosz-kalisz-2024\" title=\"Bartosz Kalisz\">\n                    <div class=\"fastGrid\">\n                        <div>\n                            <div class=\"avatarColumn\">\n                                <div style=\"background-image: url(https:\/\/mrdp.pl\/uploads\/IMG_8329-70x53.jpeg)\"><\/div>\n                            <\/div>\n                            <div>\n                                <h2 class=\"newsTitle\">Bartosz Kalisz <span><\/span><\/h2>\n                                <div class=\"info\">\n                                                                        <p><i class=\"icon-globe\"><\/i> <span>Miejscowo\u015b\u0107:<\/span> <strong>Wiele\u0144<\/strong><\/p>                                    <p><i class=\"icon-star-half-empty\"><\/i> <span>Kategoria:<\/span> <strong>SOLO<\/strong><\/p>                                    <p><i class=\"icon-flag-checkered\"><\/i> <span>Numer startowy:<\/span> <strong>21<\/strong><\/p>\n                                    <p><i class=\"icon-list-alt\"><\/i> <span>Data startu:<\/span> <strong>2024-09-21 12:00<\/strong><\/p>                                <\/div>\n                                <div class=\"commentsCount\"><i class=\"icon-comments-alt darkerColor\"><\/i> 7<\/div>\n                                <p><span class=\"more\">\u00bb more<\/span><\/p><\/div>\n                        <\/div>\n                    <\/div>\n                <\/a>\n            <\/section>\n                        <section class=\"newsItem userItem\">\n                <a href=\"https:\/\/mrdp.pl\/en\/zawodnik\/marcin-zielkowski-2024\" title=\"Marcin Zielkowski\">\n                    <div class=\"fastGrid\">\n                        <div>\n                            <div class=\"avatarColumn\">\n                                <div style=\"background-image: url(https:\/\/mrdp.pl\/uploads\/inbound3371874333501507364-70x47.jpg)\"><\/div>\n                            <\/div>\n                            <div>\n                                <h2 class=\"newsTitle\">Marcin Zielkowski <span>Zielik<\/span><\/h2>\n                                <div class=\"info\">\n                                                                        <p><i class=\"icon-globe\"><\/i> <span>Miejscowo\u015b\u0107:<\/span> <strong>\u017burominek<\/strong><\/p>                                    <p><i class=\"icon-star-half-empty\"><\/i> <span>Kategoria:<\/span> <strong>SOLO<\/strong><\/p>                                    <p><i class=\"icon-flag-checkered\"><\/i> <span>Numer startowy:<\/span> <strong>22<\/strong><\/p>\n                                    <p><i class=\"icon-list-alt\"><\/i> <span>Data startu:<\/span> <strong>2024-09-21 12:00<\/strong><\/p>                                <\/div>\n                                <div class=\"commentsCount\"><i class=\"icon-comments-alt darkerColor\"><\/i> 1<\/div>\n                                <p><span class=\"more\">\u00bb more<\/span><\/p><\/div>\n                        <\/div>\n                    <\/div>\n                <\/a>\n            <\/section>\n                        <section class=\"newsItem userItem\">\n                <a href=\"https:\/\/mrdp.pl\/en\/zawodnik\/remek-siudzinski-2024\" title=\"Remek Siudzi\u0144ski\">\n                    <div class=\"fastGrid\">\n                        <div>\n                            <div class=\"avatarColumn\">\n                                <div style=\"background-image: url(https:\/\/mrdp.pl\/uploads\/2018-70x70.jpg)\"><\/div>\n                            <\/div>\n                            <div>\n                                <h2 class=\"newsTitle\">Remek Siudzi\u0144ski <span>Ultrakolarz<\/span><\/h2>\n                                <div class=\"info\">\n                                                                        <p><i class=\"icon-globe\"><\/i> <span>Miejscowo\u015b\u0107:<\/span> <strong>Warszawa<\/strong><\/p>                                    <p><i class=\"icon-star-half-empty\"><\/i> <span>Kategoria:<\/span> <strong>SOLO<\/strong><\/p>                                    <p><i class=\"icon-flag-checkered\"><\/i> <span>Numer startowy:<\/span> <strong>23<\/strong><\/p>\n                                    <p><i class=\"icon-list-alt\"><\/i> <span>Data startu:<\/span> <strong>2024-09-21 12:00<\/strong><\/p>                                <\/div>\n                                <div class=\"commentsCount\"><i class=\"icon-comments-alt darkerColor\"><\/i> 5<\/div>\n                                <p><span class=\"more\">\u00bb more<\/span><\/p><\/div>\n                        <\/div>\n                    <\/div>\n                <\/a>\n            <\/section>\n                        <section class=\"newsItem userItem\">\n                <a href=\"https:\/\/mrdp.pl\/en\/zawodnik\/klaudiusz-bek-2024\" title=\"Klaudiusz Bek\">\n                    <div class=\"fastGrid\">\n                        <div>\n                            <div class=\"avatarColumn\">\n                                <div style=\"background-image: url(https:\/\/mrdp.pl\/uploads\/AM-3-63x70.jpg)\"><\/div>\n                            <\/div>\n                            <div>\n                                <h2 class=\"newsTitle\">Klaudiusz Bek <span>klaus<\/span><\/h2>\n                                <div class=\"info\">\n                                                                        <p><i class=\"icon-globe\"><\/i> <span>Miejscowo\u015b\u0107:<\/span> <strong>Izbicko<\/strong><\/p>                                    <p><i class=\"icon-star-half-empty\"><\/i> <span>Kategoria:<\/span> <strong>SOLO<\/strong><\/p>                                    <p><i class=\"icon-flag-checkered\"><\/i> <span>Numer startowy:<\/span> <strong>24<\/strong><\/p>\n                                    <p><i class=\"icon-list-alt\"><\/i> <span>Data startu:<\/span> <strong>2024-09-21 12:00<\/strong><\/p>                                <\/div>\n                                <div class=\"commentsCount\"><i class=\"icon-comments-alt darkerColor\"><\/i> 4<\/div>\n                                <p><span class=\"more\">\u00bb more<\/span><\/p><\/div>\n                        <\/div>\n                    <\/div>\n                <\/a>\n            <\/section>\n                        <section class=\"newsItem userItem\">\n                <a href=\"https:\/\/mrdp.pl\/en\/zawodnik\/andrzej-cichal-2024\" title=\"Andrzej Cichal\">\n                    <div class=\"fastGrid\">\n                        <div>\n                            <div class=\"avatarColumn\">\n                                <div style=\"background-image: url(https:\/\/mrdp.pl\/en\/wp-content\/themes\/mrdp\/img\/empty.png)\"><\/div>\n                            <\/div>\n                            <div>\n                                <h2 class=\"newsTitle\">Andrzej Cichal <span>soyyo<\/span><\/h2>\n                                <div class=\"info\">\n                                    <p><i class=\"icon-list-alt\"><\/i> <span>Klub:<\/span> <strong>SkierVelo<\/strong><\/p>                                    <p><i class=\"icon-globe\"><\/i> <span>Miejscowo\u015b\u0107:<\/span> <strong>Skierniewice<\/strong><\/p>                                    <p><i class=\"icon-star-half-empty\"><\/i> <span>Kategoria:<\/span> <strong>SOLO<\/strong><\/p>                                    <p><i class=\"icon-flag-checkered\"><\/i> <span>Numer startowy:<\/span> <strong>25<\/strong><\/p>\n                                    <p><i class=\"icon-list-alt\"><\/i> <span>Data startu:<\/span> <strong>2024-09-21 12:00<\/strong><\/p>                                <\/div>\n                                <div class=\"commentsCount\"><i class=\"icon-comments-alt darkerColor\"><\/i> 5<\/div>\n                                <p><span class=\"more\">\u00bb more<\/span><\/p><\/div>\n                        <\/div>\n                    <\/div>\n                <\/a>\n            <\/section>\n                        <section class=\"newsItem userItem\">\n                <a href=\"https:\/\/mrdp.pl\/en\/zawodnik\/maciej-karlowicz\" title=\"Maciej Kar\u0142owicz\">\n                    <div class=\"fastGrid\">\n                        <div>\n                            <div class=\"avatarColumn\">\n                                <div style=\"background-image: url(https:\/\/mrdp.pl\/uploads\/Maciej-Karlowicz-70x53.jpeg)\"><\/div>\n                            <\/div>\n                            <div>\n                                <h2 class=\"newsTitle\">Maciej Kar\u0142owicz <span>Bearded.Wheels<\/span><\/h2>\n                                <div class=\"info\">\n                                    <p><i class=\"icon-list-alt\"><\/i> <span>Klub:<\/span> <strong>#ultratrack<\/strong><\/p>                                    <p><i class=\"icon-globe\"><\/i> <span>Miejscowo\u015b\u0107:<\/span> <strong>Warszawa<\/strong><\/p>                                    <p><i class=\"icon-star-half-empty\"><\/i> <span>Kategoria:<\/span> <strong>SOLO<\/strong><\/p>                                    <p><i class=\"icon-flag-checkered\"><\/i> <span>Numer startowy:<\/span> <strong>26<\/strong><\/p>\n                                    <p><i class=\"icon-list-alt\"><\/i> <span>Data startu:<\/span> <strong>2024-09-21 12:00<\/strong><\/p>                                <\/div>\n                                <div class=\"commentsCount\"><i class=\"icon-comments-alt darkerColor\"><\/i> 2<\/div>\n                                <p><span class=\"more\">\u00bb more<\/span><\/p><\/div>\n                        <\/div>\n                    <\/div>\n                <\/a>\n            <\/section>\n                        <section class=\"newsItem userItem\">\n                <a href=\"https:\/\/mrdp.pl\/en\/zawodnik\/marcin-mrochen-2024\" title=\"Marcin Mrochen\">\n                    <div class=\"fastGrid\">\n                        <div>\n                            <div class=\"avatarColumn\">\n                                <div style=\"background-image: url(https:\/\/mrdp.pl\/uploads\/20201229_141503-53x70.jpg)\"><\/div>\n                            <\/div>\n                            <div>\n                                <h2 class=\"newsTitle\">Marcin Mrochen <span>\u0141ysy<\/span><\/h2>\n                                <div class=\"info\">\n                                                                        <p><i class=\"icon-globe\"><\/i> <span>Miejscowo\u015b\u0107:<\/span> <strong>Rybnik<\/strong><\/p>                                    <p><i class=\"icon-star-half-empty\"><\/i> <span>Kategoria:<\/span> <strong>SOLO<\/strong><\/p>                                    <p><i class=\"icon-flag-checkered\"><\/i> <span>Numer startowy:<\/span> <strong>27<\/strong><\/p>\n                                    <p><i class=\"icon-list-alt\"><\/i> <span>Data startu:<\/span> <strong>2024-09-21 12:00<\/strong><\/p>                                <\/div>\n                                <div class=\"commentsCount\"><i class=\"icon-comments-alt darkerColor\"><\/i> 1<\/div>\n                                <p><span class=\"more\">\u00bb more<\/span><\/p><\/div>\n                        <\/div>\n                    <\/div>\n                <\/a>\n            <\/section>\n                        <section class=\"newsItem userItem\">\n                <a href=\"https:\/\/mrdp.pl\/en\/zawodnik\/krzysztof-naskret-2024\" title=\"Krzysztof Naskr\u0119t\">\n                    <div class=\"fastGrid\">\n                        <div>\n                            <div class=\"avatarColumn\">\n                                <div style=\"background-image: url(https:\/\/mrdp.pl\/uploads\/IMG_20200709_182143-49x70.jpg)\"><\/div>\n                            <\/div>\n                            <div>\n                                <h2 class=\"newsTitle\">Krzysztof Naskr\u0119t <span>\u015aruba<\/span><\/h2>\n                                <div class=\"info\">\n                                    <p><i class=\"icon-list-alt\"><\/i> <span>Klub:<\/span> <strong>Besting Automotive Team<\/strong><\/p>                                    <p><i class=\"icon-globe\"><\/i> <span>Miejscowo\u015b\u0107:<\/span> <strong>Czapury <\/strong><\/p>                                    <p><i class=\"icon-star-half-empty\"><\/i> <span>Kategoria:<\/span> <strong>SOLO<\/strong><\/p>                                    <p><i class=\"icon-flag-checkered\"><\/i> <span>Numer startowy:<\/span> <strong>28<\/strong><\/p>\n                                    <p><i class=\"icon-list-alt\"><\/i> <span>Data startu:<\/span> <strong>2024-09-21 12:00<\/strong><\/p>                                <\/div>\n                                <div class=\"commentsCount\"><i class=\"icon-comments-alt darkerColor\"><\/i> 1<\/div>\n                                <p><span class=\"more\">\u00bb more<\/span><\/p><\/div>\n                        <\/div>\n                    <\/div>\n                <\/a>\n            <\/section>\n                        <section class=\"newsItem userItem\">\n                <a href=\"https:\/\/mrdp.pl\/en\/zawodnik\/gio-eliava-2024\" title=\"Gio Eliava\">\n                    <div class=\"fastGrid\">\n                        <div>\n                            <div class=\"avatarColumn\">\n                                <div style=\"background-image: url(https:\/\/mrdp.pl\/uploads\/Giorgi-Eliava-2-70x53.jpg)\"><\/div>\n                            <\/div>\n                            <div>\n                                <h2 class=\"newsTitle\">Gio Eliava <span>Gio<\/span><\/h2>\n                                <div class=\"info\">\n                                                                        <p><i class=\"icon-globe\"><\/i> <span>Miejscowo\u015b\u0107:<\/span> <strong>Warszawa<\/strong><\/p>                                    <p><i class=\"icon-star-half-empty\"><\/i> <span>Kategoria:<\/span> <strong>SOLO<\/strong><\/p>                                    <p><i class=\"icon-flag-checkered\"><\/i> <span>Numer startowy:<\/span> <strong>29<\/strong><\/p>\n                                    <p><i class=\"icon-list-alt\"><\/i> <span>Data startu:<\/span> <strong>2024-09-21 12:00<\/strong><\/p>                                <\/div>\n                                <div class=\"commentsCount\"><i class=\"icon-comments-alt darkerColor\"><\/i> 4<\/div>\n                                <p><span class=\"more\">\u00bb more<\/span><\/p><\/div>\n                        <\/div>\n                    <\/div>\n                <\/a>\n            <\/section>\n                        <section class=\"newsItem userItem\">\n                <a href=\"https:\/\/mrdp.pl\/en\/zawodnik\/kazimierz-kosinski-2024\" title=\"Kazimierz Kosi\u0144ski\">\n                    <div class=\"fastGrid\">\n                        <div>\n                            <div class=\"avatarColumn\">\n                                <div style=\"background-image: url(https:\/\/mrdp.pl\/uploads\/20240519_092547-53x70.jpg)\"><\/div>\n                            <\/div>\n                            <div>\n                                <h2 class=\"newsTitle\">Kazimierz Kosi\u0144ski <span>kazik<\/span><\/h2>\n                                <div class=\"info\">\n                                                                        <p><i class=\"icon-globe\"><\/i> <span>Miejscowo\u015b\u0107:<\/span> <strong>P\u0142ock<\/strong><\/p>                                    <p><i class=\"icon-star-half-empty\"><\/i> <span>Kategoria:<\/span> <strong>SOLO<\/strong><\/p>                                    <p><i class=\"icon-flag-checkered\"><\/i> <span>Numer startowy:<\/span> <strong>30<\/strong><\/p>\n                                    <p><i class=\"icon-list-alt\"><\/i> <span>Data startu:<\/span> <strong>2024-09-21 12:00<\/strong><\/p>                                <\/div>\n                                <div class=\"commentsCount\"><i class=\"icon-comments-alt darkerColor\"><\/i> 12<\/div>\n                                <p><span class=\"more\">\u00bb more<\/span><\/p><\/div>\n                        <\/div>\n                    <\/div>\n                <\/a>\n            <\/section>\n                        <section class=\"newsItem userItem\">\n                <a href=\"https:\/\/mrdp.pl\/en\/zawodnik\/krzysztof-wlazlo-2024\" title=\"Krzysztof Wlaz\u0142o\">\n                    <div class=\"fastGrid\">\n                        <div>\n                            <div class=\"avatarColumn\">\n                                <div style=\"background-image: url(https:\/\/mrdp.pl\/uploads\/Krzysztof-Wlazlo-39x70.jpg)\"><\/div>\n                            <\/div>\n                            <div>\n                                <h2 class=\"newsTitle\">Krzysztof Wlaz\u0142o <span>Krzychu <\/span><\/h2>\n                                <div class=\"info\">\n                                                                        <p><i class=\"icon-globe\"><\/i> <span>Miejscowo\u015b\u0107:<\/span> <strong>Mys\u0142owice<\/strong><\/p>                                    <p><i class=\"icon-star-half-empty\"><\/i> <span>Kategoria:<\/span> <strong>SOLO<\/strong><\/p>                                    <p><i class=\"icon-flag-checkered\"><\/i> <span>Numer startowy:<\/span> <strong>31<\/strong><\/p>\n                                    <p><i class=\"icon-list-alt\"><\/i> <span>Data startu:<\/span> <strong>2024-09-21 12:00<\/strong><\/p>                                <\/div>\n                                <div class=\"commentsCount\"><i class=\"icon-comments-alt darkerColor\"><\/i> 10<\/div>\n                                <p><span class=\"more\">\u00bb more<\/span><\/p><\/div>\n                        <\/div>\n                    <\/div>\n                <\/a>\n            <\/section>\n                        <section class=\"newsItem userItem\">\n                <a href=\"https:\/\/mrdp.pl\/en\/zawodnik\/wojciech-sakowicz-2024\" title=\"Wojciech Sakowicz\">\n                    <div class=\"fastGrid\">\n                        <div>\n                            <div class=\"avatarColumn\">\n                                <div style=\"background-image: url(https:\/\/mrdp.pl\/uploads\/sakowicz-57x70.jpg)\"><\/div>\n                            <\/div>\n                            <div>\n                                <h2 class=\"newsTitle\">Wojciech Sakowicz <span><\/span><\/h2>\n                                <div class=\"info\">\n                                    <p><i class=\"icon-list-alt\"><\/i> <span>Klub:<\/span> <strong>UBpB Team<\/strong><\/p>                                    <p><i class=\"icon-globe\"><\/i> <span>Miejscowo\u015b\u0107:<\/span> <strong>Gda\u0144sk<\/strong><\/p>                                    <p><i class=\"icon-star-half-empty\"><\/i> <span>Kategoria:<\/span> <strong>SOLO<\/strong><\/p>                                    <p><i class=\"icon-flag-checkered\"><\/i> <span>Numer startowy:<\/span> <strong>32<\/strong><\/p>\n                                    <p><i class=\"icon-list-alt\"><\/i> <span>Data startu:<\/span> <strong>2024-09-21 12:00<\/strong><\/p>                                <\/div>\n                                <div class=\"commentsCount\"><i class=\"icon-comments-alt darkerColor\"><\/i> 9<\/div>\n                                <p><span class=\"more\">\u00bb more<\/span><\/p><\/div>\n                        <\/div>\n                    <\/div>\n                <\/a>\n            <\/section>\n                        <section class=\"newsItem userItem\">\n                <a href=\"https:\/\/mrdp.pl\/en\/zawodnik\/witold-kania-2024\" title=\"Witold Kania\">\n                    <div class=\"fastGrid\">\n                        <div>\n                            <div class=\"avatarColumn\">\n                                <div style=\"background-image: url(https:\/\/mrdp.pl\/uploads\/20180602_000820-70x53.jpg)\"><\/div>\n                            <\/div>\n                            <div>\n                                <h2 class=\"newsTitle\">Witold Kania <span>kWITEK <\/span><\/h2>\n                                <div class=\"info\">\n                                    <p><i class=\"icon-list-alt\"><\/i> <span>Klub:<\/span> <strong>Rycka Grupa Kolarska <\/strong><\/p>                                    <p><i class=\"icon-globe\"><\/i> <span>Miejscowo\u015b\u0107:<\/span> <strong>Ryki <\/strong><\/p>                                    <p><i class=\"icon-star-half-empty\"><\/i> <span>Kategoria:<\/span> <strong>SOLO<\/strong><\/p>                                    <p><i class=\"icon-flag-checkered\"><\/i> <span>Numer startowy:<\/span> <strong>34<\/strong><\/p>\n                                    <p><i class=\"icon-list-alt\"><\/i> <span>Data startu:<\/span> <strong>2024-09-21 12:00<\/strong><\/p>                                <\/div>\n                                <div class=\"commentsCount\"><i class=\"icon-comments-alt darkerColor\"><\/i> 4<\/div>\n                                <p><span class=\"more\">\u00bb more<\/span><\/p><\/div>\n                        <\/div>\n                    <\/div>\n                <\/a>\n            <\/section>\n                        <section class=\"newsItem userItem\">\n                <a href=\"https:\/\/mrdp.pl\/en\/zawodnik\/szymon-jopek-2024\" title=\"Szymon Jopek\">\n                    <div class=\"fastGrid\">\n                        <div>\n                            <div class=\"avatarColumn\">\n                                <div style=\"background-image: url(https:\/\/mrdp.pl\/en\/wp-content\/themes\/mrdp\/img\/empty.png)\"><\/div>\n                            <\/div>\n                            <div>\n                                <h2 class=\"newsTitle\">Szymon Jopek <span>gkjanek<\/span><\/h2>\n                                <div class=\"info\">\n                                                                        <p><i class=\"icon-globe\"><\/i> <span>Miejscowo\u015b\u0107:<\/span> <strong>przygodzice<\/strong><\/p>                                    <p><i class=\"icon-star-half-empty\"><\/i> <span>Kategoria:<\/span> <strong>SOLO<\/strong><\/p>                                    <p><i class=\"icon-flag-checkered\"><\/i> <span>Numer startowy:<\/span> <strong>35<\/strong><\/p>\n                                    <p><i class=\"icon-list-alt\"><\/i> <span>Data startu:<\/span> <strong>2024-09-21 12:00<\/strong><\/p>                                <\/div>\n                                <div class=\"commentsCount\"><i class=\"icon-comments-alt darkerColor\"><\/i> 1<\/div>\n                                <p><span class=\"more\">\u00bb more<\/span><\/p><\/div>\n                        <\/div>\n                    <\/div>\n                <\/a>\n            <\/section>\n                        <section class=\"newsItem userItem\">\n                <a href=\"https:\/\/mrdp.pl\/en\/zawodnik\/radoslaw-rogoz\" title=\"Rados\u0142aw Rog\u00f3\u017c\">\n                    <div class=\"fastGrid\">\n                        <div>\n                            <div class=\"avatarColumn\">\n                                <div style=\"background-image: url(https:\/\/mrdp.pl\/uploads\/transcarpatia-56x70.jpg)\"><\/div>\n                            <\/div>\n                            <div>\n                                <h2 class=\"newsTitle\">Rados\u0142aw Rog\u00f3\u017c <span>@ultratrack<\/span><\/h2>\n                                <div class=\"info\">\n                                    <p><i class=\"icon-list-alt\"><\/i> <span>Klub:<\/span> <strong>ultratrack.pl<\/strong><\/p>                                    <p><i class=\"icon-globe\"><\/i> <span>Miejscowo\u015b\u0107:<\/span> <strong>\u0141oziska<\/strong><\/p>                                    <p><i class=\"icon-star-half-empty\"><\/i> <span>Kategoria:<\/span> <strong>SOLO<\/strong><\/p>                                    <p><i class=\"icon-flag-checkered\"><\/i> <span>Numer startowy:<\/span> <strong>36<\/strong><\/p>\n                                    <p><i class=\"icon-list-alt\"><\/i> <span>Data startu:<\/span> <strong>2024-09-21 12:00<\/strong><\/p>                                <\/div>\n                                <div class=\"commentsCount\"><i class=\"icon-comments-alt darkerColor\"><\/i> 0<\/div>\n                                <p><span class=\"more\">\u00bb more<\/span><\/p><\/div>\n                        <\/div>\n                    <\/div>\n                <\/a>\n            <\/section>\n                        <section class=\"newsItem userItem\">\n                <a href=\"https:\/\/mrdp.pl\/en\/zawodnik\/marek-kamm-2024\" title=\"MAREK KAMM\">\n                    <div class=\"fastGrid\">\n                        <div>\n                            <div class=\"avatarColumn\">\n                                <div style=\"background-image: url(https:\/\/mrdp.pl\/uploads\/Lysa-Hora-315-70x47.jpg)\"><\/div>\n                            <\/div>\n                            <div>\n                                <h2 class=\"newsTitle\">MAREK KAMM <span>MARECKI<\/span><\/h2>\n                                <div class=\"info\">\n                                    <p><i class=\"icon-list-alt\"><\/i> <span>Klub:<\/span> <strong>marecki.home.pl<\/strong><\/p>                                    <p><i class=\"icon-globe\"><\/i> <span>Miejscowo\u015b\u0107:<\/span> <strong>Elbl\u0105g<\/strong><\/p>                                    <p><i class=\"icon-star-half-empty\"><\/i> <span>Kategoria:<\/span> <strong>SOLO<\/strong><\/p>                                    <p><i class=\"icon-flag-checkered\"><\/i> <span>Numer startowy:<\/span> <strong>73<\/strong><\/p>\n                                    <p><i class=\"icon-list-alt\"><\/i> <span>Data startu:<\/span> <strong>2024-09-21 12:00<\/strong><\/p>                                <\/div>\n                                <div class=\"commentsCount\"><i class=\"icon-comments-alt darkerColor\"><\/i> 18<\/div>\n                                <p><span class=\"more\">\u00bb more<\/span><\/p><\/div>\n                        <\/div>\n                    <\/div>\n                <\/a>\n            <\/section>\n                        <section class=\"newsItem userItem\">\n                <a href=\"https:\/\/mrdp.pl\/en\/zawodnik\/renata-kozlowska-2024\" title=\"Renata Koz\u0142owska\">\n                    <div class=\"fastGrid\">\n                        <div>\n                            <div class=\"avatarColumn\">\n                                <div style=\"background-image: url(https:\/\/mrdp.pl\/uploads\/renata-kozlowska-47x70.jpg)\"><\/div>\n                            <\/div>\n                            <div>\n                                <h2 class=\"newsTitle\">Renata Koz\u0142owska <span><\/span><\/h2>\n                                <div class=\"info\">\n                                                                        <p><i class=\"icon-globe\"><\/i> <span>Miejscowo\u015b\u0107:<\/span> <strong>\u0141\u00f3d\u017a<\/strong><\/p>                                    <p><i class=\"icon-star-half-empty\"><\/i> <span>Kategoria:<\/span> <strong>OPEN<\/strong><\/p>                                    <p><i class=\"icon-flag-checkered\"><\/i> <span>Numer startowy:<\/span> <strong>201<\/strong><\/p>\n                                    <p><i class=\"icon-list-alt\"><\/i> <span>Data startu:<\/span> <strong>2024-09-21 12:00<\/strong><\/p>                                <\/div>\n                                <div class=\"commentsCount\"><i class=\"icon-comments-alt darkerColor\"><\/i> 2<\/div>\n                                <p><span class=\"more\">\u00bb more<\/span><\/p><\/div>\n                        <\/div>\n                    <\/div>\n                <\/a>\n            <\/section>\n                        <section class=\"newsItem userItem\">\n                <a href=\"https:\/\/mrdp.pl\/en\/zawodnik\/renata-orvedal-2024\" title=\"Renata Orvedal\">\n                    <div class=\"fastGrid\">\n                        <div>\n                            <div class=\"avatarColumn\">\n                                <div style=\"background-image: url(https:\/\/mrdp.pl\/uploads\/CCBC6E52-E2CE-4DEF-A5CD-9C5204E52B83-53x70.jpeg)\"><\/div>\n                            <\/div>\n                            <div>\n                                <h2 class=\"newsTitle\">Renata Orvedal <span><\/span><\/h2>\n                                <div class=\"info\">\n                                                                        <p><i class=\"icon-globe\"><\/i> <span>Miejscowo\u015b\u0107:<\/span> <strong>Stavanger<\/strong><\/p>                                    <p><i class=\"icon-star-half-empty\"><\/i> <span>Kategoria:<\/span> <strong>OPEN<\/strong><\/p>                                    <p><i class=\"icon-flag-checkered\"><\/i> <span>Numer startowy:<\/span> <strong>202<\/strong><\/p>\n                                    <p><i class=\"icon-list-alt\"><\/i> <span>Data startu:<\/span> <strong>2024-09-21 12:00<\/strong><\/p>                                <\/div>\n                                <div class=\"commentsCount\"><i class=\"icon-comments-alt darkerColor\"><\/i> 0<\/div>\n                                <p><span class=\"more\">\u00bb more<\/span><\/p><\/div>\n                        <\/div>\n                    <\/div>\n                <\/a>\n            <\/section>\n                        <section class=\"newsItem userItem\">\n                <a href=\"https:\/\/mrdp.pl\/en\/zawodnik\/pawel-cymbala-2024\" title=\"Pawe\u0142 Cymba\u0142a\">\n                    <div class=\"fastGrid\">\n                        <div>\n                            <div class=\"avatarColumn\">\n                                <div style=\"background-image: url(https:\/\/mrdp.pl\/uploads\/useravatar.png)\"><\/div>\n                            <\/div>\n                            <div>\n                                <h2 class=\"newsTitle\">Pawe\u0142 Cymba\u0142a <span>pawcio<\/span><\/h2>\n                                <div class=\"info\">\n                                                                        <p><i class=\"icon-globe\"><\/i> <span>Miejscowo\u015b\u0107:<\/span> <strong>Kie\u0142pin<\/strong><\/p>                                    <p><i class=\"icon-star-half-empty\"><\/i> <span>Kategoria:<\/span> <strong>OPEN<\/strong><\/p>                                    <p><i class=\"icon-flag-checkered\"><\/i> <span>Numer startowy:<\/span> <strong>211<\/strong><\/p>\n                                    <p><i class=\"icon-list-alt\"><\/i> <span>Data startu:<\/span> <strong>2024-09-21 12:00<\/strong><\/p>                                <\/div>\n                                <div class=\"commentsCount\"><i class=\"icon-comments-alt darkerColor\"><\/i> 1<\/div>\n                                <p><span class=\"more\">\u00bb more<\/span><\/p><\/div>\n                        <\/div>\n                    <\/div>\n                <\/a>\n            <\/section>\n                        <section class=\"newsItem userItem\">\n                <a href=\"https:\/\/mrdp.pl\/en\/zawodnik\/andrzej-skwarecki-2024\" title=\"Andrzej Skwarecki\">\n                    <div class=\"fastGrid\">\n                        <div>\n                            <div class=\"avatarColumn\">\n                                <div style=\"background-image: url(https:\/\/mrdp.pl\/uploads\/andrzej-skwarecki-48x70.jpg)\"><\/div>\n                            <\/div>\n                            <div>\n                                <h2 class=\"newsTitle\">Andrzej Skwarecki <span><\/span><\/h2>\n                                <div class=\"info\">\n                                    <p><i class=\"icon-list-alt\"><\/i> <span>Klub:<\/span> <strong>Istria Cycling Friends<\/strong><\/p>                                    <p><i class=\"icon-globe\"><\/i> <span>Miejscowo\u015b\u0107:<\/span> <strong>Jaworowa<\/strong><\/p>                                    <p><i class=\"icon-star-half-empty\"><\/i> <span>Kategoria:<\/span> <strong>OPEN<\/strong><\/p>                                    <p><i class=\"icon-flag-checkered\"><\/i> <span>Numer startowy:<\/span> <strong>212<\/strong><\/p>\n                                    <p><i class=\"icon-list-alt\"><\/i> <span>Data startu:<\/span> <strong>2024-09-21 12:00<\/strong><\/p>                                <\/div>\n                                <div class=\"commentsCount\"><i class=\"icon-comments-alt darkerColor\"><\/i> 1<\/div>\n                                <p><span class=\"more\">\u00bb more<\/span><\/p><\/div>\n                        <\/div>\n                    <\/div>\n                <\/a>\n            <\/section>\n                        <section class=\"newsItem userItem\">\n                <a href=\"https:\/\/mrdp.pl\/en\/zawodnik\/dariusz-chojnacki-2024\" title=\"Dariusz Chojnacki\">\n                    <div class=\"fastGrid\">\n                        <div>\n                            <div class=\"avatarColumn\">\n                                <div style=\"background-image: url(https:\/\/mrdp.pl\/uploads\/IMG_20240303_124848-70x60.jpg)\"><\/div>\n                            <\/div>\n                            <div>\n                                <h2 class=\"newsTitle\">Dariusz Chojnacki <span><\/span><\/h2>\n                                <div class=\"info\">\n                                    <p><i class=\"icon-list-alt\"><\/i> <span>Klub:<\/span> <strong>Piekarskie Ko\u0142a <\/strong><\/p>                                    <p><i class=\"icon-globe\"><\/i> <span>Miejscowo\u015b\u0107:<\/span> <strong>Piekary \u015al\u0105skie <\/strong><\/p>                                    <p><i class=\"icon-star-half-empty\"><\/i> <span>Kategoria:<\/span> <strong>OPEN<\/strong><\/p>                                    <p><i class=\"icon-flag-checkered\"><\/i> <span>Numer startowy:<\/span> <strong>213<\/strong><\/p>\n                                    <p><i class=\"icon-list-alt\"><\/i> <span>Data startu:<\/span> <strong>2024-09-21 12:00<\/strong><\/p>                                <\/div>\n                                <div class=\"commentsCount\"><i class=\"icon-comments-alt darkerColor\"><\/i> 1<\/div>\n                                <p><span class=\"more\">\u00bb more<\/span><\/p><\/div>\n                        <\/div>\n                    <\/div>\n                <\/a>\n            <\/section>\n                        <section class=\"newsItem userItem\">\n                <a href=\"https:\/\/mrdp.pl\/en\/zawodnik\/konrad-kozlowski-2024\" title=\"Konrad Koz\u0142owski\">\n                    <div class=\"fastGrid\">\n                        <div>\n                            <div class=\"avatarColumn\">\n                                <div style=\"background-image: url(https:\/\/mrdp.pl\/uploads\/konrad-kozlowski-70x47.jpg)\"><\/div>\n                            <\/div>\n                            <div>\n                                <h2 class=\"newsTitle\">Konrad Koz\u0142owski <span><\/span><\/h2>\n                                <div class=\"info\">\n                                                                        <p><i class=\"icon-globe\"><\/i> <span>Miejscowo\u015b\u0107:<\/span> <strong>\u0141\u00f3d\u017a<\/strong><\/p>                                    <p><i class=\"icon-star-half-empty\"><\/i> <span>Kategoria:<\/span> <strong>OPEN<\/strong><\/p>                                    <p><i class=\"icon-flag-checkered\"><\/i> <span>Numer startowy:<\/span> <strong>214<\/strong><\/p>\n                                    <p><i class=\"icon-list-alt\"><\/i> <span>Data startu:<\/span> <strong>2024-09-21 12:00<\/strong><\/p>                                <\/div>\n                                <div class=\"commentsCount\"><i class=\"icon-comments-alt darkerColor\"><\/i> 1<\/div>\n                                <p><span class=\"more\">\u00bb more<\/span><\/p><\/div>\n                        <\/div>\n                    <\/div>\n                <\/a>\n            <\/section>\n                        <section class=\"newsItem userItem\">\n                <a href=\"https:\/\/mrdp.pl\/en\/zawodnik\/andrzej-hajduk-2024\" title=\"Andrzej Hajduk\">\n                    <div class=\"fastGrid\">\n                        <div>\n                            <div class=\"avatarColumn\">\n                                <div style=\"background-image: url(https:\/\/mrdp.pl\/uploads\/D2B5C3A4-1878-42A2-BC63-72F81F38ED86-70x70.jpeg)\"><\/div>\n                            <\/div>\n                            <div>\n                                <h2 class=\"newsTitle\">Andrzej Hajduk <span>ULTRA_AMATOR<\/span><\/h2>\n                                <div class=\"info\">\n                                                                        <p><i class=\"icon-globe\"><\/i> <span>Miejscowo\u015b\u0107:<\/span> <strong>BOGUCHWA\u0141A<\/strong><\/p>                                    <p><i class=\"icon-star-half-empty\"><\/i> <span>Kategoria:<\/span> <strong>OPEN<\/strong><\/p>                                    <p><i class=\"icon-flag-checkered\"><\/i> <span>Numer startowy:<\/span> <strong>215<\/strong><\/p>\n                                    <p><i class=\"icon-list-alt\"><\/i> <span>Data startu:<\/span> <strong>2024-09-21 12:00<\/strong><\/p>                                <\/div>\n                                <div class=\"commentsCount\"><i class=\"icon-comments-alt darkerColor\"><\/i> 1<\/div>\n                                <p><span class=\"more\">\u00bb more<\/span><\/p><\/div>\n                        <\/div>\n                    <\/div>\n                <\/a>\n            <\/section>\n                        <section class=\"newsItem userItem\">\n                <a href=\"https:\/\/mrdp.pl\/en\/zawodnik\/artur-blaszak-2024\" title=\"Artur B\u0142aszak\">\n                    <div class=\"fastGrid\">\n                        <div>\n                            <div class=\"avatarColumn\">\n                                <div style=\"background-image: url(https:\/\/mrdp.pl\/uploads\/Artur-70x70.jpg)\"><\/div>\n                            <\/div>\n                            <div>\n                                <h2 class=\"newsTitle\">Artur B\u0142aszak <span>BLACHA<\/span><\/h2>\n                                <div class=\"info\">\n                                    <p><i class=\"icon-list-alt\"><\/i> <span>Klub:<\/span> <strong>K\u00f3rnickie Bractwo Rowerowe<\/strong><\/p>                                    <p><i class=\"icon-globe\"><\/i> <span>Miejscowo\u015b\u0107:<\/span> <strong>Pozna\u0144<\/strong><\/p>                                    <p><i class=\"icon-star-half-empty\"><\/i> <span>Kategoria:<\/span> <strong>OPEN<\/strong><\/p>                                    <p><i class=\"icon-flag-checkered\"><\/i> <span>Numer startowy:<\/span> <strong>216<\/strong><\/p>\n                                    <p><i class=\"icon-list-alt\"><\/i> <span>Data startu:<\/span> <strong>2024-09-21 12:00<\/strong><\/p>                                <\/div>\n                                <div class=\"commentsCount\"><i class=\"icon-comments-alt darkerColor\"><\/i> 3<\/div>\n                                <p><span class=\"more\">\u00bb more<\/span><\/p><\/div>\n                        <\/div>\n                    <\/div>\n                <\/a>\n            <\/section>\n                        <section class=\"newsItem userItem\">\n                <a href=\"https:\/\/mrdp.pl\/en\/zawodnik\/dariusz-kurda-2024\" title=\"Dariusz Kurda\">\n                    <div class=\"fastGrid\">\n                        <div>\n                            <div class=\"avatarColumn\">\n                                <div style=\"background-image: url(https:\/\/mrdp.pl\/en\/wp-content\/themes\/mrdp\/img\/empty.png)\"><\/div>\n                            <\/div>\n                            <div>\n                                <h2 class=\"newsTitle\">Dariusz Kurda <span><\/span><\/h2>\n                                <div class=\"info\">\n                                                                        <p><i class=\"icon-globe\"><\/i> <span>Miejscowo\u015b\u0107:<\/span> <strong>Pludry<\/strong><\/p>                                    <p><i class=\"icon-star-half-empty\"><\/i> <span>Kategoria:<\/span> <strong>OPEN<\/strong><\/p>                                    <p><i class=\"icon-flag-checkered\"><\/i> <span>Numer startowy:<\/span> <strong>217<\/strong><\/p>\n                                    <p><i class=\"icon-list-alt\"><\/i> <span>Data startu:<\/span> <strong>2024-09-21 12:00<\/strong><\/p>                                <\/div>\n                                <div class=\"commentsCount\"><i class=\"icon-comments-alt darkerColor\"><\/i> 1<\/div>\n                                <p><span class=\"more\">\u00bb more<\/span><\/p><\/div>\n                        <\/div>\n                    <\/div>\n                <\/a>\n            <\/section>\n                        <section class=\"newsItem userItem\">\n                <a href=\"https:\/\/mrdp.pl\/en\/zawodnik\/krzysztof-pakula-2024\" title=\"Krzysztof Paku\u0142a\">\n                    <div class=\"fastGrid\">\n                        <div>\n                            <div class=\"avatarColumn\">\n                                <div style=\"background-image: url(https:\/\/mrdp.pl\/uploads\/profil-70x70.jpg)\"><\/div>\n                            <\/div>\n                            <div>\n                                <h2 class=\"newsTitle\">Krzysztof Paku\u0142a <span>Ekokrzychu<\/span><\/h2>\n                                <div class=\"info\">\n                                    <p><i class=\"icon-list-alt\"><\/i> <span>Klub:<\/span> <strong>Cidry na Szosie<\/strong><\/p>                                    <p><i class=\"icon-globe\"><\/i> <span>Miejscowo\u015b\u0107:<\/span> <strong>Radzionk\u00f3w<\/strong><\/p>                                    <p><i class=\"icon-star-half-empty\"><\/i> <span>Kategoria:<\/span> <strong>OPEN<\/strong><\/p>                                    <p><i class=\"icon-flag-checkered\"><\/i> <span>Numer startowy:<\/span> <strong>218<\/strong><\/p>\n                                    <p><i class=\"icon-list-alt\"><\/i> <span>Data startu:<\/span> <strong>2024-09-21 12:00<\/strong><\/p>                                <\/div>\n                                <div class=\"commentsCount\"><i class=\"icon-comments-alt darkerColor\"><\/i> 1<\/div>\n                                <p><span class=\"more\">\u00bb more<\/span><\/p><\/div>\n                        <\/div>\n                    <\/div>\n                <\/a>\n            <\/section>\n                        <section class=\"newsItem userItem\">\n                <a href=\"https:\/\/mrdp.pl\/en\/zawodnik\/krzysztof-nowak-2024\" title=\"Krzysztof Nowak\">\n                    <div class=\"fastGrid\">\n                        <div>\n                            <div class=\"avatarColumn\">\n                                <div style=\"background-image: url(https:\/\/mrdp.pl\/en\/wp-content\/themes\/mrdp\/img\/empty.png)\"><\/div>\n                            <\/div>\n                            <div>\n                                <h2 class=\"newsTitle\">Krzysztof Nowak <span>Kszyho<\/span><\/h2>\n                                <div class=\"info\">\n                                                                        <p><i class=\"icon-globe\"><\/i> <span>Miejscowo\u015b\u0107:<\/span> <strong>Strzy\u017c\u00f3w<\/strong><\/p>                                    <p><i class=\"icon-star-half-empty\"><\/i> <span>Kategoria:<\/span> <strong>OPEN<\/strong><\/p>                                    <p><i class=\"icon-flag-checkered\"><\/i> <span>Numer startowy:<\/span> <strong>219<\/strong><\/p>\n                                    <p><i class=\"icon-list-alt\"><\/i> <span>Data startu:<\/span> <strong>2024-09-21 12:00<\/strong><\/p>                                <\/div>\n                                <div class=\"commentsCount\"><i class=\"icon-comments-alt darkerColor\"><\/i> 1<\/div>\n                                <p><span class=\"more\">\u00bb more<\/span><\/p><\/div>\n                        <\/div>\n                    <\/div>\n                <\/a>\n            <\/section>\n                        <section class=\"newsItem userItem\">\n                <a href=\"https:\/\/mrdp.pl\/en\/zawodnik\/krzysztof-dabrowski-2024\" title=\"Krzysztof D\u0105browski\">\n                    <div class=\"fastGrid\">\n                        <div>\n                            <div class=\"avatarColumn\">\n                                <div style=\"background-image: url(https:\/\/mrdp.pl\/en\/wp-content\/themes\/mrdp\/img\/empty.png)\"><\/div>\n                            <\/div>\n                            <div>\n                                <h2 class=\"newsTitle\">Krzysztof D\u0105browski <span><\/span><\/h2>\n                                <div class=\"info\">\n                                                                        <p><i class=\"icon-globe\"><\/i> <span>Miejscowo\u015b\u0107:<\/span> <strong>Bibice<\/strong><\/p>                                    <p><i class=\"icon-star-half-empty\"><\/i> <span>Kategoria:<\/span> <strong>OPEN<\/strong><\/p>                                    <p><i class=\"icon-flag-checkered\"><\/i> <span>Numer startowy:<\/span> <strong>220<\/strong><\/p>\n                                    <p><i class=\"icon-list-alt\"><\/i> <span>Data startu:<\/span> <strong>2024-09-21 12:00<\/strong><\/p>                                <\/div>\n                                <div class=\"commentsCount\"><i class=\"icon-comments-alt darkerColor\"><\/i> 10<\/div>\n                                <p><span class=\"more\">\u00bb more<\/span><\/p><\/div>\n                        <\/div>\n                    <\/div>\n                <\/a>\n            <\/section>\n                        <section class=\"newsItem userItem\">\n                <a href=\"https:\/\/mrdp.pl\/en\/zawodnik\/lech-flaczynski-2024\" title=\"Lech Flaczy\u0144ski\">\n                    <div class=\"fastGrid\">\n                        <div>\n                            <div class=\"avatarColumn\">\n                                <div style=\"background-image: url(https:\/\/mrdp.pl\/uploads\/Zdj.-MRDP-53x70.jpg)\"><\/div>\n                            <\/div>\n                            <div>\n                                <h2 class=\"newsTitle\">Lech Flaczy\u0144ski <span><\/span><\/h2>\n                                <div class=\"info\">\n                                                                        <p><i class=\"icon-globe\"><\/i> <span>Miejscowo\u015b\u0107:<\/span> <strong>Grudzi\u0105dz<\/strong><\/p>                                    <p><i class=\"icon-star-half-empty\"><\/i> <span>Kategoria:<\/span> <strong>OPEN<\/strong><\/p>                                    <p><i class=\"icon-flag-checkered\"><\/i> <span>Numer startowy:<\/span> <strong>221<\/strong><\/p>\n                                    <p><i class=\"icon-list-alt\"><\/i> <span>Data startu:<\/span> <strong>2024-09-21 12:00<\/strong><\/p>                                <\/div>\n                                <div class=\"commentsCount\"><i class=\"icon-comments-alt darkerColor\"><\/i> 0<\/div>\n                                <p><span class=\"more\">\u00bb more<\/span><\/p><\/div>\n                        <\/div>\n                    <\/div>\n                <\/a>\n            <\/section>\n                        <section class=\"newsItem userItem\">\n                <a href=\"https:\/\/mrdp.pl\/en\/zawodnik\/robert-wozniak-2024\" title=\"Robert Wo\u017aniak\">\n                    <div class=\"fastGrid\">\n                        <div>\n                            <div class=\"avatarColumn\">\n                                <div style=\"background-image: url(https:\/\/mrdp.pl\/uploads\/CIMG0538-70x52.jpg)\"><\/div>\n                            <\/div>\n                            <div>\n                                <h2 class=\"newsTitle\">Robert Wo\u017aniak <span>robert1973<\/span><\/h2>\n                                <div class=\"info\">\n                                    <p><i class=\"icon-list-alt\"><\/i> <span>Klub:<\/span> <strong>robert1973<\/strong><\/p>                                    <p><i class=\"icon-globe\"><\/i> <span>Miejscowo\u015b\u0107:<\/span> <strong>elbl\u0105g<\/strong><\/p>                                    <p><i class=\"icon-star-half-empty\"><\/i> <span>Kategoria:<\/span> <strong>OPEN<\/strong><\/p>                                    <p><i class=\"icon-flag-checkered\"><\/i> <span>Numer startowy:<\/span> <strong>222<\/strong><\/p>\n                                    <p><i class=\"icon-list-alt\"><\/i> <span>Data startu:<\/span> <strong>2024-09-21 12:00<\/strong><\/p>                                <\/div>\n                                <div class=\"commentsCount\"><i class=\"icon-comments-alt darkerColor\"><\/i> 0<\/div>\n                                <p><span class=\"more\">\u00bb more<\/span><\/p><\/div>\n                        <\/div>\n                    <\/div>\n                <\/a>\n            <\/section>\n                        <section class=\"newsItem userItem\">\n                <a href=\"https:\/\/mrdp.pl\/en\/zawodnik\/bartek-dobies\" title=\"Bartek Dobies\">\n                    <div class=\"fastGrid\">\n                        <div>\n                            <div class=\"avatarColumn\">\n                                <div style=\"background-image: url(https:\/\/mrdp.pl\/uploads\/IMG_20230911_233043-5-31x70.jpg)\"><\/div>\n                            <\/div>\n                            <div>\n                                <h2 class=\"newsTitle\">Bartek Dobies <span><\/span><\/h2>\n                                <div class=\"info\">\n                                                                        <p><i class=\"icon-globe\"><\/i> <span>Miejscowo\u015b\u0107:<\/span> <strong>Warlubie<\/strong><\/p>                                    <p><i class=\"icon-star-half-empty\"><\/i> <span>Kategoria:<\/span> <strong>OPEN<\/strong><\/p>                                    <p><i class=\"icon-flag-checkered\"><\/i> <span>Numer startowy:<\/span> <strong>223<\/strong><\/p>\n                                    <p><i class=\"icon-list-alt\"><\/i> <span>Data startu:<\/span> <strong>2024-09-21 12:00<\/strong><\/p>                                <\/div>\n                                <div class=\"commentsCount\"><i class=\"icon-comments-alt darkerColor\"><\/i> 6<\/div>\n                                <p><span class=\"more\">\u00bb more<\/span><\/p><\/div>\n                        <\/div>\n                    <\/div>\n                <\/a>\n            <\/section>\n                        <section class=\"newsItem userItem\">\n                <a href=\"https:\/\/mrdp.pl\/en\/zawodnik\/sebastian-porzadny-2024\" title=\"Sebastian Porz\u0105dny\">\n                    <div class=\"fastGrid\">\n                        <div>\n                            <div class=\"avatarColumn\">\n                                <div style=\"background-image: url(https:\/\/mrdp.pl\/uploads\/received_1153075929224566-70x39.jpeg)\"><\/div>\n                            <\/div>\n                            <div>\n                                <h2 class=\"newsTitle\">Sebastian Porz\u0105dny <span><\/span><\/h2>\n                                <div class=\"info\">\n                                                                        <p><i class=\"icon-globe\"><\/i> <span>Miejscowo\u015b\u0107:<\/span> <strong>\u0141\u00f3d\u017a <\/strong><\/p>                                    <p><i class=\"icon-star-half-empty\"><\/i> <span>Kategoria:<\/span> <strong>OPEN<\/strong><\/p>                                    <p><i class=\"icon-flag-checkered\"><\/i> <span>Numer startowy:<\/span> <strong>224<\/strong><\/p>\n                                    <p><i class=\"icon-list-alt\"><\/i> <span>Data startu:<\/span> <strong>2024-09-21 12:00<\/strong><\/p>                                <\/div>\n                                <div class=\"commentsCount\"><i class=\"icon-comments-alt darkerColor\"><\/i> 2<\/div>\n                                <p><span class=\"more\">\u00bb more<\/span><\/p><\/div>\n                        <\/div>\n                    <\/div>\n                <\/a>\n            <\/section>\n                        <section class=\"newsItem userItem\">\n                <a href=\"https:\/\/mrdp.pl\/en\/zawodnik\/przemyslaw-lesman-2024\" title=\"Przemys\u0142aw Lesman\">\n                    <div class=\"fastGrid\">\n                        <div>\n                            <div class=\"avatarColumn\">\n                                <div style=\"background-image: url(https:\/\/mrdp.pl\/uploads\/1721069851785-46x70.jpg)\"><\/div>\n                            <\/div>\n                            <div>\n                                <h2 class=\"newsTitle\">Przemys\u0142aw Lesman <span>Przemek<\/span><\/h2>\n                                <div class=\"info\">\n                                                                        <p><i class=\"icon-globe\"><\/i> <span>Miejscowo\u015b\u0107:<\/span> <strong>Pabianice<\/strong><\/p>                                    <p><i class=\"icon-star-half-empty\"><\/i> <span>Kategoria:<\/span> <strong>OPEN<\/strong><\/p>                                    <p><i class=\"icon-flag-checkered\"><\/i> <span>Numer startowy:<\/span> <strong>225<\/strong><\/p>\n                                    <p><i class=\"icon-list-alt\"><\/i> <span>Data startu:<\/span> <strong>2024-09-21 12:00<\/strong><\/p>                                <\/div>\n                                <div class=\"commentsCount\"><i class=\"icon-comments-alt darkerColor\"><\/i> 1<\/div>\n                                <p><span class=\"more\">\u00bb more<\/span><\/p><\/div>\n                        <\/div>\n                    <\/div>\n                <\/a>\n            <\/section>\n                        <section class=\"newsItem userItem\">\n                <a href=\"https:\/\/mrdp.pl\/en\/zawodnik\/mariusz-walczak-2024\" title=\"Mariusz Walczak\">\n                    <div class=\"fastGrid\">\n                        <div>\n                            <div class=\"avatarColumn\">\n                                <div style=\"background-image: url(https:\/\/mrdp.pl\/uploads\/mariusz-walczak-70x53.jpg)\"><\/div>\n                            <\/div>\n                            <div>\n                                <h2 class=\"newsTitle\">Mariusz Walczak <span>Maniek<\/span><\/h2>\n                                <div class=\"info\">\n                                                                        <p><i class=\"icon-globe\"><\/i> <span>Miejscowo\u015b\u0107:<\/span> <strong>\u0141\u00f3d\u017a<\/strong><\/p>                                    <p><i class=\"icon-star-half-empty\"><\/i> <span>Kategoria:<\/span> <strong>OPEN<\/strong><\/p>                                    <p><i class=\"icon-flag-checkered\"><\/i> <span>Numer startowy:<\/span> <strong>226<\/strong><\/p>\n                                    <p><i class=\"icon-list-alt\"><\/i> <span>Data startu:<\/span> <strong>2024-09-21 12:00<\/strong><\/p>                                <\/div>\n                                <div class=\"commentsCount\"><i class=\"icon-comments-alt darkerColor\"><\/i> 2<\/div>\n                                <p><span class=\"more\">\u00bb more<\/span><\/p><\/div>\n                        <\/div>\n                    <\/div>\n                <\/a>\n            <\/section>\n                        <section class=\"newsItem userItem\">\n                <a href=\"https:\/\/mrdp.pl\/en\/zawodnik\/piotr-bajerowicz-2024\" title=\"Piotr Bajerowicz\">\n                    <div class=\"fastGrid\">\n                        <div>\n                            <div class=\"avatarColumn\">\n                                <div style=\"background-image: url(https:\/\/mrdp.pl\/en\/wp-content\/themes\/mrdp\/img\/empty.png)\"><\/div>\n                            <\/div>\n                            <div>\n                                <h2 class=\"newsTitle\">Piotr Bajerowicz <span><\/span><\/h2>\n                                <div class=\"info\">\n                                                                        <p><i class=\"icon-globe\"><\/i> <span>Miejscowo\u015b\u0107:<\/span> <strong>Grz\u0119dzice<\/strong><\/p>                                    <p><i class=\"icon-star-half-empty\"><\/i> <span>Kategoria:<\/span> <strong>OPEN<\/strong><\/p>                                    <p><i class=\"icon-flag-checkered\"><\/i> <span>Numer startowy:<\/span> <strong>227<\/strong><\/p>\n                                    <p><i class=\"icon-list-alt\"><\/i> <span>Data startu:<\/span> <strong>2024-09-21 12:00<\/strong><\/p>                                <\/div>\n                                <div class=\"commentsCount\"><i class=\"icon-comments-alt darkerColor\"><\/i> 0<\/div>\n                                <p><span class=\"more\">\u00bb more<\/span><\/p><\/div>\n                        <\/div>\n                    <\/div>\n                <\/a>\n            <\/section>\n                        <section class=\"newsItem userItem\">\n                <a href=\"https:\/\/mrdp.pl\/en\/zawodnik\/lucjan-kornicki-2024\" title=\"Lucjan Kornicki\">\n                    <div class=\"fastGrid\">\n                        <div>\n                            <div class=\"avatarColumn\">\n                                <div style=\"background-image: url(https:\/\/mrdp.pl\/uploads\/Lucjan-Kornicki-70x47.jpeg)\"><\/div>\n                            <\/div>\n                            <div>\n                                <h2 class=\"newsTitle\">Lucjan Kornicki <span><\/span><\/h2>\n                                <div class=\"info\">\n                                                                        <p><i class=\"icon-globe\"><\/i> <span>Miejscowo\u015b\u0107:<\/span> <strong>Wroc\u0142aw<\/strong><\/p>                                    <p><i class=\"icon-star-half-empty\"><\/i> <span>Kategoria:<\/span> <strong>OPEN<\/strong><\/p>                                    <p><i class=\"icon-flag-checkered\"><\/i> <span>Numer startowy:<\/span> <strong>228<\/strong><\/p>\n                                    <p><i class=\"icon-list-alt\"><\/i> <span>Data startu:<\/span> <strong>2024-09-21 12:00<\/strong><\/p>                                <\/div>\n                                <div class=\"commentsCount\"><i class=\"icon-comments-alt darkerColor\"><\/i> 1<\/div>\n                                <p><span class=\"more\">\u00bb more<\/span><\/p><\/div>\n                        <\/div>\n                    <\/div>\n                <\/a>\n            <\/section>\n                        <section class=\"newsItem userItem\">\n                <a href=\"https:\/\/mrdp.pl\/en\/zawodnik\/tomasz-koszyk\" title=\"Tomasz Koszyk\">\n                    <div class=\"fastGrid\">\n                        <div>\n                            <div class=\"avatarColumn\">\n                                <div style=\"background-image: url(https:\/\/mrdp.pl\/uploads\/MPP-2023-70x47.jpg)\"><\/div>\n                            <\/div>\n                            <div>\n                                <h2 class=\"newsTitle\">Tomasz Koszyk <span><\/span><\/h2>\n                                <div class=\"info\">\n                                                                        <p><i class=\"icon-globe\"><\/i> <span>Miejscowo\u015b\u0107:<\/span> <strong>Niepruszewo<\/strong><\/p>                                    <p><i class=\"icon-star-half-empty\"><\/i> <span>Kategoria:<\/span> <strong>OPEN<\/strong><\/p>                                    <p><i class=\"icon-flag-checkered\"><\/i> <span>Numer startowy:<\/span> <strong>229<\/strong><\/p>\n                                    <p><i class=\"icon-list-alt\"><\/i> <span>Data startu:<\/span> <strong>2024-09-21 12:00<\/strong><\/p>                                <\/div>\n                                <div class=\"commentsCount\"><i class=\"icon-comments-alt darkerColor\"><\/i> 1<\/div>\n                                <p><span class=\"more\">\u00bb more<\/span><\/p><\/div>\n                        <\/div>\n                    <\/div>\n                <\/a>\n            <\/section>\n                        <section class=\"newsItem userItem\">\n                <a href=\"https:\/\/mrdp.pl\/en\/zawodnik\/sebastian-rosa-2024\" title=\"Sebastian Rosa\">\n                    <div class=\"fastGrid\">\n                        <div>\n                            <div class=\"avatarColumn\">\n                                <div style=\"background-image: url(https:\/\/mrdp.pl\/uploads\/Sebastian-Rosa-51x70.jpg)\"><\/div>\n                            <\/div>\n                            <div>\n                                <h2 class=\"newsTitle\">Sebastian Rosa <span>Ma\u0142y<\/span><\/h2>\n                                <div class=\"info\">\n                                    <p><i class=\"icon-list-alt\"><\/i> <span>Klub:<\/span> <strong>Sebajk.cc<\/strong><\/p>                                    <p><i class=\"icon-globe\"><\/i> <span>Miejscowo\u015b\u0107:<\/span> <strong>Szczytno<\/strong><\/p>                                    <p><i class=\"icon-star-half-empty\"><\/i> <span>Kategoria:<\/span> <strong>OPEN<\/strong><\/p>                                    <p><i class=\"icon-flag-checkered\"><\/i> <span>Numer startowy:<\/span> <strong>230<\/strong><\/p>\n                                    <p><i class=\"icon-list-alt\"><\/i> <span>Data startu:<\/span> <strong>2024-09-21 12:00<\/strong><\/p>                                <\/div>\n                                <div class=\"commentsCount\"><i class=\"icon-comments-alt darkerColor\"><\/i> 5<\/div>\n                                <p><span class=\"more\">\u00bb more<\/span><\/p><\/div>\n                        <\/div>\n                    <\/div>\n                <\/a>\n            <\/section>\n                        <section class=\"newsItem userItem\">\n                <a href=\"https:\/\/mrdp.pl\/en\/zawodnik\/lukasz-hedko-2024\" title=\"\u0141ukasz Hedko\">\n                    <div class=\"fastGrid\">\n                        <div>\n                            <div class=\"avatarColumn\">\n                                <div style=\"background-image: url(https:\/\/mrdp.pl\/uploads\/Lysy-70x70.jpg)\"><\/div>\n                            <\/div>\n                            <div>\n                                <h2 class=\"newsTitle\">\u0141ukasz Hedko <span><\/span><\/h2>\n                                <div class=\"info\">\n                                                                        <p><i class=\"icon-globe\"><\/i> <span>Miejscowo\u015b\u0107:<\/span> <strong>Siedlec<\/strong><\/p>                                    <p><i class=\"icon-star-half-empty\"><\/i> <span>Kategoria:<\/span> <strong>OPEN<\/strong><\/p>                                    <p><i class=\"icon-flag-checkered\"><\/i> <span>Numer startowy:<\/span> <strong>231<\/strong><\/p>\n                                    <p><i class=\"icon-list-alt\"><\/i> <span>Data startu:<\/span> <strong>2024-09-21 12:00<\/strong><\/p>                                <\/div>\n                                <div class=\"commentsCount\"><i class=\"icon-comments-alt darkerColor\"><\/i> 1<\/div>\n                                <p><span class=\"more\">\u00bb more<\/span><\/p><\/div>\n                        <\/div>\n                    <\/div>\n                <\/a>\n            <\/section>\n                        <section class=\"newsItem userItem\">\n                <a href=\"https:\/\/mrdp.pl\/en\/zawodnik\/krzysztof-kaluzny-2024\" title=\"Krzysztof Ka\u0142u\u017cny\">\n                    <div class=\"fastGrid\">\n                        <div>\n                            <div class=\"avatarColumn\">\n                                <div style=\"background-image: url(https:\/\/mrdp.pl\/uploads\/36013470-00CA-4EF9-BD51-9E6ACDDB1799-e1662489361105-70x53.jpeg)\"><\/div>\n                            <\/div>\n                            <div>\n                                <h2 class=\"newsTitle\">Krzysztof Ka\u0142u\u017cny <span><\/span><\/h2>\n                                <div class=\"info\">\n                                    <p><i class=\"icon-list-alt\"><\/i> <span>Klub:<\/span> <strong>MatchPro Bike Team<\/strong><\/p>                                    <p><i class=\"icon-globe\"><\/i> <span>Miejscowo\u015b\u0107:<\/span> <strong>Pleszew <\/strong><\/p>                                    <p><i class=\"icon-star-half-empty\"><\/i> <span>Kategoria:<\/span> <strong>OPEN<\/strong><\/p>                                    <p><i class=\"icon-flag-checkered\"><\/i> <span>Numer startowy:<\/span> <strong>232<\/strong><\/p>\n                                    <p><i class=\"icon-list-alt\"><\/i> <span>Data startu:<\/span> <strong>2024-09-21 12:00<\/strong><\/p>                                <\/div>\n                                <div class=\"commentsCount\"><i class=\"icon-comments-alt darkerColor\"><\/i> 2<\/div>\n                                <p><span class=\"more\">\u00bb more<\/span><\/p><\/div>\n                        <\/div>\n                    <\/div>\n                <\/a>\n            <\/section>\n                        <section class=\"newsItem userItem\">\n                <a href=\"https:\/\/mrdp.pl\/en\/zawodnik\/petro-albota-2024\" title=\"Petro Albota\">\n                    <div class=\"fastGrid\">\n                        <div>\n                            <div class=\"avatarColumn\">\n                                <div style=\"background-image: url(https:\/\/mrdp.pl\/en\/wp-content\/themes\/mrdp\/img\/empty.png)\"><\/div>\n                            <\/div>\n                            <div>\n                                <h2 class=\"newsTitle\">Petro Albota <span><\/span><\/h2>\n                                <div class=\"info\">\n                                    <p><i class=\"icon-list-alt\"><\/i> <span>Klub:<\/span> <strong>Ultradventure Team <\/strong><\/p>                                    <p><i class=\"icon-globe\"><\/i> <span>Miejscowo\u015b\u0107:<\/span> <strong>Krak\u00f3w<\/strong><\/p>                                    <p><i class=\"icon-star-half-empty\"><\/i> <span>Kategoria:<\/span> <strong>OPEN<\/strong><\/p>                                    <p><i class=\"icon-flag-checkered\"><\/i> <span>Numer startowy:<\/span> <strong>233<\/strong><\/p>\n                                    <p><i class=\"icon-list-alt\"><\/i> <span>Data startu:<\/span> <strong>2024-09-21 12:00<\/strong><\/p>                                <\/div>\n                                <div class=\"commentsCount\"><i class=\"icon-comments-alt darkerColor\"><\/i> 0<\/div>\n                                <p><span class=\"more\">\u00bb more<\/span><\/p><\/div>\n                        <\/div>\n                    <\/div>\n                <\/a>\n            <\/section>\n                        <section class=\"newsItem userItem\">\n                <a href=\"https:\/\/mrdp.pl\/en\/zawodnik\/kamil-chwistecki-2024\" title=\"Kamil Chwistecki\">\n                    <div class=\"fastGrid\">\n                        <div>\n                            <div class=\"avatarColumn\">\n                                <div style=\"background-image: url(https:\/\/mrdp.pl\/uploads\/20220214_160340-53x70.jpg)\"><\/div>\n                            <\/div>\n                            <div>\n                                <h2 class=\"newsTitle\">Kamil Chwistecki <span><\/span><\/h2>\n                                <div class=\"info\">\n                                                                        <p><i class=\"icon-globe\"><\/i> <span>Miejscowo\u015b\u0107:<\/span> <strong>\u015awinouj\u015bcie<\/strong><\/p>                                    <p><i class=\"icon-star-half-empty\"><\/i> <span>Kategoria:<\/span> <strong>OPEN<\/strong><\/p>                                    <p><i class=\"icon-flag-checkered\"><\/i> <span>Numer startowy:<\/span> <strong>236<\/strong><\/p>\n                                    <p><i class=\"icon-list-alt\"><\/i> <span>Data startu:<\/span> <strong>2024-09-21 12:00<\/strong><\/p>                                <\/div>\n                                <div class=\"commentsCount\"><i class=\"icon-comments-alt darkerColor\"><\/i> 1<\/div>\n                                <p><span class=\"more\">\u00bb more<\/span><\/p><\/div>\n                        <\/div>\n                    <\/div>\n                <\/a>\n            <\/section>\n            <\/p>","protected":false},"excerpt":{"rendered":"","protected":false},"author":1,"featured_media":0,"parent":7076,"menu_order":0,"comment_status":"closed","ping_status":"closed","template":"","meta":[],"_links":{"self":[{"href":"https:\/\/mrdp.pl\/en\/wp-json\/wp\/v2\/pages\/7084"}],"collection":[{"href":"https:\/\/mrdp.pl\/en\/wp-json\/wp\/v2\/pages"}],"about":[{"href":"https:\/\/mrdp.pl\/en\/wp-json\/wp\/v2\/types\/page"}],"author":[{"embeddable":true,"href":"https:\/\/mrdp.pl\/en\/wp-json\/wp\/v2\/users\/1"}],"replies":[{"embeddable":true,"href":"https:\/\/mrdp.pl\/en\/wp-json\/wp\/v2\/comments?post=7084"}],"version-history":[{"count":2,"href":"https:\/\/mrdp.pl\/en\/wp-json\/wp\/v2\/pages\/7084\/revisions"}],"predecessor-version":[{"id":7086,"href":"https:\/\/mrdp.pl\/en\/wp-json\/wp\/v2\/pages\/7084\/revisions\/7086"}],"up":[{"embeddable":true,"href":"https:\/\/mrdp.pl\/en\/wp-json\/wp\/v2\/pages\/7076"}],"wp:attachment":[{"href":"https:\/\/mrdp.pl\/en\/wp-json\/wp\/v2\/media?parent=7084"}],"curies":[{"name":"wp","href":"https:\/\/api.w.org\/{rel}","templated":true}]}}