{"id":6395,"date":"2023-01-29T15:28:41","date_gmt":"2023-01-29T14:28:41","guid":{"rendered":"https:\/\/mrdp.pl\/?page_id=6395"},"modified":"2023-01-29T15:29:03","modified_gmt":"2023-01-29T14:29:03","slug":"zawodnicy-mrdp-zachod-2022","status":"publish","type":"page","link":"https:\/\/mrdp.pl\/en\/archiwum\/zmrdp-2022\/zawodnicy-mrdp-zachod-2022","title":{"rendered":"The competitors MRDP West 2022"},"content":{"rendered":"<p>            <section class=\"newsItem userItem\">\n                <a href=\"https:\/\/mrdp.pl\/en\/zawodnik\/kinga-budny\" title=\"Kinga Budny\">\n                    <div class=\"fastGrid\">\n                        <div>\n                            <div class=\"avatarColumn\">\n                                <div style=\"background-image: url(https:\/\/mrdp.pl\/en\/wp-content\/themes\/mrdp\/img\/empty.png)\"><\/div>\n                            <\/div>\n                            <div>\n                                <h2 class=\"newsTitle\">Kinga Budny <span><\/span><\/h2>\n                                <div class=\"info\">\n                                                                        <p><i class=\"icon-globe\"><\/i> <span>Miejscowo\u015b\u0107:<\/span> <strong>Gorz\u00f3w Wielkopolski<\/strong><\/p>                                    <p><i class=\"icon-star-half-empty\"><\/i> <span>Kategoria:<\/span> <strong>OPEN<\/strong><\/p>                                    <p><i class=\"icon-flag-checkered\"><\/i> <span>Numer startowy:<\/span> <strong>K202<\/strong><\/p>\n                                    <p><i class=\"icon-list-alt\"><\/i> <span>Data startu:<\/span> <strong>2022-09-24 12:00<\/strong><\/p>                                <\/div>\n                                <div class=\"commentsCount\"><i class=\"icon-comments-alt darkerColor\"><\/i> 7<\/div>\n                                <p><span class=\"more\">\u00bb more<\/span><\/p><\/div>\n                        <\/div>\n                    <\/div>\n                <\/a>\n            <\/section>\n                        <section class=\"newsItem userItem\">\n                <a href=\"https:\/\/mrdp.pl\/en\/zawodnik\/renata-kozlowska\" title=\"Renata Koz\u0142owska\">\n                    <div class=\"fastGrid\">\n                        <div>\n                            <div class=\"avatarColumn\">\n                                <div style=\"background-image: url(https:\/\/mrdp.pl\/uploads\/renata-kozlowska-47x70.jpg)\"><\/div>\n                            <\/div>\n                            <div>\n                                <h2 class=\"newsTitle\">Renata Koz\u0142owska <span><\/span><\/h2>\n                                <div class=\"info\">\n                                                                        <p><i class=\"icon-globe\"><\/i> <span>Miejscowo\u015b\u0107:<\/span> <strong>\u0141\u00f3d\u017a<\/strong><\/p>                                    <p><i class=\"icon-star-half-empty\"><\/i> <span>Kategoria:<\/span> <strong>OPEN<\/strong><\/p>                                    <p><i class=\"icon-flag-checkered\"><\/i> <span>Numer startowy:<\/span> <strong>K201<\/strong><\/p>\n                                    <p><i class=\"icon-list-alt\"><\/i> <span>Data startu:<\/span> <strong>2022-09-24 12:00<\/strong><\/p>                                <\/div>\n                                <div class=\"commentsCount\"><i class=\"icon-comments-alt darkerColor\"><\/i> 15<\/div>\n                                <p><span class=\"more\">\u00bb more<\/span><\/p><\/div>\n                        <\/div>\n                    <\/div>\n                <\/a>\n            <\/section>\n                        <section class=\"newsItem userItem\">\n                <a href=\"https:\/\/mrdp.pl\/en\/zawodnik\/marek-kamm-2022\" title=\"Marek Kamm\">\n                    <div class=\"fastGrid\">\n                        <div>\n                            <div class=\"avatarColumn\">\n                                <div style=\"background-image: url(https:\/\/mrdp.pl\/uploads\/DSC03871-\u2014-kopia-70x53.jpg)\"><\/div>\n                            <\/div>\n                            <div>\n                                <h2 class=\"newsTitle\">Marek Kamm <span>MARECKI<\/span><\/h2>\n                                <div class=\"info\">\n                                    <p><i class=\"icon-list-alt\"><\/i> <span>Klub:<\/span> <strong>marecki.home.pl<\/strong><\/p>                                    <p><i class=\"icon-globe\"><\/i> <span>Miejscowo\u015b\u0107:<\/span> <strong>ELBL\u0104G<\/strong><\/p>                                    <p><i class=\"icon-star-half-empty\"><\/i> <span>Kategoria:<\/span> <strong>SOLO<\/strong><\/p>                                    <p><i class=\"icon-flag-checkered\"><\/i> <span>Numer startowy:<\/span> <strong>12<\/strong><\/p>\n                                    <p><i class=\"icon-list-alt\"><\/i> <span>Data startu:<\/span> <strong>2022-09-24 12:00<\/strong><\/p>                                <\/div>\n                                <div class=\"commentsCount\"><i class=\"icon-comments-alt darkerColor\"><\/i> 27<\/div>\n                                <p><span class=\"more\">\u00bb more<\/span><\/p><\/div>\n                        <\/div>\n                    <\/div>\n                <\/a>\n            <\/section>\n                        <section class=\"newsItem userItem\">\n                <a href=\"https:\/\/mrdp.pl\/en\/zawodnik\/robert-wozniak-2022\" title=\"Robert Wo\u017aniak\">\n                    <div class=\"fastGrid\">\n                        <div>\n                            <div class=\"avatarColumn\">\n                                <div style=\"background-image: url(https:\/\/mrdp.pl\/uploads\/CIMG0538-70x52.jpg)\"><\/div>\n                            <\/div>\n                            <div>\n                                <h2 class=\"newsTitle\">Robert Wo\u017aniak <span>robert1973<\/span><\/h2>\n                                <div class=\"info\">\n                                    <p><i class=\"icon-list-alt\"><\/i> <span>Klub:<\/span> <strong>robert1973<\/strong><\/p>                                    <p><i class=\"icon-globe\"><\/i> <span>Miejscowo\u015b\u0107:<\/span> <strong>Elbl\u0105g<\/strong><\/p>                                    <p><i class=\"icon-star-half-empty\"><\/i> <span>Kategoria:<\/span> <strong>SOLO<\/strong><\/p>                                    <p><i class=\"icon-flag-checkered\"><\/i> <span>Numer startowy:<\/span> <strong>13<\/strong><\/p>\n                                    <p><i class=\"icon-list-alt\"><\/i> <span>Data startu:<\/span> <strong>2022-09-24 12:00<\/strong><\/p>                                <\/div>\n                                <div class=\"commentsCount\"><i class=\"icon-comments-alt darkerColor\"><\/i> 11<\/div>\n                                <p><span class=\"more\">\u00bb more<\/span><\/p><\/div>\n                        <\/div>\n                    <\/div>\n                <\/a>\n            <\/section>\n                        <section class=\"newsItem userItem\">\n                <a href=\"https:\/\/mrdp.pl\/en\/zawodnik\/krzysztof-haupt\" title=\"Krzysztof Haupt\">\n                    <div class=\"fastGrid\">\n                        <div>\n                            <div class=\"avatarColumn\">\n                                <div style=\"background-image: url(https:\/\/mrdp.pl\/en\/wp-content\/themes\/mrdp\/img\/empty.png)\"><\/div>\n                            <\/div>\n                            <div>\n                                <h2 class=\"newsTitle\">Krzysztof Haupt <span><\/span><\/h2>\n                                <div class=\"info\">\n                                    <p><i class=\"icon-list-alt\"><\/i> <span>Klub:<\/span> <strong>ZZSK SUCHY LAS <\/strong><\/p>                                    <p><i class=\"icon-globe\"><\/i> <span>Miejscowo\u015b\u0107:<\/span> <strong>Suchy Las<\/strong><\/p>                                    <p><i class=\"icon-star-half-empty\"><\/i> <span>Kategoria:<\/span> <strong>SOLO<\/strong><\/p>                                    <p><i class=\"icon-flag-checkered\"><\/i> <span>Numer startowy:<\/span> <strong>14<\/strong><\/p>\n                                    <p><i class=\"icon-list-alt\"><\/i> <span>Data startu:<\/span> <strong>2022-09-24 12:00<\/strong><\/p>                                <\/div>\n                                <div class=\"commentsCount\"><i class=\"icon-comments-alt darkerColor\"><\/i> 10<\/div>\n                                <p><span class=\"more\">\u00bb more<\/span><\/p><\/div>\n                        <\/div>\n                    <\/div>\n                <\/a>\n            <\/section>\n                        <section class=\"newsItem userItem\">\n                <a href=\"https:\/\/mrdp.pl\/en\/zawodnik\/waldemar-chodan-2022\" title=\"Waldemar Choda\u0144\">\n                    <div class=\"fastGrid\">\n                        <div>\n                            <div class=\"avatarColumn\">\n                                <div style=\"background-image: url(https:\/\/mrdp.pl\/uploads\/20190816_142719_obc-68x70.jpg)\"><\/div>\n                            <\/div>\n                            <div>\n                                <h2 class=\"newsTitle\">Waldemar Choda\u0144 <span>poldi<\/span><\/h2>\n                                <div class=\"info\">\n                                                                        <p><i class=\"icon-globe\"><\/i> <span>Miejscowo\u015b\u0107:<\/span> <strong>Stalowa wola<\/strong><\/p>                                    <p><i class=\"icon-star-half-empty\"><\/i> <span>Kategoria:<\/span> <strong>SOLO<\/strong><\/p>                                    <p><i class=\"icon-flag-checkered\"><\/i> <span>Numer startowy:<\/span> <strong>15<\/strong><\/p>\n                                    <p><i class=\"icon-list-alt\"><\/i> <span>Data startu:<\/span> <strong>2022-09-24 12:00<\/strong><\/p>                                <\/div>\n                                <div class=\"commentsCount\"><i class=\"icon-comments-alt darkerColor\"><\/i> 11<\/div>\n                                <p><span class=\"more\">\u00bb more<\/span><\/p><\/div>\n                        <\/div>\n                    <\/div>\n                <\/a>\n            <\/section>\n                        <section class=\"newsItem userItem\">\n                <a href=\"https:\/\/mrdp.pl\/en\/zawodnik\/rafal-szyszka-2022\" title=\"Rafa\u0142 Szyszka\">\n                    <div class=\"fastGrid\">\n                        <div>\n                            <div class=\"avatarColumn\">\n                                <div style=\"background-image: url(https:\/\/mrdp.pl\/uploads\/IMG_9556-1-70x47.jpg)\"><\/div>\n                            <\/div>\n                            <div>\n                                <h2 class=\"newsTitle\">Rafa\u0142 Szyszka <span><\/span><\/h2>\n                                <div class=\"info\">\n                                    <p><i class=\"icon-list-alt\"><\/i> <span>Klub:<\/span> <strong>Polfarmex S.A.<\/strong><\/p>                                    <p><i class=\"icon-globe\"><\/i> <span>Miejscowo\u015b\u0107:<\/span> <strong>Kutno<\/strong><\/p>                                    <p><i class=\"icon-star-half-empty\"><\/i> <span>Kategoria:<\/span> <strong>SOLO<\/strong><\/p>                                    <p><i class=\"icon-flag-checkered\"><\/i> <span>Numer startowy:<\/span> <strong>16<\/strong><\/p>\n                                    <p><i class=\"icon-list-alt\"><\/i> <span>Data startu:<\/span> <strong>2022-09-24 12:00<\/strong><\/p>                                <\/div>\n                                <div class=\"commentsCount\"><i class=\"icon-comments-alt darkerColor\"><\/i> 11<\/div>\n                                <p><span class=\"more\">\u00bb more<\/span><\/p><\/div>\n                        <\/div>\n                    <\/div>\n                <\/a>\n            <\/section>\n                        <section class=\"newsItem userItem\">\n                <a href=\"https:\/\/mrdp.pl\/en\/zawodnik\/stanislaw-kulczyna\" title=\"Stanis\u0142aw Kulczyna\">\n                    <div class=\"fastGrid\">\n                        <div>\n                            <div class=\"avatarColumn\">\n                                <div style=\"background-image: url(https:\/\/mrdp.pl\/uploads\/Stanislaw-Kulczyna-70x39.jpg)\"><\/div>\n                            <\/div>\n                            <div>\n                                <h2 class=\"newsTitle\">Stanis\u0142aw Kulczyna <span><\/span><\/h2>\n                                <div class=\"info\">\n                                                                        <p><i class=\"icon-globe\"><\/i> <span>Miejscowo\u015b\u0107:<\/span> <strong>Smolnica<\/strong><\/p>                                    <p><i class=\"icon-star-half-empty\"><\/i> <span>Kategoria:<\/span> <strong>SOLO<\/strong><\/p>                                    <p><i class=\"icon-flag-checkered\"><\/i> <span>Numer startowy:<\/span> <strong>17<\/strong><\/p>\n                                    <p><i class=\"icon-list-alt\"><\/i> <span>Data startu:<\/span> <strong>2022-09-24 12:00<\/strong><\/p>                                <\/div>\n                                <div class=\"commentsCount\"><i class=\"icon-comments-alt darkerColor\"><\/i> 10<\/div>\n                                <p><span class=\"more\">\u00bb more<\/span><\/p><\/div>\n                        <\/div>\n                    <\/div>\n                <\/a>\n            <\/section>\n                        <section class=\"newsItem userItem\">\n                <a href=\"https:\/\/mrdp.pl\/en\/zawodnik\/ireneusz-szymocha-2022\" title=\"Ireneusz Szymocha\">\n                    <div class=\"fastGrid\">\n                        <div>\n                            <div class=\"avatarColumn\">\n                                <div style=\"background-image: url(https:\/\/mrdp.pl\/uploads\/Profilowka-70x67.jpg)\"><\/div>\n                            <\/div>\n                            <div>\n                                <h2 class=\"newsTitle\">Ireneusz Szymocha <span>Achom<\/span><\/h2>\n                                <div class=\"info\">\n                                    <p><i class=\"icon-list-alt\"><\/i> <span>Klub:<\/span> <strong>K. R. ''Gryfland''<\/strong><\/p>                                    <p><i class=\"icon-globe\"><\/i> <span>Miejscowo\u015b\u0107:<\/span> <strong>Lipie<\/strong><\/p>                                    <p><i class=\"icon-star-half-empty\"><\/i> <span>Kategoria:<\/span> <strong>SOLO<\/strong><\/p>                                    <p><i class=\"icon-flag-checkered\"><\/i> <span>Numer startowy:<\/span> <strong>18<\/strong><\/p>\n                                    <p><i class=\"icon-list-alt\"><\/i> <span>Data startu:<\/span> <strong>2022-09-24 12:00<\/strong><\/p>                                <\/div>\n                                <div class=\"commentsCount\"><i class=\"icon-comments-alt darkerColor\"><\/i> 14<\/div>\n                                <p><span class=\"more\">\u00bb more<\/span><\/p><\/div>\n                        <\/div>\n                    <\/div>\n                <\/a>\n            <\/section>\n                        <section class=\"newsItem userItem\">\n                <a href=\"https:\/\/mrdp.pl\/en\/zawodnik\/michal-zatorski\" title=\"Micha\u0142 Zatorski\">\n                    <div class=\"fastGrid\">\n                        <div>\n                            <div class=\"avatarColumn\">\n                                <div style=\"background-image: url(https:\/\/mrdp.pl\/en\/wp-content\/themes\/mrdp\/img\/empty.png)\"><\/div>\n                            <\/div>\n                            <div>\n                                <h2 class=\"newsTitle\">Micha\u0142 Zatorski <span><\/span><\/h2>\n                                <div class=\"info\">\n                                    <p><i class=\"icon-list-alt\"><\/i> <span>Klub:<\/span> <strong>Hit i Magia<\/strong><\/p>                                    <p><i class=\"icon-globe\"><\/i> <span>Miejscowo\u015b\u0107:<\/span> <strong>Kielce<\/strong><\/p>                                    <p><i class=\"icon-star-half-empty\"><\/i> <span>Kategoria:<\/span> <strong>SOLO<\/strong><\/p>                                    <p><i class=\"icon-flag-checkered\"><\/i> <span>Numer startowy:<\/span> <strong>20<\/strong><\/p>\n                                    <p><i class=\"icon-list-alt\"><\/i> <span>Data startu:<\/span> <strong>2022-09-24 12:00<\/strong><\/p>                                <\/div>\n                                <div class=\"commentsCount\"><i class=\"icon-comments-alt darkerColor\"><\/i> 5<\/div>\n                                <p><span class=\"more\">\u00bb more<\/span><\/p><\/div>\n                        <\/div>\n                    <\/div>\n                <\/a>\n            <\/section>\n                        <section class=\"newsItem userItem\">\n                <a href=\"https:\/\/mrdp.pl\/en\/zawodnik\/krzysztof-naskret-2022\" title=\"Krzysztof Naskr\u0119t\">\n                    <div class=\"fastGrid\">\n                        <div>\n                            <div class=\"avatarColumn\">\n                                <div style=\"background-image: url(https:\/\/mrdp.pl\/uploads\/IMG_20200709_182143-49x70.jpg)\"><\/div>\n                            <\/div>\n                            <div>\n                                <h2 class=\"newsTitle\">Krzysztof Naskr\u0119t <span>Sruba<\/span><\/h2>\n                                <div class=\"info\">\n                                    <p><i class=\"icon-list-alt\"><\/i> <span>Klub:<\/span> <strong>Atlas Racing Team <\/strong><\/p>                                    <p><i class=\"icon-globe\"><\/i> <span>Miejscowo\u015b\u0107:<\/span> <strong>Czapury<\/strong><\/p>                                    <p><i class=\"icon-star-half-empty\"><\/i> <span>Kategoria:<\/span> <strong>SOLO<\/strong><\/p>                                    <p><i class=\"icon-flag-checkered\"><\/i> <span>Numer startowy:<\/span> <strong>21<\/strong><\/p>\n                                    <p><i class=\"icon-list-alt\"><\/i> <span>Data startu:<\/span> <strong>2022-09-24 12:00<\/strong><\/p>                                <\/div>\n                                <div class=\"commentsCount\"><i class=\"icon-comments-alt darkerColor\"><\/i> 11<\/div>\n                                <p><span class=\"more\">\u00bb more<\/span><\/p><\/div>\n                        <\/div>\n                    <\/div>\n                <\/a>\n            <\/section>\n                        <section class=\"newsItem userItem\">\n                <a href=\"https:\/\/mrdp.pl\/en\/zawodnik\/marek-piecek-2022\" title=\"Marek Piecek\">\n                    <div class=\"fastGrid\">\n                        <div>\n                            <div class=\"avatarColumn\">\n                                <div style=\"background-image: url(https:\/\/mrdp.pl\/uploads\/IMG-20170806-WA0003-53x70.jpg)\"><\/div>\n                            <\/div>\n                            <div>\n                                <h2 class=\"newsTitle\">Marek Piecek <span>Marek Dive<\/span><\/h2>\n                                <div class=\"info\">\n                                                                        <p><i class=\"icon-globe\"><\/i> <span>Miejscowo\u015b\u0107:<\/span> <strong>Elbl\u0105g<\/strong><\/p>                                    <p><i class=\"icon-star-half-empty\"><\/i> <span>Kategoria:<\/span> <strong>SOLO<\/strong><\/p>                                    <p><i class=\"icon-flag-checkered\"><\/i> <span>Numer startowy:<\/span> <strong>22<\/strong><\/p>\n                                    <p><i class=\"icon-list-alt\"><\/i> <span>Data startu:<\/span> <strong>2022-09-24 12:00<\/strong><\/p>                                <\/div>\n                                <div class=\"commentsCount\"><i class=\"icon-comments-alt darkerColor\"><\/i> 14<\/div>\n                                <p><span class=\"more\">\u00bb more<\/span><\/p><\/div>\n                        <\/div>\n                    <\/div>\n                <\/a>\n            <\/section>\n                        <section class=\"newsItem userItem\">\n                <a href=\"https:\/\/mrdp.pl\/en\/zawodnik\/wojciech-holdakowski-2022\" title=\"Wojciech Holdakowski\">\n                    <div class=\"fastGrid\">\n                        <div>\n                            <div class=\"avatarColumn\">\n                                <div style=\"background-image: url(https:\/\/mrdp.pl\/uploads\/Holdakowski-Wojciech-46x70.jpg)\"><\/div>\n                            <\/div>\n                            <div>\n                                <h2 class=\"newsTitle\">Wojciech Holdakowski <span><\/span><\/h2>\n                                <div class=\"info\">\n                                                                        <p><i class=\"icon-globe\"><\/i> <span>Miejscowo\u015b\u0107:<\/span> <strong>Warszawa<\/strong><\/p>                                    <p><i class=\"icon-star-half-empty\"><\/i> <span>Kategoria:<\/span> <strong>SOLO<\/strong><\/p>                                    <p><i class=\"icon-flag-checkered\"><\/i> <span>Numer startowy:<\/span> <strong>23<\/strong><\/p>\n                                    <p><i class=\"icon-list-alt\"><\/i> <span>Data startu:<\/span> <strong>2022-09-24 12:00<\/strong><\/p>                                <\/div>\n                                <div class=\"commentsCount\"><i class=\"icon-comments-alt darkerColor\"><\/i> 12<\/div>\n                                <p><span class=\"more\">\u00bb more<\/span><\/p><\/div>\n                        <\/div>\n                    <\/div>\n                <\/a>\n            <\/section>\n                        <section class=\"newsItem userItem\">\n                <a href=\"https:\/\/mrdp.pl\/en\/zawodnik\/jakub-jeznach-2022\" title=\"Jakub Jeznach\">\n                    <div class=\"fastGrid\">\n                        <div>\n                            <div class=\"avatarColumn\">\n                                <div style=\"background-image: url(https:\/\/mrdp.pl\/uploads\/Zdjecie-2-66x70.jpg)\"><\/div>\n                            <\/div>\n                            <div>\n                                <h2 class=\"newsTitle\">Jakub Jeznach <span>Majkel<\/span><\/h2>\n                                <div class=\"info\">\n                                    <p><i class=\"icon-list-alt\"><\/i> <span>Klub:<\/span> <strong>Prof-Met-Kol<\/strong><\/p>                                    <p><i class=\"icon-globe\"><\/i> <span>Miejscowo\u015b\u0107:<\/span> <strong>Wo\u0142omin<\/strong><\/p>                                    <p><i class=\"icon-star-half-empty\"><\/i> <span>Kategoria:<\/span> <strong>SOLO<\/strong><\/p>                                    <p><i class=\"icon-flag-checkered\"><\/i> <span>Numer startowy:<\/span> <strong>24<\/strong><\/p>\n                                    <p><i class=\"icon-list-alt\"><\/i> <span>Data startu:<\/span> <strong>2022-09-24 12:00<\/strong><\/p>                                <\/div>\n                                <div class=\"commentsCount\"><i class=\"icon-comments-alt darkerColor\"><\/i> 27<\/div>\n                                <p><span class=\"more\">\u00bb more<\/span><\/p><\/div>\n                        <\/div>\n                    <\/div>\n                <\/a>\n            <\/section>\n                        <section class=\"newsItem userItem\">\n                <a href=\"https:\/\/mrdp.pl\/en\/zawodnik\/marcin-siniarski-2022\" title=\"Marcin Siniarski\">\n                    <div class=\"fastGrid\">\n                        <div>\n                            <div class=\"avatarColumn\">\n                                <div style=\"background-image: url(https:\/\/mrdp.pl\/uploads\/marcin-siniarski-70x70.jpg)\"><\/div>\n                            <\/div>\n                            <div>\n                                <h2 class=\"newsTitle\">Marcin Siniarski <span>MSI<\/span><\/h2>\n                                <div class=\"info\">\n                                                                        <p><i class=\"icon-globe\"><\/i> <span>Miejscowo\u015b\u0107:<\/span> <strong>Warszawa<\/strong><\/p>                                    <p><i class=\"icon-star-half-empty\"><\/i> <span>Kategoria:<\/span> <strong>SOLO<\/strong><\/p>                                    <p><i class=\"icon-flag-checkered\"><\/i> <span>Numer startowy:<\/span> <strong>25<\/strong><\/p>\n                                    <p><i class=\"icon-list-alt\"><\/i> <span>Data startu:<\/span> <strong>2022-09-24 12:00<\/strong><\/p>                                <\/div>\n                                <div class=\"commentsCount\"><i class=\"icon-comments-alt darkerColor\"><\/i> 13<\/div>\n                                <p><span class=\"more\">\u00bb more<\/span><\/p><\/div>\n                        <\/div>\n                    <\/div>\n                <\/a>\n            <\/section>\n                        <section class=\"newsItem userItem\">\n                <a href=\"https:\/\/mrdp.pl\/en\/zawodnik\/roman-skarbowski\" title=\"Roman Skarbowski\">\n                    <div class=\"fastGrid\">\n                        <div>\n                            <div class=\"avatarColumn\">\n                                <div style=\"background-image: url(https:\/\/mrdp.pl\/uploads\/Roman-ultramaraton-39x70.jpg)\"><\/div>\n                            <\/div>\n                            <div>\n                                <h2 class=\"newsTitle\">Roman Skarbowski <span>Romano<\/span><\/h2>\n                                <div class=\"info\">\n                                                                        <p><i class=\"icon-globe\"><\/i> <span>Miejscowo\u015b\u0107:<\/span> <strong>Ruda \u015al\u0105ska<\/strong><\/p>                                    <p><i class=\"icon-star-half-empty\"><\/i> <span>Kategoria:<\/span> <strong>SOLO<\/strong><\/p>                                    <p><i class=\"icon-flag-checkered\"><\/i> <span>Numer startowy:<\/span> <strong>26<\/strong><\/p>\n                                    <p><i class=\"icon-list-alt\"><\/i> <span>Data startu:<\/span> <strong>2022-09-24 12:00<\/strong><\/p>                                <\/div>\n                                <div class=\"commentsCount\"><i class=\"icon-comments-alt darkerColor\"><\/i> 11<\/div>\n                                <p><span class=\"more\">\u00bb more<\/span><\/p><\/div>\n                        <\/div>\n                    <\/div>\n                <\/a>\n            <\/section>\n                        <section class=\"newsItem userItem\">\n                <a href=\"https:\/\/mrdp.pl\/en\/zawodnik\/gio-eliava\" title=\"Gio Eliava\">\n                    <div class=\"fastGrid\">\n                        <div>\n                            <div class=\"avatarColumn\">\n                                <div style=\"background-image: url(https:\/\/mrdp.pl\/uploads\/Giorgi-Eliava-2-70x53.jpg)\"><\/div>\n                            <\/div>\n                            <div>\n                                <h2 class=\"newsTitle\">Gio Eliava <span>Gio<\/span><\/h2>\n                                <div class=\"info\">\n                                                                        <p><i class=\"icon-globe\"><\/i> <span>Miejscowo\u015b\u0107:<\/span> <strong>Warszawa<\/strong><\/p>                                    <p><i class=\"icon-star-half-empty\"><\/i> <span>Kategoria:<\/span> <strong>SOLO<\/strong><\/p>                                    <p><i class=\"icon-flag-checkered\"><\/i> <span>Numer startowy:<\/span> <strong>27<\/strong><\/p>\n                                    <p><i class=\"icon-list-alt\"><\/i> <span>Data startu:<\/span> <strong>2022-09-24 12:00<\/strong><\/p>                                <\/div>\n                                <div class=\"commentsCount\"><i class=\"icon-comments-alt darkerColor\"><\/i> 13<\/div>\n                                <p><span class=\"more\">\u00bb more<\/span><\/p><\/div>\n                        <\/div>\n                    <\/div>\n                <\/a>\n            <\/section>\n                        <section class=\"newsItem userItem\">\n                <a href=\"https:\/\/mrdp.pl\/en\/zawodnik\/andrzej-cichal\" title=\"Andrzej Cichal\">\n                    <div class=\"fastGrid\">\n                        <div>\n                            <div class=\"avatarColumn\">\n                                <div style=\"background-image: url(https:\/\/mrdp.pl\/en\/wp-content\/themes\/mrdp\/img\/empty.png)\"><\/div>\n                            <\/div>\n                            <div>\n                                <h2 class=\"newsTitle\">Andrzej Cichal <span><\/span><\/h2>\n                                <div class=\"info\">\n                                    <p><i class=\"icon-list-alt\"><\/i> <span>Klub:<\/span> <strong>SkierVelo<\/strong><\/p>                                    <p><i class=\"icon-globe\"><\/i> <span>Miejscowo\u015b\u0107:<\/span> <strong>Skierniewice<\/strong><\/p>                                    <p><i class=\"icon-star-half-empty\"><\/i> <span>Kategoria:<\/span> <strong>SOLO<\/strong><\/p>                                    <p><i class=\"icon-flag-checkered\"><\/i> <span>Numer startowy:<\/span> <strong>28<\/strong><\/p>\n                                    <p><i class=\"icon-list-alt\"><\/i> <span>Data startu:<\/span> <strong>2022-09-24 12:00<\/strong><\/p>                                <\/div>\n                                <div class=\"commentsCount\"><i class=\"icon-comments-alt darkerColor\"><\/i> 32<\/div>\n                                <p><span class=\"more\">\u00bb more<\/span><\/p><\/div>\n                        <\/div>\n                    <\/div>\n                <\/a>\n            <\/section>\n                        <section class=\"newsItem userItem\">\n                <a href=\"https:\/\/mrdp.pl\/en\/zawodnik\/klaudiusz-bek-2022\" title=\"Klaudiusz Bek\">\n                    <div class=\"fastGrid\">\n                        <div>\n                            <div class=\"avatarColumn\">\n                                <div style=\"background-image: url(https:\/\/mrdp.pl\/uploads\/AM-3-63x70.jpg)\"><\/div>\n                            <\/div>\n                            <div>\n                                <h2 class=\"newsTitle\">Klaudiusz Bek <span>klaus<\/span><\/h2>\n                                <div class=\"info\">\n                                                                        <p><i class=\"icon-globe\"><\/i> <span>Miejscowo\u015b\u0107:<\/span> <strong>Izbicko<\/strong><\/p>                                    <p><i class=\"icon-star-half-empty\"><\/i> <span>Kategoria:<\/span> <strong>SOLO<\/strong><\/p>                                    <p><i class=\"icon-flag-checkered\"><\/i> <span>Numer startowy:<\/span> <strong>29<\/strong><\/p>\n                                    <p><i class=\"icon-list-alt\"><\/i> <span>Data startu:<\/span> <strong>2022-09-24 12:00<\/strong><\/p>                                <\/div>\n                                <div class=\"commentsCount\"><i class=\"icon-comments-alt darkerColor\"><\/i> 12<\/div>\n                                <p><span class=\"more\">\u00bb more<\/span><\/p><\/div>\n                        <\/div>\n                    <\/div>\n                <\/a>\n            <\/section>\n                        <section class=\"newsItem userItem\">\n                <a href=\"https:\/\/mrdp.pl\/en\/zawodnik\/kazimierz-kosinski-2022\" title=\"Kazimierz Kosi\u0144ski\">\n                    <div class=\"fastGrid\">\n                        <div>\n                            <div class=\"avatarColumn\">\n                                <div style=\"background-image: url(https:\/\/mrdp.pl\/uploads\/IMG-20211114-WA0008-53x70.jpg)\"><\/div>\n                            <\/div>\n                            <div>\n                                <h2 class=\"newsTitle\">Kazimierz Kosi\u0144ski <span><\/span><\/h2>\n                                <div class=\"info\">\n                                                                        <p><i class=\"icon-globe\"><\/i> <span>Miejscowo\u015b\u0107:<\/span> <strong>P\u0142ock <\/strong><\/p>                                    <p><i class=\"icon-star-half-empty\"><\/i> <span>Kategoria:<\/span> <strong>SOLO<\/strong><\/p>                                    <p><i class=\"icon-flag-checkered\"><\/i> <span>Numer startowy:<\/span> <strong>30<\/strong><\/p>\n                                    <p><i class=\"icon-list-alt\"><\/i> <span>Data startu:<\/span> <strong>2022-09-24 12:00<\/strong><\/p>                                <\/div>\n                                <div class=\"commentsCount\"><i class=\"icon-comments-alt darkerColor\"><\/i> 19<\/div>\n                                <p><span class=\"more\">\u00bb more<\/span><\/p><\/div>\n                        <\/div>\n                    <\/div>\n                <\/a>\n            <\/section>\n                        <section class=\"newsItem userItem\">\n                <a href=\"https:\/\/mrdp.pl\/en\/zawodnik\/marcin-kabala-2022\" title=\"Marcin Kaba\u0142a\">\n                    <div class=\"fastGrid\">\n                        <div>\n                            <div class=\"avatarColumn\">\n                                <div style=\"background-image: url(https:\/\/mrdp.pl\/uploads\/marcin-kabala-70x53.jpg)\"><\/div>\n                            <\/div>\n                            <div>\n                                <h2 class=\"newsTitle\">Marcin Kaba\u0142a <span><\/span><\/h2>\n                                <div class=\"info\">\n                                                                        <p><i class=\"icon-globe\"><\/i> <span>Miejscowo\u015b\u0107:<\/span> <strong>Kosz\u0119cin<\/strong><\/p>                                    <p><i class=\"icon-star-half-empty\"><\/i> <span>Kategoria:<\/span> <strong>SOLO<\/strong><\/p>                                    <p><i class=\"icon-flag-checkered\"><\/i> <span>Numer startowy:<\/span> <strong>31<\/strong><\/p>\n                                    <p><i class=\"icon-list-alt\"><\/i> <span>Data startu:<\/span> <strong>2022-09-24 12:00<\/strong><\/p>                                <\/div>\n                                <div class=\"commentsCount\"><i class=\"icon-comments-alt darkerColor\"><\/i> 12<\/div>\n                                <p><span class=\"more\">\u00bb more<\/span><\/p><\/div>\n                        <\/div>\n                    <\/div>\n                <\/a>\n            <\/section>\n                        <section class=\"newsItem userItem\">\n                <a href=\"https:\/\/mrdp.pl\/en\/zawodnik\/damian-palyska-2022\" title=\"Damian Pa\u0142yska\">\n                    <div class=\"fastGrid\">\n                        <div>\n                            <div class=\"avatarColumn\">\n                                <div style=\"background-image: url(https:\/\/mrdp.pl\/uploads\/IMG_20210831_094358-53x70.jpg)\"><\/div>\n                            <\/div>\n                            <div>\n                                <h2 class=\"newsTitle\">Damian Pa\u0142yska <span><\/span><\/h2>\n                                <div class=\"info\">\n                                                                        <p><i class=\"icon-globe\"><\/i> <span>Miejscowo\u015b\u0107:<\/span> <strong>Zielonki<\/strong><\/p>                                    <p><i class=\"icon-star-half-empty\"><\/i> <span>Kategoria:<\/span> <strong>SOLO<\/strong><\/p>                                    <p><i class=\"icon-flag-checkered\"><\/i> <span>Numer startowy:<\/span> <strong>32<\/strong><\/p>\n                                    <p><i class=\"icon-list-alt\"><\/i> <span>Data startu:<\/span> <strong>2022-09-24 12:00<\/strong><\/p>                                <\/div>\n                                <div class=\"commentsCount\"><i class=\"icon-comments-alt darkerColor\"><\/i> 19<\/div>\n                                <p><span class=\"more\">\u00bb more<\/span><\/p><\/div>\n                        <\/div>\n                    <\/div>\n                <\/a>\n            <\/section>\n                        <section class=\"newsItem userItem\">\n                <a href=\"https:\/\/mrdp.pl\/en\/zawodnik\/krzysztof-ulbrich\" title=\"Krzysztof Ulbrich\">\n                    <div class=\"fastGrid\">\n                        <div>\n                            <div class=\"avatarColumn\">\n                                <div style=\"background-image: url(https:\/\/mrdp.pl\/en\/wp-content\/themes\/mrdp\/img\/empty.png)\"><\/div>\n                            <\/div>\n                            <div>\n                                <h2 class=\"newsTitle\">Krzysztof Ulbrich <span><\/span><\/h2>\n                                <div class=\"info\">\n                                                                        <p><i class=\"icon-globe\"><\/i> <span>Miejscowo\u015b\u0107:<\/span> <strong>Ostr\u00f3w Wielkopolski<\/strong><\/p>                                    <p><i class=\"icon-star-half-empty\"><\/i> <span>Kategoria:<\/span> <strong>SOLO<\/strong><\/p>                                    <p><i class=\"icon-flag-checkered\"><\/i> <span>Numer startowy:<\/span> <strong>33<\/strong><\/p>\n                                    <p><i class=\"icon-list-alt\"><\/i> <span>Data startu:<\/span> <strong>2022-09-24 12:00<\/strong><\/p>                                <\/div>\n                                <div class=\"commentsCount\"><i class=\"icon-comments-alt darkerColor\"><\/i> 17<\/div>\n                                <p><span class=\"more\">\u00bb more<\/span><\/p><\/div>\n                        <\/div>\n                    <\/div>\n                <\/a>\n            <\/section>\n                        <section class=\"newsItem userItem\">\n                <a href=\"https:\/\/mrdp.pl\/en\/zawodnik\/wojciech-sakowicz-2022\" title=\"Wojciech Sakowicz\">\n                    <div class=\"fastGrid\">\n                        <div>\n                            <div class=\"avatarColumn\">\n                                <div style=\"background-image: url(https:\/\/mrdp.pl\/uploads\/sakowicz-57x70.jpg)\"><\/div>\n                            <\/div>\n                            <div>\n                                <h2 class=\"newsTitle\">Wojciech Sakowicz <span><\/span><\/h2>\n                                <div class=\"info\">\n                                                                        <p><i class=\"icon-globe\"><\/i> <span>Miejscowo\u015b\u0107:<\/span> <strong>Gda\u0144sk<\/strong><\/p>                                    <p><i class=\"icon-star-half-empty\"><\/i> <span>Kategoria:<\/span> <strong>SOLO<\/strong><\/p>                                    <p><i class=\"icon-flag-checkered\"><\/i> <span>Numer startowy:<\/span> <strong>36<\/strong><\/p>\n                                    <p><i class=\"icon-list-alt\"><\/i> <span>Data startu:<\/span> <strong>2022-09-24 12:00<\/strong><\/p>                                <\/div>\n                                <div class=\"commentsCount\"><i class=\"icon-comments-alt darkerColor\"><\/i> 25<\/div>\n                                <p><span class=\"more\">\u00bb more<\/span><\/p><\/div>\n                        <\/div>\n                    <\/div>\n                <\/a>\n            <\/section>\n                        <section class=\"newsItem userItem\">\n                <a href=\"https:\/\/mrdp.pl\/en\/zawodnik\/krzysztof-wlazlo-2022\" title=\"Krzysztof Wlaz\u0142o\">\n                    <div class=\"fastGrid\">\n                        <div>\n                            <div class=\"avatarColumn\">\n                                <div style=\"background-image: url(https:\/\/mrdp.pl\/uploads\/Krzysztof-Wlazlo-39x70.jpg)\"><\/div>\n                            <\/div>\n                            <div>\n                                <h2 class=\"newsTitle\">Krzysztof Wlaz\u0142o <span>Krzychu<\/span><\/h2>\n                                <div class=\"info\">\n                                                                        <p><i class=\"icon-globe\"><\/i> <span>Miejscowo\u015b\u0107:<\/span> <strong>Mys\u0142owice<\/strong><\/p>                                    <p><i class=\"icon-star-half-empty\"><\/i> <span>Kategoria:<\/span> <strong>SOLO<\/strong><\/p>                                    <p><i class=\"icon-flag-checkered\"><\/i> <span>Numer startowy:<\/span> <strong>37<\/strong><\/p>\n                                    <p><i class=\"icon-list-alt\"><\/i> <span>Data startu:<\/span> <strong>2022-09-24 12:00<\/strong><\/p>                                <\/div>\n                                <div class=\"commentsCount\"><i class=\"icon-comments-alt darkerColor\"><\/i> 11<\/div>\n                                <p><span class=\"more\">\u00bb more<\/span><\/p><\/div>\n                        <\/div>\n                    <\/div>\n                <\/a>\n            <\/section>\n                        <section class=\"newsItem userItem\">\n                <a href=\"https:\/\/mrdp.pl\/en\/zawodnik\/witold-kania-2022\" title=\"Witold Kania\">\n                    <div class=\"fastGrid\">\n                        <div>\n                            <div class=\"avatarColumn\">\n                                <div style=\"background-image: url(https:\/\/mrdp.pl\/uploads\/20180602_000820-70x53.jpg)\"><\/div>\n                            <\/div>\n                            <div>\n                                <h2 class=\"newsTitle\">Witold Kania <span>Kawi<\/span><\/h2>\n                                <div class=\"info\">\n                                    <p><i class=\"icon-list-alt\"><\/i> <span>Klub:<\/span> <strong>Rycka Grupa Kolarska <\/strong><\/p>                                    <p><i class=\"icon-globe\"><\/i> <span>Miejscowo\u015b\u0107:<\/span> <strong>Ryki<\/strong><\/p>                                    <p><i class=\"icon-star-half-empty\"><\/i> <span>Kategoria:<\/span> <strong>SOLO<\/strong><\/p>                                    <p><i class=\"icon-flag-checkered\"><\/i> <span>Numer startowy:<\/span> <strong>38<\/strong><\/p>\n                                    <p><i class=\"icon-list-alt\"><\/i> <span>Data startu:<\/span> <strong>2022-09-24 12:00<\/strong><\/p>                                <\/div>\n                                <div class=\"commentsCount\"><i class=\"icon-comments-alt darkerColor\"><\/i> 11<\/div>\n                                <p><span class=\"more\">\u00bb more<\/span><\/p><\/div>\n                        <\/div>\n                    <\/div>\n                <\/a>\n            <\/section>\n                        <section class=\"newsItem userItem\">\n                <a href=\"https:\/\/mrdp.pl\/en\/zawodnik\/piotr-szajduk-2022\" title=\"Piotr Szajduk\">\n                    <div class=\"fastGrid\">\n                        <div>\n                            <div class=\"avatarColumn\">\n                                <div style=\"background-image: url(https:\/\/mrdp.pl\/uploads\/20211001_093935-48x70.jpg)\"><\/div>\n                            <\/div>\n                            <div>\n                                <h2 class=\"newsTitle\">Piotr Szajduk <span>WRZASKUN<\/span><\/h2>\n                                <div class=\"info\">\n                                                                        <p><i class=\"icon-globe\"><\/i> <span>Miejscowo\u015b\u0107:<\/span> <strong>Szczecin<\/strong><\/p>                                    <p><i class=\"icon-star-half-empty\"><\/i> <span>Kategoria:<\/span> <strong>SOLO<\/strong><\/p>                                    <p><i class=\"icon-flag-checkered\"><\/i> <span>Numer startowy:<\/span> <strong>39<\/strong><\/p>\n                                    <p><i class=\"icon-list-alt\"><\/i> <span>Data startu:<\/span> <strong>2022-09-24 12:00<\/strong><\/p>                                <\/div>\n                                <div class=\"commentsCount\"><i class=\"icon-comments-alt darkerColor\"><\/i> 12<\/div>\n                                <p><span class=\"more\">\u00bb more<\/span><\/p><\/div>\n                        <\/div>\n                    <\/div>\n                <\/a>\n            <\/section>\n                        <section class=\"newsItem userItem\">\n                <a href=\"https:\/\/mrdp.pl\/en\/zawodnik\/pawel-sojecki-2022\" title=\"Pawe\u0142 Sojecki\">\n                    <div class=\"fastGrid\">\n                        <div>\n                            <div class=\"avatarColumn\">\n                                <div style=\"background-image: url(https:\/\/mrdp.pl\/uploads\/240923653_4464437526948882_9004675150361561672_n-63x70.jpg)\"><\/div>\n                            <\/div>\n                            <div>\n                                <h2 class=\"newsTitle\">Pawe\u0142 Sojecki <span><\/span><\/h2>\n                                <div class=\"info\">\n                                    <p><i class=\"icon-list-alt\"><\/i> <span>Klub:<\/span> <strong>Jas-K\u00f3\u0142ka<\/strong><\/p>                                    <p><i class=\"icon-globe\"><\/i> <span>Miejscowo\u015b\u0107:<\/span> <strong>Alwernia<\/strong><\/p>                                    <p><i class=\"icon-star-half-empty\"><\/i> <span>Kategoria:<\/span> <strong>SOLO<\/strong><\/p>                                    <p><i class=\"icon-flag-checkered\"><\/i> <span>Numer startowy:<\/span> <strong>40<\/strong><\/p>\n                                    <p><i class=\"icon-list-alt\"><\/i> <span>Data startu:<\/span> <strong>2022-09-24 12:00<\/strong><\/p>                                <\/div>\n                                <div class=\"commentsCount\"><i class=\"icon-comments-alt darkerColor\"><\/i> 11<\/div>\n                                <p><span class=\"more\">\u00bb more<\/span><\/p><\/div>\n                        <\/div>\n                    <\/div>\n                <\/a>\n            <\/section>\n                        <section class=\"newsItem userItem\">\n                <a href=\"https:\/\/mrdp.pl\/en\/zawodnik\/andrzej-torbicz-2022\" title=\"Andrzej Torbicz\">\n                    <div class=\"fastGrid\">\n                        <div>\n                            <div class=\"avatarColumn\">\n                                <div style=\"background-image: url(https:\/\/mrdp.pl\/uploads\/PBP2019-45x70.png)\"><\/div>\n                            <\/div>\n                            <div>\n                                <h2 class=\"newsTitle\">Andrzej Torbicz <span>Wojtek<\/span><\/h2>\n                                <div class=\"info\">\n                                                                        <p><i class=\"icon-globe\"><\/i> <span>Miejscowo\u015b\u0107:<\/span> <strong>Lublin<\/strong><\/p>                                    <p><i class=\"icon-star-half-empty\"><\/i> <span>Kategoria:<\/span> <strong>SOLO<\/strong><\/p>                                    <p><i class=\"icon-flag-checkered\"><\/i> <span>Numer startowy:<\/span> <strong>41<\/strong><\/p>\n                                    <p><i class=\"icon-list-alt\"><\/i> <span>Data startu:<\/span> <strong>2022-09-24 12:00<\/strong><\/p>                                <\/div>\n                                <div class=\"commentsCount\"><i class=\"icon-comments-alt darkerColor\"><\/i> 11<\/div>\n                                <p><span class=\"more\">\u00bb more<\/span><\/p><\/div>\n                        <\/div>\n                    <\/div>\n                <\/a>\n            <\/section>\n                        <section class=\"newsItem userItem\">\n                <a href=\"https:\/\/mrdp.pl\/en\/zawodnik\/szymon-jopek-2022\" title=\"Szymon Jopek\">\n                    <div class=\"fastGrid\">\n                        <div>\n                            <div class=\"avatarColumn\">\n                                <div style=\"background-image: url(https:\/\/mrdp.pl\/en\/wp-content\/themes\/mrdp\/img\/empty.png)\"><\/div>\n                            <\/div>\n                            <div>\n                                <h2 class=\"newsTitle\">Szymon Jopek <span>janek<\/span><\/h2>\n                                <div class=\"info\">\n                                                                        <p><i class=\"icon-globe\"><\/i> <span>Miejscowo\u015b\u0107:<\/span> <strong>Przygodzice<\/strong><\/p>                                    <p><i class=\"icon-star-half-empty\"><\/i> <span>Kategoria:<\/span> <strong>SOLO<\/strong><\/p>                                    <p><i class=\"icon-flag-checkered\"><\/i> <span>Numer startowy:<\/span> <strong>42<\/strong><\/p>\n                                    <p><i class=\"icon-list-alt\"><\/i> <span>Data startu:<\/span> <strong>2022-09-24 12:00<\/strong><\/p>                                <\/div>\n                                <div class=\"commentsCount\"><i class=\"icon-comments-alt darkerColor\"><\/i> 5<\/div>\n                                <p><span class=\"more\">\u00bb more<\/span><\/p><\/div>\n                        <\/div>\n                    <\/div>\n                <\/a>\n            <\/section>\n                        <section class=\"newsItem userItem\">\n                <a href=\"https:\/\/mrdp.pl\/en\/zawodnik\/przemyslaw-kijak-2022\" title=\"Przemys\u0142aw Kijak\">\n                    <div class=\"fastGrid\">\n                        <div>\n                            <div class=\"avatarColumn\">\n                                <div style=\"background-image: url(https:\/\/mrdp.pl\/en\/wp-content\/themes\/mrdp\/img\/empty.png)\"><\/div>\n                            <\/div>\n                            <div>\n                                <h2 class=\"newsTitle\">Przemys\u0142aw Kijak <span><\/span><\/h2>\n                                <div class=\"info\">\n                                                                        <p><i class=\"icon-globe\"><\/i> <span>Miejscowo\u015b\u0107:<\/span> <strong>Swarz\u0119dz<\/strong><\/p>                                    <p><i class=\"icon-star-half-empty\"><\/i> <span>Kategoria:<\/span> <strong>SOLO<\/strong><\/p>                                    <p><i class=\"icon-flag-checkered\"><\/i> <span>Numer startowy:<\/span> <strong>43<\/strong><\/p>\n                                    <p><i class=\"icon-list-alt\"><\/i> <span>Data startu:<\/span> <strong>2022-09-24 12:00<\/strong><\/p>                                <\/div>\n                                <div class=\"commentsCount\"><i class=\"icon-comments-alt darkerColor\"><\/i> 11<\/div>\n                                <p><span class=\"more\">\u00bb more<\/span><\/p><\/div>\n                        <\/div>\n                    <\/div>\n                <\/a>\n            <\/section>\n                        <section class=\"newsItem userItem\">\n                <a href=\"https:\/\/mrdp.pl\/en\/zawodnik\/robert-stanek-2022\" title=\"Robert Stanek\">\n                    <div class=\"fastGrid\">\n                        <div>\n                            <div class=\"avatarColumn\">\n                                <div style=\"background-image: url(https:\/\/mrdp.pl\/uploads\/Robert-Stanek-70x65.jpg)\"><\/div>\n                            <\/div>\n                            <div>\n                                <h2 class=\"newsTitle\">Robert Stanek <span><\/span><\/h2>\n                                <div class=\"info\">\n                                    <p><i class=\"icon-list-alt\"><\/i> <span>Klub:<\/span> <strong>RUDY KOT<\/strong><\/p>                                    <p><i class=\"icon-globe\"><\/i> <span>Miejscowo\u015b\u0107:<\/span> <strong>Szczecin<\/strong><\/p>                                    <p><i class=\"icon-star-half-empty\"><\/i> <span>Kategoria:<\/span> <strong>SOLO<\/strong><\/p>                                    <p><i class=\"icon-flag-checkered\"><\/i> <span>Numer startowy:<\/span> <strong>44<\/strong><\/p>\n                                    <p><i class=\"icon-list-alt\"><\/i> <span>Data startu:<\/span> <strong>2022-09-24 12:00<\/strong><\/p>                                <\/div>\n                                <div class=\"commentsCount\"><i class=\"icon-comments-alt darkerColor\"><\/i> 12<\/div>\n                                <p><span class=\"more\">\u00bb more<\/span><\/p><\/div>\n                        <\/div>\n                    <\/div>\n                <\/a>\n            <\/section>\n                        <section class=\"newsItem userItem\">\n                <a href=\"https:\/\/mrdp.pl\/en\/zawodnik\/piotr-kitkowski\" title=\"Piotr Kitkowski\">\n                    <div class=\"fastGrid\">\n                        <div>\n                            <div class=\"avatarColumn\">\n                                <div style=\"background-image: url(https:\/\/mrdp.pl\/uploads\/Piotr-Kitkowski-49x70.jpg)\"><\/div>\n                            <\/div>\n                            <div>\n                                <h2 class=\"newsTitle\">Piotr Kitkowski <span>KITA<\/span><\/h2>\n                                <div class=\"info\">\n                                    <p><i class=\"icon-list-alt\"><\/i> <span>Klub:<\/span> <strong>TRISPACE\/TREK<\/strong><\/p>                                    <p><i class=\"icon-globe\"><\/i> <span>Miejscowo\u015b\u0107:<\/span> <strong>Bydgoszcz<\/strong><\/p>                                    <p><i class=\"icon-star-half-empty\"><\/i> <span>Kategoria:<\/span> <strong>SOLO<\/strong><\/p>                                    <p><i class=\"icon-flag-checkered\"><\/i> <span>Numer startowy:<\/span> <strong>45<\/strong><\/p>\n                                    <p><i class=\"icon-list-alt\"><\/i> <span>Data startu:<\/span> <strong>2022-09-24 12:00<\/strong><\/p>                                <\/div>\n                                <div class=\"commentsCount\"><i class=\"icon-comments-alt darkerColor\"><\/i> 12<\/div>\n                                <p><span class=\"more\">\u00bb more<\/span><\/p><\/div>\n                        <\/div>\n                    <\/div>\n                <\/a>\n            <\/section>\n                        <section class=\"newsItem userItem\">\n                <a href=\"https:\/\/mrdp.pl\/en\/zawodnik\/marcin-zielkowski-2022\" title=\"Marcin Zielkowski\">\n                    <div class=\"fastGrid\">\n                        <div>\n                            <div class=\"avatarColumn\">\n                                <div style=\"background-image: url(https:\/\/mrdp.pl\/uploads\/FB_IMG_1568723813931-39x70.jpg)\"><\/div>\n                            <\/div>\n                            <div>\n                                <h2 class=\"newsTitle\">Marcin Zielkowski <span>Zielik<\/span><\/h2>\n                                <div class=\"info\">\n                                                                        <p><i class=\"icon-globe\"><\/i> <span>Miejscowo\u015b\u0107:<\/span> <strong>Wi\u015bniewo<\/strong><\/p>                                    <p><i class=\"icon-star-half-empty\"><\/i> <span>Kategoria:<\/span> <strong>SOLO<\/strong><\/p>                                    <p><i class=\"icon-flag-checkered\"><\/i> <span>Numer startowy:<\/span> <strong>46<\/strong><\/p>\n                                    <p><i class=\"icon-list-alt\"><\/i> <span>Data startu:<\/span> <strong>2022-09-24 12:00<\/strong><\/p>                                <\/div>\n                                <div class=\"commentsCount\"><i class=\"icon-comments-alt darkerColor\"><\/i> 13<\/div>\n                                <p><span class=\"more\">\u00bb more<\/span><\/p><\/div>\n                        <\/div>\n                    <\/div>\n                <\/a>\n            <\/section>\n                        <section class=\"newsItem userItem\">\n                <a href=\"https:\/\/mrdp.pl\/en\/zawodnik\/tomasz-rozmiarek\" title=\"Tomasz Rozmiarek\">\n                    <div class=\"fastGrid\">\n                        <div>\n                            <div class=\"avatarColumn\">\n                                <div style=\"background-image: url(https:\/\/mrdp.pl\/uploads\/Tomek-Rozmiarek-52x70.jpg)\"><\/div>\n                            <\/div>\n                            <div>\n                                <h2 class=\"newsTitle\">Tomasz Rozmiarek <span>tomala<\/span><\/h2>\n                                <div class=\"info\">\n                                                                        <p><i class=\"icon-globe\"><\/i> <span>Miejscowo\u015b\u0107:<\/span> <strong>Pozna\u0144<\/strong><\/p>                                    <p><i class=\"icon-star-half-empty\"><\/i> <span>Kategoria:<\/span> <strong>SOLO<\/strong><\/p>                                    <p><i class=\"icon-flag-checkered\"><\/i> <span>Numer startowy:<\/span> <strong>47<\/strong><\/p>\n                                    <p><i class=\"icon-list-alt\"><\/i> <span>Data startu:<\/span> <strong>2022-09-24 12:00<\/strong><\/p>                                <\/div>\n                                <div class=\"commentsCount\"><i class=\"icon-comments-alt darkerColor\"><\/i> 12<\/div>\n                                <p><span class=\"more\">\u00bb more<\/span><\/p><\/div>\n                        <\/div>\n                    <\/div>\n                <\/a>\n            <\/section>\n                        <section class=\"newsItem userItem\">\n                <a href=\"https:\/\/mrdp.pl\/en\/zawodnik\/szymon-wojtczak\" title=\"Szymon Wojtczak\">\n                    <div class=\"fastGrid\">\n                        <div>\n                            <div class=\"avatarColumn\">\n                                <div style=\"background-image: url(https:\/\/mrdp.pl\/en\/wp-content\/themes\/mrdp\/img\/empty.png)\"><\/div>\n                            <\/div>\n                            <div>\n                                <h2 class=\"newsTitle\">Szymon Wojtczak <span>Szymon<\/span><\/h2>\n                                <div class=\"info\">\n                                    <p><i class=\"icon-list-alt\"><\/i> <span>Klub:<\/span> <strong>GlobalLogic Sport Team<\/strong><\/p>                                    <p><i class=\"icon-globe\"><\/i> <span>Miejscowo\u015b\u0107:<\/span> <strong>Szczecin<\/strong><\/p>                                    <p><i class=\"icon-star-half-empty\"><\/i> <span>Kategoria:<\/span> <strong>SOLO<\/strong><\/p>                                    <p><i class=\"icon-flag-checkered\"><\/i> <span>Numer startowy:<\/span> <strong>48<\/strong><\/p>\n                                    <p><i class=\"icon-list-alt\"><\/i> <span>Data startu:<\/span> <strong>2022-09-24 12:00<\/strong><\/p>                                <\/div>\n                                <div class=\"commentsCount\"><i class=\"icon-comments-alt darkerColor\"><\/i> 11<\/div>\n                                <p><span class=\"more\">\u00bb more<\/span><\/p><\/div>\n                        <\/div>\n                    <\/div>\n                <\/a>\n            <\/section>\n                        <section class=\"newsItem userItem\">\n                <a href=\"https:\/\/mrdp.pl\/en\/zawodnik\/dd-2022\" title=\"DD\">\n                    <div class=\"fastGrid\">\n                        <div>\n                            <div class=\"avatarColumn\">\n                                <div style=\"background-image: url(https:\/\/mrdp.pl\/en\/wp-content\/themes\/mrdp\/img\/empty.png)\"><\/div>\n                            <\/div>\n                            <div>\n                                <h2 class=\"newsTitle\">DD <span><\/span><\/h2>\n                                <div class=\"info\">\n                                                                        <p><i class=\"icon-globe\"><\/i> <span>Miejscowo\u015b\u0107:<\/span> <strong>Warszawa<\/strong><\/p>                                    <p><i class=\"icon-star-half-empty\"><\/i> <span>Kategoria:<\/span> <strong>SOLO<\/strong><\/p>                                    <p><i class=\"icon-flag-checkered\"><\/i> <span>Numer startowy:<\/span> <strong>49<\/strong><\/p>\n                                    <p><i class=\"icon-list-alt\"><\/i> <span>Data startu:<\/span> <strong>2022-09-24 12:00<\/strong><\/p>                                <\/div>\n                                <div class=\"commentsCount\"><i class=\"icon-comments-alt darkerColor\"><\/i> 74<\/div>\n                                <p><span class=\"more\">\u00bb more<\/span><\/p><\/div>\n                        <\/div>\n                    <\/div>\n                <\/a>\n            <\/section>\n                        <section class=\"newsItem userItem\">\n                <a href=\"https:\/\/mrdp.pl\/en\/zawodnik\/piotr-baranowski-2022\" title=\"Piotr Baranowski\">\n                    <div class=\"fastGrid\">\n                        <div>\n                            <div class=\"avatarColumn\">\n                                <div style=\"background-image: url(https:\/\/mrdp.pl\/uploads\/Untitled-54x70.jpg)\"><\/div>\n                            <\/div>\n                            <div>\n                                <h2 class=\"newsTitle\">Piotr Baranowski <span><\/span><\/h2>\n                                <div class=\"info\">\n                                    <p><i class=\"icon-list-alt\"><\/i> <span>Klub:<\/span> <strong>Piotr Baranowski<\/strong><\/p>                                    <p><i class=\"icon-globe\"><\/i> <span>Miejscowo\u015b\u0107:<\/span> <strong>Rybnik<\/strong><\/p>                                    <p><i class=\"icon-star-half-empty\"><\/i> <span>Kategoria:<\/span> <strong>OPEN<\/strong><\/p>                                    <p><i class=\"icon-flag-checkered\"><\/i> <span>Numer startowy:<\/span> <strong>211<\/strong><\/p>\n                                    <p><i class=\"icon-list-alt\"><\/i> <span>Data startu:<\/span> <strong>2022-09-24 12:00<\/strong><\/p>                                <\/div>\n                                <div class=\"commentsCount\"><i class=\"icon-comments-alt darkerColor\"><\/i> 7<\/div>\n                                <p><span class=\"more\">\u00bb more<\/span><\/p><\/div>\n                        <\/div>\n                    <\/div>\n                <\/a>\n            <\/section>\n                        <section class=\"newsItem userItem\">\n                <a href=\"https:\/\/mrdp.pl\/en\/zawodnik\/michal-madej\" title=\"Micha\u0142 Madej\">\n                    <div class=\"fastGrid\">\n                        <div>\n                            <div class=\"avatarColumn\">\n                                <div style=\"background-image: url(https:\/\/mrdp.pl\/uploads\/Mike-Madej-profile-50x70.jpg)\"><\/div>\n                            <\/div>\n                            <div>\n                                <h2 class=\"newsTitle\">Micha\u0142 Madej <span>Mike Madej<\/span><\/h2>\n                                <div class=\"info\">\n                                                                        <p><i class=\"icon-globe\"><\/i> <span>Miejscowo\u015b\u0107:<\/span> <strong>Krak\u00f3w<\/strong><\/p>                                    <p><i class=\"icon-star-half-empty\"><\/i> <span>Kategoria:<\/span> <strong>OPEN<\/strong><\/p>                                    <p><i class=\"icon-flag-checkered\"><\/i> <span>Numer startowy:<\/span> <strong>212<\/strong><\/p>\n                                    <p><i class=\"icon-list-alt\"><\/i> <span>Data startu:<\/span> <strong>2022-09-24 12:00<\/strong><\/p>                                <\/div>\n                                <div class=\"commentsCount\"><i class=\"icon-comments-alt darkerColor\"><\/i> 16<\/div>\n                                <p><span class=\"more\">\u00bb more<\/span><\/p><\/div>\n                        <\/div>\n                    <\/div>\n                <\/a>\n            <\/section>\n                        <section class=\"newsItem userItem\">\n                <a href=\"https:\/\/mrdp.pl\/en\/zawodnik\/dariusz-chojnacki\" title=\"Dariusz Chojnacki\">\n                    <div class=\"fastGrid\">\n                        <div>\n                            <div class=\"avatarColumn\">\n                                <div style=\"background-image: url(https:\/\/mrdp.pl\/uploads\/IMG_20220116_175448-62x70.jpg)\"><\/div>\n                            <\/div>\n                            <div>\n                                <h2 class=\"newsTitle\">Dariusz Chojnacki <span><\/span><\/h2>\n                                <div class=\"info\">\n                                                                        <p><i class=\"icon-globe\"><\/i> <span>Miejscowo\u015b\u0107:<\/span> <strong>Piekary \u015al\u0105skie<\/strong><\/p>                                    <p><i class=\"icon-star-half-empty\"><\/i> <span>Kategoria:<\/span> <strong>OPEN<\/strong><\/p>                                    <p><i class=\"icon-flag-checkered\"><\/i> <span>Numer startowy:<\/span> <strong>213<\/strong><\/p>\n                                    <p><i class=\"icon-list-alt\"><\/i> <span>Data startu:<\/span> <strong>2022-09-24 12:00<\/strong><\/p>                                <\/div>\n                                <div class=\"commentsCount\"><i class=\"icon-comments-alt darkerColor\"><\/i> 10<\/div>\n                                <p><span class=\"more\">\u00bb more<\/span><\/p><\/div>\n                        <\/div>\n                    <\/div>\n                <\/a>\n            <\/section>\n                        <section class=\"newsItem userItem\">\n                <a href=\"https:\/\/mrdp.pl\/en\/zawodnik\/pawel-cymbala\" title=\"Pawe\u0142 Cymba\u0142a\">\n                    <div class=\"fastGrid\">\n                        <div>\n                            <div class=\"avatarColumn\">\n                                <div style=\"background-image: url(https:\/\/mrdp.pl\/uploads\/Pawel-Cymbala-54x70.jpg)\"><\/div>\n                            <\/div>\n                            <div>\n                                <h2 class=\"newsTitle\">Pawe\u0142 Cymba\u0142a <span>pawcio<\/span><\/h2>\n                                <div class=\"info\">\n                                                                        <p><i class=\"icon-globe\"><\/i> <span>Miejscowo\u015b\u0107:<\/span> <strong>Kie\u0142pin<\/strong><\/p>                                    <p><i class=\"icon-star-half-empty\"><\/i> <span>Kategoria:<\/span> <strong>OPEN<\/strong><\/p>                                    <p><i class=\"icon-flag-checkered\"><\/i> <span>Numer startowy:<\/span> <strong>214<\/strong><\/p>\n                                    <p><i class=\"icon-list-alt\"><\/i> <span>Data startu:<\/span> <strong>2022-09-24 12:00<\/strong><\/p>                                <\/div>\n                                <div class=\"commentsCount\"><i class=\"icon-comments-alt darkerColor\"><\/i> 13<\/div>\n                                <p><span class=\"more\">\u00bb more<\/span><\/p><\/div>\n                        <\/div>\n                    <\/div>\n                <\/a>\n            <\/section>\n                        <section class=\"newsItem userItem\">\n                <a href=\"https:\/\/mrdp.pl\/en\/zawodnik\/dariusz-kurda\" title=\"Dariusz Kurda\">\n                    <div class=\"fastGrid\">\n                        <div>\n                            <div class=\"avatarColumn\">\n                                <div style=\"background-image: url(https:\/\/mrdp.pl\/en\/wp-content\/themes\/mrdp\/img\/empty.png)\"><\/div>\n                            <\/div>\n                            <div>\n                                <h2 class=\"newsTitle\">Dariusz Kurda <span><\/span><\/h2>\n                                <div class=\"info\">\n                                                                        <p><i class=\"icon-globe\"><\/i> <span>Miejscowo\u015b\u0107:<\/span> <strong>Pludry<\/strong><\/p>                                    <p><i class=\"icon-star-half-empty\"><\/i> <span>Kategoria:<\/span> <strong>OPEN<\/strong><\/p>                                    <p><i class=\"icon-flag-checkered\"><\/i> <span>Numer startowy:<\/span> <strong>215<\/strong><\/p>\n                                    <p><i class=\"icon-list-alt\"><\/i> <span>Data startu:<\/span> <strong>2022-09-24 12:00<\/strong><\/p>                                <\/div>\n                                <div class=\"commentsCount\"><i class=\"icon-comments-alt darkerColor\"><\/i> 12<\/div>\n                                <p><span class=\"more\">\u00bb more<\/span><\/p><\/div>\n                        <\/div>\n                    <\/div>\n                <\/a>\n            <\/section>\n                        <section class=\"newsItem userItem\">\n                <a href=\"https:\/\/mrdp.pl\/en\/zawodnik\/krzysztof-pakula\" title=\"Krzysztof Paku\u0142a\">\n                    <div class=\"fastGrid\">\n                        <div>\n                            <div class=\"avatarColumn\">\n                                <div style=\"background-image: url(https:\/\/mrdp.pl\/uploads\/profil-70x70.jpg)\"><\/div>\n                            <\/div>\n                            <div>\n                                <h2 class=\"newsTitle\">Krzysztof Paku\u0142a <span>ekokrzychu<\/span><\/h2>\n                                <div class=\"info\">\n                                    <p><i class=\"icon-list-alt\"><\/i> <span>Klub:<\/span> <strong>Cidry na Szosie<\/strong><\/p>                                    <p><i class=\"icon-globe\"><\/i> <span>Miejscowo\u015b\u0107:<\/span> <strong>Radzionk\u00f3w<\/strong><\/p>                                    <p><i class=\"icon-star-half-empty\"><\/i> <span>Kategoria:<\/span> <strong>OPEN<\/strong><\/p>                                    <p><i class=\"icon-flag-checkered\"><\/i> <span>Numer startowy:<\/span> <strong>216<\/strong><\/p>\n                                    <p><i class=\"icon-list-alt\"><\/i> <span>Data startu:<\/span> <strong>2022-09-24 12:00<\/strong><\/p>                                <\/div>\n                                <div class=\"commentsCount\"><i class=\"icon-comments-alt darkerColor\"><\/i> 12<\/div>\n                                <p><span class=\"more\">\u00bb more<\/span><\/p><\/div>\n                        <\/div>\n                    <\/div>\n                <\/a>\n            <\/section>\n                        <section class=\"newsItem userItem\">\n                <a href=\"https:\/\/mrdp.pl\/en\/zawodnik\/dariusz-chojnowski-2022\" title=\"Dariusz Chojnowski\">\n                    <div class=\"fastGrid\">\n                        <div>\n                            <div class=\"avatarColumn\">\n                                <div style=\"background-image: url(https:\/\/mrdp.pl\/uploads\/AA1_6099-70x46.jpg)\"><\/div>\n                            <\/div>\n                            <div>\n                                <h2 class=\"newsTitle\">Dariusz Chojnowski <span><\/span><\/h2>\n                                <div class=\"info\">\n                                                                        <p><i class=\"icon-globe\"><\/i> <span>Miejscowo\u015b\u0107:<\/span> <strong>Za\u015bcianki<\/strong><\/p>                                    <p><i class=\"icon-star-half-empty\"><\/i> <span>Kategoria:<\/span> <strong>OPEN<\/strong><\/p>                                    <p><i class=\"icon-flag-checkered\"><\/i> <span>Numer startowy:<\/span> <strong>217<\/strong><\/p>\n                                    <p><i class=\"icon-list-alt\"><\/i> <span>Data startu:<\/span> <strong>2022-09-24 12:00<\/strong><\/p>                                <\/div>\n                                <div class=\"commentsCount\"><i class=\"icon-comments-alt darkerColor\"><\/i> 12<\/div>\n                                <p><span class=\"more\">\u00bb more<\/span><\/p><\/div>\n                        <\/div>\n                    <\/div>\n                <\/a>\n            <\/section>\n                        <section class=\"newsItem userItem\">\n                <a href=\"https:\/\/mrdp.pl\/en\/zawodnik\/konrad-kozlowski\" title=\"Konrad Koz\u0142owski\">\n                    <div class=\"fastGrid\">\n                        <div>\n                            <div class=\"avatarColumn\">\n                                <div style=\"background-image: url(https:\/\/mrdp.pl\/uploads\/konrad-kozlowski-70x47.jpg)\"><\/div>\n                            <\/div>\n                            <div>\n                                <h2 class=\"newsTitle\">Konrad Koz\u0142owski <span><\/span><\/h2>\n                                <div class=\"info\">\n                                                                        <p><i class=\"icon-globe\"><\/i> <span>Miejscowo\u015b\u0107:<\/span> <strong>\u0141\u00f3d\u017a<\/strong><\/p>                                    <p><i class=\"icon-star-half-empty\"><\/i> <span>Kategoria:<\/span> <strong>OPEN<\/strong><\/p>                                    <p><i class=\"icon-flag-checkered\"><\/i> <span>Numer startowy:<\/span> <strong>218<\/strong><\/p>\n                                    <p><i class=\"icon-list-alt\"><\/i> <span>Data startu:<\/span> <strong>2022-09-24 12:00<\/strong><\/p>                                <\/div>\n                                <div class=\"commentsCount\"><i class=\"icon-comments-alt darkerColor\"><\/i> 11<\/div>\n                                <p><span class=\"more\">\u00bb more<\/span><\/p><\/div>\n                        <\/div>\n                    <\/div>\n                <\/a>\n            <\/section>\n                        <section class=\"newsItem userItem\">\n                <a href=\"https:\/\/mrdp.pl\/en\/zawodnik\/artur-blaszak\" title=\"Artur B\u0142aszak\">\n                    <div class=\"fastGrid\">\n                        <div>\n                            <div class=\"avatarColumn\">\n                                <div style=\"background-image: url(https:\/\/mrdp.pl\/uploads\/Artur-70x70.jpg)\"><\/div>\n                            <\/div>\n                            <div>\n                                <h2 class=\"newsTitle\">Artur B\u0142aszak <span>Blacha<\/span><\/h2>\n                                <div class=\"info\">\n                                    <p><i class=\"icon-list-alt\"><\/i> <span>Klub:<\/span> <strong>TBT Pozna\u0144<\/strong><\/p>                                    <p><i class=\"icon-globe\"><\/i> <span>Miejscowo\u015b\u0107:<\/span> <strong>Pozna\u0144<\/strong><\/p>                                    <p><i class=\"icon-star-half-empty\"><\/i> <span>Kategoria:<\/span> <strong>OPEN<\/strong><\/p>                                    <p><i class=\"icon-flag-checkered\"><\/i> <span>Numer startowy:<\/span> <strong>219<\/strong><\/p>\n                                    <p><i class=\"icon-list-alt\"><\/i> <span>Data startu:<\/span> <strong>2022-09-24 12:00<\/strong><\/p>                                <\/div>\n                                <div class=\"commentsCount\"><i class=\"icon-comments-alt darkerColor\"><\/i> 14<\/div>\n                                <p><span class=\"more\">\u00bb more<\/span><\/p><\/div>\n                        <\/div>\n                    <\/div>\n                <\/a>\n            <\/section>\n                        <section class=\"newsItem userItem\">\n                <a href=\"https:\/\/mrdp.pl\/en\/zawodnik\/sebastian-rosa\" title=\"Sebastian Rosa\">\n                    <div class=\"fastGrid\">\n                        <div>\n                            <div class=\"avatarColumn\">\n                                <div style=\"background-image: url(https:\/\/mrdp.pl\/uploads\/Sebastian-Rosa-51x70.jpg)\"><\/div>\n                            <\/div>\n                            <div>\n                                <h2 class=\"newsTitle\">Sebastian Rosa <span>Ma\u0142y<\/span><\/h2>\n                                <div class=\"info\">\n                                    <p><i class=\"icon-list-alt\"><\/i> <span>Klub:<\/span> <strong>B\u0142a\u017ceja<\/strong><\/p>                                    <p><i class=\"icon-globe\"><\/i> <span>Miejscowo\u015b\u0107:<\/span> <strong>Szczytno<\/strong><\/p>                                    <p><i class=\"icon-star-half-empty\"><\/i> <span>Kategoria:<\/span> <strong>OPEN<\/strong><\/p>                                    <p><i class=\"icon-flag-checkered\"><\/i> <span>Numer startowy:<\/span> <strong>220<\/strong><\/p>\n                                    <p><i class=\"icon-list-alt\"><\/i> <span>Data startu:<\/span> <strong>2022-09-24 12:00<\/strong><\/p>                                <\/div>\n                                <div class=\"commentsCount\"><i class=\"icon-comments-alt darkerColor\"><\/i> 15<\/div>\n                                <p><span class=\"more\">\u00bb more<\/span><\/p><\/div>\n                        <\/div>\n                    <\/div>\n                <\/a>\n            <\/section>\n                        <section class=\"newsItem userItem\">\n                <a href=\"https:\/\/mrdp.pl\/en\/zawodnik\/lech-flaczynski\" title=\"Lech Flaczy\u0144ski\">\n                    <div class=\"fastGrid\">\n                        <div>\n                            <div class=\"avatarColumn\">\n                                <div style=\"background-image: url(https:\/\/mrdp.pl\/uploads\/Zdj.-MRDP-53x70.jpg)\"><\/div>\n                            <\/div>\n                            <div>\n                                <h2 class=\"newsTitle\">Lech Flaczy\u0144ski <span><\/span><\/h2>\n                                <div class=\"info\">\n                                                                        <p><i class=\"icon-globe\"><\/i> <span>Miejscowo\u015b\u0107:<\/span> <strong>Grudzi\u0105dz<\/strong><\/p>                                    <p><i class=\"icon-star-half-empty\"><\/i> <span>Kategoria:<\/span> <strong>OPEN<\/strong><\/p>                                    <p><i class=\"icon-flag-checkered\"><\/i> <span>Numer startowy:<\/span> <strong>221<\/strong><\/p>\n                                    <p><i class=\"icon-list-alt\"><\/i> <span>Data startu:<\/span> <strong>2022-09-24 12:00<\/strong><\/p>                                <\/div>\n                                <div class=\"commentsCount\"><i class=\"icon-comments-alt darkerColor\"><\/i> 11<\/div>\n                                <p><span class=\"more\">\u00bb more<\/span><\/p><\/div>\n                        <\/div>\n                    <\/div>\n                <\/a>\n            <\/section>\n                        <section class=\"newsItem userItem\">\n                <a href=\"https:\/\/mrdp.pl\/en\/zawodnik\/marcin-mrochen\" title=\"Marcin Mrochen\">\n                    <div class=\"fastGrid\">\n                        <div>\n                            <div class=\"avatarColumn\">\n                                <div style=\"background-image: url(https:\/\/mrdp.pl\/uploads\/20201229_141503-53x70.jpg)\"><\/div>\n                            <\/div>\n                            <div>\n                                <h2 class=\"newsTitle\">Marcin Mrochen <span>\u0141ysy<\/span><\/h2>\n                                <div class=\"info\">\n                                                                        <p><i class=\"icon-globe\"><\/i> <span>Miejscowo\u015b\u0107:<\/span> <strong>Rybnik<\/strong><\/p>                                    <p><i class=\"icon-star-half-empty\"><\/i> <span>Kategoria:<\/span> <strong>OPEN<\/strong><\/p>                                    <p><i class=\"icon-flag-checkered\"><\/i> <span>Numer startowy:<\/span> <strong>222<\/strong><\/p>\n                                    <p><i class=\"icon-list-alt\"><\/i> <span>Data startu:<\/span> <strong>2022-09-24 12:00<\/strong><\/p>                                <\/div>\n                                <div class=\"commentsCount\"><i class=\"icon-comments-alt darkerColor\"><\/i> 17<\/div>\n                                <p><span class=\"more\">\u00bb more<\/span><\/p><\/div>\n                        <\/div>\n                    <\/div>\n                <\/a>\n            <\/section>\n                        <section class=\"newsItem userItem\">\n                <a href=\"https:\/\/mrdp.pl\/en\/zawodnik\/marcin-karlowski\" title=\"Marcin Kar\u0142owski\">\n                    <div class=\"fastGrid\">\n                        <div>\n                            <div class=\"avatarColumn\">\n                                <div style=\"background-image: url(https:\/\/mrdp.pl\/uploads\/AA1_6065-\u2014-kopia1-70x46.jpg)\"><\/div>\n                            <\/div>\n                            <div>\n                                <h2 class=\"newsTitle\">Marcin Kar\u0142owski <span><\/span><\/h2>\n                                <div class=\"info\">\n                                    <p><i class=\"icon-list-alt\"><\/i> <span>Klub:<\/span> <strong>STOD Cz\u0119stochowa<\/strong><\/p>                                    <p><i class=\"icon-globe\"><\/i> <span>Miejscowo\u015b\u0107:<\/span> <strong>Cz\u0119stochowa<\/strong><\/p>                                    <p><i class=\"icon-star-half-empty\"><\/i> <span>Kategoria:<\/span> <strong>OPEN<\/strong><\/p>                                    <p><i class=\"icon-flag-checkered\"><\/i> <span>Numer startowy:<\/span> <strong>223<\/strong><\/p>\n                                    <p><i class=\"icon-list-alt\"><\/i> <span>Data startu:<\/span> <strong>2022-09-24 12:00<\/strong><\/p>                                <\/div>\n                                <div class=\"commentsCount\"><i class=\"icon-comments-alt darkerColor\"><\/i> 10<\/div>\n                                <p><span class=\"more\">\u00bb more<\/span><\/p><\/div>\n                        <\/div>\n                    <\/div>\n                <\/a>\n            <\/section>\n                        <section class=\"newsItem userItem\">\n                <a href=\"https:\/\/mrdp.pl\/en\/zawodnik\/lucjan-kornicki\" title=\"Lucjan Kornicki\">\n                    <div class=\"fastGrid\">\n                        <div>\n                            <div class=\"avatarColumn\">\n                                <div style=\"background-image: url(https:\/\/mrdp.pl\/uploads\/Lucjan-Kornicki-70x47.jpeg)\"><\/div>\n                            <\/div>\n                            <div>\n                                <h2 class=\"newsTitle\">Lucjan Kornicki <span><\/span><\/h2>\n                                <div class=\"info\">\n                                                                        <p><i class=\"icon-globe\"><\/i> <span>Miejscowo\u015b\u0107:<\/span> <strong>Wroc\u0142aw<\/strong><\/p>                                    <p><i class=\"icon-star-half-empty\"><\/i> <span>Kategoria:<\/span> <strong>OPEN<\/strong><\/p>                                    <p><i class=\"icon-flag-checkered\"><\/i> <span>Numer startowy:<\/span> <strong>224<\/strong><\/p>\n                                    <p><i class=\"icon-list-alt\"><\/i> <span>Data startu:<\/span> <strong>2022-09-24 12:00<\/strong><\/p>                                <\/div>\n                                <div class=\"commentsCount\"><i class=\"icon-comments-alt darkerColor\"><\/i> 12<\/div>\n                                <p><span class=\"more\">\u00bb more<\/span><\/p><\/div>\n                        <\/div>\n                    <\/div>\n                <\/a>\n            <\/section>\n                        <section class=\"newsItem userItem\">\n                <a href=\"https:\/\/mrdp.pl\/en\/zawodnik\/marek-modzelewski\" title=\"Marek Modzelewski\">\n                    <div class=\"fastGrid\">\n                        <div>\n                            <div class=\"avatarColumn\">\n                                <div style=\"background-image: url(https:\/\/mrdp.pl\/uploads\/Marek-70x70.jpg)\"><\/div>\n                            <\/div>\n                            <div>\n                                <h2 class=\"newsTitle\">Marek Modzelewski <span><\/span><\/h2>\n                                <div class=\"info\">\n                                                                        <p><i class=\"icon-globe\"><\/i> <span>Miejscowo\u015b\u0107:<\/span> <strong>Zambr\u00f3w<\/strong><\/p>                                    <p><i class=\"icon-star-half-empty\"><\/i> <span>Kategoria:<\/span> <strong>OPEN<\/strong><\/p>                                    <p><i class=\"icon-flag-checkered\"><\/i> <span>Numer startowy:<\/span> <strong>226<\/strong><\/p>\n                                    <p><i class=\"icon-list-alt\"><\/i> <span>Data startu:<\/span> <strong>2022-09-24 12:00<\/strong><\/p>                                <\/div>\n                                <div class=\"commentsCount\"><i class=\"icon-comments-alt darkerColor\"><\/i> 5<\/div>\n                                <p><span class=\"more\">\u00bb more<\/span><\/p><\/div>\n                        <\/div>\n                    <\/div>\n                <\/a>\n            <\/section>\n                        <section class=\"newsItem userItem\">\n                <a href=\"https:\/\/mrdp.pl\/en\/zawodnik\/piotr-bajerowicz\" title=\"Piotr Bajerowicz\">\n                    <div class=\"fastGrid\">\n                        <div>\n                            <div class=\"avatarColumn\">\n                                <div style=\"background-image: url(https:\/\/mrdp.pl\/uploads\/Piotr-Bajerowicz-70x58.jpg)\"><\/div>\n                            <\/div>\n                            <div>\n                                <h2 class=\"newsTitle\">Piotr Bajerowicz <span><\/span><\/h2>\n                                <div class=\"info\">\n                                                                        <p><i class=\"icon-globe\"><\/i> <span>Miejscowo\u015b\u0107:<\/span> <strong>Grz\u0119dzice<\/strong><\/p>                                    <p><i class=\"icon-star-half-empty\"><\/i> <span>Kategoria:<\/span> <strong>OPEN<\/strong><\/p>                                    <p><i class=\"icon-flag-checkered\"><\/i> <span>Numer startowy:<\/span> <strong>227<\/strong><\/p>\n                                    <p><i class=\"icon-list-alt\"><\/i> <span>Data startu:<\/span> <strong>2022-09-24 12:00<\/strong><\/p>                                <\/div>\n                                <div class=\"commentsCount\"><i class=\"icon-comments-alt darkerColor\"><\/i> 13<\/div>\n                                <p><span class=\"more\">\u00bb more<\/span><\/p><\/div>\n                        <\/div>\n                    <\/div>\n                <\/a>\n            <\/section>\n                        <section class=\"newsItem userItem\">\n                <a href=\"https:\/\/mrdp.pl\/en\/zawodnik\/wojciech-florek\" title=\"Wojciech Florek\">\n                    <div class=\"fastGrid\">\n                        <div>\n                            <div class=\"avatarColumn\">\n                                <div style=\"background-image: url(https:\/\/mrdp.pl\/uploads\/A07D119A-78B8-4279-BA93-7C396222BB08-70x53.jpeg)\"><\/div>\n                            <\/div>\n                            <div>\n                                <h2 class=\"newsTitle\">Wojciech Florek <span>Mr\u00f3wa<\/span><\/h2>\n                                <div class=\"info\">\n                                                                        <p><i class=\"icon-globe\"><\/i> <span>Miejscowo\u015b\u0107:<\/span> <strong>Wroc\u0142aw<\/strong><\/p>                                    <p><i class=\"icon-star-half-empty\"><\/i> <span>Kategoria:<\/span> <strong>OPEN<\/strong><\/p>                                    <p><i class=\"icon-flag-checkered\"><\/i> <span>Numer startowy:<\/span> <strong>228<\/strong><\/p>\n                                    <p><i class=\"icon-list-alt\"><\/i> <span>Data startu:<\/span> <strong>2022-09-24 12:00<\/strong><\/p>                                <\/div>\n                                <div class=\"commentsCount\"><i class=\"icon-comments-alt darkerColor\"><\/i> 7<\/div>\n                                <p><span class=\"more\">\u00bb more<\/span><\/p><\/div>\n                        <\/div>\n                    <\/div>\n                <\/a>\n            <\/section>\n                        <section class=\"newsItem userItem\">\n                <a href=\"https:\/\/mrdp.pl\/en\/zawodnik\/krzysztof-kaluzny-2022\" title=\"Krzysztof Ka\u0142u\u017cny\">\n                    <div class=\"fastGrid\">\n                        <div>\n                            <div class=\"avatarColumn\">\n                                <div style=\"background-image: url(https:\/\/mrdp.pl\/uploads\/36013470-00CA-4EF9-BD51-9E6ACDDB1799-e1662489361105-70x53.jpeg)\"><\/div>\n                            <\/div>\n                            <div>\n                                <h2 class=\"newsTitle\">Krzysztof Ka\u0142u\u017cny <span><\/span><\/h2>\n                                <div class=\"info\">\n                                    <p><i class=\"icon-list-alt\"><\/i> <span>Klub:<\/span> <strong>MATCHPRO<\/strong><\/p>                                    <p><i class=\"icon-globe\"><\/i> <span>Miejscowo\u015b\u0107:<\/span> <strong>Pleszew<\/strong><\/p>                                                                        <p><i class=\"icon-flag-checkered\"><\/i> <span>Numer startowy:<\/span> <strong>229<\/strong><\/p>\n                                    <p><i class=\"icon-list-alt\"><\/i> <span>Data startu:<\/span> <strong>2022-09-24 12:00<\/strong><\/p>                                <\/div>\n                                <div class=\"commentsCount\"><i class=\"icon-comments-alt darkerColor\"><\/i> 11<\/div>\n                                <p><span class=\"more\">\u00bb more<\/span><\/p><\/div>\n                        <\/div>\n                    <\/div>\n                <\/a>\n            <\/section>\n                        <section class=\"newsItem userItem\">\n                <a href=\"https:\/\/mrdp.pl\/en\/zawodnik\/lukasz-hedko-2022\" title=\"\u0141ukasz Hedko\">\n                    <div class=\"fastGrid\">\n                        <div>\n                            <div class=\"avatarColumn\">\n                                <div style=\"background-image: url(https:\/\/mrdp.pl\/uploads\/Lysy-70x70.jpg)\"><\/div>\n                            <\/div>\n                            <div>\n                                <h2 class=\"newsTitle\">\u0141ukasz Hedko <span><\/span><\/h2>\n                                <div class=\"info\">\n                                                                        <p><i class=\"icon-globe\"><\/i> <span>Miejscowo\u015b\u0107:<\/span> <strong>Siedlec<\/strong><\/p>                                    <p><i class=\"icon-star-half-empty\"><\/i> <span>Kategoria:<\/span> <strong>OPEN<\/strong><\/p>                                    <p><i class=\"icon-flag-checkered\"><\/i> <span>Numer startowy:<\/span> <strong>230<\/strong><\/p>\n                                    <p><i class=\"icon-list-alt\"><\/i> <span>Data startu:<\/span> <strong>2022-09-24 12:00<\/strong><\/p>                                <\/div>\n                                <div class=\"commentsCount\"><i class=\"icon-comments-alt darkerColor\"><\/i> 12<\/div>\n                                <p><span class=\"more\">\u00bb more<\/span><\/p><\/div>\n                        <\/div>\n                    <\/div>\n                <\/a>\n            <\/section>\n                        <section class=\"newsItem userItem\">\n                <a href=\"https:\/\/mrdp.pl\/en\/zawodnik\/andrzej-skwarecki-2022\" title=\"Andrzej Skwarecki\">\n                    <div class=\"fastGrid\">\n                        <div>\n                            <div class=\"avatarColumn\">\n                                <div style=\"background-image: url(https:\/\/mrdp.pl\/uploads\/andrzej-skwarecki-48x70.jpg)\"><\/div>\n                            <\/div>\n                            <div>\n                                <h2 class=\"newsTitle\">Andrzej Skwarecki <span><\/span><\/h2>\n                                <div class=\"info\">\n                                    <p><i class=\"icon-list-alt\"><\/i> <span>Klub:<\/span> <strong>Istria Cycling Friends<\/strong><\/p>                                    <p><i class=\"icon-globe\"><\/i> <span>Miejscowo\u015b\u0107:<\/span> <strong>Jaworowa<\/strong><\/p>                                    <p><i class=\"icon-star-half-empty\"><\/i> <span>Kategoria:<\/span> <strong>OPEN<\/strong><\/p>                                    <p><i class=\"icon-flag-checkered\"><\/i> <span>Numer startowy:<\/span> <strong>231<\/strong><\/p>\n                                    <p><i class=\"icon-list-alt\"><\/i> <span>Data startu:<\/span> <strong>2022-09-24 12:00<\/strong><\/p>                                <\/div>\n                                <div class=\"commentsCount\"><i class=\"icon-comments-alt darkerColor\"><\/i> 12<\/div>\n                                <p><span class=\"more\">\u00bb more<\/span><\/p><\/div>\n                        <\/div>\n                    <\/div>\n                <\/a>\n            <\/section>\n                        <section class=\"newsItem userItem\">\n                <a href=\"https:\/\/mrdp.pl\/en\/zawodnik\/krzysztof-banach-2022\" title=\"Krzysztof Banach\">\n                    <div class=\"fastGrid\">\n                        <div>\n                            <div class=\"avatarColumn\">\n                                <div style=\"background-image: url(https:\/\/mrdp.pl\/en\/wp-content\/themes\/mrdp\/img\/empty.png)\"><\/div>\n                            <\/div>\n                            <div>\n                                <h2 class=\"newsTitle\">Krzysztof Banach <span><\/span><\/h2>\n                                <div class=\"info\">\n                                                                        <p><i class=\"icon-globe\"><\/i> <span>Miejscowo\u015b\u0107:<\/span> <strong>O\u015bwi\u0119cim<\/strong><\/p>                                    <p><i class=\"icon-star-half-empty\"><\/i> <span>Kategoria:<\/span> <strong>OPEN<\/strong><\/p>                                    <p><i class=\"icon-flag-checkered\"><\/i> <span>Numer startowy:<\/span> <strong>232<\/strong><\/p>\n                                    <p><i class=\"icon-list-alt\"><\/i> <span>Data startu:<\/span> <strong>2022-09-24 12:00<\/strong><\/p>                                <\/div>\n                                <div class=\"commentsCount\"><i class=\"icon-comments-alt darkerColor\"><\/i> 11<\/div>\n                                <p><span class=\"more\">\u00bb more<\/span><\/p><\/div>\n                        <\/div>\n                    <\/div>\n                <\/a>\n            <\/section>\n                        <section class=\"newsItem userItem\">\n                <a href=\"https:\/\/mrdp.pl\/en\/zawodnik\/kamil-chwistecki-2022\" title=\"Kamil Chwistecki\">\n                    <div class=\"fastGrid\">\n                        <div>\n                            <div class=\"avatarColumn\">\n                                <div style=\"background-image: url(https:\/\/mrdp.pl\/uploads\/20220214_160340-53x70.jpg)\"><\/div>\n                            <\/div>\n                            <div>\n                                <h2 class=\"newsTitle\">Kamil Chwistecki <span><\/span><\/h2>\n                                <div class=\"info\">\n                                                                        <p><i class=\"icon-globe\"><\/i> <span>Miejscowo\u015b\u0107:<\/span> <strong>\u015awinouj\u015bcie<\/strong><\/p>                                    <p><i class=\"icon-star-half-empty\"><\/i> <span>Kategoria:<\/span> <strong>OPEN<\/strong><\/p>                                    <p><i class=\"icon-flag-checkered\"><\/i> <span>Numer startowy:<\/span> <strong>233<\/strong><\/p>\n                                    <p><i class=\"icon-list-alt\"><\/i> <span>Data startu:<\/span> <strong>2022-09-24 12:00<\/strong><\/p>                                <\/div>\n                                <div class=\"commentsCount\"><i class=\"icon-comments-alt darkerColor\"><\/i> 11<\/div>\n                                <p><span class=\"more\">\u00bb more<\/span><\/p><\/div>\n                        <\/div>\n                    <\/div>\n                <\/a>\n            <\/section>\n                        <section class=\"newsItem userItem\">\n                <a href=\"https:\/\/mrdp.pl\/en\/zawodnik\/daniel-smieja-2022\" title=\"MRDP\">\n                    <div class=\"fastGrid\">\n                        <div>\n                            <div class=\"avatarColumn\">\n                                <div style=\"background-image: url(https:\/\/mrdp.pl\/uploads\/mrdp_logo-70x70.png)\"><\/div>\n                            <\/div>\n                            <div>\n                                <h2 class=\"newsTitle\">MRDP <span><\/span><\/h2>\n                                <div class=\"info\">\n                                    <p><i class=\"icon-list-alt\"><\/i> <span>Klub:<\/span> <strong>mrdp.pl<\/strong><\/p>                                                                                                            <p><i class=\"icon-flag-checkered\"><\/i> <span>Numer startowy:<\/span> <strong>999<\/strong><\/p>\n                                    <p><i class=\"icon-list-alt\"><\/i> <span>Data startu:<\/span> <strong>2022-09-24 12:00<\/strong><\/p>                                <\/div>\n                                <div class=\"commentsCount\"><i class=\"icon-comments-alt darkerColor\"><\/i> 3<\/div>\n                                <p><span class=\"more\">\u00bb more<\/span><\/p><\/div>\n                        <\/div>\n                    <\/div>\n                <\/a>\n            <\/section>\n            <\/p>","protected":false},"excerpt":{"rendered":"","protected":false},"author":1,"featured_media":0,"parent":6351,"menu_order":0,"comment_status":"closed","ping_status":"closed","template":"","meta":[],"_links":{"self":[{"href":"https:\/\/mrdp.pl\/en\/wp-json\/wp\/v2\/pages\/6395"}],"collection":[{"href":"https:\/\/mrdp.pl\/en\/wp-json\/wp\/v2\/pages"}],"about":[{"href":"https:\/\/mrdp.pl\/en\/wp-json\/wp\/v2\/types\/page"}],"author":[{"embeddable":true,"href":"https:\/\/mrdp.pl\/en\/wp-json\/wp\/v2\/users\/1"}],"replies":[{"embeddable":true,"href":"https:\/\/mrdp.pl\/en\/wp-json\/wp\/v2\/comments?post=6395"}],"version-history":[{"count":1,"href":"https:\/\/mrdp.pl\/en\/wp-json\/wp\/v2\/pages\/6395\/revisions"}],"predecessor-version":[{"id":6396,"href":"https:\/\/mrdp.pl\/en\/wp-json\/wp\/v2\/pages\/6395\/revisions\/6396"}],"up":[{"embeddable":true,"href":"https:\/\/mrdp.pl\/en\/wp-json\/wp\/v2\/pages\/6351"}],"wp:attachment":[{"href":"https:\/\/mrdp.pl\/en\/wp-json\/wp\/v2\/media?parent=6395"}],"curies":[{"name":"wp","href":"https:\/\/api.w.org\/{rel}","templated":true}]}}