{"id":6000,"date":"2022-01-14T20:01:42","date_gmt":"2022-01-14T19:01:42","guid":{"rendered":"https:\/\/mrdp.pl\/?page_id=6000"},"modified":"2022-01-14T20:01:44","modified_gmt":"2022-01-14T19:01:44","slug":"zawodnicy-mrdp-2021","status":"publish","type":"page","link":"https:\/\/mrdp.pl\/en\/archiwum\/mrdp-2021\/zawodnicy-mrdp-2021","title":{"rendered":"The competitors MRDP 2021"},"content":{"rendered":"<p>            <section class=\"newsItem userItem\">\n                <a href=\"https:\/\/mrdp.pl\/en\/zawodnik\/gosia-szwaracka\" title=\"Gosia Szwaracka\">\n                    <div class=\"fastGrid\">\n                        <div>\n                            <div class=\"avatarColumn\">\n                                <div style=\"background-image: url(https:\/\/mrdp.pl\/uploads\/Gosia-Szwaracka-70x70.jpg)\"><\/div>\n                            <\/div>\n                            <div>\n                                <h2 class=\"newsTitle\">Gosia Szwaracka <span><\/span><\/h2>\n                                <div class=\"info\">\n                                    <p><i class=\"icon-list-alt\"><\/i> <span>Klub:<\/span> <strong>Morenka Team<\/strong><\/p>                                    <p><i class=\"icon-globe\"><\/i> <span>Miejscowo\u015b\u0107:<\/span> <strong>Gda\u0144sk<\/strong><\/p>                                    <p><i class=\"icon-star-half-empty\"><\/i> <span>Kategoria:<\/span> <strong>OPEN<\/strong><\/p>                                    <p><i class=\"icon-flag-checkered\"><\/i> <span>Numer startowy:<\/span> <strong>K202<\/strong><\/p>\n                                    <p><i class=\"icon-list-alt\"><\/i> <span>Data startu:<\/span> <strong>2021-08-21 12:00<\/strong><\/p>                                <\/div>\n                                <div class=\"commentsCount\"><i class=\"icon-comments-alt darkerColor\"><\/i> 70<\/div>\n                                <p><span class=\"more\">\u00bb more<\/span><\/p><\/div>\n                        <\/div>\n                    <\/div>\n                <\/a>\n            <\/section>\n                        <section class=\"newsItem userItem\">\n                <a href=\"https:\/\/mrdp.pl\/en\/zawodnik\/renata-orvedal\" title=\"Renata Orvedal\">\n                    <div class=\"fastGrid\">\n                        <div>\n                            <div class=\"avatarColumn\">\n                                <div style=\"background-image: url(https:\/\/mrdp.pl\/uploads\/CCBC6E52-E2CE-4DEF-A5CD-9C5204E52B83-53x70.jpeg)\"><\/div>\n                            <\/div>\n                            <div>\n                                <h2 class=\"newsTitle\">Renata Orvedal <span>Renja<\/span><\/h2>\n                                <div class=\"info\">\n                                    <p><i class=\"icon-list-alt\"><\/i> <span>Klub:<\/span> <strong>Rowerowe Ludki<\/strong><\/p>                                    <p><i class=\"icon-globe\"><\/i> <span>Miejscowo\u015b\u0107:<\/span> <strong>Stavanger, Norwegia<\/strong><\/p>                                    <p><i class=\"icon-star-half-empty\"><\/i> <span>Kategoria:<\/span> <strong>OPEN<\/strong><\/p>                                    <p><i class=\"icon-flag-checkered\"><\/i> <span>Numer startowy:<\/span> <strong>K201<\/strong><\/p>\n                                    <p><i class=\"icon-list-alt\"><\/i> <span>Data startu:<\/span> <strong>2021-08-21 12:00<\/strong><\/p>                                <\/div>\n                                <div class=\"commentsCount\"><i class=\"icon-comments-alt darkerColor\"><\/i> 18<\/div>\n                                <p><span class=\"more\">\u00bb more<\/span><\/p><\/div>\n                        <\/div>\n                    <\/div>\n                <\/a>\n            <\/section>\n                        <section class=\"newsItem userItem\">\n                <a href=\"https:\/\/mrdp.pl\/en\/zawodnik\/marzena-szymanska-2021\" title=\"Marzena Szyma\u0144ska\">\n                    <div class=\"fastGrid\">\n                        <div>\n                            <div class=\"avatarColumn\">\n                                <div style=\"background-image: url(https:\/\/mrdp.pl\/uploads\/6-66x70.jpg)\"><\/div>\n                            <\/div>\n                            <div>\n                                <h2 class=\"newsTitle\">Marzena Szyma\u0144ska <span>Kot<\/span><\/h2>\n                                <div class=\"info\">\n                                    <p><i class=\"icon-list-alt\"><\/i> <span>Klub:<\/span> <strong>Gatto.Rosa<\/strong><\/p>                                    <p><i class=\"icon-globe\"><\/i> <span>Miejscowo\u015b\u0107:<\/span> <strong>Wierzenica<\/strong><\/p>                                    <p><i class=\"icon-star-half-empty\"><\/i> <span>Kategoria:<\/span> <strong>SOLO<\/strong><\/p>                                    <p><i class=\"icon-flag-checkered\"><\/i> <span>Numer startowy:<\/span> <strong>K1<\/strong><\/p>\n                                    <p><i class=\"icon-list-alt\"><\/i> <span>Data startu:<\/span> <strong>2021-08-21 12:00<\/strong><\/p>                                <\/div>\n                                <div class=\"commentsCount\"><i class=\"icon-comments-alt darkerColor\"><\/i> 63<\/div>\n                                <p><span class=\"more\">\u00bb more<\/span><\/p><\/div>\n                        <\/div>\n                    <\/div>\n                <\/a>\n            <\/section>\n                        <section class=\"newsItem userItem\">\n                <a href=\"https:\/\/mrdp.pl\/en\/zawodnik\/pawel-pieczka-2021\" title=\"Pawe\u0142 Pieczka\">\n                    <div class=\"fastGrid\">\n                        <div>\n                            <div class=\"avatarColumn\">\n                                <div style=\"background-image: url(https:\/\/mrdp.pl\/uploads\/Pawel-Pieczka-1-70x70.jpg)\"><\/div>\n                            <\/div>\n                            <div>\n                                <h2 class=\"newsTitle\">Pawe\u0142 Pieczka <span>CFCFan<\/span><\/h2>\n                                <div class=\"info\">\n                                    <p><i class=\"icon-list-alt\"><\/i> <span>Klub:<\/span> <strong>TOUR DE SILESIA<\/strong><\/p>                                    <p><i class=\"icon-globe\"><\/i> <span>Miejscowo\u015b\u0107:<\/span> <strong>God\u00f3w<\/strong><\/p>                                    <p><i class=\"icon-star-half-empty\"><\/i> <span>Kategoria:<\/span> <strong>SOLO<\/strong><\/p>                                    <p><i class=\"icon-flag-checkered\"><\/i> <span>Numer startowy:<\/span> <strong>1<\/strong><\/p>\n                                    <p><i class=\"icon-list-alt\"><\/i> <span>Data startu:<\/span> <strong>2021-08-21 12:00<\/strong><\/p>                                <\/div>\n                                <div class=\"commentsCount\"><i class=\"icon-comments-alt darkerColor\"><\/i> 79<\/div>\n                                <p><span class=\"more\">\u00bb more<\/span><\/p><\/div>\n                        <\/div>\n                    <\/div>\n                <\/a>\n            <\/section>\n                        <section class=\"newsItem userItem\">\n                <a href=\"https:\/\/mrdp.pl\/en\/zawodnik\/michal-wolff-2021\" title=\"Micha\u0142 Wolff\">\n                    <div class=\"fastGrid\">\n                        <div>\n                            <div class=\"avatarColumn\">\n                                <div style=\"background-image: url(https:\/\/mrdp.pl\/uploads\/Wolff-Micha\u0142-70x52.jpg)\"><\/div>\n                            <\/div>\n                            <div>\n                                <h2 class=\"newsTitle\">Micha\u0142 Wolff <span>Wilk<\/span><\/h2>\n                                <div class=\"info\">\n                                                                        <p><i class=\"icon-globe\"><\/i> <span>Miejscowo\u015b\u0107:<\/span> <strong>Warszawa<\/strong><\/p>                                    <p><i class=\"icon-star-half-empty\"><\/i> <span>Kategoria:<\/span> <strong>SOLO<\/strong><\/p>                                    <p><i class=\"icon-flag-checkered\"><\/i> <span>Numer startowy:<\/span> <strong>2<\/strong><\/p>\n                                    <p><i class=\"icon-list-alt\"><\/i> <span>Data startu:<\/span> <strong>2021-08-21 12:00<\/strong><\/p>                                <\/div>\n                                <div class=\"commentsCount\"><i class=\"icon-comments-alt darkerColor\"><\/i> 71<\/div>\n                                <p><span class=\"more\">\u00bb more<\/span><\/p><\/div>\n                        <\/div>\n                    <\/div>\n                <\/a>\n            <\/section>\n                        <section class=\"newsItem userItem\">\n                <a href=\"https:\/\/mrdp.pl\/en\/zawodnik\/przemyslaw-ruda-2021\" title=\"Przemys\u0142aw Ruda\">\n                    <div class=\"fastGrid\">\n                        <div>\n                            <div class=\"avatarColumn\">\n                                <div style=\"background-image: url(https:\/\/mrdp.pl\/uploads\/Przemyslaw-Ruda-70x46.jpg)\"><\/div>\n                            <\/div>\n                            <div>\n                                <h2 class=\"newsTitle\">Przemys\u0142aw Ruda <span><\/span><\/h2>\n                                <div class=\"info\">\n                                                                        <p><i class=\"icon-globe\"><\/i> <span>Miejscowo\u015b\u0107:<\/span> <strong>Szczecin<\/strong><\/p>                                    <p><i class=\"icon-star-half-empty\"><\/i> <span>Kategoria:<\/span> <strong>SOLO<\/strong><\/p>                                    <p><i class=\"icon-flag-checkered\"><\/i> <span>Numer startowy:<\/span> <strong>3<\/strong><\/p>\n                                    <p><i class=\"icon-list-alt\"><\/i> <span>Data startu:<\/span> <strong>2021-08-21 12:00<\/strong><\/p>                                <\/div>\n                                <div class=\"commentsCount\"><i class=\"icon-comments-alt darkerColor\"><\/i> 48<\/div>\n                                <p><span class=\"more\">\u00bb more<\/span><\/p><\/div>\n                        <\/div>\n                    <\/div>\n                <\/a>\n            <\/section>\n                        <section class=\"newsItem userItem\">\n                <a href=\"https:\/\/mrdp.pl\/en\/zawodnik\/ryszard-herc-2021\" title=\"Ryszard Herc\">\n                    <div class=\"fastGrid\">\n                        <div>\n                            <div class=\"avatarColumn\">\n                                <div style=\"background-image: url(https:\/\/mrdp.pl\/en\/wp-content\/themes\/mrdp\/img\/empty.png)\"><\/div>\n                            <\/div>\n                            <div>\n                                <h2 class=\"newsTitle\">Ryszard Herc <span><\/span><\/h2>\n                                <div class=\"info\">\n                                                                        <p><i class=\"icon-globe\"><\/i> <span>Miejscowo\u015b\u0107:<\/span> <strong>Rumia<\/strong><\/p>                                    <p><i class=\"icon-star-half-empty\"><\/i> <span>Kategoria:<\/span> <strong>SOLO<\/strong><\/p>                                    <p><i class=\"icon-flag-checkered\"><\/i> <span>Numer startowy:<\/span> <strong>4<\/strong><\/p>\n                                    <p><i class=\"icon-list-alt\"><\/i> <span>Data startu:<\/span> <strong>2021-08-21 12:00<\/strong><\/p>                                <\/div>\n                                <div class=\"commentsCount\"><i class=\"icon-comments-alt darkerColor\"><\/i> 18<\/div>\n                                <p><span class=\"more\">\u00bb more<\/span><\/p><\/div>\n                        <\/div>\n                    <\/div>\n                <\/a>\n            <\/section>\n                        <section class=\"newsItem userItem\">\n                <a href=\"https:\/\/mrdp.pl\/en\/zawodnik\/robert-wozniak-2021\" title=\"Robert Wo\u017aniak\">\n                    <div class=\"fastGrid\">\n                        <div>\n                            <div class=\"avatarColumn\">\n                                <div style=\"background-image: url(https:\/\/mrdp.pl\/uploads\/Wozniak-Robert-70x52.jpg)\"><\/div>\n                            <\/div>\n                            <div>\n                                <h2 class=\"newsTitle\">Robert Wo\u017aniak <span>robert1973<\/span><\/h2>\n                                <div class=\"info\">\n                                                                        <p><i class=\"icon-globe\"><\/i> <span>Miejscowo\u015b\u0107:<\/span> <strong>Elbl\u0105g<\/strong><\/p>                                    <p><i class=\"icon-star-half-empty\"><\/i> <span>Kategoria:<\/span> <strong>SOLO<\/strong><\/p>                                    <p><i class=\"icon-flag-checkered\"><\/i> <span>Numer startowy:<\/span> <strong>5<\/strong><\/p>\n                                    <p><i class=\"icon-list-alt\"><\/i> <span>Data startu:<\/span> <strong>2021-08-21 12:00<\/strong><\/p>                                <\/div>\n                                <div class=\"commentsCount\"><i class=\"icon-comments-alt darkerColor\"><\/i> 40<\/div>\n                                <p><span class=\"more\">\u00bb more<\/span><\/p><\/div>\n                        <\/div>\n                    <\/div>\n                <\/a>\n            <\/section>\n                        <section class=\"newsItem userItem\">\n                <a href=\"https:\/\/mrdp.pl\/en\/zawodnik\/krzysztof-grzegorzewski\" title=\"Krzysztof Grzegorzewski\">\n                    <div class=\"fastGrid\">\n                        <div>\n                            <div class=\"avatarColumn\">\n                                <div style=\"background-image: url(https:\/\/mrdp.pl\/uploads\/Krzysiek-Grzegorzewski-70x53.jpg)\"><\/div>\n                            <\/div>\n                            <div>\n                                <h2 class=\"newsTitle\">Krzysztof Grzegorzewski <span>Sier\u015b\u0107<\/span><\/h2>\n                                <div class=\"info\">\n                                    <p><i class=\"icon-list-alt\"><\/i> <span>Klub:<\/span> <strong>Grupa OLX<\/strong><\/p>                                    <p><i class=\"icon-globe\"><\/i> <span>Miejscowo\u015b\u0107:<\/span> <strong>Wojn\u00f3wko<\/strong><\/p>                                    <p><i class=\"icon-star-half-empty\"><\/i> <span>Kategoria:<\/span> <strong>SOLO<\/strong><\/p>                                    <p><i class=\"icon-flag-checkered\"><\/i> <span>Numer startowy:<\/span> <strong>6<\/strong><\/p>\n                                    <p><i class=\"icon-list-alt\"><\/i> <span>Data startu:<\/span> <strong>2021-08-21 12:00<\/strong><\/p>                                <\/div>\n                                <div class=\"commentsCount\"><i class=\"icon-comments-alt darkerColor\"><\/i> 19<\/div>\n                                <p><span class=\"more\">\u00bb more<\/span><\/p><\/div>\n                        <\/div>\n                    <\/div>\n                <\/a>\n            <\/section>\n                        <section class=\"newsItem userItem\">\n                <a href=\"https:\/\/mrdp.pl\/en\/zawodnik\/adam-szczygiel-2021\" title=\"Adam Szczygie\u0142\">\n                    <div class=\"fastGrid\">\n                        <div>\n                            <div class=\"avatarColumn\">\n                                <div style=\"background-image: url(https:\/\/mrdp.pl\/uploads\/IMG_20191014_14335654221-52x70.jpg)\"><\/div>\n                            <\/div>\n                            <div>\n                                <h2 class=\"newsTitle\">Adam Szczygie\u0142 <span><\/span><\/h2>\n                                <div class=\"info\">\n                                    <p><i class=\"icon-list-alt\"><\/i> <span>Klub:<\/span> <strong>Smrek Carbon<\/strong><\/p>                                    <p><i class=\"icon-globe\"><\/i> <span>Miejscowo\u015b\u0107:<\/span> <strong>Cz\u0119stochowa<\/strong><\/p>                                    <p><i class=\"icon-star-half-empty\"><\/i> <span>Kategoria:<\/span> <strong>SOLO<\/strong><\/p>                                    <p><i class=\"icon-flag-checkered\"><\/i> <span>Numer startowy:<\/span> <strong>7<\/strong><\/p>\n                                    <p><i class=\"icon-list-alt\"><\/i> <span>Data startu:<\/span> <strong>2021-08-21 12:00<\/strong><\/p>                                <\/div>\n                                <div class=\"commentsCount\"><i class=\"icon-comments-alt darkerColor\"><\/i> 38<\/div>\n                                <p><span class=\"more\">\u00bb more<\/span><\/p><\/div>\n                        <\/div>\n                    <\/div>\n                <\/a>\n            <\/section>\n                        <section class=\"newsItem userItem\">\n                <a href=\"https:\/\/mrdp.pl\/en\/zawodnik\/daniel-smieja-2021\" title=\"Daniel \u015amieja\">\n                    <div class=\"fastGrid\">\n                        <div>\n                            <div class=\"avatarColumn\">\n                                <div style=\"background-image: url(https:\/\/mrdp.pl\/uploads\/1-37x70.jpg)\"><\/div>\n                            <\/div>\n                            <div>\n                                <h2 class=\"newsTitle\">Daniel \u015amieja <span>Wigor<\/span><\/h2>\n                                <div class=\"info\">\n                                    <p><i class=\"icon-list-alt\"><\/i> <span>Klub:<\/span> <strong>mrdp.pl<\/strong><\/p>                                    <p><i class=\"icon-globe\"><\/i> <span>Miejscowo\u015b\u0107:<\/span> <strong>Szczecin<\/strong><\/p>                                    <p><i class=\"icon-star-half-empty\"><\/i> <span>Kategoria:<\/span> <strong>SOLO<\/strong><\/p>                                    <p><i class=\"icon-flag-checkered\"><\/i> <span>Numer startowy:<\/span> <strong>8<\/strong><\/p>\n                                    <p><i class=\"icon-list-alt\"><\/i> <span>Data startu:<\/span> <strong>2021-08-21 12:00<\/strong><\/p>                                <\/div>\n                                <div class=\"commentsCount\"><i class=\"icon-comments-alt darkerColor\"><\/i> 3<\/div>\n                                <p><span class=\"more\">\u00bb more<\/span><\/p><\/div>\n                        <\/div>\n                    <\/div>\n                <\/a>\n            <\/section>\n                        <section class=\"newsItem userItem\">\n                <a href=\"https:\/\/mrdp.pl\/en\/zawodnik\/jacek-koziol-2021\" title=\"Jacek Kozio\u0142\">\n                    <div class=\"fastGrid\">\n                        <div>\n                            <div class=\"avatarColumn\">\n                                <div style=\"background-image: url(https:\/\/mrdp.pl\/uploads\/20180318_134315-70x39.jpg)\"><\/div>\n                            <\/div>\n                            <div>\n                                <h2 class=\"newsTitle\">Jacek Kozio\u0142 <span>MAJJACK<\/span><\/h2>\n                                <div class=\"info\">\n                                    <p><i class=\"icon-list-alt\"><\/i> <span>Klub:<\/span> <strong>CTS\/GOAT TEAM<\/strong><\/p>                                    <p><i class=\"icon-globe\"><\/i> <span>Miejscowo\u015b\u0107:<\/span> <strong>Zag\u00f3rzyce Dworskie<\/strong><\/p>                                    <p><i class=\"icon-star-half-empty\"><\/i> <span>Kategoria:<\/span> <strong>SOLO<\/strong><\/p>                                    <p><i class=\"icon-flag-checkered\"><\/i> <span>Numer startowy:<\/span> <strong>9<\/strong><\/p>\n                                    <p><i class=\"icon-list-alt\"><\/i> <span>Data startu:<\/span> <strong>2021-08-21 12:00<\/strong><\/p>                                <\/div>\n                                <div class=\"commentsCount\"><i class=\"icon-comments-alt darkerColor\"><\/i> 35<\/div>\n                                <p><span class=\"more\">\u00bb more<\/span><\/p><\/div>\n                        <\/div>\n                    <\/div>\n                <\/a>\n            <\/section>\n                        <section class=\"newsItem userItem\">\n                <a href=\"https:\/\/mrdp.pl\/en\/zawodnik\/krzysztof-naskret-2021\" title=\"Krzysztof Naskr\u0119t\">\n                    <div class=\"fastGrid\">\n                        <div>\n                            <div class=\"avatarColumn\">\n                                <div style=\"background-image: url(https:\/\/mrdp.pl\/uploads\/IMG_20200709_182143-49x70.jpg)\"><\/div>\n                            <\/div>\n                            <div>\n                                <h2 class=\"newsTitle\">Krzysztof Naskr\u0119t <span>\u015aruba<\/span><\/h2>\n                                <div class=\"info\">\n                                    <p><i class=\"icon-list-alt\"><\/i> <span>Klub:<\/span> <strong>Atlas Racing Team <\/strong><\/p>                                    <p><i class=\"icon-globe\"><\/i> <span>Miejscowo\u015b\u0107:<\/span> <strong>Czapury<\/strong><\/p>                                    <p><i class=\"icon-star-half-empty\"><\/i> <span>Kategoria:<\/span> <strong>SOLO<\/strong><\/p>                                    <p><i class=\"icon-flag-checkered\"><\/i> <span>Numer startowy:<\/span> <strong>10<\/strong><\/p>\n                                    <p><i class=\"icon-list-alt\"><\/i> <span>Data startu:<\/span> <strong>2021-08-21 12:00<\/strong><\/p>                                <\/div>\n                                <div class=\"commentsCount\"><i class=\"icon-comments-alt darkerColor\"><\/i> 32<\/div>\n                                <p><span class=\"more\">\u00bb more<\/span><\/p><\/div>\n                        <\/div>\n                    <\/div>\n                <\/a>\n            <\/section>\n                        <section class=\"newsItem userItem\">\n                <a href=\"https:\/\/mrdp.pl\/en\/zawodnik\/lukasz-lapa-2021\" title=\"\u0141ukasz \u0141apa\">\n                    <div class=\"fastGrid\">\n                        <div>\n                            <div class=\"avatarColumn\">\n                                <div style=\"background-image: url(https:\/\/mrdp.pl\/uploads\/\u0141ukasz-\u0141apa-52x70.png)\"><\/div>\n                            <\/div>\n                            <div>\n                                <h2 class=\"newsTitle\">\u0141ukasz \u0141apa <span><\/span><\/h2>\n                                <div class=\"info\">\n                                    <p><i class=\"icon-list-alt\"><\/i> <span>Klub:<\/span> <strong>P\u0119tla Kopernika<\/strong><\/p>                                    <p><i class=\"icon-globe\"><\/i> <span>Miejscowo\u015b\u0107:<\/span> <strong>Kra\u015bnik<\/strong><\/p>                                    <p><i class=\"icon-star-half-empty\"><\/i> <span>Kategoria:<\/span> <strong>SOLO<\/strong><\/p>                                    <p><i class=\"icon-flag-checkered\"><\/i> <span>Numer startowy:<\/span> <strong>11<\/strong><\/p>\n                                    <p><i class=\"icon-list-alt\"><\/i> <span>Data startu:<\/span> <strong>2021-08-21 12:00<\/strong><\/p>                                <\/div>\n                                <div class=\"commentsCount\"><i class=\"icon-comments-alt darkerColor\"><\/i> 29<\/div>\n                                <p><span class=\"more\">\u00bb more<\/span><\/p><\/div>\n                        <\/div>\n                    <\/div>\n                <\/a>\n            <\/section>\n                        <section class=\"newsItem userItem\">\n                <a href=\"https:\/\/mrdp.pl\/en\/zawodnik\/kazimierz-kosinski-2021\" title=\"Kazimierz Kosi\u0144ski\">\n                    <div class=\"fastGrid\">\n                        <div>\n                            <div class=\"avatarColumn\">\n                                <div style=\"background-image: url(https:\/\/mrdp.pl\/uploads\/kazimierz-kosinski-70x64.jpg)\"><\/div>\n                            <\/div>\n                            <div>\n                                <h2 class=\"newsTitle\">Kazimierz Kosi\u0144ski <span>kazik<\/span><\/h2>\n                                <div class=\"info\">\n                                                                        <p><i class=\"icon-globe\"><\/i> <span>Miejscowo\u015b\u0107:<\/span> <strong>P\u0142ock <\/strong><\/p>                                    <p><i class=\"icon-star-half-empty\"><\/i> <span>Kategoria:<\/span> <strong>SOLO<\/strong><\/p>                                    <p><i class=\"icon-flag-checkered\"><\/i> <span>Numer startowy:<\/span> <strong>12<\/strong><\/p>\n                                    <p><i class=\"icon-list-alt\"><\/i> <span>Data startu:<\/span> <strong>2021-08-21 12:00<\/strong><\/p>                                <\/div>\n                                <div class=\"commentsCount\"><i class=\"icon-comments-alt darkerColor\"><\/i> 13<\/div>\n                                <p><span class=\"more\">\u00bb more<\/span><\/p><\/div>\n                        <\/div>\n                    <\/div>\n                <\/a>\n            <\/section>\n                        <section class=\"newsItem userItem\">\n                <a href=\"https:\/\/mrdp.pl\/en\/zawodnik\/marcin-nalazek-2021\" title=\"Marcin Nalazek\">\n                    <div class=\"fastGrid\">\n                        <div>\n                            <div class=\"avatarColumn\">\n                                <div style=\"background-image: url(https:\/\/mrdp.pl\/uploads\/163770666_1082942232202982_2178933924644916156_n-50x70.jpg)\"><\/div>\n                            <\/div>\n                            <div>\n                                <h2 class=\"newsTitle\">Marcin Nalazek <span><\/span><\/h2>\n                                <div class=\"info\">\n                                    <p><i class=\"icon-list-alt\"><\/i> <span>Klub:<\/span> <strong>B'twin Racing Team Decathlon<\/strong><\/p>                                    <p><i class=\"icon-globe\"><\/i> <span>Miejscowo\u015b\u0107:<\/span> <strong>Warszawa<\/strong><\/p>                                    <p><i class=\"icon-star-half-empty\"><\/i> <span>Kategoria:<\/span> <strong>SOLO<\/strong><\/p>                                    <p><i class=\"icon-flag-checkered\"><\/i> <span>Numer startowy:<\/span> <strong>13<\/strong><\/p>\n                                    <p><i class=\"icon-list-alt\"><\/i> <span>Data startu:<\/span> <strong>2021-08-21 12:00<\/strong><\/p>                                <\/div>\n                                <div class=\"commentsCount\"><i class=\"icon-comments-alt darkerColor\"><\/i> 3<\/div>\n                                <p><span class=\"more\">\u00bb more<\/span><\/p><\/div>\n                        <\/div>\n                    <\/div>\n                <\/a>\n            <\/section>\n                        <section class=\"newsItem userItem\">\n                <a href=\"https:\/\/mrdp.pl\/en\/zawodnik\/krzysztof-wlazlo-2021\" title=\"Krzysztof Wlaz\u0142o\">\n                    <div class=\"fastGrid\">\n                        <div>\n                            <div class=\"avatarColumn\">\n                                <div style=\"background-image: url(https:\/\/mrdp.pl\/uploads\/Krzysztof-Wlazlo-39x70.jpg)\"><\/div>\n                            <\/div>\n                            <div>\n                                <h2 class=\"newsTitle\">Krzysztof Wlaz\u0142o <span>Krzychu<\/span><\/h2>\n                                <div class=\"info\">\n                                                                        <p><i class=\"icon-globe\"><\/i> <span>Miejscowo\u015b\u0107:<\/span> <strong>Mys\u0142owice<\/strong><\/p>                                    <p><i class=\"icon-star-half-empty\"><\/i> <span>Kategoria:<\/span> <strong>SOLO<\/strong><\/p>                                    <p><i class=\"icon-flag-checkered\"><\/i> <span>Numer startowy:<\/span> <strong>14<\/strong><\/p>\n                                    <p><i class=\"icon-list-alt\"><\/i> <span>Data startu:<\/span> <strong>2021-08-21 12:00<\/strong><\/p>                                <\/div>\n                                <div class=\"commentsCount\"><i class=\"icon-comments-alt darkerColor\"><\/i> 51<\/div>\n                                <p><span class=\"more\">\u00bb more<\/span><\/p><\/div>\n                        <\/div>\n                    <\/div>\n                <\/a>\n            <\/section>\n                        <section class=\"newsItem userItem\">\n                <a href=\"https:\/\/mrdp.pl\/en\/zawodnik\/ireneusz-szymocha-2021\" title=\"Ireneusz Szymocha\">\n                    <div class=\"fastGrid\">\n                        <div>\n                            <div class=\"avatarColumn\">\n                                <div style=\"background-image: url(https:\/\/mrdp.pl\/uploads\/big-70x67.jpg)\"><\/div>\n                            <\/div>\n                            <div>\n                                <h2 class=\"newsTitle\">Ireneusz Szymocha <span>Achom<\/span><\/h2>\n                                <div class=\"info\">\n                                    <p><i class=\"icon-list-alt\"><\/i> <span>Klub:<\/span> <strong>K. R. ''Gryfland''<\/strong><\/p>                                    <p><i class=\"icon-globe\"><\/i> <span>Miejscowo\u015b\u0107:<\/span> <strong>Albert\u00f3w<\/strong><\/p>                                    <p><i class=\"icon-star-half-empty\"><\/i> <span>Kategoria:<\/span> <strong>SOLO<\/strong><\/p>                                    <p><i class=\"icon-flag-checkered\"><\/i> <span>Numer startowy:<\/span> <strong>15<\/strong><\/p>\n                                    <p><i class=\"icon-list-alt\"><\/i> <span>Data startu:<\/span> <strong>2021-08-21 12:00<\/strong><\/p>                                <\/div>\n                                <div class=\"commentsCount\"><i class=\"icon-comments-alt darkerColor\"><\/i> 54<\/div>\n                                <p><span class=\"more\">\u00bb more<\/span><\/p><\/div>\n                        <\/div>\n                    <\/div>\n                <\/a>\n            <\/section>\n                        <section class=\"newsItem userItem\">\n                <a href=\"https:\/\/mrdp.pl\/en\/zawodnik\/marceli-byczek-3\" title=\"Marceli Byczek\">\n                    <div class=\"fastGrid\">\n                        <div>\n                            <div class=\"avatarColumn\">\n                                <div style=\"background-image: url(https:\/\/mrdp.pl\/uploads\/20190726_163824-35x70.jpg)\"><\/div>\n                            <\/div>\n                            <div>\n                                <h2 class=\"newsTitle\">Marceli Byczek <span>Byczys<\/span><\/h2>\n                                <div class=\"info\">\n                                                                        <p><i class=\"icon-globe\"><\/i> <span>Miejscowo\u015b\u0107:<\/span> <strong>Tychy<\/strong><\/p>                                    <p><i class=\"icon-star-half-empty\"><\/i> <span>Kategoria:<\/span> <strong>SOLO<\/strong><\/p>                                    <p><i class=\"icon-flag-checkered\"><\/i> <span>Numer startowy:<\/span> <strong>16<\/strong><\/p>\n                                    <p><i class=\"icon-list-alt\"><\/i> <span>Data startu:<\/span> <strong>2021-08-21 12:00<\/strong><\/p>                                <\/div>\n                                <div class=\"commentsCount\"><i class=\"icon-comments-alt darkerColor\"><\/i> 23<\/div>\n                                <p><span class=\"more\">\u00bb more<\/span><\/p><\/div>\n                        <\/div>\n                    <\/div>\n                <\/a>\n            <\/section>\n                        <section class=\"newsItem userItem\">\n                <a href=\"https:\/\/mrdp.pl\/en\/zawodnik\/pawel-mielczarek-2021\" title=\"Pawe\u0142 Mielczarek\">\n                    <div class=\"fastGrid\">\n                        <div>\n                            <div class=\"avatarColumn\">\n                                <div style=\"background-image: url(https:\/\/mrdp.pl\/uploads\/8130968-70x46.jpeg)\"><\/div>\n                            <\/div>\n                            <div>\n                                <h2 class=\"newsTitle\">Pawe\u0142 Mielczarek <span>pirzu<\/span><\/h2>\n                                <div class=\"info\">\n                                                                        <p><i class=\"icon-globe\"><\/i> <span>Miejscowo\u015b\u0107:<\/span> <strong>Cz\u0119stochowa<\/strong><\/p>                                    <p><i class=\"icon-star-half-empty\"><\/i> <span>Kategoria:<\/span> <strong>SOLO<\/strong><\/p>                                    <p><i class=\"icon-flag-checkered\"><\/i> <span>Numer startowy:<\/span> <strong>17<\/strong><\/p>\n                                    <p><i class=\"icon-list-alt\"><\/i> <span>Data startu:<\/span> <strong>2021-08-21 12:00<\/strong><\/p>                                <\/div>\n                                <div class=\"commentsCount\"><i class=\"icon-comments-alt darkerColor\"><\/i> 63<\/div>\n                                <p><span class=\"more\">\u00bb more<\/span><\/p><\/div>\n                        <\/div>\n                    <\/div>\n                <\/a>\n            <\/section>\n                        <section class=\"newsItem userItem\">\n                <a href=\"https:\/\/mrdp.pl\/en\/zawodnik\/witold-kania\" title=\"Witold Kania\">\n                    <div class=\"fastGrid\">\n                        <div>\n                            <div class=\"avatarColumn\">\n                                <div style=\"background-image: url(https:\/\/mrdp.pl\/uploads\/20180602_000820-70x53.jpg)\"><\/div>\n                            <\/div>\n                            <div>\n                                <h2 class=\"newsTitle\">Witold Kania <span>Kawi<\/span><\/h2>\n                                <div class=\"info\">\n                                    <p><i class=\"icon-list-alt\"><\/i> <span>Klub:<\/span> <strong>Rycka Grupa Kolarska<\/strong><\/p>                                    <p><i class=\"icon-globe\"><\/i> <span>Miejscowo\u015b\u0107:<\/span> <strong>Ryki<\/strong><\/p>                                    <p><i class=\"icon-star-half-empty\"><\/i> <span>Kategoria:<\/span> <strong>SOLO<\/strong><\/p>                                    <p><i class=\"icon-flag-checkered\"><\/i> <span>Numer startowy:<\/span> <strong>18<\/strong><\/p>\n                                    <p><i class=\"icon-list-alt\"><\/i> <span>Data startu:<\/span> <strong>2021-08-21 12:00<\/strong><\/p>                                <\/div>\n                                <div class=\"commentsCount\"><i class=\"icon-comments-alt darkerColor\"><\/i> 27<\/div>\n                                <p><span class=\"more\">\u00bb more<\/span><\/p><\/div>\n                        <\/div>\n                    <\/div>\n                <\/a>\n            <\/section>\n                        <section class=\"newsItem userItem\">\n                <a href=\"https:\/\/mrdp.pl\/en\/zawodnik\/przemyslaw-kijak-2021\" title=\"Przemys\u0142aw Kijak\">\n                    <div class=\"fastGrid\">\n                        <div>\n                            <div class=\"avatarColumn\">\n                                <div style=\"background-image: url(https:\/\/mrdp.pl\/en\/wp-content\/themes\/mrdp\/img\/empty.png)\"><\/div>\n                            <\/div>\n                            <div>\n                                <h2 class=\"newsTitle\">Przemys\u0142aw Kijak <span><\/span><\/h2>\n                                <div class=\"info\">\n                                                                        <p><i class=\"icon-globe\"><\/i> <span>Miejscowo\u015b\u0107:<\/span> <strong>Swarz\u0119dz<\/strong><\/p>                                    <p><i class=\"icon-star-half-empty\"><\/i> <span>Kategoria:<\/span> <strong>SOLO<\/strong><\/p>                                    <p><i class=\"icon-flag-checkered\"><\/i> <span>Numer startowy:<\/span> <strong>20<\/strong><\/p>\n                                    <p><i class=\"icon-list-alt\"><\/i> <span>Data startu:<\/span> <strong>2021-08-21 12:00<\/strong><\/p>                                <\/div>\n                                <div class=\"commentsCount\"><i class=\"icon-comments-alt darkerColor\"><\/i> 39<\/div>\n                                <p><span class=\"more\">\u00bb more<\/span><\/p><\/div>\n                        <\/div>\n                    <\/div>\n                <\/a>\n            <\/section>\n                        <section class=\"newsItem userItem\">\n                <a href=\"https:\/\/mrdp.pl\/en\/zawodnik\/kazimierz-piechowka-2021\" title=\"Kazimierz Piech\u00f3wka\">\n                    <div class=\"fastGrid\">\n                        <div>\n                            <div class=\"avatarColumn\">\n                                <div style=\"background-image: url(https:\/\/mrdp.pl\/uploads\/20160809_094334-2_edited-64x70.jpg)\"><\/div>\n                            <\/div>\n                            <div>\n                                <h2 class=\"newsTitle\">Kazimierz Piech\u00f3wka <span>Kazzz<\/span><\/h2>\n                                <div class=\"info\">\n                                                                        <p><i class=\"icon-globe\"><\/i> <span>Miejscowo\u015b\u0107:<\/span> <strong>Krak\u00f3w<\/strong><\/p>                                    <p><i class=\"icon-star-half-empty\"><\/i> <span>Kategoria:<\/span> <strong>SOLO<\/strong><\/p>                                    <p><i class=\"icon-flag-checkered\"><\/i> <span>Numer startowy:<\/span> <strong>21<\/strong><\/p>\n                                    <p><i class=\"icon-list-alt\"><\/i> <span>Data startu:<\/span> <strong>2021-08-21 12:00<\/strong><\/p>                                <\/div>\n                                <div class=\"commentsCount\"><i class=\"icon-comments-alt darkerColor\"><\/i> 43<\/div>\n                                <p><span class=\"more\">\u00bb more<\/span><\/p><\/div>\n                        <\/div>\n                    <\/div>\n                <\/a>\n            <\/section>\n                        <section class=\"newsItem userItem\">\n                <a href=\"https:\/\/mrdp.pl\/en\/zawodnik\/marcin-kabala\" title=\"Marcin Kaba\u0142a\">\n                    <div class=\"fastGrid\">\n                        <div>\n                            <div class=\"avatarColumn\">\n                                <div style=\"background-image: url(https:\/\/mrdp.pl\/uploads\/marcin-kabala-70x53.jpg)\"><\/div>\n                            <\/div>\n                            <div>\n                                <h2 class=\"newsTitle\">Marcin Kaba\u0142a <span>Etyl<\/span><\/h2>\n                                <div class=\"info\">\n                                                                        <p><i class=\"icon-globe\"><\/i> <span>Miejscowo\u015b\u0107:<\/span> <strong>Kosz\u0119cin<\/strong><\/p>                                    <p><i class=\"icon-star-half-empty\"><\/i> <span>Kategoria:<\/span> <strong>SOLO<\/strong><\/p>                                    <p><i class=\"icon-flag-checkered\"><\/i> <span>Numer startowy:<\/span> <strong>22<\/strong><\/p>\n                                    <p><i class=\"icon-list-alt\"><\/i> <span>Data startu:<\/span> <strong>2021-08-21 12:00<\/strong><\/p>                                <\/div>\n                                <div class=\"commentsCount\"><i class=\"icon-comments-alt darkerColor\"><\/i> 31<\/div>\n                                <p><span class=\"more\">\u00bb more<\/span><\/p><\/div>\n                        <\/div>\n                    <\/div>\n                <\/a>\n            <\/section>\n                        <section class=\"newsItem userItem\">\n                <a href=\"https:\/\/mrdp.pl\/en\/zawodnik\/marcin-zielkowski-2021\" title=\"Marcin Zielkowski\">\n                    <div class=\"fastGrid\">\n                        <div>\n                            <div class=\"avatarColumn\">\n                                <div style=\"background-image: url(https:\/\/mrdp.pl\/uploads\/84147081_113775413385274_376226769918754816_n-70x39.jpg)\"><\/div>\n                            <\/div>\n                            <div>\n                                <h2 class=\"newsTitle\">Marcin Zielkowski <span>Zielik<\/span><\/h2>\n                                <div class=\"info\">\n                                    <p><i class=\"icon-list-alt\"><\/i> <span>Klub:<\/span> <strong>Marcin ZIelkowski<\/strong><\/p>                                    <p><i class=\"icon-globe\"><\/i> <span>Miejscowo\u015b\u0107:<\/span> <strong>Wi\u015bniewo<\/strong><\/p>                                    <p><i class=\"icon-star-half-empty\"><\/i> <span>Kategoria:<\/span> <strong>SOLO<\/strong><\/p>                                    <p><i class=\"icon-flag-checkered\"><\/i> <span>Numer startowy:<\/span> <strong>23<\/strong><\/p>\n                                    <p><i class=\"icon-list-alt\"><\/i> <span>Data startu:<\/span> <strong>2021-08-21 12:00<\/strong><\/p>                                <\/div>\n                                <div class=\"commentsCount\"><i class=\"icon-comments-alt darkerColor\"><\/i> 33<\/div>\n                                <p><span class=\"more\">\u00bb more<\/span><\/p><\/div>\n                        <\/div>\n                    <\/div>\n                <\/a>\n            <\/section>\n                        <section class=\"newsItem userItem\">\n                <a href=\"https:\/\/mrdp.pl\/en\/zawodnik\/maciej-paterak-2021\" title=\"Maciej Paterak\">\n                    <div class=\"fastGrid\">\n                        <div>\n                            <div class=\"avatarColumn\">\n                                <div style=\"background-image: url(https:\/\/mrdp.pl\/uploads\/ja-dzis-70x53.jpg)\"><\/div>\n                            <\/div>\n                            <div>\n                                <h2 class=\"newsTitle\">Maciej Paterak <span>Johnny<\/span><\/h2>\n                                <div class=\"info\">\n                                    <p><i class=\"icon-list-alt\"><\/i> <span>Klub:<\/span> <strong>team29er.pl<\/strong><\/p>                                    <p><i class=\"icon-globe\"><\/i> <span>Miejscowo\u015b\u0107:<\/span> <strong>Bestwina<\/strong><\/p>                                    <p><i class=\"icon-star-half-empty\"><\/i> <span>Kategoria:<\/span> <strong>SOLO<\/strong><\/p>                                    <p><i class=\"icon-flag-checkered\"><\/i> <span>Numer startowy:<\/span> <strong>24<\/strong><\/p>\n                                    <p><i class=\"icon-list-alt\"><\/i> <span>Data startu:<\/span> <strong>2021-08-21 12:00<\/strong><\/p>                                <\/div>\n                                <div class=\"commentsCount\"><i class=\"icon-comments-alt darkerColor\"><\/i> 65<\/div>\n                                <p><span class=\"more\">\u00bb more<\/span><\/p><\/div>\n                        <\/div>\n                    <\/div>\n                <\/a>\n            <\/section>\n                        <section class=\"newsItem userItem\">\n                <a href=\"https:\/\/mrdp.pl\/en\/zawodnik\/damian-palyska\" title=\"Damian Pa\u0142yska\">\n                    <div class=\"fastGrid\">\n                        <div>\n                            <div class=\"avatarColumn\">\n                                <div style=\"background-image: url(https:\/\/mrdp.pl\/uploads\/IMG_20200726_1438101-61x70.jpg)\"><\/div>\n                            <\/div>\n                            <div>\n                                <h2 class=\"newsTitle\">Damian Pa\u0142yska <span><\/span><\/h2>\n                                <div class=\"info\">\n                                                                        <p><i class=\"icon-globe\"><\/i> <span>Miejscowo\u015b\u0107:<\/span> <strong>Zielonki<\/strong><\/p>                                    <p><i class=\"icon-star-half-empty\"><\/i> <span>Kategoria:<\/span> <strong>SOLO<\/strong><\/p>                                    <p><i class=\"icon-flag-checkered\"><\/i> <span>Numer startowy:<\/span> <strong>25<\/strong><\/p>\n                                    <p><i class=\"icon-list-alt\"><\/i> <span>Data startu:<\/span> <strong>2021-08-21 12:00<\/strong><\/p>                                <\/div>\n                                <div class=\"commentsCount\"><i class=\"icon-comments-alt darkerColor\"><\/i> 111<\/div>\n                                <p><span class=\"more\">\u00bb more<\/span><\/p><\/div>\n                        <\/div>\n                    <\/div>\n                <\/a>\n            <\/section>\n                        <section class=\"newsItem userItem\">\n                <a href=\"https:\/\/mrdp.pl\/en\/zawodnik\/artur-kubinski\" title=\"Artur Kubi\u0144ski\">\n                    <div class=\"fastGrid\">\n                        <div>\n                            <div class=\"avatarColumn\">\n                                <div style=\"background-image: url(https:\/\/mrdp.pl\/uploads\/Artur-mpp-39x70.jpg)\"><\/div>\n                            <\/div>\n                            <div>\n                                <h2 class=\"newsTitle\">Artur Kubi\u0144ski <span>Arturo<\/span><\/h2>\n                                <div class=\"info\">\n                                    <p><i class=\"icon-list-alt\"><\/i> <span>Klub:<\/span> <strong>Grupetto Warszawa<\/strong><\/p>                                    <p><i class=\"icon-globe\"><\/i> <span>Miejscowo\u015b\u0107:<\/span> <strong>O\u017car\u00f3w Mazowiecki<\/strong><\/p>                                    <p><i class=\"icon-star-half-empty\"><\/i> <span>Kategoria:<\/span> <strong>SOLO<\/strong><\/p>                                    <p><i class=\"icon-flag-checkered\"><\/i> <span>Numer startowy:<\/span> <strong>26<\/strong><\/p>\n                                    <p><i class=\"icon-list-alt\"><\/i> <span>Data startu:<\/span> <strong>2021-08-21 12:00<\/strong><\/p>                                <\/div>\n                                <div class=\"commentsCount\"><i class=\"icon-comments-alt darkerColor\"><\/i> 16<\/div>\n                                <p><span class=\"more\">\u00bb more<\/span><\/p><\/div>\n                        <\/div>\n                    <\/div>\n                <\/a>\n            <\/section>\n                        <section class=\"newsItem userItem\">\n                <a href=\"https:\/\/mrdp.pl\/en\/zawodnik\/grzegorz-szamrowicz-2021\" title=\"Grzegorz Szamrowicz\">\n                    <div class=\"fastGrid\">\n                        <div>\n                            <div class=\"avatarColumn\">\n                                <div style=\"background-image: url(https:\/\/mrdp.pl\/uploads\/IMG-20180916-WA0003-70x52.jpg)\"><\/div>\n                            <\/div>\n                            <div>\n                                <h2 class=\"newsTitle\">Grzegorz Szamrowicz <span><\/span><\/h2>\n                                <div class=\"info\">\n                                                                        <p><i class=\"icon-globe\"><\/i> <span>Miejscowo\u015b\u0107:<\/span> <strong>Z\u0105bkowice \u015al\u0105skie<\/strong><\/p>                                    <p><i class=\"icon-star-half-empty\"><\/i> <span>Kategoria:<\/span> <strong>SOLO<\/strong><\/p>                                    <p><i class=\"icon-flag-checkered\"><\/i> <span>Numer startowy:<\/span> <strong>27<\/strong><\/p>\n                                    <p><i class=\"icon-list-alt\"><\/i> <span>Data startu:<\/span> <strong>2021-08-21 12:00<\/strong><\/p>                                <\/div>\n                                <div class=\"commentsCount\"><i class=\"icon-comments-alt darkerColor\"><\/i> 50<\/div>\n                                <p><span class=\"more\">\u00bb more<\/span><\/p><\/div>\n                        <\/div>\n                    <\/div>\n                <\/a>\n            <\/section>\n                        <section class=\"newsItem userItem\">\n                <a href=\"https:\/\/mrdp.pl\/en\/zawodnik\/dd\" title=\"DD\">\n                    <div class=\"fastGrid\">\n                        <div>\n                            <div class=\"avatarColumn\">\n                                <div style=\"background-image: url(https:\/\/mrdp.pl\/en\/wp-content\/themes\/mrdp\/img\/empty.png)\"><\/div>\n                            <\/div>\n                            <div>\n                                <h2 class=\"newsTitle\">DD <span><\/span><\/h2>\n                                <div class=\"info\">\n                                                                        <p><i class=\"icon-globe\"><\/i> <span>Miejscowo\u015b\u0107:<\/span> <strong>Warszawa<\/strong><\/p>                                    <p><i class=\"icon-star-half-empty\"><\/i> <span>Kategoria:<\/span> <strong>SOLO<\/strong><\/p>                                    <p><i class=\"icon-flag-checkered\"><\/i> <span>Numer startowy:<\/span> <strong>28<\/strong><\/p>\n                                    <p><i class=\"icon-list-alt\"><\/i> <span>Data startu:<\/span> <strong>2021-08-21 12:00<\/strong><\/p>                                <\/div>\n                                <div class=\"commentsCount\"><i class=\"icon-comments-alt darkerColor\"><\/i> 147<\/div>\n                                <p><span class=\"more\">\u00bb more<\/span><\/p><\/div>\n                        <\/div>\n                    <\/div>\n                <\/a>\n            <\/section>\n                        <section class=\"newsItem userItem\">\n                <a href=\"https:\/\/mrdp.pl\/en\/zawodnik\/waldemar-kedys-2021\" title=\"Waldemar K\u0119dy\u015b\">\n                    <div class=\"fastGrid\">\n                        <div>\n                            <div class=\"avatarColumn\">\n                                <div style=\"background-image: url(https:\/\/mrdp.pl\/uploads\/IMG_20200926_1155478686-56x70.jpg)\"><\/div>\n                            <\/div>\n                            <div>\n                                <h2 class=\"newsTitle\">Waldemar K\u0119dy\u015b <span>Kogut<\/span><\/h2>\n                                <div class=\"info\">\n                                    <p><i class=\"icon-list-alt\"><\/i> <span>Klub:<\/span> <strong>Pinkfin Team<\/strong><\/p>                                    <p><i class=\"icon-globe\"><\/i> <span>Miejscowo\u015b\u0107:<\/span> <strong>Jug\u00f3w <\/strong><\/p>                                    <p><i class=\"icon-star-half-empty\"><\/i> <span>Kategoria:<\/span> <strong>SOLO<\/strong><\/p>                                    <p><i class=\"icon-flag-checkered\"><\/i> <span>Numer startowy:<\/span> <strong>29<\/strong><\/p>\n                                    <p><i class=\"icon-list-alt\"><\/i> <span>Data startu:<\/span> <strong>2021-08-21 12:00<\/strong><\/p>                                <\/div>\n                                <div class=\"commentsCount\"><i class=\"icon-comments-alt darkerColor\"><\/i> 61<\/div>\n                                <p><span class=\"more\">\u00bb more<\/span><\/p><\/div>\n                        <\/div>\n                    <\/div>\n                <\/a>\n            <\/section>\n                        <section class=\"newsItem userItem\">\n                <a href=\"https:\/\/mrdp.pl\/en\/zawodnik\/waldemar-chodan\" title=\"Waldemar Choda\u0144\">\n                    <div class=\"fastGrid\">\n                        <div>\n                            <div class=\"avatarColumn\">\n                                <div style=\"background-image: url(https:\/\/mrdp.pl\/uploads\/20190816_142719_obc-68x70.jpg)\"><\/div>\n                            <\/div>\n                            <div>\n                                <h2 class=\"newsTitle\">Waldemar Choda\u0144 <span>poldi<\/span><\/h2>\n                                <div class=\"info\">\n                                    <p><i class=\"icon-list-alt\"><\/i> <span>Klub:<\/span> <strong>Rowerzy\u015bci ze Stali<\/strong><\/p>                                    <p><i class=\"icon-globe\"><\/i> <span>Miejscowo\u015b\u0107:<\/span> <strong>Stalowa Wola<\/strong><\/p>                                    <p><i class=\"icon-star-half-empty\"><\/i> <span>Kategoria:<\/span> <strong>SOLO<\/strong><\/p>                                    <p><i class=\"icon-flag-checkered\"><\/i> <span>Numer startowy:<\/span> <strong>30<\/strong><\/p>\n                                    <p><i class=\"icon-list-alt\"><\/i> <span>Data startu:<\/span> <strong>2021-08-21 12:00<\/strong><\/p>                                <\/div>\n                                <div class=\"commentsCount\"><i class=\"icon-comments-alt darkerColor\"><\/i> 34<\/div>\n                                <p><span class=\"more\">\u00bb more<\/span><\/p><\/div>\n                        <\/div>\n                    <\/div>\n                <\/a>\n            <\/section>\n                        <section class=\"newsItem userItem\">\n                <a href=\"https:\/\/mrdp.pl\/en\/zawodnik\/tomasz-nowak\" title=\"Tomasz Nowak\">\n                    <div class=\"fastGrid\">\n                        <div>\n                            <div class=\"avatarColumn\">\n                                <div style=\"background-image: url(https:\/\/mrdp.pl\/en\/wp-content\/themes\/mrdp\/img\/empty.png)\"><\/div>\n                            <\/div>\n                            <div>\n                                <h2 class=\"newsTitle\">Tomasz Nowak <span><\/span><\/h2>\n                                <div class=\"info\">\n                                                                        <p><i class=\"icon-globe\"><\/i> <span>Miejscowo\u015b\u0107:<\/span> <strong>D\u0104BROWA G\u00d3RNBICZA<\/strong><\/p>                                    <p><i class=\"icon-star-half-empty\"><\/i> <span>Kategoria:<\/span> <strong>SOLO<\/strong><\/p>                                    <p><i class=\"icon-flag-checkered\"><\/i> <span>Numer startowy:<\/span> <strong>31<\/strong><\/p>\n                                    <p><i class=\"icon-list-alt\"><\/i> <span>Data startu:<\/span> <strong>2021-08-21 12:00<\/strong><\/p>                                <\/div>\n                                <div class=\"commentsCount\"><i class=\"icon-comments-alt darkerColor\"><\/i> 58<\/div>\n                                <p><span class=\"more\">\u00bb more<\/span><\/p><\/div>\n                        <\/div>\n                    <\/div>\n                <\/a>\n            <\/section>\n                        <section class=\"newsItem userItem\">\n                <a href=\"https:\/\/mrdp.pl\/en\/zawodnik\/wojciech-holdakowski-2021\" title=\"Wojciech Ho\u0142dakowski\">\n                    <div class=\"fastGrid\">\n                        <div>\n                            <div class=\"avatarColumn\">\n                                <div style=\"background-image: url(https:\/\/mrdp.pl\/uploads\/Tropy_2015_PK19-70x67.jpg)\"><\/div>\n                            <\/div>\n                            <div>\n                                <h2 class=\"newsTitle\">Wojciech Ho\u0142dakowski <span><\/span><\/h2>\n                                <div class=\"info\">\n                                                                        <p><i class=\"icon-globe\"><\/i> <span>Miejscowo\u015b\u0107:<\/span> <strong>Warszawa<\/strong><\/p>                                    <p><i class=\"icon-star-half-empty\"><\/i> <span>Kategoria:<\/span> <strong>SOLO<\/strong><\/p>                                    <p><i class=\"icon-flag-checkered\"><\/i> <span>Numer startowy:<\/span> <strong>32<\/strong><\/p>\n                                    <p><i class=\"icon-list-alt\"><\/i> <span>Data startu:<\/span> <strong>2021-08-21 12:00<\/strong><\/p>                                <\/div>\n                                <div class=\"commentsCount\"><i class=\"icon-comments-alt darkerColor\"><\/i> 12<\/div>\n                                <p><span class=\"more\">\u00bb more<\/span><\/p><\/div>\n                        <\/div>\n                    <\/div>\n                <\/a>\n            <\/section>\n                        <section class=\"newsItem userItem\">\n                <a href=\"https:\/\/mrdp.pl\/en\/zawodnik\/george-eliava-2021\" title=\"George Eliava\">\n                    <div class=\"fastGrid\">\n                        <div>\n                            <div class=\"avatarColumn\">\n                                <div style=\"background-image: url(https:\/\/mrdp.pl\/uploads\/Giorgi-Eliava-1-70x53.jpg)\"><\/div>\n                            <\/div>\n                            <div>\n                                <h2 class=\"newsTitle\">George Eliava <span>Gio<\/span><\/h2>\n                                <div class=\"info\">\n                                                                        <p><i class=\"icon-globe\"><\/i> <span>Miejscowo\u015b\u0107:<\/span> <strong>Warszawa<\/strong><\/p>                                    <p><i class=\"icon-star-half-empty\"><\/i> <span>Kategoria:<\/span> <strong>SOLO<\/strong><\/p>                                    <p><i class=\"icon-flag-checkered\"><\/i> <span>Numer startowy:<\/span> <strong>33<\/strong><\/p>\n                                    <p><i class=\"icon-list-alt\"><\/i> <span>Data startu:<\/span> <strong>2021-08-21 12:00<\/strong><\/p>                                <\/div>\n                                <div class=\"commentsCount\"><i class=\"icon-comments-alt darkerColor\"><\/i> 42<\/div>\n                                <p><span class=\"more\">\u00bb more<\/span><\/p><\/div>\n                        <\/div>\n                    <\/div>\n                <\/a>\n            <\/section>\n                        <section class=\"newsItem userItem\">\n                <a href=\"https:\/\/mrdp.pl\/en\/zawodnik\/darek-urbanczyk-2021\" title=\"Darek Urba\u0144czyk\">\n                    <div class=\"fastGrid\">\n                        <div>\n                            <div class=\"avatarColumn\">\n                                <div style=\"background-image: url(https:\/\/mrdp.pl\/uploads\/21167998_619667045087846_5490048123968714572_o-70x39.jpg)\"><\/div>\n                            <\/div>\n                            <div>\n                                <h2 class=\"newsTitle\">Darek Urba\u0144czyk <span><\/span><\/h2>\n                                <div class=\"info\">\n                                                                        <p><i class=\"icon-globe\"><\/i> <span>Miejscowo\u015b\u0107:<\/span> <strong>Warszawa<\/strong><\/p>                                    <p><i class=\"icon-star-half-empty\"><\/i> <span>Kategoria:<\/span> <strong>SOLO<\/strong><\/p>                                    <p><i class=\"icon-flag-checkered\"><\/i> <span>Numer startowy:<\/span> <strong>34<\/strong><\/p>\n                                    <p><i class=\"icon-list-alt\"><\/i> <span>Data startu:<\/span> <strong>2021-08-21 12:00<\/strong><\/p>                                <\/div>\n                                <div class=\"commentsCount\"><i class=\"icon-comments-alt darkerColor\"><\/i> 43<\/div>\n                                <p><span class=\"more\">\u00bb more<\/span><\/p><\/div>\n                        <\/div>\n                    <\/div>\n                <\/a>\n            <\/section>\n                        <section class=\"newsItem userItem\">\n                <a href=\"https:\/\/mrdp.pl\/en\/zawodnik\/adam-kaluzny\" title=\"Adam Ka\u0142u\u017cny\">\n                    <div class=\"fastGrid\">\n                        <div>\n                            <div class=\"avatarColumn\">\n                                <div style=\"background-image: url(https:\/\/mrdp.pl\/uploads\/ja-forum-70x70.jpg)\"><\/div>\n                            <\/div>\n                            <div>\n                                <h2 class=\"newsTitle\">Adam Ka\u0142u\u017cny <span><\/span><\/h2>\n                                <div class=\"info\">\n                                    <p><i class=\"icon-list-alt\"><\/i> <span>Klub:<\/span> <strong>finisher.pl<\/strong><\/p>                                    <p><i class=\"icon-globe\"><\/i> <span>Miejscowo\u015b\u0107:<\/span> <strong>Olsztyn<\/strong><\/p>                                    <p><i class=\"icon-star-half-empty\"><\/i> <span>Kategoria:<\/span> <strong>SOLO<\/strong><\/p>                                    <p><i class=\"icon-flag-checkered\"><\/i> <span>Numer startowy:<\/span> <strong>35<\/strong><\/p>\n                                    <p><i class=\"icon-list-alt\"><\/i> <span>Data startu:<\/span> <strong>2021-08-21 12:00<\/strong><\/p>                                <\/div>\n                                <div class=\"commentsCount\"><i class=\"icon-comments-alt darkerColor\"><\/i> 70<\/div>\n                                <p><span class=\"more\">\u00bb more<\/span><\/p><\/div>\n                        <\/div>\n                    <\/div>\n                <\/a>\n            <\/section>\n                        <section class=\"newsItem userItem\">\n                <a href=\"https:\/\/mrdp.pl\/en\/zawodnik\/jakub-szumanski-2021\" title=\"Jakub Szuma\u0144ski\">\n                    <div class=\"fastGrid\">\n                        <div>\n                            <div class=\"avatarColumn\">\n                                <div style=\"background-image: url(https:\/\/mrdp.pl\/uploads\/MPP2020_BPawlik_web-331_watermark-70x47.jpg)\"><\/div>\n                            <\/div>\n                            <div>\n                                <h2 class=\"newsTitle\">Jakub Szuma\u0144ski <span><\/span><\/h2>\n                                <div class=\"info\">\n                                                                        <p><i class=\"icon-globe\"><\/i> <span>Miejscowo\u015b\u0107:<\/span> <strong>Gda\u0144sk<\/strong><\/p>                                    <p><i class=\"icon-star-half-empty\"><\/i> <span>Kategoria:<\/span> <strong>SOLO<\/strong><\/p>                                    <p><i class=\"icon-flag-checkered\"><\/i> <span>Numer startowy:<\/span> <strong>36<\/strong><\/p>\n                                    <p><i class=\"icon-list-alt\"><\/i> <span>Data startu:<\/span> <strong>2021-08-21 12:00<\/strong><\/p>                                <\/div>\n                                <div class=\"commentsCount\"><i class=\"icon-comments-alt darkerColor\"><\/i> 40<\/div>\n                                <p><span class=\"more\">\u00bb more<\/span><\/p><\/div>\n                        <\/div>\n                    <\/div>\n                <\/a>\n            <\/section>\n                        <section class=\"newsItem userItem\">\n                <a href=\"https:\/\/mrdp.pl\/en\/zawodnik\/marek-miloszewski-2021\" title=\"Marek Mi\u0142oszewski\">\n                    <div class=\"fastGrid\">\n                        <div>\n                            <div class=\"avatarColumn\">\n                                <div style=\"background-image: url(https:\/\/mrdp.pl\/uploads\/IMG_7967-70x70.jpg)\"><\/div>\n                            <\/div>\n                            <div>\n                                <h2 class=\"newsTitle\">Marek Mi\u0142oszewski <span><\/span><\/h2>\n                                <div class=\"info\">\n                                                                        <p><i class=\"icon-globe\"><\/i> <span>Miejscowo\u015b\u0107:<\/span> <strong>Szczecin<\/strong><\/p>                                    <p><i class=\"icon-star-half-empty\"><\/i> <span>Kategoria:<\/span> <strong>SOLO<\/strong><\/p>                                    <p><i class=\"icon-flag-checkered\"><\/i> <span>Numer startowy:<\/span> <strong>37<\/strong><\/p>\n                                    <p><i class=\"icon-list-alt\"><\/i> <span>Data startu:<\/span> <strong>2021-08-21 12:00<\/strong><\/p>                                <\/div>\n                                <div class=\"commentsCount\"><i class=\"icon-comments-alt darkerColor\"><\/i> 82<\/div>\n                                <p><span class=\"more\">\u00bb more<\/span><\/p><\/div>\n                        <\/div>\n                    <\/div>\n                <\/a>\n            <\/section>\n                        <section class=\"newsItem userItem\">\n                <a href=\"https:\/\/mrdp.pl\/en\/zawodnik\/maciej-kordas\" title=\"Maciej Kordas\">\n                    <div class=\"fastGrid\">\n                        <div>\n                            <div class=\"avatarColumn\">\n                                <div style=\"background-image: url(https:\/\/mrdp.pl\/uploads\/MK-MRDP-small-70x47.jpg)\"><\/div>\n                            <\/div>\n                            <div>\n                                <h2 class=\"newsTitle\">Maciej Kordas <span><\/span><\/h2>\n                                <div class=\"info\">\n                                                                        <p><i class=\"icon-globe\"><\/i> <span>Miejscowo\u015b\u0107:<\/span> <strong>Krak\u00f3w<\/strong><\/p>                                    <p><i class=\"icon-star-half-empty\"><\/i> <span>Kategoria:<\/span> <strong>SOLO<\/strong><\/p>                                    <p><i class=\"icon-flag-checkered\"><\/i> <span>Numer startowy:<\/span> <strong>38<\/strong><\/p>\n                                    <p><i class=\"icon-list-alt\"><\/i> <span>Data startu:<\/span> <strong>2021-08-21 12:00<\/strong><\/p>                                <\/div>\n                                <div class=\"commentsCount\"><i class=\"icon-comments-alt darkerColor\"><\/i> 39<\/div>\n                                <p><span class=\"more\">\u00bb more<\/span><\/p><\/div>\n                        <\/div>\n                    <\/div>\n                <\/a>\n            <\/section>\n                        <section class=\"newsItem userItem\">\n                <a href=\"https:\/\/mrdp.pl\/en\/zawodnik\/krystian-cholewa\" title=\"Krystian Cholewa\">\n                    <div class=\"fastGrid\">\n                        <div>\n                            <div class=\"avatarColumn\">\n                                <div style=\"background-image: url(https:\/\/mrdp.pl\/uploads\/Screenshot_20210124-105032_Instagram-32x70.jpg)\"><\/div>\n                            <\/div>\n                            <div>\n                                <h2 class=\"newsTitle\">Krystian Cholewa <span><\/span><\/h2>\n                                <div class=\"info\">\n                                                                        <p><i class=\"icon-globe\"><\/i> <span>Miejscowo\u015b\u0107:<\/span> <strong>D\u0119bica<\/strong><\/p>                                    <p><i class=\"icon-star-half-empty\"><\/i> <span>Kategoria:<\/span> <strong>SOLO<\/strong><\/p>                                    <p><i class=\"icon-flag-checkered\"><\/i> <span>Numer startowy:<\/span> <strong>39<\/strong><\/p>\n                                    <p><i class=\"icon-list-alt\"><\/i> <span>Data startu:<\/span> <strong>2021-08-21 12:00<\/strong><\/p>                                <\/div>\n                                <div class=\"commentsCount\"><i class=\"icon-comments-alt darkerColor\"><\/i> 41<\/div>\n                                <p><span class=\"more\">\u00bb more<\/span><\/p><\/div>\n                        <\/div>\n                    <\/div>\n                <\/a>\n            <\/section>\n                        <section class=\"newsItem userItem\">\n                <a href=\"https:\/\/mrdp.pl\/en\/zawodnik\/grzegorz-rybkowski-2021\" title=\"Grzegorz Rybkowski\">\n                    <div class=\"fastGrid\">\n                        <div>\n                            <div class=\"avatarColumn\">\n                                <div style=\"background-image: url(https:\/\/mrdp.pl\/uploads\/grzegorz-rybkowski-52x70.jpg)\"><\/div>\n                            <\/div>\n                            <div>\n                                <h2 class=\"newsTitle\">Grzegorz Rybkowski <span>Rybka<\/span><\/h2>\n                                <div class=\"info\">\n                                    <p><i class=\"icon-list-alt\"><\/i> <span>Klub:<\/span> <strong>VELMAR TEAM<\/strong><\/p>                                    <p><i class=\"icon-globe\"><\/i> <span>Miejscowo\u015b\u0107:<\/span> <strong>Pruszk\u00f3w<\/strong><\/p>                                    <p><i class=\"icon-star-half-empty\"><\/i> <span>Kategoria:<\/span> <strong>SOLO<\/strong><\/p>                                    <p><i class=\"icon-flag-checkered\"><\/i> <span>Numer startowy:<\/span> <strong>40<\/strong><\/p>\n                                    <p><i class=\"icon-list-alt\"><\/i> <span>Data startu:<\/span> <strong>2021-08-21 12:00<\/strong><\/p>                                <\/div>\n                                <div class=\"commentsCount\"><i class=\"icon-comments-alt darkerColor\"><\/i> 39<\/div>\n                                <p><span class=\"more\">\u00bb more<\/span><\/p><\/div>\n                        <\/div>\n                    <\/div>\n                <\/a>\n            <\/section>\n                        <section class=\"newsItem userItem\">\n                <a href=\"https:\/\/mrdp.pl\/en\/zawodnik\/rafal-szyszka\" title=\"Rafa\u0142 Szyszka\">\n                    <div class=\"fastGrid\">\n                        <div>\n                            <div class=\"avatarColumn\">\n                                <div style=\"background-image: url(https:\/\/mrdp.pl\/uploads\/IMG_9556-70x47.jpg)\"><\/div>\n                            <\/div>\n                            <div>\n                                <h2 class=\"newsTitle\">Rafa\u0142 Szyszka <span><\/span><\/h2>\n                                <div class=\"info\">\n                                    <p><i class=\"icon-list-alt\"><\/i> <span>Klub:<\/span> <strong>Polfarmex S.A.<\/strong><\/p>                                    <p><i class=\"icon-globe\"><\/i> <span>Miejscowo\u015b\u0107:<\/span> <strong>Kutno<\/strong><\/p>                                    <p><i class=\"icon-star-half-empty\"><\/i> <span>Kategoria:<\/span> <strong>SOLO<\/strong><\/p>                                    <p><i class=\"icon-flag-checkered\"><\/i> <span>Numer startowy:<\/span> <strong>41<\/strong><\/p>\n                                    <p><i class=\"icon-list-alt\"><\/i> <span>Data startu:<\/span> <strong>2021-08-21 12:00<\/strong><\/p>                                <\/div>\n                                <div class=\"commentsCount\"><i class=\"icon-comments-alt darkerColor\"><\/i> 39<\/div>\n                                <p><span class=\"more\">\u00bb more<\/span><\/p><\/div>\n                        <\/div>\n                    <\/div>\n                <\/a>\n            <\/section>\n                        <section class=\"newsItem userItem\">\n                <a href=\"https:\/\/mrdp.pl\/en\/zawodnik\/emil-zieleniewicz\" title=\"Emil Zieleniewicz\">\n                    <div class=\"fastGrid\">\n                        <div>\n                            <div class=\"avatarColumn\">\n                                <div style=\"background-image: url(https:\/\/mrdp.pl\/en\/wp-content\/themes\/mrdp\/img\/empty.png)\"><\/div>\n                            <\/div>\n                            <div>\n                                <h2 class=\"newsTitle\">Emil Zieleniewicz <span><\/span><\/h2>\n                                <div class=\"info\">\n                                    <p><i class=\"icon-list-alt\"><\/i> <span>Klub:<\/span> <strong>AlaTeam<\/strong><\/p>                                    <p><i class=\"icon-globe\"><\/i> <span>Miejscowo\u015b\u0107:<\/span> <strong>\u0141\u00f3d\u017a<\/strong><\/p>                                    <p><i class=\"icon-star-half-empty\"><\/i> <span>Kategoria:<\/span> <strong>SOLO<\/strong><\/p>                                    <p><i class=\"icon-flag-checkered\"><\/i> <span>Numer startowy:<\/span> <strong>42<\/strong><\/p>\n                                    <p><i class=\"icon-list-alt\"><\/i> <span>Data startu:<\/span> <strong>2021-08-21 12:00<\/strong><\/p>                                <\/div>\n                                <div class=\"commentsCount\"><i class=\"icon-comments-alt darkerColor\"><\/i> 12<\/div>\n                                <p><span class=\"more\">\u00bb more<\/span><\/p><\/div>\n                        <\/div>\n                    <\/div>\n                <\/a>\n            <\/section>\n                        <section class=\"newsItem userItem\">\n                <a href=\"https:\/\/mrdp.pl\/en\/zawodnik\/pawel-sojecki-2021\" title=\"Pawe\u0142 Sojecki\">\n                    <div class=\"fastGrid\">\n                        <div>\n                            <div class=\"avatarColumn\">\n                                <div style=\"background-image: url(https:\/\/mrdp.pl\/uploads\/pawel-sojecki-70x70.jpg)\"><\/div>\n                            <\/div>\n                            <div>\n                                <h2 class=\"newsTitle\">Pawe\u0142 Sojecki <span><\/span><\/h2>\n                                <div class=\"info\">\n                                    <p><i class=\"icon-list-alt\"><\/i> <span>Klub:<\/span> <strong>Jas-K\u00f3\u0142ka<\/strong><\/p>                                    <p><i class=\"icon-globe\"><\/i> <span>Miejscowo\u015b\u0107:<\/span> <strong>Kwacza\u0142a<\/strong><\/p>                                    <p><i class=\"icon-star-half-empty\"><\/i> <span>Kategoria:<\/span> <strong>SOLO<\/strong><\/p>                                    <p><i class=\"icon-flag-checkered\"><\/i> <span>Numer startowy:<\/span> <strong>43<\/strong><\/p>\n                                    <p><i class=\"icon-list-alt\"><\/i> <span>Data startu:<\/span> <strong>2021-08-21 12:00<\/strong><\/p>                                <\/div>\n                                <div class=\"commentsCount\"><i class=\"icon-comments-alt darkerColor\"><\/i> 40<\/div>\n                                <p><span class=\"more\">\u00bb more<\/span><\/p><\/div>\n                        <\/div>\n                    <\/div>\n                <\/a>\n            <\/section>\n                        <section class=\"newsItem userItem\">\n                <a href=\"https:\/\/mrdp.pl\/en\/zawodnik\/jaroslaw-wieczorek\" title=\"Jaros\u0142aw Wieczorek\">\n                    <div class=\"fastGrid\">\n                        <div>\n                            <div class=\"avatarColumn\">\n                                <div style=\"background-image: url(https:\/\/mrdp.pl\/uploads\/Jarek-Wieczorek-70x53.jpg)\"><\/div>\n                            <\/div>\n                            <div>\n                                <h2 class=\"newsTitle\">Jaros\u0142aw Wieczorek <span><\/span><\/h2>\n                                <div class=\"info\">\n                                    <p><i class=\"icon-list-alt\"><\/i> <span>Klub:<\/span> <strong>Rajd Liczyrzepy \/ Europa Ubezpieczenia<\/strong><\/p>                                    <p><i class=\"icon-globe\"><\/i> <span>Miejscowo\u015b\u0107:<\/span> <strong>Wroc\u0142aw<\/strong><\/p>                                    <p><i class=\"icon-star-half-empty\"><\/i> <span>Kategoria:<\/span> <strong>SOLO<\/strong><\/p>                                    <p><i class=\"icon-flag-checkered\"><\/i> <span>Numer startowy:<\/span> <strong>44<\/strong><\/p>\n                                    <p><i class=\"icon-list-alt\"><\/i> <span>Data startu:<\/span> <strong>2021-08-21 12:00<\/strong><\/p>                                <\/div>\n                                <div class=\"commentsCount\"><i class=\"icon-comments-alt darkerColor\"><\/i> 13<\/div>\n                                <p><span class=\"more\">\u00bb more<\/span><\/p><\/div>\n                        <\/div>\n                    <\/div>\n                <\/a>\n            <\/section>\n                        <section class=\"newsItem userItem\">\n                <a href=\"https:\/\/mrdp.pl\/en\/zawodnik\/krzysztof-wolanski\" title=\"Krzysztof Wola\u0144ski\">\n                    <div class=\"fastGrid\">\n                        <div>\n                            <div class=\"avatarColumn\">\n                                <div style=\"background-image: url(https:\/\/mrdp.pl\/en\/wp-content\/themes\/mrdp\/img\/empty.png)\"><\/div>\n                            <\/div>\n                            <div>\n                                <h2 class=\"newsTitle\">Krzysztof Wola\u0144ski <span><\/span><\/h2>\n                                <div class=\"info\">\n                                                                        <p><i class=\"icon-globe\"><\/i> <span>Miejscowo\u015b\u0107:<\/span> <strong>Warszawa<\/strong><\/p>                                    <p><i class=\"icon-star-half-empty\"><\/i> <span>Kategoria:<\/span> <strong>SOLO<\/strong><\/p>                                    <p><i class=\"icon-flag-checkered\"><\/i> <span>Numer startowy:<\/span> <strong>45<\/strong><\/p>\n                                    <p><i class=\"icon-list-alt\"><\/i> <span>Data startu:<\/span> <strong>2021-08-21 12:00<\/strong><\/p>                                <\/div>\n                                <div class=\"commentsCount\"><i class=\"icon-comments-alt darkerColor\"><\/i> 26<\/div>\n                                <p><span class=\"more\">\u00bb more<\/span><\/p><\/div>\n                        <\/div>\n                    <\/div>\n                <\/a>\n            <\/section>\n                        <section class=\"newsItem userItem\">\n                <a href=\"https:\/\/mrdp.pl\/en\/zawodnik\/jakub-jeznach-2021\" title=\"Jakub Jeznach\">\n                    <div class=\"fastGrid\">\n                        <div>\n                            <div class=\"avatarColumn\">\n                                <div style=\"background-image: url(https:\/\/mrdp.pl\/uploads\/foto-70x70.jpg)\"><\/div>\n                            <\/div>\n                            <div>\n                                <h2 class=\"newsTitle\">Jakub Jeznach <span>Majkel<\/span><\/h2>\n                                <div class=\"info\">\n                                    <p><i class=\"icon-list-alt\"><\/i> <span>Klub:<\/span> <strong>Szko\u0142a P\u0142ywania i Treningu<\/strong><\/p>                                    <p><i class=\"icon-globe\"><\/i> <span>Miejscowo\u015b\u0107:<\/span> <strong>Wo\u0142omin<\/strong><\/p>                                    <p><i class=\"icon-star-half-empty\"><\/i> <span>Kategoria:<\/span> <strong>SOLO<\/strong><\/p>                                    <p><i class=\"icon-flag-checkered\"><\/i> <span>Numer startowy:<\/span> <strong>46<\/strong><\/p>\n                                    <p><i class=\"icon-list-alt\"><\/i> <span>Data startu:<\/span> <strong>2021-08-21 12:00<\/strong><\/p>                                <\/div>\n                                <div class=\"commentsCount\"><i class=\"icon-comments-alt darkerColor\"><\/i> 51<\/div>\n                                <p><span class=\"more\">\u00bb more<\/span><\/p><\/div>\n                        <\/div>\n                    <\/div>\n                <\/a>\n            <\/section>\n                        <section class=\"newsItem userItem\">\n                <a href=\"https:\/\/mrdp.pl\/en\/zawodnik\/wojciech-sakowicz\" title=\"Wojciech Sakowicz\">\n                    <div class=\"fastGrid\">\n                        <div>\n                            <div class=\"avatarColumn\">\n                                <div style=\"background-image: url(https:\/\/mrdp.pl\/uploads\/wojciech-sakowicz-57x70.jpg)\"><\/div>\n                            <\/div>\n                            <div>\n                                <h2 class=\"newsTitle\">Wojciech Sakowicz <span><\/span><\/h2>\n                                <div class=\"info\">\n                                    <p><i class=\"icon-list-alt\"><\/i> <span>Klub:<\/span> <strong>UBpB Team<\/strong><\/p>                                    <p><i class=\"icon-globe\"><\/i> <span>Miejscowo\u015b\u0107:<\/span> <strong>Gda\u0144sk<\/strong><\/p>                                    <p><i class=\"icon-star-half-empty\"><\/i> <span>Kategoria:<\/span> <strong>SOLO<\/strong><\/p>                                    <p><i class=\"icon-flag-checkered\"><\/i> <span>Numer startowy:<\/span> <strong>47<\/strong><\/p>\n                                                                    <\/div>\n                                <div class=\"commentsCount\"><i class=\"icon-comments-alt darkerColor\"><\/i> 14<\/div>\n                                <p><span class=\"more\">\u00bb more<\/span><\/p><\/div>\n                        <\/div>\n                    <\/div>\n                <\/a>\n            <\/section>\n                        <section class=\"newsItem userItem\">\n                <a href=\"https:\/\/mrdp.pl\/en\/zawodnik\/radoslaw-osewski\" title=\"Rados\u0142aw Osewski\">\n                    <div class=\"fastGrid\">\n                        <div>\n                            <div class=\"avatarColumn\">\n                                <div style=\"background-image: url(https:\/\/mrdp.pl\/uploads\/radek-osewski-56x70.jpg)\"><\/div>\n                            <\/div>\n                            <div>\n                                <h2 class=\"newsTitle\">Rados\u0142aw Osewski <span>ma\u0142y<\/span><\/h2>\n                                <div class=\"info\">\n                                    <p><i class=\"icon-list-alt\"><\/i> <span>Klub:<\/span> <strong>Zawalna Team<\/strong><\/p>                                    <p><i class=\"icon-globe\"><\/i> <span>Miejscowo\u015b\u0107:<\/span> <strong>Wroc\u0142aw<\/strong><\/p>                                    <p><i class=\"icon-star-half-empty\"><\/i> <span>Kategoria:<\/span> <strong>SOLO<\/strong><\/p>                                    <p><i class=\"icon-flag-checkered\"><\/i> <span>Numer startowy:<\/span> <strong>48<\/strong><\/p>\n                                    <p><i class=\"icon-list-alt\"><\/i> <span>Data startu:<\/span> <strong>2021-08-21 12:00<\/strong><\/p>                                <\/div>\n                                <div class=\"commentsCount\"><i class=\"icon-comments-alt darkerColor\"><\/i> 20<\/div>\n                                <p><span class=\"more\">\u00bb more<\/span><\/p><\/div>\n                        <\/div>\n                    <\/div>\n                <\/a>\n            <\/section>\n                        <section class=\"newsItem userItem\">\n                <a href=\"https:\/\/mrdp.pl\/en\/zawodnik\/tomasz-zakolski\" title=\"Tomasz Zakolski\">\n                    <div class=\"fastGrid\">\n                        <div>\n                            <div class=\"avatarColumn\">\n                                <div style=\"background-image: url(https:\/\/mrdp.pl\/uploads\/avatar-MRDP-70x67.jpg)\"><\/div>\n                            <\/div>\n                            <div>\n                                <h2 class=\"newsTitle\">Tomasz Zakolski <span><\/span><\/h2>\n                                <div class=\"info\">\n                                                                        <p><i class=\"icon-globe\"><\/i> <span>Miejscowo\u015b\u0107:<\/span> <strong>Gdynia<\/strong><\/p>                                    <p><i class=\"icon-star-half-empty\"><\/i> <span>Kategoria:<\/span> <strong>OPEN<\/strong><\/p>                                    <p><i class=\"icon-flag-checkered\"><\/i> <span>Numer startowy:<\/span> <strong>49<\/strong><\/p>\n                                    <p><i class=\"icon-list-alt\"><\/i> <span>Data startu:<\/span> <strong>2021-08-21 12:00<\/strong><\/p>                                <\/div>\n                                <div class=\"commentsCount\"><i class=\"icon-comments-alt darkerColor\"><\/i> 7<\/div>\n                                <p><span class=\"more\">\u00bb more<\/span><\/p><\/div>\n                        <\/div>\n                    <\/div>\n                <\/a>\n            <\/section>\n                        <section class=\"newsItem userItem\">\n                <a href=\"https:\/\/mrdp.pl\/en\/zawodnik\/szymon-jopek-2021\" title=\"Szymon Jopek\">\n                    <div class=\"fastGrid\">\n                        <div>\n                            <div class=\"avatarColumn\">\n                                <div style=\"background-image: url(https:\/\/mrdp.pl\/en\/wp-content\/themes\/mrdp\/img\/empty.png)\"><\/div>\n                            <\/div>\n                            <div>\n                                <h2 class=\"newsTitle\">Szymon Jopek <span><\/span><\/h2>\n                                <div class=\"info\">\n                                                                        <p><i class=\"icon-globe\"><\/i> <span>Miejscowo\u015b\u0107:<\/span> <strong>Przygodzice<\/strong><\/p>                                    <p><i class=\"icon-star-half-empty\"><\/i> <span>Kategoria:<\/span> <strong>SOLO<\/strong><\/p>                                    <p><i class=\"icon-flag-checkered\"><\/i> <span>Numer startowy:<\/span> <strong>50<\/strong><\/p>\n                                    <p><i class=\"icon-list-alt\"><\/i> <span>Data startu:<\/span> <strong>2021-08-21 12:00<\/strong><\/p>                                <\/div>\n                                <div class=\"commentsCount\"><i class=\"icon-comments-alt darkerColor\"><\/i> 16<\/div>\n                                <p><span class=\"more\">\u00bb more<\/span><\/p><\/div>\n                        <\/div>\n                    <\/div>\n                <\/a>\n            <\/section>\n                        <section class=\"newsItem userItem\">\n                <a href=\"https:\/\/mrdp.pl\/en\/zawodnik\/marcin-siniarski-2021\" title=\"Marcin Siniarski\">\n                    <div class=\"fastGrid\">\n                        <div>\n                            <div class=\"avatarColumn\">\n                                <div style=\"background-image: url(https:\/\/mrdp.pl\/uploads\/marcin-siniarski-70x70.jpg)\"><\/div>\n                            <\/div>\n                            <div>\n                                <h2 class=\"newsTitle\">Marcin Siniarski <span>MSI<\/span><\/h2>\n                                <div class=\"info\">\n                                                                        <p><i class=\"icon-globe\"><\/i> <span>Miejscowo\u015b\u0107:<\/span> <strong>Warszawa<\/strong><\/p>                                    <p><i class=\"icon-star-half-empty\"><\/i> <span>Kategoria:<\/span> <strong>SOLO<\/strong><\/p>                                    <p><i class=\"icon-flag-checkered\"><\/i> <span>Numer startowy:<\/span> <strong>51<\/strong><\/p>\n                                    <p><i class=\"icon-list-alt\"><\/i> <span>Data startu:<\/span> <strong>2021-08-21 12:00<\/strong><\/p>                                <\/div>\n                                <div class=\"commentsCount\"><i class=\"icon-comments-alt darkerColor\"><\/i> 38<\/div>\n                                <p><span class=\"more\">\u00bb more<\/span><\/p><\/div>\n                        <\/div>\n                    <\/div>\n                <\/a>\n            <\/section>\n                        <section class=\"newsItem userItem\">\n                <a href=\"https:\/\/mrdp.pl\/en\/zawodnik\/maciej-blimel-2021\" title=\"Maciej Blimel\">\n                    <div class=\"fastGrid\">\n                        <div>\n                            <div class=\"avatarColumn\">\n                                <div style=\"background-image: url(https:\/\/mrdp.pl\/uploads\/Suchy-57x70.jpeg)\"><\/div>\n                            <\/div>\n                            <div>\n                                <h2 class=\"newsTitle\">Maciej Blimel <span>Suchy<\/span><\/h2>\n                                <div class=\"info\">\n                                                                        <p><i class=\"icon-globe\"><\/i> <span>Miejscowo\u015b\u0107:<\/span> <strong>\u0141\u00f3d\u017a<\/strong><\/p>                                    <p><i class=\"icon-star-half-empty\"><\/i> <span>Kategoria:<\/span> <strong>OPEN<\/strong><\/p>                                    <p><i class=\"icon-flag-checkered\"><\/i> <span>Numer startowy:<\/span> <strong>210<\/strong><\/p>\n                                    <p><i class=\"icon-list-alt\"><\/i> <span>Data startu:<\/span> <strong>2021-08-21 12:00<\/strong><\/p>                                <\/div>\n                                <div class=\"commentsCount\"><i class=\"icon-comments-alt darkerColor\"><\/i> 26<\/div>\n                                <p><span class=\"more\">\u00bb more<\/span><\/p><\/div>\n                        <\/div>\n                    <\/div>\n                <\/a>\n            <\/section>\n                        <section class=\"newsItem userItem\">\n                <a href=\"https:\/\/mrdp.pl\/en\/zawodnik\/wojciech-luszcz-2021\" title=\"Wojciech \u0141uszcz\">\n                    <div class=\"fastGrid\">\n                        <div>\n                            <div class=\"avatarColumn\">\n                                <div style=\"background-image: url(https:\/\/mrdp.pl\/uploads\/MPP-14-IX-20r-70x70.jpg)\"><\/div>\n                            <\/div>\n                            <div>\n                                <h2 class=\"newsTitle\">Wojciech \u0141uszcz <span>w\u0142\u00f3czykij<\/span><\/h2>\n                                <div class=\"info\">\n                                    <p><i class=\"icon-list-alt\"><\/i> <span>Klub:<\/span> <strong>Rowerowe Ludki<\/strong><\/p>                                    <p><i class=\"icon-globe\"><\/i> <span>Miejscowo\u015b\u0107:<\/span> <strong>Legionowo<\/strong><\/p>                                    <p><i class=\"icon-star-half-empty\"><\/i> <span>Kategoria:<\/span> <strong>OPEN<\/strong><\/p>                                    <p><i class=\"icon-flag-checkered\"><\/i> <span>Numer startowy:<\/span> <strong>211<\/strong><\/p>\n                                    <p><i class=\"icon-list-alt\"><\/i> <span>Data startu:<\/span> <strong>2021-08-21 12:00<\/strong><\/p>                                <\/div>\n                                <div class=\"commentsCount\"><i class=\"icon-comments-alt darkerColor\"><\/i> 43<\/div>\n                                <p><span class=\"more\">\u00bb more<\/span><\/p><\/div>\n                        <\/div>\n                    <\/div>\n                <\/a>\n            <\/section>\n                        <section class=\"newsItem userItem\">\n                <a href=\"https:\/\/mrdp.pl\/en\/zawodnik\/piotr-baranowski\" title=\"Piotr Baranowski\">\n                    <div class=\"fastGrid\">\n                        <div>\n                            <div class=\"avatarColumn\">\n                                <div style=\"background-image: url(https:\/\/mrdp.pl\/uploads\/Untitled-54x70.jpg)\"><\/div>\n                            <\/div>\n                            <div>\n                                <h2 class=\"newsTitle\">Piotr Baranowski <span>pjoter<\/span><\/h2>\n                                <div class=\"info\">\n                                                                        <p><i class=\"icon-globe\"><\/i> <span>Miejscowo\u015b\u0107:<\/span> <strong>Rybnik<\/strong><\/p>                                    <p><i class=\"icon-star-half-empty\"><\/i> <span>Kategoria:<\/span> <strong>OPEN<\/strong><\/p>                                    <p><i class=\"icon-flag-checkered\"><\/i> <span>Numer startowy:<\/span> <strong>212<\/strong><\/p>\n                                    <p><i class=\"icon-list-alt\"><\/i> <span>Data startu:<\/span> <strong>2021-08-21 12:00<\/strong><\/p>                                <\/div>\n                                <div class=\"commentsCount\"><i class=\"icon-comments-alt darkerColor\"><\/i> 40<\/div>\n                                <p><span class=\"more\">\u00bb more<\/span><\/p><\/div>\n                        <\/div>\n                    <\/div>\n                <\/a>\n            <\/section>\n                        <section class=\"newsItem userItem\">\n                <a href=\"https:\/\/mrdp.pl\/en\/zawodnik\/krzysztof-kaluzny\" title=\"Krzysztof Ka\u0142u\u017cny\">\n                    <div class=\"fastGrid\">\n                        <div>\n                            <div class=\"avatarColumn\">\n                                <div style=\"background-image: url(https:\/\/mrdp.pl\/uploads\/125536957_3857852590958197_727345775191773181_n-53x70.jpg)\"><\/div>\n                            <\/div>\n                            <div>\n                                <h2 class=\"newsTitle\">Krzysztof Ka\u0142u\u017cny <span><\/span><\/h2>\n                                <div class=\"info\">\n                                    <p><i class=\"icon-list-alt\"><\/i> <span>Klub:<\/span> <strong>Matchpro<\/strong><\/p>                                    <p><i class=\"icon-globe\"><\/i> <span>Miejscowo\u015b\u0107:<\/span> <strong>Pleszew<\/strong><\/p>                                    <p><i class=\"icon-star-half-empty\"><\/i> <span>Kategoria:<\/span> <strong>OPEN<\/strong><\/p>                                    <p><i class=\"icon-flag-checkered\"><\/i> <span>Numer startowy:<\/span> <strong>213<\/strong><\/p>\n                                    <p><i class=\"icon-list-alt\"><\/i> <span>Data startu:<\/span> <strong>2021-08-21 12:00<\/strong><\/p>                                <\/div>\n                                <div class=\"commentsCount\"><i class=\"icon-comments-alt darkerColor\"><\/i> 5<\/div>\n                                <p><span class=\"more\">\u00bb more<\/span><\/p><\/div>\n                        <\/div>\n                    <\/div>\n                <\/a>\n            <\/section>\n                        <section class=\"newsItem userItem\">\n                <a href=\"https:\/\/mrdp.pl\/en\/zawodnik\/lukasz-hedko-2021\" title=\"\u0141ukasz Hedko\">\n                    <div class=\"fastGrid\">\n                        <div>\n                            <div class=\"avatarColumn\">\n                                <div style=\"background-image: url(https:\/\/mrdp.pl\/uploads\/Lysy-70x70.jpg)\"><\/div>\n                            <\/div>\n                            <div>\n                                <h2 class=\"newsTitle\">\u0141ukasz Hedko <span><\/span><\/h2>\n                                <div class=\"info\">\n                                                                        <p><i class=\"icon-globe\"><\/i> <span>Miejscowo\u015b\u0107:<\/span> <strong>Siedlec<\/strong><\/p>                                    <p><i class=\"icon-star-half-empty\"><\/i> <span>Kategoria:<\/span> <strong>OPEN<\/strong><\/p>                                    <p><i class=\"icon-flag-checkered\"><\/i> <span>Numer startowy:<\/span> <strong>214<\/strong><\/p>\n                                    <p><i class=\"icon-list-alt\"><\/i> <span>Data startu:<\/span> <strong>2021-08-21 12:00<\/strong><\/p>                                <\/div>\n                                <div class=\"commentsCount\"><i class=\"icon-comments-alt darkerColor\"><\/i> 36<\/div>\n                                <p><span class=\"more\">\u00bb more<\/span><\/p><\/div>\n                        <\/div>\n                    <\/div>\n                <\/a>\n            <\/section>\n                        <section class=\"newsItem userItem\">\n                <a href=\"https:\/\/mrdp.pl\/en\/zawodnik\/andrzej-sulej-2021\" title=\"Andrzej Sulej\">\n                    <div class=\"fastGrid\">\n                        <div>\n                            <div class=\"avatarColumn\">\n                                <div style=\"background-image: url(https:\/\/mrdp.pl\/uploads\/andrzej-sulej-70x70.jpg)\"><\/div>\n                            <\/div>\n                            <div>\n                                <h2 class=\"newsTitle\">Andrzej Sulej <span>-<\/span><\/h2>\n                                <div class=\"info\">\n                                    <p><i class=\"icon-list-alt\"><\/i> <span>Klub:<\/span> <strong>-<\/strong><\/p>                                    <p><i class=\"icon-globe\"><\/i> <span>Miejscowo\u015b\u0107:<\/span> <strong>Katowice<\/strong><\/p>                                    <p><i class=\"icon-star-half-empty\"><\/i> <span>Kategoria:<\/span> <strong>OPEN<\/strong><\/p>                                    <p><i class=\"icon-flag-checkered\"><\/i> <span>Numer startowy:<\/span> <strong>215<\/strong><\/p>\n                                    <p><i class=\"icon-list-alt\"><\/i> <span>Data startu:<\/span> <strong>2021-08-21 12:00<\/strong><\/p>                                <\/div>\n                                <div class=\"commentsCount\"><i class=\"icon-comments-alt darkerColor\"><\/i> 6<\/div>\n                                <p><span class=\"more\">\u00bb more<\/span><\/p><\/div>\n                        <\/div>\n                    <\/div>\n                <\/a>\n            <\/section>\n                        <section class=\"newsItem userItem\">\n                <a href=\"https:\/\/mrdp.pl\/en\/zawodnik\/rafal-trawa\" title=\"Rafa\u0142 Trawa\">\n                    <div class=\"fastGrid\">\n                        <div>\n                            <div class=\"avatarColumn\">\n                                <div style=\"background-image: url(https:\/\/mrdp.pl\/uploads\/rafal-trawa-70x70.jpg)\"><\/div>\n                            <\/div>\n                            <div>\n                                <h2 class=\"newsTitle\">Rafa\u0142 Trawa <span><\/span><\/h2>\n                                <div class=\"info\">\n                                    <p><i class=\"icon-list-alt\"><\/i> <span>Klub:<\/span> <strong>BMP Team<\/strong><\/p>                                    <p><i class=\"icon-globe\"><\/i> <span>Miejscowo\u015b\u0107:<\/span> <strong>Czmo\u0144<\/strong><\/p>                                    <p><i class=\"icon-star-half-empty\"><\/i> <span>Kategoria:<\/span> <strong>OPEN<\/strong><\/p>                                    <p><i class=\"icon-flag-checkered\"><\/i> <span>Numer startowy:<\/span> <strong>216<\/strong><\/p>\n                                    <p><i class=\"icon-list-alt\"><\/i> <span>Data startu:<\/span> <strong>2021-08-21 12:00<\/strong><\/p>                                <\/div>\n                                <div class=\"commentsCount\"><i class=\"icon-comments-alt darkerColor\"><\/i> 24<\/div>\n                                <p><span class=\"more\">\u00bb more<\/span><\/p><\/div>\n                        <\/div>\n                    <\/div>\n                <\/a>\n            <\/section>\n                        <section class=\"newsItem userItem\">\n                <a href=\"https:\/\/mrdp.pl\/en\/zawodnik\/jakub-gierlik-2021\" title=\"Jakub Gierlik\">\n                    <div class=\"fastGrid\">\n                        <div>\n                            <div class=\"avatarColumn\">\n                                <div style=\"background-image: url(https:\/\/mrdp.pl\/uploads\/Jakub-Gierlik-70x63.jpg)\"><\/div>\n                            <\/div>\n                            <div>\n                                <h2 class=\"newsTitle\">Jakub Gierlik <span>Pankolarz<\/span><\/h2>\n                                <div class=\"info\">\n                                    <p><i class=\"icon-list-alt\"><\/i> <span>Klub:<\/span> <strong>Roadbike Team<\/strong><\/p>                                    <p><i class=\"icon-globe\"><\/i> <span>Miejscowo\u015b\u0107:<\/span> <strong>Miejska G\u00f3rka<\/strong><\/p>                                    <p><i class=\"icon-star-half-empty\"><\/i> <span>Kategoria:<\/span> <strong>OPEN<\/strong><\/p>                                    <p><i class=\"icon-flag-checkered\"><\/i> <span>Numer startowy:<\/span> <strong>217<\/strong><\/p>\n                                    <p><i class=\"icon-list-alt\"><\/i> <span>Data startu:<\/span> <strong>2021-08-21 12:00<\/strong><\/p>                                <\/div>\n                                <div class=\"commentsCount\"><i class=\"icon-comments-alt darkerColor\"><\/i> 34<\/div>\n                                <p><span class=\"more\">\u00bb more<\/span><\/p><\/div>\n                        <\/div>\n                    <\/div>\n                <\/a>\n            <\/section>\n                        <section class=\"newsItem userItem\">\n                <a href=\"https:\/\/mrdp.pl\/en\/zawodnik\/romuald-wujtko\" title=\"Romuald Wujtko\">\n                    <div class=\"fastGrid\">\n                        <div>\n                            <div class=\"avatarColumn\">\n                                <div style=\"background-image: url(https:\/\/mrdp.pl\/uploads\/romuald-wujtko-53x70.jpg)\"><\/div>\n                            <\/div>\n                            <div>\n                                <h2 class=\"newsTitle\">Romuald Wujtko <span>Romeo <\/span><\/h2>\n                                <div class=\"info\">\n                                    <p><i class=\"icon-list-alt\"><\/i> <span>Klub:<\/span> <strong>GRYFUS Szczecin <\/strong><\/p>                                    <p><i class=\"icon-globe\"><\/i> <span>Miejscowo\u015b\u0107:<\/span> <strong>Berlin<\/strong><\/p>                                    <p><i class=\"icon-star-half-empty\"><\/i> <span>Kategoria:<\/span> <strong>OPEN<\/strong><\/p>                                    <p><i class=\"icon-flag-checkered\"><\/i> <span>Numer startowy:<\/span> <strong>219<\/strong><\/p>\n                                    <p><i class=\"icon-list-alt\"><\/i> <span>Data startu:<\/span> <strong>2021-08-21 12:00<\/strong><\/p>                                <\/div>\n                                <div class=\"commentsCount\"><i class=\"icon-comments-alt darkerColor\"><\/i> 32<\/div>\n                                <p><span class=\"more\">\u00bb more<\/span><\/p><\/div>\n                        <\/div>\n                    <\/div>\n                <\/a>\n            <\/section>\n                        <section class=\"newsItem userItem\">\n                <a href=\"https:\/\/mrdp.pl\/en\/zawodnik\/ireneusz-nowak-2021\" title=\"Ireneusz Nowak\">\n                    <div class=\"fastGrid\">\n                        <div>\n                            <div class=\"avatarColumn\">\n                                <div style=\"background-image: url(https:\/\/mrdp.pl\/en\/wp-content\/themes\/mrdp\/img\/empty.png)\"><\/div>\n                            <\/div>\n                            <div>\n                                <h2 class=\"newsTitle\">Ireneusz Nowak <span>Iras<\/span><\/h2>\n                                <div class=\"info\">\n                                    <p><i class=\"icon-list-alt\"><\/i> <span>Klub:<\/span> <strong>UltraCyrkle<\/strong><\/p>                                    <p><i class=\"icon-globe\"><\/i> <span>Miejscowo\u015b\u0107:<\/span> <strong>Pruszk\u00f3w<\/strong><\/p>                                    <p><i class=\"icon-star-half-empty\"><\/i> <span>Kategoria:<\/span> <strong>OPEN<\/strong><\/p>                                    <p><i class=\"icon-flag-checkered\"><\/i> <span>Numer startowy:<\/span> <strong>220<\/strong><\/p>\n                                    <p><i class=\"icon-list-alt\"><\/i> <span>Data startu:<\/span> <strong>2021-08-21 12:00<\/strong><\/p>                                <\/div>\n                                <div class=\"commentsCount\"><i class=\"icon-comments-alt darkerColor\"><\/i> 6<\/div>\n                                <p><span class=\"more\">\u00bb more<\/span><\/p><\/div>\n                        <\/div>\n                    <\/div>\n                <\/a>\n            <\/section>\n                        <section class=\"newsItem userItem\">\n                <a href=\"https:\/\/mrdp.pl\/en\/zawodnik\/andrzej-skwarecki-2021\" title=\"Andrzej Skwarecki\">\n                    <div class=\"fastGrid\">\n                        <div>\n                            <div class=\"avatarColumn\">\n                                <div style=\"background-image: url(https:\/\/mrdp.pl\/uploads\/andrzej-skwarecki-48x70.jpg)\"><\/div>\n                            <\/div>\n                            <div>\n                                <h2 class=\"newsTitle\">Andrzej Skwarecki <span><\/span><\/h2>\n                                <div class=\"info\">\n                                    <p><i class=\"icon-list-alt\"><\/i> <span>Klub:<\/span> <strong>PROsiaki team<\/strong><\/p>                                    <p><i class=\"icon-globe\"><\/i> <span>Miejscowo\u015b\u0107:<\/span> <strong>Jaworowa<\/strong><\/p>                                    <p><i class=\"icon-star-half-empty\"><\/i> <span>Kategoria:<\/span> <strong>OPEN<\/strong><\/p>                                    <p><i class=\"icon-flag-checkered\"><\/i> <span>Numer startowy:<\/span> <strong>221<\/strong><\/p>\n                                    <p><i class=\"icon-list-alt\"><\/i> <span>Data startu:<\/span> <strong>2021-08-21 12:00<\/strong><\/p>                                <\/div>\n                                <div class=\"commentsCount\"><i class=\"icon-comments-alt darkerColor\"><\/i> 62<\/div>\n                                <p><span class=\"more\">\u00bb more<\/span><\/p><\/div>\n                        <\/div>\n                    <\/div>\n                <\/a>\n            <\/section>\n                        <section class=\"newsItem userItem\">\n                <a href=\"https:\/\/mrdp.pl\/en\/zawodnik\/mariusz-filipek-2021\" title=\"Mariusz Filipek\">\n                    <div class=\"fastGrid\">\n                        <div>\n                            <div class=\"avatarColumn\">\n                                <div style=\"background-image: url(https:\/\/mrdp.pl\/uploads\/IMG_20201108_145243-70x53.jpg)\"><\/div>\n                            <\/div>\n                            <div>\n                                <h2 class=\"newsTitle\">Mariusz Filipek <span>Mario<\/span><\/h2>\n                                <div class=\"info\">\n                                    <p><i class=\"icon-list-alt\"><\/i> <span>Klub:<\/span> <strong>BikeRoom Team<\/strong><\/p>                                    <p><i class=\"icon-globe\"><\/i> <span>Miejscowo\u015b\u0107:<\/span> <strong>Niedrzwica Du\u017ca<\/strong><\/p>                                    <p><i class=\"icon-star-half-empty\"><\/i> <span>Kategoria:<\/span> <strong>OPEN<\/strong><\/p>                                    <p><i class=\"icon-flag-checkered\"><\/i> <span>Numer startowy:<\/span> <strong>222<\/strong><\/p>\n                                    <p><i class=\"icon-list-alt\"><\/i> <span>Data startu:<\/span> <strong>2021-08-21 12:00<\/strong><\/p>                                <\/div>\n                                <div class=\"commentsCount\"><i class=\"icon-comments-alt darkerColor\"><\/i> 6<\/div>\n                                <p><span class=\"more\">\u00bb more<\/span><\/p><\/div>\n                        <\/div>\n                    <\/div>\n                <\/a>\n            <\/section>\n                        <section class=\"newsItem userItem\">\n                <a href=\"https:\/\/mrdp.pl\/en\/zawodnik\/wojtek-j-gubala-2021\" title=\"Wojtek J. Guba\u0142a\">\n                    <div class=\"fastGrid\">\n                        <div>\n                            <div class=\"avatarColumn\">\n                                <div style=\"background-image: url(https:\/\/mrdp.pl\/uploads\/Wojtek-Gubala-70x46.jpg)\"><\/div>\n                            <\/div>\n                            <div>\n                                <h2 class=\"newsTitle\">Wojtek J. Guba\u0142a <span><\/span><\/h2>\n                                <div class=\"info\">\n                                    <p><i class=\"icon-list-alt\"><\/i> <span>Klub:<\/span> <strong>Grupetto Ostre Ko\u0142o Gorlice<\/strong><\/p>                                    <p><i class=\"icon-globe\"><\/i> <span>Miejscowo\u015b\u0107:<\/span> <strong>Gorlice<\/strong><\/p>                                    <p><i class=\"icon-star-half-empty\"><\/i> <span>Kategoria:<\/span> <strong>OPEN<\/strong><\/p>                                    <p><i class=\"icon-flag-checkered\"><\/i> <span>Numer startowy:<\/span> <strong>223<\/strong><\/p>\n                                    <p><i class=\"icon-list-alt\"><\/i> <span>Data startu:<\/span> <strong>2021-08-21 12:00<\/strong><\/p>                                <\/div>\n                                <div class=\"commentsCount\"><i class=\"icon-comments-alt darkerColor\"><\/i> 7<\/div>\n                                <p><span class=\"more\">\u00bb more<\/span><\/p><\/div>\n                        <\/div>\n                    <\/div>\n                <\/a>\n            <\/section>\n                        <section class=\"newsItem userItem\">\n                <a href=\"https:\/\/mrdp.pl\/en\/zawodnik\/artur-furmanski-2021\" title=\"Artur Furma\u0144ski\">\n                    <div class=\"fastGrid\">\n                        <div>\n                            <div class=\"avatarColumn\">\n                                <div style=\"background-image: url(https:\/\/mrdp.pl\/uploads\/FB_IMG_1538562056082-56x70.jpg)\"><\/div>\n                            <\/div>\n                            <div>\n                                <h2 class=\"newsTitle\">Artur Furma\u0144ski <span>OJCIEC<\/span><\/h2>\n                                <div class=\"info\">\n                                    <p><i class=\"icon-list-alt\"><\/i> <span>Klub:<\/span> <strong>RodzinaNaMedal<\/strong><\/p>                                    <p><i class=\"icon-globe\"><\/i> <span>Miejscowo\u015b\u0107:<\/span> <strong>Tarn\u00f3w<\/strong><\/p>                                    <p><i class=\"icon-star-half-empty\"><\/i> <span>Kategoria:<\/span> <strong>OPEN<\/strong><\/p>                                    <p><i class=\"icon-flag-checkered\"><\/i> <span>Numer startowy:<\/span> <strong>224<\/strong><\/p>\n                                    <p><i class=\"icon-list-alt\"><\/i> <span>Data startu:<\/span> <strong>2021-08-21 12:00<\/strong><\/p>                                <\/div>\n                                <div class=\"commentsCount\"><i class=\"icon-comments-alt darkerColor\"><\/i> 32<\/div>\n                                <p><span class=\"more\">\u00bb more<\/span><\/p><\/div>\n                        <\/div>\n                    <\/div>\n                <\/a>\n            <\/section>\n                        <section class=\"newsItem userItem\">\n                <a href=\"https:\/\/mrdp.pl\/en\/zawodnik\/tomasz-wyciszczak-2021\" title=\"Tomasz Wyciszczak\">\n                    <div class=\"fastGrid\">\n                        <div>\n                            <div class=\"avatarColumn\">\n                                <div style=\"background-image: url(https:\/\/mrdp.pl\/uploads\/wycior-70x70.jpg)\"><\/div>\n                            <\/div>\n                            <div>\n                                <h2 class=\"newsTitle\">Tomasz Wyciszczak <span>wycior<\/span><\/h2>\n                                <div class=\"info\">\n                                                                        <p><i class=\"icon-globe\"><\/i> <span>Miejscowo\u015b\u0107:<\/span> <strong>Boruszowice<\/strong><\/p>                                    <p><i class=\"icon-star-half-empty\"><\/i> <span>Kategoria:<\/span> <strong>OPEN<\/strong><\/p>                                    <p><i class=\"icon-flag-checkered\"><\/i> <span>Numer startowy:<\/span> <strong>225<\/strong><\/p>\n                                    <p><i class=\"icon-list-alt\"><\/i> <span>Data startu:<\/span> <strong>2021-08-21 12:00<\/strong><\/p>                                <\/div>\n                                <div class=\"commentsCount\"><i class=\"icon-comments-alt darkerColor\"><\/i> 32<\/div>\n                                <p><span class=\"more\">\u00bb more<\/span><\/p><\/div>\n                        <\/div>\n                    <\/div>\n                <\/a>\n            <\/section>\n                        <section class=\"newsItem userItem\">\n                <a href=\"https:\/\/mrdp.pl\/en\/zawodnik\/witold-biernacki-2021\" title=\"Witold Biernacki\">\n                    <div class=\"fastGrid\">\n                        <div>\n                            <div class=\"avatarColumn\">\n                                <div style=\"background-image: url(https:\/\/mrdp.pl\/uploads\/1597149_498227863613522_3884790772416134816_o-70x46.jpg)\"><\/div>\n                            <\/div>\n                            <div>\n                                <h2 class=\"newsTitle\">Witold Biernacki <span><\/span><\/h2>\n                                <div class=\"info\">\n                                                                        <p><i class=\"icon-globe\"><\/i> <span>Miejscowo\u015b\u0107:<\/span> <strong>Gosty\u0144<\/strong><\/p>                                    <p><i class=\"icon-star-half-empty\"><\/i> <span>Kategoria:<\/span> <strong>OPEN<\/strong><\/p>                                    <p><i class=\"icon-flag-checkered\"><\/i> <span>Numer startowy:<\/span> <strong>226<\/strong><\/p>\n                                    <p><i class=\"icon-list-alt\"><\/i> <span>Data startu:<\/span> <strong>2021-08-21 12:00<\/strong><\/p>                                <\/div>\n                                <div class=\"commentsCount\"><i class=\"icon-comments-alt darkerColor\"><\/i> 24<\/div>\n                                <p><span class=\"more\">\u00bb more<\/span><\/p><\/div>\n                        <\/div>\n                    <\/div>\n                <\/a>\n            <\/section>\n                        <section class=\"newsItem userItem\">\n                <a href=\"https:\/\/mrdp.pl\/en\/zawodnik\/klaudiusz-bek-2021\" title=\"Klaudiusz Bek\">\n                    <div class=\"fastGrid\">\n                        <div>\n                            <div class=\"avatarColumn\">\n                                <div style=\"background-image: url(https:\/\/mrdp.pl\/uploads\/AM-3-63x70.jpg)\"><\/div>\n                            <\/div>\n                            <div>\n                                <h2 class=\"newsTitle\">Klaudiusz Bek <span>klaus<\/span><\/h2>\n                                <div class=\"info\">\n                                    <p><i class=\"icon-list-alt\"><\/i> <span>Klub:<\/span> <strong>Klaudiusz Bek<\/strong><\/p>                                    <p><i class=\"icon-globe\"><\/i> <span>Miejscowo\u015b\u0107:<\/span> <strong>Izbicko<\/strong><\/p>                                    <p><i class=\"icon-star-half-empty\"><\/i> <span>Kategoria:<\/span> <strong>OPEN<\/strong><\/p>                                    <p><i class=\"icon-flag-checkered\"><\/i> <span>Numer startowy:<\/span> <strong>227<\/strong><\/p>\n                                    <p><i class=\"icon-list-alt\"><\/i> <span>Data startu:<\/span> <strong>2021-08-21 12:00<\/strong><\/p>                                <\/div>\n                                <div class=\"commentsCount\"><i class=\"icon-comments-alt darkerColor\"><\/i> 20<\/div>\n                                <p><span class=\"more\">\u00bb more<\/span><\/p><\/div>\n                        <\/div>\n                    <\/div>\n                <\/a>\n            <\/section>\n                        <section class=\"newsItem userItem\">\n                <a href=\"https:\/\/mrdp.pl\/en\/zawodnik\/tomasz-szypulski-2021\" title=\"Tomasz Szypulski\">\n                    <div class=\"fastGrid\">\n                        <div>\n                            <div class=\"avatarColumn\">\n                                <div style=\"background-image: url(https:\/\/mrdp.pl\/uploads\/tomek-szypulski-70x70.jpg)\"><\/div>\n                            <\/div>\n                            <div>\n                                <h2 class=\"newsTitle\">Tomasz Szypulski <span><\/span><\/h2>\n                                <div class=\"info\">\n                                    <p><i class=\"icon-list-alt\"><\/i> <span>Klub:<\/span> <strong>DOLATA TEAM<\/strong><\/p>                                    <p><i class=\"icon-globe\"><\/i> <span>Miejscowo\u015b\u0107:<\/span> <strong>Mi\u0144sk Mazowiecki<\/strong><\/p>                                    <p><i class=\"icon-star-half-empty\"><\/i> <span>Kategoria:<\/span> <strong>OPEN<\/strong><\/p>                                    <p><i class=\"icon-flag-checkered\"><\/i> <span>Numer startowy:<\/span> <strong>228<\/strong><\/p>\n                                    <p><i class=\"icon-list-alt\"><\/i> <span>Data startu:<\/span> <strong>2021-08-21 12:00<\/strong><\/p>                                <\/div>\n                                <div class=\"commentsCount\"><i class=\"icon-comments-alt darkerColor\"><\/i> 7<\/div>\n                                <p><span class=\"more\">\u00bb more<\/span><\/p><\/div>\n                        <\/div>\n                    <\/div>\n                <\/a>\n            <\/section>\n                        <section class=\"newsItem userItem\">\n                <a href=\"https:\/\/mrdp.pl\/en\/zawodnik\/grzegorz-lesniak\" title=\"Grzegorz Le\u015bniak\">\n                    <div class=\"fastGrid\">\n                        <div>\n                            <div class=\"avatarColumn\">\n                                <div style=\"background-image: url(https:\/\/mrdp.pl\/uploads\/IMG_4201-70x53.jpg)\"><\/div>\n                            <\/div>\n                            <div>\n                                <h2 class=\"newsTitle\">Grzegorz Le\u015bniak <span><\/span><\/h2>\n                                <div class=\"info\">\n                                    <p><i class=\"icon-list-alt\"><\/i> <span>Klub:<\/span> <strong>Lu\u017ane Pi\u0105tki<\/strong><\/p>                                    <p><i class=\"icon-globe\"><\/i> <span>Miejscowo\u015b\u0107:<\/span> <strong>Ostr\u00f3w Wielkopolski<\/strong><\/p>                                    <p><i class=\"icon-star-half-empty\"><\/i> <span>Kategoria:<\/span> <strong>OPEN<\/strong><\/p>                                    <p><i class=\"icon-flag-checkered\"><\/i> <span>Numer startowy:<\/span> <strong>229<\/strong><\/p>\n                                    <p><i class=\"icon-list-alt\"><\/i> <span>Data startu:<\/span> <strong>2021-08-21 12:00<\/strong><\/p>                                <\/div>\n                                <div class=\"commentsCount\"><i class=\"icon-comments-alt darkerColor\"><\/i> 32<\/div>\n                                <p><span class=\"more\">\u00bb more<\/span><\/p><\/div>\n                        <\/div>\n                    <\/div>\n                <\/a>\n            <\/section>\n                        <section class=\"newsItem userItem\">\n                <a href=\"https:\/\/mrdp.pl\/en\/zawodnik\/andrzej-torbicz\" title=\"Andrzej Torbicz\">\n                    <div class=\"fastGrid\">\n                        <div>\n                            <div class=\"avatarColumn\">\n                                <div style=\"background-image: url(https:\/\/mrdp.pl\/uploads\/PBP2019-45x70.png)\"><\/div>\n                            <\/div>\n                            <div>\n                                <h2 class=\"newsTitle\">Andrzej Torbicz <span>Wojtek<\/span><\/h2>\n                                <div class=\"info\">\n                                                                        <p><i class=\"icon-globe\"><\/i> <span>Miejscowo\u015b\u0107:<\/span> <strong>Lublin<\/strong><\/p>                                    <p><i class=\"icon-star-half-empty\"><\/i> <span>Kategoria:<\/span> <strong>SUPPORT<\/strong><\/p>                                    <p><i class=\"icon-flag-checkered\"><\/i> <span>Numer startowy:<\/span> <strong>230<\/strong><\/p>\n                                    <p><i class=\"icon-list-alt\"><\/i> <span>Data startu:<\/span> <strong>2021-08-21 12:00<\/strong><\/p>                                <\/div>\n                                <div class=\"commentsCount\"><i class=\"icon-comments-alt darkerColor\"><\/i> 15<\/div>\n                                <p><span class=\"more\">\u00bb more<\/span><\/p><\/div>\n                        <\/div>\n                    <\/div>\n                <\/a>\n            <\/section>\n                        <section class=\"newsItem userItem\">\n                <a href=\"https:\/\/mrdp.pl\/en\/zawodnik\/wladyslaw-pielecki-2021\" title=\"W\u0142adys\u0142aw Pielecki\">\n                    <div class=\"fastGrid\">\n                        <div>\n                            <div class=\"avatarColumn\">\n                                <div style=\"background-image: url(https:\/\/mrdp.pl\/uploads\/20210706_2038571-56x70.jpg)\"><\/div>\n                            <\/div>\n                            <div>\n                                <h2 class=\"newsTitle\">W\u0142adys\u0142aw Pielecki <span><\/span><\/h2>\n                                <div class=\"info\">\n                                                                        <p><i class=\"icon-globe\"><\/i> <span>Miejscowo\u015b\u0107:<\/span> <strong>Bia\u0142e B\u0142ota<\/strong><\/p>                                    <p><i class=\"icon-star-half-empty\"><\/i> <span>Kategoria:<\/span> <strong>OPEN<\/strong><\/p>                                    <p><i class=\"icon-flag-checkered\"><\/i> <span>Numer startowy:<\/span> <strong>231<\/strong><\/p>\n                                    <p><i class=\"icon-list-alt\"><\/i> <span>Data startu:<\/span> <strong>2021-08-21 12:00<\/strong><\/p>                                <\/div>\n                                <div class=\"commentsCount\"><i class=\"icon-comments-alt darkerColor\"><\/i> 26<\/div>\n                                <p><span class=\"more\">\u00bb more<\/span><\/p><\/div>\n                        <\/div>\n                    <\/div>\n                <\/a>\n            <\/section>\n                        <section class=\"newsItem userItem\">\n                <a href=\"https:\/\/mrdp.pl\/en\/zawodnik\/tomek-zatorski\" title=\"Tomek Zatorski\">\n                    <div class=\"fastGrid\">\n                        <div>\n                            <div class=\"avatarColumn\">\n                                <div style=\"background-image: url(https:\/\/mrdp.pl\/uploads\/tz_201904_small-1-70x64.jpg)\"><\/div>\n                            <\/div>\n                            <div>\n                                <h2 class=\"newsTitle\">Tomek Zatorski <span><\/span><\/h2>\n                                <div class=\"info\">\n                                                                        <p><i class=\"icon-globe\"><\/i> <span>Miejscowo\u015b\u0107:<\/span> <strong>Warszawa<\/strong><\/p>                                    <p><i class=\"icon-star-half-empty\"><\/i> <span>Kategoria:<\/span> <strong>OPEN<\/strong><\/p>                                    <p><i class=\"icon-flag-checkered\"><\/i> <span>Numer startowy:<\/span> <strong>232<\/strong><\/p>\n                                    <p><i class=\"icon-list-alt\"><\/i> <span>Data startu:<\/span> <strong>2021-08-21 12:00<\/strong><\/p>                                <\/div>\n                                <div class=\"commentsCount\"><i class=\"icon-comments-alt darkerColor\"><\/i> 33<\/div>\n                                <p><span class=\"more\">\u00bb more<\/span><\/p><\/div>\n                        <\/div>\n                    <\/div>\n                <\/a>\n            <\/section>\n                        <section class=\"newsItem userItem\">\n                <a href=\"https:\/\/mrdp.pl\/en\/zawodnik\/krzysztof-cecula-2021\" title=\"Krzysztof Cecu\u0142a\">\n                    <div class=\"fastGrid\">\n                        <div>\n                            <div class=\"avatarColumn\">\n                                <div style=\"background-image: url(https:\/\/mrdp.pl\/uploads\/krzysiek-cecula-70x59.jpg)\"><\/div>\n                            <\/div>\n                            <div>\n                                <h2 class=\"newsTitle\">Krzysztof Cecu\u0142a <span><\/span><\/h2>\n                                <div class=\"info\">\n                                                                        <p><i class=\"icon-globe\"><\/i> <span>Miejscowo\u015b\u0107:<\/span> <strong>Swarz\u0119dz<\/strong><\/p>                                    <p><i class=\"icon-star-half-empty\"><\/i> <span>Kategoria:<\/span> <strong>OPEN<\/strong><\/p>                                    <p><i class=\"icon-flag-checkered\"><\/i> <span>Numer startowy:<\/span> <strong>233<\/strong><\/p>\n                                    <p><i class=\"icon-list-alt\"><\/i> <span>Data startu:<\/span> <strong>2021-08-21 12:00<\/strong><\/p>                                <\/div>\n                                <div class=\"commentsCount\"><i class=\"icon-comments-alt darkerColor\"><\/i> 29<\/div>\n                                <p><span class=\"more\">\u00bb more<\/span><\/p><\/div>\n                        <\/div>\n                    <\/div>\n                <\/a>\n            <\/section>\n                        <section class=\"newsItem userItem\">\n                <a href=\"https:\/\/mrdp.pl\/en\/zawodnik\/pawel-chwala\" title=\"Pawe\u0142 Chwa\u0142a\">\n                    <div class=\"fastGrid\">\n                        <div>\n                            <div class=\"avatarColumn\">\n                                <div style=\"background-image: url(https:\/\/mrdp.pl\/uploads\/BBT-1008-profilowe-70x52.jpg)\"><\/div>\n                            <\/div>\n                            <div>\n                                <h2 class=\"newsTitle\">Pawe\u0142 Chwa\u0142a <span><\/span><\/h2>\n                                <div class=\"info\">\n                                    <p><i class=\"icon-list-alt\"><\/i> <span>Klub:<\/span> <strong>KS Aquila Peleton Wadowice<\/strong><\/p>                                    <p><i class=\"icon-globe\"><\/i> <span>Miejscowo\u015b\u0107:<\/span> <strong>Barwa\u0142d Dolny<\/strong><\/p>                                    <p><i class=\"icon-star-half-empty\"><\/i> <span>Kategoria:<\/span> <strong>OPEN<\/strong><\/p>                                    <p><i class=\"icon-flag-checkered\"><\/i> <span>Numer startowy:<\/span> <strong>234<\/strong><\/p>\n                                    <p><i class=\"icon-list-alt\"><\/i> <span>Data startu:<\/span> <strong>2021-08-21 12:00<\/strong><\/p>                                <\/div>\n                                <div class=\"commentsCount\"><i class=\"icon-comments-alt darkerColor\"><\/i> 47<\/div>\n                                <p><span class=\"more\">\u00bb more<\/span><\/p><\/div>\n                        <\/div>\n                    <\/div>\n                <\/a>\n            <\/section>\n                        <section class=\"newsItem userItem\">\n                <a href=\"https:\/\/mrdp.pl\/en\/zawodnik\/kamil-chwistecki-2021\" title=\"Kamil Chwistecki\">\n                    <div class=\"fastGrid\">\n                        <div>\n                            <div class=\"avatarColumn\">\n                                <div style=\"background-image: url(https:\/\/mrdp.pl\/uploads\/IMG-20210818-WA0003-53x70.jpg)\"><\/div>\n                            <\/div>\n                            <div>\n                                <h2 class=\"newsTitle\">Kamil Chwistecki <span><\/span><\/h2>\n                                <div class=\"info\">\n                                                                        <p><i class=\"icon-globe\"><\/i> <span>Miejscowo\u015b\u0107:<\/span> <strong>\u015awinouj\u015bcie<\/strong><\/p>                                    <p><i class=\"icon-star-half-empty\"><\/i> <span>Kategoria:<\/span> <strong>OPEN<\/strong><\/p>                                    <p><i class=\"icon-flag-checkered\"><\/i> <span>Numer startowy:<\/span> <strong>235<\/strong><\/p>\n                                    <p><i class=\"icon-list-alt\"><\/i> <span>Data startu:<\/span> <strong>2021-08-21 12:00<\/strong><\/p>                                <\/div>\n                                <div class=\"commentsCount\"><i class=\"icon-comments-alt darkerColor\"><\/i> 12<\/div>\n                                <p><span class=\"more\">\u00bb more<\/span><\/p><\/div>\n                        <\/div>\n                    <\/div>\n                <\/a>\n            <\/section>\n                        <section class=\"newsItem userItem\">\n                <a href=\"https:\/\/mrdp.pl\/en\/zawodnik\/edward-radzikowski\" title=\"Edward Radzikowski\">\n                    <div class=\"fastGrid\">\n                        <div>\n                            <div class=\"avatarColumn\">\n                                <div style=\"background-image: url(https:\/\/mrdp.pl\/uploads\/BBT2020-MRDP-70x70.jpg)\"><\/div>\n                            <\/div>\n                            <div>\n                                <h2 class=\"newsTitle\">Edward Radzikowski <span>EDI<\/span><\/h2>\n                                <div class=\"info\">\n                                                                        <p><i class=\"icon-globe\"><\/i> <span>Miejscowo\u015b\u0107:<\/span> <strong>K\u0119b\u0142owo<\/strong><\/p>                                    <p><i class=\"icon-star-half-empty\"><\/i> <span>Kategoria:<\/span> <strong>SUPPORT<\/strong><\/p>                                    <p><i class=\"icon-flag-checkered\"><\/i> <span>Numer startowy:<\/span> <strong>301<\/strong><\/p>\n                                    <p><i class=\"icon-list-alt\"><\/i> <span>Data startu:<\/span> <strong>2021-08-21 12:00<\/strong><\/p>                                <\/div>\n                                <div class=\"commentsCount\"><i class=\"icon-comments-alt darkerColor\"><\/i> 43<\/div>\n                                <p><span class=\"more\">\u00bb more<\/span><\/p><\/div>\n                        <\/div>\n                    <\/div>\n                <\/a>\n            <\/section>\n                        <section class=\"newsItem userItem\">\n                <a href=\"https:\/\/mrdp.pl\/en\/zawodnik\/krzysztof-fechner\" title=\"Krzysztof Fechner\">\n                    <div class=\"fastGrid\">\n                        <div>\n                            <div class=\"avatarColumn\">\n                                <div style=\"background-image: url(https:\/\/mrdp.pl\/uploads\/krzysztof-fechner-70x70.jpeg)\"><\/div>\n                            <\/div>\n                            <div>\n                                <h2 class=\"newsTitle\">Krzysztof Fechner <span>Krzysztof <\/span><\/h2>\n                                <div class=\"info\">\n                                    <p><i class=\"icon-list-alt\"><\/i> <span>Klub:<\/span> <strong>Wr\u00f3bel <\/strong><\/p>                                    <p><i class=\"icon-globe\"><\/i> <span>Miejscowo\u015b\u0107:<\/span> <strong>Zielona G\u00f3ra <\/strong><\/p>                                    <p><i class=\"icon-star-half-empty\"><\/i> <span>Kategoria:<\/span> <strong>SUPPORT<\/strong><\/p>                                    <p><i class=\"icon-flag-checkered\"><\/i> <span>Numer startowy:<\/span> <strong>302<\/strong><\/p>\n                                    <p><i class=\"icon-list-alt\"><\/i> <span>Data startu:<\/span> <strong>2021-08-21 12:00<\/strong><\/p>                                <\/div>\n                                <div class=\"commentsCount\"><i class=\"icon-comments-alt darkerColor\"><\/i> 3<\/div>\n                                <p><span class=\"more\">\u00bb more<\/span><\/p><\/div>\n                        <\/div>\n                    <\/div>\n                <\/a>\n            <\/section>\n            <\/p>","protected":false},"excerpt":{"rendered":"","protected":false},"author":1,"featured_media":0,"parent":5950,"menu_order":0,"comment_status":"closed","ping_status":"closed","template":"","meta":[],"_links":{"self":[{"href":"https:\/\/mrdp.pl\/en\/wp-json\/wp\/v2\/pages\/6000"}],"collection":[{"href":"https:\/\/mrdp.pl\/en\/wp-json\/wp\/v2\/pages"}],"about":[{"href":"https:\/\/mrdp.pl\/en\/wp-json\/wp\/v2\/types\/page"}],"author":[{"embeddable":true,"href":"https:\/\/mrdp.pl\/en\/wp-json\/wp\/v2\/users\/1"}],"replies":[{"embeddable":true,"href":"https:\/\/mrdp.pl\/en\/wp-json\/wp\/v2\/comments?post=6000"}],"version-history":[{"count":1,"href":"https:\/\/mrdp.pl\/en\/wp-json\/wp\/v2\/pages\/6000\/revisions"}],"predecessor-version":[{"id":6001,"href":"https:\/\/mrdp.pl\/en\/wp-json\/wp\/v2\/pages\/6000\/revisions\/6001"}],"up":[{"embeddable":true,"href":"https:\/\/mrdp.pl\/en\/wp-json\/wp\/v2\/pages\/5950"}],"wp:attachment":[{"href":"https:\/\/mrdp.pl\/en\/wp-json\/wp\/v2\/media?parent=6000"}],"curies":[{"name":"wp","href":"https:\/\/api.w.org\/{rel}","templated":true}]}}