{"id":4976,"date":"2020-11-23T22:32:29","date_gmt":"2020-11-23T21:32:29","guid":{"rendered":"https:\/\/mrdp.pl\/?page_id=4976"},"modified":"2021-08-16T17:03:31","modified_gmt":"2021-08-16T15:03:31","slug":"zawodnicy-mrdp-wschod-2020","status":"publish","type":"page","link":"https:\/\/mrdp.pl\/en\/archiwum\/wmrdp-2020\/zawodnicy-mrdp-wschod-2020","title":{"rendered":"The competitors MRDP East 2020"},"content":{"rendered":"<p>            <section class=\"newsItem userItem\">\n                <a href=\"https:\/\/mrdp.pl\/en\/zawodnik\/daniel-smieja-2020\" title=\"Daniel \u015amieja\">\n                    <div class=\"fastGrid\">\n                        <div>\n                            <div class=\"avatarColumn\">\n                                <div style=\"background-image: url(https:\/\/mrdp.pl\/uploads\/1-37x70.jpg)\"><\/div>\n                            <\/div>\n                            <div>\n                                <h2 class=\"newsTitle\">Daniel \u015amieja <span>Wigor<\/span><\/h2>\n                                <div class=\"info\">\n                                    <p><i class=\"icon-list-alt\"><\/i> <span>Klub:<\/span> <strong>mrdp.pl<\/strong><\/p>                                    <p><i class=\"icon-globe\"><\/i> <span>Miejscowo\u015b\u0107:<\/span> <strong>Szczecin<\/strong><\/p>                                    <p><i class=\"icon-star-half-empty\"><\/i> <span>Kategoria:<\/span> <strong>TOTAL EXTREME<\/strong><\/p>                                    <p><i class=\"icon-flag-checkered\"><\/i> <span>Numer startowy:<\/span> <strong>11<\/strong><\/p>\n                                    <p><i class=\"icon-list-alt\"><\/i> <span>Data startu:<\/span> <strong>2020-09-26 12:00<\/strong><\/p>                                <\/div>\n                                <div class=\"commentsCount\"><i class=\"icon-comments-alt darkerColor\"><\/i> 29<\/div>\n                                <p><span class=\"more\">\u00bb more<\/span><\/p><\/div>\n                        <\/div>\n                    <\/div>\n                <\/a>\n            <\/section>\n                        <section class=\"newsItem userItem\">\n                <a href=\"https:\/\/mrdp.pl\/en\/zawodnik\/ireneusz-szymocha-2020\" title=\"Ireneusz Szymocha\">\n                    <div class=\"fastGrid\">\n                        <div>\n                            <div class=\"avatarColumn\">\n                                <div style=\"background-image: url(https:\/\/mrdp.pl\/uploads\/big-70x67.jpg)\"><\/div>\n                            <\/div>\n                            <div>\n                                <h2 class=\"newsTitle\">Ireneusz Szymocha <span>Achom<\/span><\/h2>\n                                <div class=\"info\">\n                                    <p><i class=\"icon-list-alt\"><\/i> <span>Klub:<\/span> <strong>K. R. ''Gryfland''<\/strong><\/p>                                    <p><i class=\"icon-globe\"><\/i> <span>Miejscowo\u015b\u0107:<\/span> <strong>Albert\u00f3w<\/strong><\/p>                                    <p><i class=\"icon-star-half-empty\"><\/i> <span>Kategoria:<\/span> <strong>TOTAL EXTREME<\/strong><\/p>                                    <p><i class=\"icon-flag-checkered\"><\/i> <span>Numer startowy:<\/span> <strong>12<\/strong><\/p>\n                                    <p><i class=\"icon-list-alt\"><\/i> <span>Data startu:<\/span> <strong>2020-09-26 12:00<\/strong><\/p>                                <\/div>\n                                <div class=\"commentsCount\"><i class=\"icon-comments-alt darkerColor\"><\/i> 16<\/div>\n                                <p><span class=\"more\">\u00bb more<\/span><\/p><\/div>\n                        <\/div>\n                    <\/div>\n                <\/a>\n            <\/section>\n                        <section class=\"newsItem userItem\">\n                <a href=\"https:\/\/mrdp.pl\/en\/zawodnik\/wojciech-luszcz-2020\" title=\"Wojciech \u0141uszcz\">\n                    <div class=\"fastGrid\">\n                        <div>\n                            <div class=\"avatarColumn\">\n                                <div style=\"background-image: url(https:\/\/mrdp.pl\/uploads\/dsc003691-46x70.jpg)\"><\/div>\n                            <\/div>\n                            <div>\n                                <h2 class=\"newsTitle\">Wojciech \u0141uszcz <span>w\u0142\u00f3czykij<\/span><\/h2>\n                                <div class=\"info\">\n                                    <p><i class=\"icon-list-alt\"><\/i> <span>Klub:<\/span> <strong>SB\u017b<\/strong><\/p>                                    <p><i class=\"icon-globe\"><\/i> <span>Miejscowo\u015b\u0107:<\/span> <strong>Legionowo<\/strong><\/p>                                    <p><i class=\"icon-star-half-empty\"><\/i> <span>Kategoria:<\/span> <strong>TOTAL EXTREME<\/strong><\/p>                                    <p><i class=\"icon-flag-checkered\"><\/i> <span>Numer startowy:<\/span> <strong>13<\/strong><\/p>\n                                    <p><i class=\"icon-list-alt\"><\/i> <span>Data startu:<\/span> <strong>2020-09-26 12:00<\/strong><\/p>                                <\/div>\n                                <div class=\"commentsCount\"><i class=\"icon-comments-alt darkerColor\"><\/i> 13<\/div>\n                                <p><span class=\"more\">\u00bb more<\/span><\/p><\/div>\n                        <\/div>\n                    <\/div>\n                <\/a>\n            <\/section>\n                        <section class=\"newsItem userItem\">\n                <a href=\"https:\/\/mrdp.pl\/en\/zawodnik\/krzysztof-wiktorowski-2020\" title=\"Krzysztof Wiktorowski\">\n                    <div class=\"fastGrid\">\n                        <div>\n                            <div class=\"avatarColumn\">\n                                <div style=\"background-image: url(https:\/\/mrdp.pl\/uploads\/forum-58x70.jpg)\"><\/div>\n                            <\/div>\n                            <div>\n                                <h2 class=\"newsTitle\">Krzysztof Wiktorowski <span>wiki<\/span><\/h2>\n                                <div class=\"info\">\n                                                                        <p><i class=\"icon-globe\"><\/i> <span>Miejscowo\u015b\u0107:<\/span> <strong>\u0141\u00f3d\u017a<\/strong><\/p>                                    <p><i class=\"icon-star-half-empty\"><\/i> <span>Kategoria:<\/span> <strong>TOTAL EXTREME<\/strong><\/p>                                    <p><i class=\"icon-flag-checkered\"><\/i> <span>Numer startowy:<\/span> <strong>15<\/strong><\/p>\n                                    <p><i class=\"icon-list-alt\"><\/i> <span>Data startu:<\/span> <strong>2020-09-26 12:00<\/strong><\/p>                                <\/div>\n                                <div class=\"commentsCount\"><i class=\"icon-comments-alt darkerColor\"><\/i> 13<\/div>\n                                <p><span class=\"more\">\u00bb more<\/span><\/p><\/div>\n                        <\/div>\n                    <\/div>\n                <\/a>\n            <\/section>\n                        <section class=\"newsItem userItem\">\n                <a href=\"https:\/\/mrdp.pl\/en\/zawodnik\/marcin-zielkowski\" title=\"Marcin Zielkowski\">\n                    <div class=\"fastGrid\">\n                        <div>\n                            <div class=\"avatarColumn\">\n                                <div style=\"background-image: url(https:\/\/mrdp.pl\/uploads\/84147081_113775413385274_376226769918754816_n-70x39.jpg)\"><\/div>\n                            <\/div>\n                            <div>\n                                <h2 class=\"newsTitle\">Marcin Zielkowski <span>Zielik<\/span><\/h2>\n                                <div class=\"info\">\n                                                                        <p><i class=\"icon-globe\"><\/i> <span>Miejscowo\u015b\u0107:<\/span> <strong>\u017burominek<\/strong><\/p>                                    <p><i class=\"icon-star-half-empty\"><\/i> <span>Kategoria:<\/span> <strong>TOTAL EXTREME<\/strong><\/p>                                    <p><i class=\"icon-flag-checkered\"><\/i> <span>Numer startowy:<\/span> <strong>16<\/strong><\/p>\n                                    <p><i class=\"icon-list-alt\"><\/i> <span>Data startu:<\/span> <strong>2020-09-26 12:00<\/strong><\/p>                                <\/div>\n                                <div class=\"commentsCount\"><i class=\"icon-comments-alt darkerColor\"><\/i> 10<\/div>\n                                <p><span class=\"more\">\u00bb more<\/span><\/p><\/div>\n                        <\/div>\n                    <\/div>\n                <\/a>\n            <\/section>\n                        <section class=\"newsItem userItem\">\n                <a href=\"https:\/\/mrdp.pl\/en\/zawodnik\/andrzej-sulej\" title=\"Andrzej Sulej\">\n                    <div class=\"fastGrid\">\n                        <div>\n                            <div class=\"avatarColumn\">\n                                <div style=\"background-image: url(https:\/\/mrdp.pl\/uploads\/andrzej-sulej-70x70.jpg)\"><\/div>\n                            <\/div>\n                            <div>\n                                <h2 class=\"newsTitle\">Andrzej Sulej <span>Spo-ko<\/span><\/h2>\n                                <div class=\"info\">\n                                    <p><i class=\"icon-list-alt\"><\/i> <span>Klub:<\/span> <strong>Andrzej Sulej<\/strong><\/p>                                    <p><i class=\"icon-globe\"><\/i> <span>Miejscowo\u015b\u0107:<\/span> <strong>Katowice<\/strong><\/p>                                    <p><i class=\"icon-star-half-empty\"><\/i> <span>Kategoria:<\/span> <strong>TOTA:L EXTREME<\/strong><\/p>                                    <p><i class=\"icon-flag-checkered\"><\/i> <span>Numer startowy:<\/span> <strong>17<\/strong><\/p>\n                                    <p><i class=\"icon-list-alt\"><\/i> <span>Data startu:<\/span> <strong>2020-09-26 12:00<\/strong><\/p>                                <\/div>\n                                <div class=\"commentsCount\"><i class=\"icon-comments-alt darkerColor\"><\/i> 13<\/div>\n                                <p><span class=\"more\">\u00bb more<\/span><\/p><\/div>\n                        <\/div>\n                    <\/div>\n                <\/a>\n            <\/section>\n                        <section class=\"newsItem userItem\">\n                <a href=\"https:\/\/mrdp.pl\/en\/zawodnik\/pawel-mielczarek-2020\" title=\"Pawe\u0142 Mielczarek\">\n                    <div class=\"fastGrid\">\n                        <div>\n                            <div class=\"avatarColumn\">\n                                <div style=\"background-image: url(https:\/\/mrdp.pl\/uploads\/8130968-70x46.jpeg)\"><\/div>\n                            <\/div>\n                            <div>\n                                <h2 class=\"newsTitle\">Pawe\u0142 Mielczarek <span>pirzu<\/span><\/h2>\n                                <div class=\"info\">\n                                                                        <p><i class=\"icon-globe\"><\/i> <span>Miejscowo\u015b\u0107:<\/span> <strong>Cz\u0119stochowa<\/strong><\/p>                                    <p><i class=\"icon-star-half-empty\"><\/i> <span>Kategoria:<\/span> <strong>TOTAL EXTREME<\/strong><\/p>                                    <p><i class=\"icon-flag-checkered\"><\/i> <span>Numer startowy:<\/span> <strong>18<\/strong><\/p>\n                                    <p><i class=\"icon-list-alt\"><\/i> <span>Data startu:<\/span> <strong>2020-09-26 12:00<\/strong><\/p>                                <\/div>\n                                <div class=\"commentsCount\"><i class=\"icon-comments-alt darkerColor\"><\/i> 22<\/div>\n                                <p><span class=\"more\">\u00bb more<\/span><\/p><\/div>\n                        <\/div>\n                    <\/div>\n                <\/a>\n            <\/section>\n                        <section class=\"newsItem userItem\">\n                <a href=\"https:\/\/mrdp.pl\/en\/zawodnik\/grzegorz-szamrowicz-2020\" title=\"Grzegorz Szamrowicz\">\n                    <div class=\"fastGrid\">\n                        <div>\n                            <div class=\"avatarColumn\">\n                                <div style=\"background-image: url(https:\/\/mrdp.pl\/uploads\/IMG-20180916-WA0003-70x52.jpg)\"><\/div>\n                            <\/div>\n                            <div>\n                                <h2 class=\"newsTitle\">Grzegorz Szamrowicz <span><\/span><\/h2>\n                                <div class=\"info\">\n                                                                        <p><i class=\"icon-globe\"><\/i> <span>Miejscowo\u015b\u0107:<\/span> <strong>Z\u0105bkowice \u015al\u0105skie<\/strong><\/p>                                    <p><i class=\"icon-star-half-empty\"><\/i> <span>Kategoria:<\/span> <strong>TOTAL EXTREME<\/strong><\/p>                                    <p><i class=\"icon-flag-checkered\"><\/i> <span>Numer startowy:<\/span> <strong>19<\/strong><\/p>\n                                    <p><i class=\"icon-list-alt\"><\/i> <span>Data startu:<\/span> <strong>2020-09-26 12:00<\/strong><\/p>                                <\/div>\n                                <div class=\"commentsCount\"><i class=\"icon-comments-alt darkerColor\"><\/i> 15<\/div>\n                                <p><span class=\"more\">\u00bb more<\/span><\/p><\/div>\n                        <\/div>\n                    <\/div>\n                <\/a>\n            <\/section>\n                        <section class=\"newsItem userItem\">\n                <a href=\"https:\/\/mrdp.pl\/en\/zawodnik\/zbigniew-nowak-2020\" title=\"Zbigniew Nowak\">\n                    <div class=\"fastGrid\">\n                        <div>\n                            <div class=\"avatarColumn\">\n                                <div style=\"background-image: url(https:\/\/mrdp.pl\/uploads\/IMG_20180421_055133-39x70.jpg)\"><\/div>\n                            <\/div>\n                            <div>\n                                <h2 class=\"newsTitle\">Zbigniew Nowak <span><\/span><\/h2>\n                                <div class=\"info\">\n                                                                        <p><i class=\"icon-globe\"><\/i> <span>Miejscowo\u015b\u0107:<\/span> <strong>Gaszowice<\/strong><\/p>                                    <p><i class=\"icon-star-half-empty\"><\/i> <span>Kategoria:<\/span> <strong>TOTAL EXTREME<\/strong><\/p>                                    <p><i class=\"icon-flag-checkered\"><\/i> <span>Numer startowy:<\/span> <strong>20<\/strong><\/p>\n                                    <p><i class=\"icon-list-alt\"><\/i> <span>Data startu:<\/span> <strong>2020-09-26 12:00<\/strong><\/p>                                <\/div>\n                                <div class=\"commentsCount\"><i class=\"icon-comments-alt darkerColor\"><\/i> 14<\/div>\n                                <p><span class=\"more\">\u00bb more<\/span><\/p><\/div>\n                        <\/div>\n                    <\/div>\n                <\/a>\n            <\/section>\n                        <section class=\"newsItem userItem\">\n                <a href=\"https:\/\/mrdp.pl\/en\/zawodnik\/piotr-szajduk\" title=\"Piotr Szajduk\">\n                    <div class=\"fastGrid\">\n                        <div>\n                            <div class=\"avatarColumn\">\n                                <div style=\"background-image: url(https:\/\/mrdp.pl\/uploads\/IMG_20180724_150745-70x52.jpg)\"><\/div>\n                            <\/div>\n                            <div>\n                                <h2 class=\"newsTitle\">Piotr Szajduk <span>WRZASKUN<\/span><\/h2>\n                                <div class=\"info\">\n                                    <p><i class=\"icon-list-alt\"><\/i> <span>Klub:<\/span> <strong>Wrzaskuny<\/strong><\/p>                                    <p><i class=\"icon-globe\"><\/i> <span>Miejscowo\u015b\u0107:<\/span> <strong>Szczecin<\/strong><\/p>                                    <p><i class=\"icon-star-half-empty\"><\/i> <span>Kategoria:<\/span> <strong>TOTAL EXTREME<\/strong><\/p>                                    <p><i class=\"icon-flag-checkered\"><\/i> <span>Numer startowy:<\/span> <strong>21<\/strong><\/p>\n                                    <p><i class=\"icon-list-alt\"><\/i> <span>Data startu:<\/span> <strong>2020-09-26 12:00<\/strong><\/p>                                <\/div>\n                                <div class=\"commentsCount\"><i class=\"icon-comments-alt darkerColor\"><\/i> 15<\/div>\n                                <p><span class=\"more\">\u00bb more<\/span><\/p><\/div>\n                        <\/div>\n                    <\/div>\n                <\/a>\n            <\/section>\n                        <section class=\"newsItem userItem\">\n                <a href=\"https:\/\/mrdp.pl\/en\/zawodnik\/darek-urbanczyk-2020\" title=\"Darek Urba\u0144czyk\">\n                    <div class=\"fastGrid\">\n                        <div>\n                            <div class=\"avatarColumn\">\n                                <div style=\"background-image: url(https:\/\/mrdp.pl\/uploads\/21167998_619667045087846_5490048123968714572_o1-70x39.jpg)\"><\/div>\n                            <\/div>\n                            <div>\n                                <h2 class=\"newsTitle\">Darek Urba\u0144czyk <span><\/span><\/h2>\n                                <div class=\"info\">\n                                                                        <p><i class=\"icon-globe\"><\/i> <span>Miejscowo\u015b\u0107:<\/span> <strong>Warszawa<\/strong><\/p>                                    <p><i class=\"icon-star-half-empty\"><\/i> <span>Kategoria:<\/span> <strong>TOTAL EXTREME<\/strong><\/p>                                    <p><i class=\"icon-flag-checkered\"><\/i> <span>Numer startowy:<\/span> <strong>22<\/strong><\/p>\n                                    <p><i class=\"icon-list-alt\"><\/i> <span>Data startu:<\/span> <strong>2020-09-26 12:00<\/strong><\/p>                                <\/div>\n                                <div class=\"commentsCount\"><i class=\"icon-comments-alt darkerColor\"><\/i> 16<\/div>\n                                <p><span class=\"more\">\u00bb more<\/span><\/p><\/div>\n                        <\/div>\n                    <\/div>\n                <\/a>\n            <\/section>\n                        <section class=\"newsItem userItem\">\n                <a href=\"https:\/\/mrdp.pl\/en\/zawodnik\/kazimierz-piechowka-2020\" title=\"Kazimierz Piech\u00f3wka\">\n                    <div class=\"fastGrid\">\n                        <div>\n                            <div class=\"avatarColumn\">\n                                <div style=\"background-image: url(https:\/\/mrdp.pl\/uploads\/20160809_094334-2_edited-64x70.jpg)\"><\/div>\n                            <\/div>\n                            <div>\n                                <h2 class=\"newsTitle\">Kazimierz Piech\u00f3wka <span>Kazzz<\/span><\/h2>\n                                <div class=\"info\">\n                                                                        <p><i class=\"icon-globe\"><\/i> <span>Miejscowo\u015b\u0107:<\/span> <strong>Krak\u00f3w<\/strong><\/p>                                    <p><i class=\"icon-star-half-empty\"><\/i> <span>Kategoria:<\/span> <strong>TOTAL EXTREME<\/strong><\/p>                                    <p><i class=\"icon-flag-checkered\"><\/i> <span>Numer startowy:<\/span> <strong>23<\/strong><\/p>\n                                    <p><i class=\"icon-list-alt\"><\/i> <span>Data startu:<\/span> <strong>2020-09-26 12:00<\/strong><\/p>                                <\/div>\n                                <div class=\"commentsCount\"><i class=\"icon-comments-alt darkerColor\"><\/i> 14<\/div>\n                                <p><span class=\"more\">\u00bb more<\/span><\/p><\/div>\n                        <\/div>\n                    <\/div>\n                <\/a>\n            <\/section>\n                        <section class=\"newsItem userItem\">\n                <a href=\"https:\/\/mrdp.pl\/en\/zawodnik\/piotr-baszynski\" title=\"Piotr Baszy\u0144ski\">\n                    <div class=\"fastGrid\">\n                        <div>\n                            <div class=\"avatarColumn\">\n                                <div style=\"background-image: url(https:\/\/mrdp.pl\/en\/wp-content\/themes\/mrdp\/img\/empty.png)\"><\/div>\n                            <\/div>\n                            <div>\n                                <h2 class=\"newsTitle\">Piotr Baszy\u0144ski <span><\/span><\/h2>\n                                <div class=\"info\">\n                                                                        <p><i class=\"icon-globe\"><\/i> <span>Miejscowo\u015b\u0107:<\/span> <strong>Olsztyn<\/strong><\/p>                                    <p><i class=\"icon-star-half-empty\"><\/i> <span>Kategoria:<\/span> <strong>TOTAL EXTREME<\/strong><\/p>                                    <p><i class=\"icon-flag-checkered\"><\/i> <span>Numer startowy:<\/span> <strong>24<\/strong><\/p>\n                                    <p><i class=\"icon-list-alt\"><\/i> <span>Data startu:<\/span> <strong>2020-09-26 12:00<\/strong><\/p>                                <\/div>\n                                <div class=\"commentsCount\"><i class=\"icon-comments-alt darkerColor\"><\/i> 21<\/div>\n                                <p><span class=\"more\">\u00bb more<\/span><\/p><\/div>\n                        <\/div>\n                    <\/div>\n                <\/a>\n            <\/section>\n                        <section class=\"newsItem userItem\">\n                <a href=\"https:\/\/mrdp.pl\/en\/zawodnik\/george-eliava-2020\" title=\"George Eliava\">\n                    <div class=\"fastGrid\">\n                        <div>\n                            <div class=\"avatarColumn\">\n                                <div style=\"background-image: url(https:\/\/mrdp.pl\/uploads\/Giorgi-Eliava1-70x52.jpg)\"><\/div>\n                            <\/div>\n                            <div>\n                                <h2 class=\"newsTitle\">George Eliava <span>Gio<\/span><\/h2>\n                                <div class=\"info\">\n                                                                        <p><i class=\"icon-globe\"><\/i> <span>Miejscowo\u015b\u0107:<\/span> <strong>Warszawa<\/strong><\/p>                                    <p><i class=\"icon-star-half-empty\"><\/i> <span>Kategoria:<\/span> <strong>TOTAL EXTREME<\/strong><\/p>                                    <p><i class=\"icon-flag-checkered\"><\/i> <span>Numer startowy:<\/span> <strong>25<\/strong><\/p>\n                                    <p><i class=\"icon-list-alt\"><\/i> <span>Data startu:<\/span> <strong>2020-09-26 12:00<\/strong><\/p>                                <\/div>\n                                <div class=\"commentsCount\"><i class=\"icon-comments-alt darkerColor\"><\/i> 15<\/div>\n                                <p><span class=\"more\">\u00bb more<\/span><\/p><\/div>\n                        <\/div>\n                    <\/div>\n                <\/a>\n            <\/section>\n                        <section class=\"newsItem userItem\">\n                <a href=\"https:\/\/mrdp.pl\/en\/zawodnik\/maciej-paterak-2020\" title=\"Maciej Paterak\">\n                    <div class=\"fastGrid\">\n                        <div>\n                            <div class=\"avatarColumn\">\n                                <div style=\"background-image: url(https:\/\/mrdp.pl\/uploads\/111-70x52.jpg)\"><\/div>\n                            <\/div>\n                            <div>\n                                <h2 class=\"newsTitle\">Maciej Paterak <span>Johnny<\/span><\/h2>\n                                <div class=\"info\">\n                                    <p><i class=\"icon-list-alt\"><\/i> <span>Klub:<\/span> <strong>team29er.pl<\/strong><\/p>                                    <p><i class=\"icon-globe\"><\/i> <span>Miejscowo\u015b\u0107:<\/span> <strong>Bestwina<\/strong><\/p>                                    <p><i class=\"icon-star-half-empty\"><\/i> <span>Kategoria:<\/span> <strong>TOTAL EXTREME<\/strong><\/p>                                    <p><i class=\"icon-flag-checkered\"><\/i> <span>Numer startowy:<\/span> <strong>26<\/strong><\/p>\n                                    <p><i class=\"icon-list-alt\"><\/i> <span>Data startu:<\/span> <strong>2020-09-26 12:00<\/strong><\/p>                                <\/div>\n                                <div class=\"commentsCount\"><i class=\"icon-comments-alt darkerColor\"><\/i> 20<\/div>\n                                <p><span class=\"more\">\u00bb more<\/span><\/p><\/div>\n                        <\/div>\n                    <\/div>\n                <\/a>\n            <\/section>\n                        <section class=\"newsItem userItem\">\n                <a href=\"https:\/\/mrdp.pl\/en\/zawodnik\/krzysztof-wlazlo-2020\" title=\"Krzysztof Wlaz\u0142o\">\n                    <div class=\"fastGrid\">\n                        <div>\n                            <div class=\"avatarColumn\">\n                                <div style=\"background-image: url(https:\/\/mrdp.pl\/uploads\/Krzysztof-Wlazlo-39x70.jpg)\"><\/div>\n                            <\/div>\n                            <div>\n                                <h2 class=\"newsTitle\">Krzysztof Wlaz\u0142o <span>Krzychu<\/span><\/h2>\n                                <div class=\"info\">\n                                    <p><i class=\"icon-list-alt\"><\/i> <span>Klub:<\/span> <strong>Rowery Kosowski<\/strong><\/p>                                    <p><i class=\"icon-globe\"><\/i> <span>Miejscowo\u015b\u0107:<\/span> <strong>Mys\u0142owice<\/strong><\/p>                                    <p><i class=\"icon-star-half-empty\"><\/i> <span>Kategoria:<\/span> <strong>TOTAL EXTREME<\/strong><\/p>                                    <p><i class=\"icon-flag-checkered\"><\/i> <span>Numer startowy:<\/span> <strong>27<\/strong><\/p>\n                                    <p><i class=\"icon-list-alt\"><\/i> <span>Data startu:<\/span> <strong>2020-09-26 12:00<\/strong><\/p>                                <\/div>\n                                <div class=\"commentsCount\"><i class=\"icon-comments-alt darkerColor\"><\/i> 14<\/div>\n                                <p><span class=\"more\">\u00bb more<\/span><\/p><\/div>\n                        <\/div>\n                    <\/div>\n                <\/a>\n            <\/section>\n                        <section class=\"newsItem userItem\">\n                <a href=\"https:\/\/mrdp.pl\/en\/zawodnik\/pawel-sojecki\" title=\"Pawe\u0142 Sojecki\">\n                    <div class=\"fastGrid\">\n                        <div>\n                            <div class=\"avatarColumn\">\n                                <div style=\"background-image: url(https:\/\/mrdp.pl\/uploads\/pawel-sojecki-70x70.jpg)\"><\/div>\n                            <\/div>\n                            <div>\n                                <h2 class=\"newsTitle\">Pawe\u0142 Sojecki <span><\/span><\/h2>\n                                <div class=\"info\">\n                                    <p><i class=\"icon-list-alt\"><\/i> <span>Klub:<\/span> <strong>Jas-K\u00f3\u0142ka<\/strong><\/p>                                    <p><i class=\"icon-globe\"><\/i> <span>Miejscowo\u015b\u0107:<\/span> <strong>Kwacza\u0142a<\/strong><\/p>                                    <p><i class=\"icon-star-half-empty\"><\/i> <span>Kategoria:<\/span> <strong>TOTAL EXTREME<\/strong><\/p>                                    <p><i class=\"icon-flag-checkered\"><\/i> <span>Numer startowy:<\/span> <strong>28<\/strong><\/p>\n                                    <p><i class=\"icon-list-alt\"><\/i> <span>Data startu:<\/span> <strong>2020-09-26 12:00<\/strong><\/p>                                <\/div>\n                                <div class=\"commentsCount\"><i class=\"icon-comments-alt darkerColor\"><\/i> 13<\/div>\n                                <p><span class=\"more\">\u00bb more<\/span><\/p><\/div>\n                        <\/div>\n                    <\/div>\n                <\/a>\n            <\/section>\n                        <section class=\"newsItem userItem\">\n                <a href=\"https:\/\/mrdp.pl\/en\/zawodnik\/klaudiusz-bek-2020\" title=\"Klaudiusz Bek\">\n                    <div class=\"fastGrid\">\n                        <div>\n                            <div class=\"avatarColumn\">\n                                <div style=\"background-image: url(https:\/\/mrdp.pl\/uploads\/klaus-i-Bruce-70x67.jpg)\"><\/div>\n                            <\/div>\n                            <div>\n                                <h2 class=\"newsTitle\">Klaudiusz Bek <span>klaus<\/span><\/h2>\n                                <div class=\"info\">\n                                    <p><i class=\"icon-list-alt\"><\/i> <span>Klub:<\/span> <strong>AMATOR<\/strong><\/p>                                    <p><i class=\"icon-globe\"><\/i> <span>Miejscowo\u015b\u0107:<\/span> <strong>Izbicko<\/strong><\/p>                                    <p><i class=\"icon-star-half-empty\"><\/i> <span>Kategoria:<\/span> <strong>TOTAL EXTREME<\/strong><\/p>                                    <p><i class=\"icon-flag-checkered\"><\/i> <span>Numer startowy:<\/span> <strong>30<\/strong><\/p>\n                                    <p><i class=\"icon-list-alt\"><\/i> <span>Data startu:<\/span> <strong>2020-09-26 12:00<\/strong><\/p>                                <\/div>\n                                <div class=\"commentsCount\"><i class=\"icon-comments-alt darkerColor\"><\/i> 17<\/div>\n                                <p><span class=\"more\">\u00bb more<\/span><\/p><\/div>\n                        <\/div>\n                    <\/div>\n                <\/a>\n            <\/section>\n                        <section class=\"newsItem userItem\">\n                <a href=\"https:\/\/mrdp.pl\/en\/zawodnik\/marcin-witkowski-2020\" title=\"Marcin Witkowski\">\n                    <div class=\"fastGrid\">\n                        <div>\n                            <div class=\"avatarColumn\">\n                                <div style=\"background-image: url(https:\/\/mrdp.pl\/uploads\/DSC02384-64x70.jpg)\"><\/div>\n                            <\/div>\n                            <div>\n                                <h2 class=\"newsTitle\">Marcin Witkowski <span>Wiciu<\/span><\/h2>\n                                <div class=\"info\">\n                                    <p><i class=\"icon-list-alt\"><\/i> <span>Klub:<\/span> <strong>ZASZYCI<\/strong><\/p>                                    <p><i class=\"icon-globe\"><\/i> <span>Miejscowo\u015b\u0107:<\/span> <strong>Warszawa<\/strong><\/p>                                    <p><i class=\"icon-star-half-empty\"><\/i> <span>Kategoria:<\/span> <strong>TOTAL EXTREME<\/strong><\/p>                                    <p><i class=\"icon-flag-checkered\"><\/i> <span>Numer startowy:<\/span> <strong>31<\/strong><\/p>\n                                    <p><i class=\"icon-list-alt\"><\/i> <span>Data startu:<\/span> <strong>2020-09-26 12:00<\/strong><\/p>                                <\/div>\n                                <div class=\"commentsCount\"><i class=\"icon-comments-alt darkerColor\"><\/i> 17<\/div>\n                                <p><span class=\"more\">\u00bb more<\/span><\/p><\/div>\n                        <\/div>\n                    <\/div>\n                <\/a>\n            <\/section>\n                        <section class=\"newsItem userItem\">\n                <a href=\"https:\/\/mrdp.pl\/en\/zawodnik\/wojciech-holdakowski-2020\" title=\"Wojciech Ho\u0142dakowski\">\n                    <div class=\"fastGrid\">\n                        <div>\n                            <div class=\"avatarColumn\">\n                                <div style=\"background-image: url(https:\/\/mrdp.pl\/uploads\/Tropy_2015_PK19-70x67.jpg)\"><\/div>\n                            <\/div>\n                            <div>\n                                <h2 class=\"newsTitle\">Wojciech Ho\u0142dakowski <span><\/span><\/h2>\n                                <div class=\"info\">\n                                                                        <p><i class=\"icon-globe\"><\/i> <span>Miejscowo\u015b\u0107:<\/span> <strong>Warszawa<\/strong><\/p>                                    <p><i class=\"icon-star-half-empty\"><\/i> <span>Kategoria:<\/span> <strong>TOTAL EXTREME<\/strong><\/p>                                    <p><i class=\"icon-flag-checkered\"><\/i> <span>Numer startowy:<\/span> <strong>32<\/strong><\/p>\n                                    <p><i class=\"icon-list-alt\"><\/i> <span>Data startu:<\/span> <strong>2020-09-26 12:00<\/strong><\/p>                                <\/div>\n                                <div class=\"commentsCount\"><i class=\"icon-comments-alt darkerColor\"><\/i> 20<\/div>\n                                <p><span class=\"more\">\u00bb more<\/span><\/p><\/div>\n                        <\/div>\n                    <\/div>\n                <\/a>\n            <\/section>\n                        <section class=\"newsItem userItem\">\n                <a href=\"https:\/\/mrdp.pl\/en\/zawodnik\/jacek-koziol-2020\" title=\"Jacek Kozio\u0142\">\n                    <div class=\"fastGrid\">\n                        <div>\n                            <div class=\"avatarColumn\">\n                                <div style=\"background-image: url(https:\/\/mrdp.pl\/uploads\/20180318_134315-70x39.jpg)\"><\/div>\n                            <\/div>\n                            <div>\n                                <h2 class=\"newsTitle\">Jacek Kozio\u0142 <span>MAJJACK<\/span><\/h2>\n                                <div class=\"info\">\n                                    <p><i class=\"icon-list-alt\"><\/i> <span>Klub:<\/span> <strong>CTS\/G.O.A.T. TEAM<\/strong><\/p>                                    <p><i class=\"icon-globe\"><\/i> <span>Miejscowo\u015b\u0107:<\/span> <strong>Micha\u0142owice<\/strong><\/p>                                    <p><i class=\"icon-star-half-empty\"><\/i> <span>Kategoria:<\/span> <strong>TOTAL EXTREME<\/strong><\/p>                                    <p><i class=\"icon-flag-checkered\"><\/i> <span>Numer startowy:<\/span> <strong>33<\/strong><\/p>\n                                    <p><i class=\"icon-list-alt\"><\/i> <span>Data startu:<\/span> <strong>2020-09-26 12:00<\/strong><\/p>                                <\/div>\n                                <div class=\"commentsCount\"><i class=\"icon-comments-alt darkerColor\"><\/i> 15<\/div>\n                                <p><span class=\"more\">\u00bb more<\/span><\/p><\/div>\n                        <\/div>\n                    <\/div>\n                <\/a>\n            <\/section>\n                        <section class=\"newsItem userItem\">\n                <a href=\"https:\/\/mrdp.pl\/en\/zawodnik\/waldemar-kedys\" title=\"Waldemar K\u0119dy\u015b\">\n                    <div class=\"fastGrid\">\n                        <div>\n                            <div class=\"avatarColumn\">\n                                <div style=\"background-image: url(https:\/\/mrdp.pl\/en\/wp-content\/themes\/mrdp\/img\/empty.png)\"><\/div>\n                            <\/div>\n                            <div>\n                                <h2 class=\"newsTitle\">Waldemar K\u0119dy\u015b <span>Kogut<\/span><\/h2>\n                                <div class=\"info\">\n                                                                        <p><i class=\"icon-globe\"><\/i> <span>Miejscowo\u015b\u0107:<\/span> <strong>Jug\u00f3w<\/strong><\/p>                                    <p><i class=\"icon-star-half-empty\"><\/i> <span>Kategoria:<\/span> <strong>TOTAL EXTREME<\/strong><\/p>                                    <p><i class=\"icon-flag-checkered\"><\/i> <span>Numer startowy:<\/span> <strong>34<\/strong><\/p>\n                                    <p><i class=\"icon-list-alt\"><\/i> <span>Data startu:<\/span> <strong>2020-09-26 12:00<\/strong><\/p>                                <\/div>\n                                <div class=\"commentsCount\"><i class=\"icon-comments-alt darkerColor\"><\/i> 21<\/div>\n                                <p><span class=\"more\">\u00bb more<\/span><\/p><\/div>\n                        <\/div>\n                    <\/div>\n                <\/a>\n            <\/section>\n                        <section class=\"newsItem userItem\">\n                <a href=\"https:\/\/mrdp.pl\/en\/zawodnik\/roman-krolikowski-2020\" title=\"(Polski) Roman Kr\u00f3likowski\">\n                    <div class=\"fastGrid\">\n                        <div>\n                            <div class=\"avatarColumn\">\n                                <div style=\"background-image: url(https:\/\/mrdp.pl\/uploads\/IMG_0189-45x70.jpg)\"><\/div>\n                            <\/div>\n                            <div>\n                                <h2 class=\"newsTitle\">(Polski) Roman Kr\u00f3likowski <span>Wodorek<\/span><\/h2>\n                                <div class=\"info\">\n                                                                        <p><i class=\"icon-globe\"><\/i> <span>Miejscowo\u015b\u0107:<\/span> <strong>Modlniczka<\/strong><\/p>                                    <p><i class=\"icon-star-half-empty\"><\/i> <span>Kategoria:<\/span> <strong>TOTAL EXTREME<\/strong><\/p>                                    <p><i class=\"icon-flag-checkered\"><\/i> <span>Numer startowy:<\/span> <strong>36<\/strong><\/p>\n                                    <p><i class=\"icon-list-alt\"><\/i> <span>Data startu:<\/span> <strong>2020-09-26 12:00<\/strong><\/p>                                <\/div>\n                                <div class=\"commentsCount\"><i class=\"icon-comments-alt darkerColor\"><\/i> 6<\/div>\n                                <p><span class=\"more\">\u00bb more<\/span><\/p><\/div>\n                        <\/div>\n                    <\/div>\n                <\/a>\n            <\/section>\n                        <section class=\"newsItem userItem\">\n                <a href=\"https:\/\/mrdp.pl\/en\/zawodnik\/artur-furmanski-2020\" title=\"(Polski) Artur Furma\u0144ski\">\n                    <div class=\"fastGrid\">\n                        <div>\n                            <div class=\"avatarColumn\">\n                                <div style=\"background-image: url(https:\/\/mrdp.pl\/uploads\/FB_IMG_1538562056082-56x70.jpg)\"><\/div>\n                            <\/div>\n                            <div>\n                                <h2 class=\"newsTitle\">(Polski) Artur Furma\u0144ski <span>OJCIEC<\/span><\/h2>\n                                <div class=\"info\">\n                                    <p><i class=\"icon-list-alt\"><\/i> <span>Klub:<\/span> <strong>RodzinaNaMedal<\/strong><\/p>                                    <p><i class=\"icon-globe\"><\/i> <span>Miejscowo\u015b\u0107:<\/span> <strong>Tarn\u00f3w<\/strong><\/p>                                    <p><i class=\"icon-star-half-empty\"><\/i> <span>Kategoria:<\/span> <strong>TOTAL EXTREME<\/strong><\/p>                                    <p><i class=\"icon-flag-checkered\"><\/i> <span>Numer startowy:<\/span> <strong>37<\/strong><\/p>\n                                    <p><i class=\"icon-list-alt\"><\/i> <span>Data startu:<\/span> <strong>2020-09-26 12:00<\/strong><\/p>                                <\/div>\n                                <div class=\"commentsCount\"><i class=\"icon-comments-alt darkerColor\"><\/i> 15<\/div>\n                                <p><span class=\"more\">\u00bb more<\/span><\/p><\/div>\n                        <\/div>\n                    <\/div>\n                <\/a>\n            <\/section>\n                        <section class=\"newsItem userItem\">\n                <a href=\"https:\/\/mrdp.pl\/en\/zawodnik\/jakub-jeznach-2020\" title=\"Jakub Jeznach\">\n                    <div class=\"fastGrid\">\n                        <div>\n                            <div class=\"avatarColumn\">\n                                <div style=\"background-image: url(https:\/\/mrdp.pl\/uploads\/foto-70x70.jpg)\"><\/div>\n                            <\/div>\n                            <div>\n                                <h2 class=\"newsTitle\">Jakub Jeznach <span>Majkel<\/span><\/h2>\n                                <div class=\"info\">\n                                    <p><i class=\"icon-list-alt\"><\/i> <span>Klub:<\/span> <strong>Jakub Jeznach<\/strong><\/p>                                    <p><i class=\"icon-globe\"><\/i> <span>Miejscowo\u015b\u0107:<\/span> <strong>Wo\u0142omin<\/strong><\/p>                                    <p><i class=\"icon-star-half-empty\"><\/i> <span>Kategoria:<\/span> <strong>TOTAL EXTREME<\/strong><\/p>                                    <p><i class=\"icon-flag-checkered\"><\/i> <span>Numer startowy:<\/span> <strong>39<\/strong><\/p>\n                                    <p><i class=\"icon-list-alt\"><\/i> <span>Data startu:<\/span> <strong>2020-09-26 12:00<\/strong><\/p>                                <\/div>\n                                <div class=\"commentsCount\"><i class=\"icon-comments-alt darkerColor\"><\/i> 64<\/div>\n                                <p><span class=\"more\">\u00bb more<\/span><\/p><\/div>\n                        <\/div>\n                    <\/div>\n                <\/a>\n            <\/section>\n                        <section class=\"newsItem userItem\">\n                <a href=\"https:\/\/mrdp.pl\/en\/zawodnik\/ireneusz-nowak\" title=\"(Polski) Ireneusz Nowak\">\n                    <div class=\"fastGrid\">\n                        <div>\n                            <div class=\"avatarColumn\">\n                                <div style=\"background-image: url(https:\/\/mrdp.pl\/en\/wp-content\/themes\/mrdp\/img\/empty.png)\"><\/div>\n                            <\/div>\n                            <div>\n                                <h2 class=\"newsTitle\">(Polski) Ireneusz Nowak <span><\/span><\/h2>\n                                <div class=\"info\">\n                                    <p><i class=\"icon-list-alt\"><\/i> <span>Klub:<\/span> <strong>UltraCyrkle<\/strong><\/p>                                    <p><i class=\"icon-globe\"><\/i> <span>Miejscowo\u015b\u0107:<\/span> <strong>Pruszk\u00f3w<\/strong><\/p>                                    <p><i class=\"icon-star-half-empty\"><\/i> <span>Kategoria:<\/span> <strong>TOTAL EXTREME<\/strong><\/p>                                    <p><i class=\"icon-flag-checkered\"><\/i> <span>Numer startowy:<\/span> <strong>40<\/strong><\/p>\n                                    <p><i class=\"icon-list-alt\"><\/i> <span>Data startu:<\/span> <strong>2020-09-26 12:00<\/strong><\/p>                                <\/div>\n                                <div class=\"commentsCount\"><i class=\"icon-comments-alt darkerColor\"><\/i> 8<\/div>\n                                <p><span class=\"more\">\u00bb more<\/span><\/p><\/div>\n                        <\/div>\n                    <\/div>\n                <\/a>\n            <\/section>\n                        <section class=\"newsItem userItem\">\n                <a href=\"https:\/\/mrdp.pl\/en\/zawodnik\/jaroslaw-borowski\" title=\"(Polski) Jaros\u0142aw Borowski\">\n                    <div class=\"fastGrid\">\n                        <div>\n                            <div class=\"avatarColumn\">\n                                <div style=\"background-image: url(https:\/\/mrdp.pl\/en\/wp-content\/themes\/mrdp\/img\/empty.png)\"><\/div>\n                            <\/div>\n                            <div>\n                                <h2 class=\"newsTitle\">(Polski) Jaros\u0142aw Borowski <span>Jarek<\/span><\/h2>\n                                <div class=\"info\">\n                                    <p><i class=\"icon-list-alt\"><\/i> <span>Klub:<\/span> <strong>GTR Golub-Dobrzy\u0144<\/strong><\/p>                                    <p><i class=\"icon-globe\"><\/i> <span>Miejscowo\u015b\u0107:<\/span> <strong>Kowalewo Pomorskie<\/strong><\/p>                                    <p><i class=\"icon-star-half-empty\"><\/i> <span>Kategoria:<\/span> <strong>TOTAL EXTREME<\/strong><\/p>                                    <p><i class=\"icon-flag-checkered\"><\/i> <span>Numer startowy:<\/span> <strong>41<\/strong><\/p>\n                                    <p><i class=\"icon-list-alt\"><\/i> <span>Data startu:<\/span> <strong>2020-09-26 12:00<\/strong><\/p>                                <\/div>\n                                <div class=\"commentsCount\"><i class=\"icon-comments-alt darkerColor\"><\/i> 17<\/div>\n                                <p><span class=\"more\">\u00bb more<\/span><\/p><\/div>\n                        <\/div>\n                    <\/div>\n                <\/a>\n            <\/section>\n                        <section class=\"newsItem userItem\">\n                <a href=\"https:\/\/mrdp.pl\/en\/zawodnik\/robert-stanek-2020\" title=\"(Polski) Robert Stanek\">\n                    <div class=\"fastGrid\">\n                        <div>\n                            <div class=\"avatarColumn\">\n                                <div style=\"background-image: url(https:\/\/mrdp.pl\/uploads\/Robert-Stanek-70x65.jpg)\"><\/div>\n                            <\/div>\n                            <div>\n                                <h2 class=\"newsTitle\">(Polski) Robert Stanek <span><\/span><\/h2>\n                                <div class=\"info\">\n                                    <p><i class=\"icon-list-alt\"><\/i> <span>Klub:<\/span> <strong>Rudy Kot<\/strong><\/p>                                    <p><i class=\"icon-globe\"><\/i> <span>Miejscowo\u015b\u0107:<\/span> <strong>Szczecin<\/strong><\/p>                                    <p><i class=\"icon-star-half-empty\"><\/i> <span>Kategoria:<\/span> <strong>TOTAL EXTREME<\/strong><\/p>                                    <p><i class=\"icon-flag-checkered\"><\/i> <span>Numer startowy:<\/span> <strong>42<\/strong><\/p>\n                                    <p><i class=\"icon-list-alt\"><\/i> <span>Data startu:<\/span> <strong>2020-09-26 12:00<\/strong><\/p>                                <\/div>\n                                <div class=\"commentsCount\"><i class=\"icon-comments-alt darkerColor\"><\/i> 13<\/div>\n                                <p><span class=\"more\">\u00bb more<\/span><\/p><\/div>\n                        <\/div>\n                    <\/div>\n                <\/a>\n            <\/section>\n                        <section class=\"newsItem userItem\">\n                <a href=\"https:\/\/mrdp.pl\/en\/zawodnik\/piotr-organek-2020\" title=\"(Polski) Piotr Organek\">\n                    <div class=\"fastGrid\">\n                        <div>\n                            <div class=\"avatarColumn\">\n                                <div style=\"background-image: url(https:\/\/mrdp.pl\/uploads\/Organek_Piotr-39x70.jpg)\"><\/div>\n                            <\/div>\n                            <div>\n                                <h2 class=\"newsTitle\">(Polski) Piotr Organek <span><\/span><\/h2>\n                                <div class=\"info\">\n                                    <p><i class=\"icon-list-alt\"><\/i> <span>Klub:<\/span> <strong>Niniwa Team<\/strong><\/p>                                    <p><i class=\"icon-globe\"><\/i> <span>Miejscowo\u015b\u0107:<\/span> <strong>Toru\u0144<\/strong><\/p>                                    <p><i class=\"icon-star-half-empty\"><\/i> <span>Kategoria:<\/span> <strong>TOTAL EXTREME<\/strong><\/p>                                    <p><i class=\"icon-flag-checkered\"><\/i> <span>Numer startowy:<\/span> <strong>50<\/strong><\/p>\n                                    <p><i class=\"icon-list-alt\"><\/i> <span>Data startu:<\/span> <strong>2020-09-26 12:00<\/strong><\/p>                                <\/div>\n                                <div class=\"commentsCount\"><i class=\"icon-comments-alt darkerColor\"><\/i> 0<\/div>\n                                <p><span class=\"more\">\u00bb more<\/span><\/p><\/div>\n                        <\/div>\n                    <\/div>\n                <\/a>\n            <\/section>\n                        <section class=\"newsItem userItem\">\n                <a href=\"https:\/\/mrdp.pl\/en\/zawodnik\/marcin-siniarski-2020\" title=\"Marcin Siniarski\">\n                    <div class=\"fastGrid\">\n                        <div>\n                            <div class=\"avatarColumn\">\n                                <div style=\"background-image: url(https:\/\/mrdp.pl\/uploads\/marcin-siniarski-70x70.jpg)\"><\/div>\n                            <\/div>\n                            <div>\n                                <h2 class=\"newsTitle\">Marcin Siniarski <span>MSI<\/span><\/h2>\n                                <div class=\"info\">\n                                                                        <p><i class=\"icon-globe\"><\/i> <span>Miejscowo\u015b\u0107:<\/span> <strong>Warszawa<\/strong><\/p>                                    <p><i class=\"icon-star-half-empty\"><\/i> <span>Kategoria:<\/span> <strong>TOTAL EXTREME<\/strong><\/p>                                    <p><i class=\"icon-flag-checkered\"><\/i> <span>Numer startowy:<\/span> <strong>51<\/strong><\/p>\n                                    <p><i class=\"icon-list-alt\"><\/i> <span>Data startu:<\/span> <strong>2020-09-26 12:00<\/strong><\/p>                                <\/div>\n                                <div class=\"commentsCount\"><i class=\"icon-comments-alt darkerColor\"><\/i> 14<\/div>\n                                <p><span class=\"more\">\u00bb more<\/span><\/p><\/div>\n                        <\/div>\n                    <\/div>\n                <\/a>\n            <\/section>\n                        <section class=\"newsItem userItem\">\n                <a href=\"https:\/\/mrdp.pl\/en\/zawodnik\/barbara-niescioruk-2020\" title=\"Barbara Nie\u015bcioruk\">\n                    <div class=\"fastGrid\">\n                        <div>\n                            <div class=\"avatarColumn\">\n                                <div style=\"background-image: url(https:\/\/mrdp.pl\/uploads\/basia-niescioruk-70x65.jpg)\"><\/div>\n                            <\/div>\n                            <div>\n                                <h2 class=\"newsTitle\">Barbara Nie\u015bcioruk <span>Basik<\/span><\/h2>\n                                <div class=\"info\">\n                                                                        <p><i class=\"icon-globe\"><\/i> <span>Miejscowo\u015b\u0107:<\/span> <strong>Lublin<\/strong><\/p>                                    <p><i class=\"icon-star-half-empty\"><\/i> <span>Kategoria:<\/span> <strong>EXTREME<\/strong><\/p>                                    <p><i class=\"icon-flag-checkered\"><\/i> <span>Numer startowy:<\/span> <strong>101<\/strong><\/p>\n                                    <p><i class=\"icon-list-alt\"><\/i> <span>Data startu:<\/span> <strong>2020-09-26 12:00<\/strong><\/p>                                <\/div>\n                                <div class=\"commentsCount\"><i class=\"icon-comments-alt darkerColor\"><\/i> 30<\/div>\n                                <p><span class=\"more\">\u00bb more<\/span><\/p><\/div>\n                        <\/div>\n                    <\/div>\n                <\/a>\n            <\/section>\n                        <section class=\"newsItem userItem\">\n                <a href=\"https:\/\/mrdp.pl\/en\/zawodnik\/mariusz-filipek-2020\" title=\"Mariusz Filipek\">\n                    <div class=\"fastGrid\">\n                        <div>\n                            <div class=\"avatarColumn\">\n                                <div style=\"background-image: url(https:\/\/mrdp.pl\/uploads\/brt-70x55.jpg)\"><\/div>\n                            <\/div>\n                            <div>\n                                <h2 class=\"newsTitle\">Mariusz Filipek <span>Mariobiker<\/span><\/h2>\n                                <div class=\"info\">\n                                    <p><i class=\"icon-list-alt\"><\/i> <span>Klub:<\/span> <strong>Bike Room Team<\/strong><\/p>                                    <p><i class=\"icon-globe\"><\/i> <span>Miejscowo\u015b\u0107:<\/span> <strong>Niedrzwica Du\u017ca<\/strong><\/p>                                    <p><i class=\"icon-star-half-empty\"><\/i> <span>Kategoria:<\/span> <strong>EXTREME<\/strong><\/p>                                    <p><i class=\"icon-flag-checkered\"><\/i> <span>Numer startowy:<\/span> <strong>111<\/strong><\/p>\n                                    <p><i class=\"icon-list-alt\"><\/i> <span>Data startu:<\/span> <strong>2020-09-26 12:00<\/strong><\/p>                                <\/div>\n                                <div class=\"commentsCount\"><i class=\"icon-comments-alt darkerColor\"><\/i> 13<\/div>\n                                <p><span class=\"more\">\u00bb more<\/span><\/p><\/div>\n                        <\/div>\n                    <\/div>\n                <\/a>\n            <\/section>\n                        <section class=\"newsItem userItem\">\n                <a href=\"https:\/\/mrdp.pl\/en\/zawodnik\/jerzy-scibisz-2020\" title=\"Jerzy \u015acibisz\">\n                    <div class=\"fastGrid\">\n                        <div>\n                            <div class=\"avatarColumn\">\n                                <div style=\"background-image: url(https:\/\/mrdp.pl\/uploads\/WP_20161004_16_37_18_Pro-39x70.jpg)\"><\/div>\n                            <\/div>\n                            <div>\n                                <h2 class=\"newsTitle\">Jerzy \u015acibisz <span>irzi rajder<\/span><\/h2>\n                                <div class=\"info\">\n                                                                        <p><i class=\"icon-globe\"><\/i> <span>Miejscowo\u015b\u0107:<\/span> <strong>Szczecin<\/strong><\/p>                                    <p><i class=\"icon-star-half-empty\"><\/i> <span>Kategoria:<\/span> <strong>EXTREME<\/strong><\/p>                                    <p><i class=\"icon-flag-checkered\"><\/i> <span>Numer startowy:<\/span> <strong>112<\/strong><\/p>\n                                    <p><i class=\"icon-list-alt\"><\/i> <span>Data startu:<\/span> <strong>2020-09-26 12:00<\/strong><\/p>                                <\/div>\n                                <div class=\"commentsCount\"><i class=\"icon-comments-alt darkerColor\"><\/i> 13<\/div>\n                                <p><span class=\"more\">\u00bb more<\/span><\/p><\/div>\n                        <\/div>\n                    <\/div>\n                <\/a>\n            <\/section>\n                        <section class=\"newsItem userItem\">\n                <a href=\"https:\/\/mrdp.pl\/en\/zawodnik\/dariusz-chojnowski-2020\" title=\"Dariusz Chojnowski\">\n                    <div class=\"fastGrid\">\n                        <div>\n                            <div class=\"avatarColumn\">\n                                <div style=\"background-image: url(https:\/\/mrdp.pl\/uploads\/AA1_6099-70x46.jpg)\"><\/div>\n                            <\/div>\n                            <div>\n                                <h2 class=\"newsTitle\">Dariusz Chojnowski <span><\/span><\/h2>\n                                <div class=\"info\">\n                                                                        <p><i class=\"icon-globe\"><\/i> <span>Miejscowo\u015b\u0107:<\/span> <strong>Za\u015bcianki<\/strong><\/p>                                    <p><i class=\"icon-star-half-empty\"><\/i> <span>Kategoria:<\/span> <strong>EXTREME<\/strong><\/p>                                    <p><i class=\"icon-flag-checkered\"><\/i> <span>Numer startowy:<\/span> <strong>113<\/strong><\/p>\n                                    <p><i class=\"icon-list-alt\"><\/i> <span>Data startu:<\/span> <strong>2020-09-26 12:00<\/strong><\/p>                                <\/div>\n                                <div class=\"commentsCount\"><i class=\"icon-comments-alt darkerColor\"><\/i> 14<\/div>\n                                <p><span class=\"more\">\u00bb more<\/span><\/p><\/div>\n                        <\/div>\n                    <\/div>\n                <\/a>\n            <\/section>\n                        <section class=\"newsItem userItem\">\n                <a href=\"https:\/\/mrdp.pl\/en\/zawodnik\/lukasz-hedko\" title=\"\u0141ukasz Hedko\">\n                    <div class=\"fastGrid\">\n                        <div>\n                            <div class=\"avatarColumn\">\n                                <div style=\"background-image: url(https:\/\/mrdp.pl\/en\/wp-content\/themes\/mrdp\/img\/empty.png)\"><\/div>\n                            <\/div>\n                            <div>\n                                <h2 class=\"newsTitle\">\u0141ukasz Hedko <span><\/span><\/h2>\n                                <div class=\"info\">\n                                    <p><i class=\"icon-list-alt\"><\/i> <span>Klub:<\/span> <strong>hedko.pl<\/strong><\/p>                                    <p><i class=\"icon-globe\"><\/i> <span>Miejscowo\u015b\u0107:<\/span> <strong>Siedlec<\/strong><\/p>                                    <p><i class=\"icon-star-half-empty\"><\/i> <span>Kategoria:<\/span> <strong>EXTREME<\/strong><\/p>                                    <p><i class=\"icon-flag-checkered\"><\/i> <span>Numer startowy:<\/span> <strong>115<\/strong><\/p>\n                                    <p><i class=\"icon-list-alt\"><\/i> <span>Data startu:<\/span> <strong>2020-09-26 12:00<\/strong><\/p>                                <\/div>\n                                <div class=\"commentsCount\"><i class=\"icon-comments-alt darkerColor\"><\/i> 16<\/div>\n                                <p><span class=\"more\">\u00bb more<\/span><\/p><\/div>\n                        <\/div>\n                    <\/div>\n                <\/a>\n            <\/section>\n                        <section class=\"newsItem userItem\">\n                <a href=\"https:\/\/mrdp.pl\/en\/zawodnik\/witold-biernacki-2020\" title=\"(Polski) Witold Biernacki\">\n                    <div class=\"fastGrid\">\n                        <div>\n                            <div class=\"avatarColumn\">\n                                <div style=\"background-image: url(https:\/\/mrdp.pl\/uploads\/1597149_498227863613522_3884790772416134816_o-70x46.jpg)\"><\/div>\n                            <\/div>\n                            <div>\n                                <h2 class=\"newsTitle\">(Polski) Witold Biernacki <span><\/span><\/h2>\n                                <div class=\"info\">\n                                                                        <p><i class=\"icon-globe\"><\/i> <span>Miejscowo\u015b\u0107:<\/span> <strong>Gosty\u0144<\/strong><\/p>                                    <p><i class=\"icon-star-half-empty\"><\/i> <span>Kategoria:<\/span> <strong>EXTREME<\/strong><\/p>                                    <p><i class=\"icon-flag-checkered\"><\/i> <span>Numer startowy:<\/span> <strong>116<\/strong><\/p>\n                                    <p><i class=\"icon-list-alt\"><\/i> <span>Data startu:<\/span> <strong>2020-09-26 12:00<\/strong><\/p>                                <\/div>\n                                <div class=\"commentsCount\"><i class=\"icon-comments-alt darkerColor\"><\/i> 17<\/div>\n                                <p><span class=\"more\">\u00bb more<\/span><\/p><\/div>\n                        <\/div>\n                    <\/div>\n                <\/a>\n            <\/section>\n                        <section class=\"newsItem userItem\">\n                <a href=\"https:\/\/mrdp.pl\/en\/zawodnik\/pawel-talaga-2020\" title=\"Pawe\u0142 Talaga\">\n                    <div class=\"fastGrid\">\n                        <div>\n                            <div class=\"avatarColumn\">\n                                <div style=\"background-image: url(https:\/\/mrdp.pl\/uploads\/Pawel-Talaga-52x70.jpg)\"><\/div>\n                            <\/div>\n                            <div>\n                                <h2 class=\"newsTitle\">Pawe\u0142 Talaga <span><\/span><\/h2>\n                                <div class=\"info\">\n                                                                        <p><i class=\"icon-globe\"><\/i> <span>Miejscowo\u015b\u0107:<\/span> <strong>Krak\u00f3w<\/strong><\/p>                                    <p><i class=\"icon-star-half-empty\"><\/i> <span>Kategoria:<\/span> <strong>EXTREME<\/strong><\/p>                                    <p><i class=\"icon-flag-checkered\"><\/i> <span>Numer startowy:<\/span> <strong>118<\/strong><\/p>\n                                    <p><i class=\"icon-list-alt\"><\/i> <span>Data startu:<\/span> <strong>2020-09-26 12:00<\/strong><\/p>                                <\/div>\n                                <div class=\"commentsCount\"><i class=\"icon-comments-alt darkerColor\"><\/i> 13<\/div>\n                                <p><span class=\"more\">\u00bb more<\/span><\/p><\/div>\n                        <\/div>\n                    <\/div>\n                <\/a>\n            <\/section>\n                        <section class=\"newsItem userItem\">\n                <a href=\"https:\/\/mrdp.pl\/en\/zawodnik\/kamil-chwistecki-2020\" title=\"(Polski) Kamil Chwistecki\">\n                    <div class=\"fastGrid\">\n                        <div>\n                            <div class=\"avatarColumn\">\n                                <div style=\"background-image: url(https:\/\/mrdp.pl\/en\/wp-content\/themes\/mrdp\/img\/empty.png)\"><\/div>\n                            <\/div>\n                            <div>\n                                <h2 class=\"newsTitle\">(Polski) Kamil Chwistecki <span><\/span><\/h2>\n                                <div class=\"info\">\n                                                                        <p><i class=\"icon-globe\"><\/i> <span>Miejscowo\u015b\u0107:<\/span> <strong>\u015awinouj\u015bcie<\/strong><\/p>                                    <p><i class=\"icon-star-half-empty\"><\/i> <span>Kategoria:<\/span> <strong>EXTREME<\/strong><\/p>                                    <p><i class=\"icon-flag-checkered\"><\/i> <span>Numer startowy:<\/span> <strong>119<\/strong><\/p>\n                                    <p><i class=\"icon-list-alt\"><\/i> <span>Data startu:<\/span> <strong>2020-09-26 12:00<\/strong><\/p>                                <\/div>\n                                <div class=\"commentsCount\"><i class=\"icon-comments-alt darkerColor\"><\/i> 13<\/div>\n                                <p><span class=\"more\">\u00bb more<\/span><\/p><\/div>\n                        <\/div>\n                    <\/div>\n                <\/a>\n            <\/section>\n                        <section class=\"newsItem userItem\">\n                <a href=\"https:\/\/mrdp.pl\/en\/zawodnik\/andrzej-skwarecki-2020\" title=\"Andrzej Skwarecki\">\n                    <div class=\"fastGrid\">\n                        <div>\n                            <div class=\"avatarColumn\">\n                                <div style=\"background-image: url(https:\/\/mrdp.pl\/en\/wp-content\/themes\/mrdp\/img\/empty.png)\"><\/div>\n                            <\/div>\n                            <div>\n                                <h2 class=\"newsTitle\">Andrzej Skwarecki <span><\/span><\/h2>\n                                <div class=\"info\">\n                                                                        <p><i class=\"icon-globe\"><\/i> <span>Miejscowo\u015b\u0107:<\/span> <strong>Jaworowa<\/strong><\/p>                                    <p><i class=\"icon-star-half-empty\"><\/i> <span>Kategoria:<\/span> <strong>TOTAL EXTREME<\/strong><\/p>                                    <p><i class=\"icon-flag-checkered\"><\/i> <span>Numer startowy:<\/span> <strong>221<\/strong><\/p>\n                                    <p><i class=\"icon-list-alt\"><\/i> <span>Data startu:<\/span> <strong>2020-09-26 12:00<\/strong><\/p>                                <\/div>\n                                <div class=\"commentsCount\"><i class=\"icon-comments-alt darkerColor\"><\/i> 30<\/div>\n                                <p><span class=\"more\">\u00bb more<\/span><\/p><\/div>\n                        <\/div>\n                    <\/div>\n                <\/a>\n            <\/section>\n            <\/p>","protected":false},"excerpt":{"rendered":"","protected":false},"author":1,"featured_media":0,"parent":4965,"menu_order":0,"comment_status":"closed","ping_status":"closed","template":"","meta":[],"_links":{"self":[{"href":"https:\/\/mrdp.pl\/en\/wp-json\/wp\/v2\/pages\/4976"}],"collection":[{"href":"https:\/\/mrdp.pl\/en\/wp-json\/wp\/v2\/pages"}],"about":[{"href":"https:\/\/mrdp.pl\/en\/wp-json\/wp\/v2\/types\/page"}],"author":[{"embeddable":true,"href":"https:\/\/mrdp.pl\/en\/wp-json\/wp\/v2\/users\/1"}],"replies":[{"embeddable":true,"href":"https:\/\/mrdp.pl\/en\/wp-json\/wp\/v2\/comments?post=4976"}],"version-history":[{"count":1,"href":"https:\/\/mrdp.pl\/en\/wp-json\/wp\/v2\/pages\/4976\/revisions"}],"predecessor-version":[{"id":4977,"href":"https:\/\/mrdp.pl\/en\/wp-json\/wp\/v2\/pages\/4976\/revisions\/4977"}],"up":[{"embeddable":true,"href":"https:\/\/mrdp.pl\/en\/wp-json\/wp\/v2\/pages\/4965"}],"wp:attachment":[{"href":"https:\/\/mrdp.pl\/en\/wp-json\/wp\/v2\/media?parent=4976"}],"curies":[{"name":"wp","href":"https:\/\/api.w.org\/{rel}","templated":true}]}}