{"id":4607,"date":"2020-01-22T19:50:11","date_gmt":"2020-01-22T18:50:11","guid":{"rendered":"http:\/\/mrdp.pl\/?page_id=4607"},"modified":"2020-01-22T19:50:11","modified_gmt":"2020-01-22T18:50:11","slug":"zawodnicy-mrdp-gory-2019","status":"publish","type":"page","link":"https:\/\/mrdp.pl\/en\/archiwum\/gmrdp-2019\/zawodnicy-mrdp-gory-2019","title":{"rendered":"The competitors MRDP Mountains 2019"},"content":{"rendered":"<p>            <section class=\"newsItem userItem\">\n                <a href=\"https:\/\/mrdp.pl\/en\/zawodnik\/malgorzata-majewska\" title=\"Ma\u0142gorzata Majewska\">\n                    <div class=\"fastGrid\">\n                        <div>\n                            <div class=\"avatarColumn\">\n                                <div style=\"background-image: url(https:\/\/mrdp.pl\/en\/wp-content\/themes\/mrdp\/img\/empty.png)\"><\/div>\n                            <\/div>\n                            <div>\n                                <h2 class=\"newsTitle\">Ma\u0142gorzata Majewska <span><\/span><\/h2>\n                                <div class=\"info\">\n                                                                        <p><i class=\"icon-globe\"><\/i> <span>Miejscowo\u015b\u0107:<\/span> <strong>\u0141\u00f3d\u017a<\/strong><\/p>                                    <p><i class=\"icon-star-half-empty\"><\/i> <span>Kategoria:<\/span> <strong>TOTAL EXTREME<\/strong><\/p>                                    <p><i class=\"icon-flag-checkered\"><\/i> <span>Numer startowy:<\/span> <strong>1<\/strong><\/p>\n                                    <p><i class=\"icon-list-alt\"><\/i> <span>Data startu:<\/span> <strong>2019-08-24 12:05<\/strong><\/p>                                <\/div>\n                                <div class=\"commentsCount\"><i class=\"icon-comments-alt darkerColor\"><\/i> 14<\/div>\n                                <p><span class=\"more\">\u00bb more<\/span><\/p><\/div>\n                        <\/div>\n                    <\/div>\n                <\/a>\n            <\/section>\n                        <section class=\"newsItem userItem\">\n                <a href=\"https:\/\/mrdp.pl\/en\/zawodnik\/daniel-smieja-2019\" title=\"Daniel \u015amieja\">\n                    <div class=\"fastGrid\">\n                        <div>\n                            <div class=\"avatarColumn\">\n                                <div style=\"background-image: url(https:\/\/mrdp.pl\/uploads\/wigor2017-70x70.jpg)\"><\/div>\n                            <\/div>\n                            <div>\n                                <h2 class=\"newsTitle\">Daniel \u015amieja <span>Wigor<\/span><\/h2>\n                                <div class=\"info\">\n                                    <p><i class=\"icon-list-alt\"><\/i> <span>Klub:<\/span> <strong>mrdp.pl<\/strong><\/p>                                    <p><i class=\"icon-globe\"><\/i> <span>Miejscowo\u015b\u0107:<\/span> <strong>Szczecin<\/strong><\/p>                                    <p><i class=\"icon-star-half-empty\"><\/i> <span>Kategoria:<\/span> <strong>TOTAL EXTREME<\/strong><\/p>                                    <p><i class=\"icon-flag-checkered\"><\/i> <span>Numer startowy:<\/span> <strong>11<\/strong><\/p>\n                                    <p><i class=\"icon-list-alt\"><\/i> <span>Data startu:<\/span> <strong>2019-08-24 12:05<\/strong><\/p>                                <\/div>\n                                <div class=\"commentsCount\"><i class=\"icon-comments-alt darkerColor\"><\/i> 46<\/div>\n                                <p><span class=\"more\">\u00bb more<\/span><\/p><\/div>\n                        <\/div>\n                    <\/div>\n                <\/a>\n            <\/section>\n                        <section class=\"newsItem userItem\">\n                <a href=\"https:\/\/mrdp.pl\/en\/zawodnik\/roman-krolikowski-2019\" title=\"Roman Kr\u00f3likowski\">\n                    <div class=\"fastGrid\">\n                        <div>\n                            <div class=\"avatarColumn\">\n                                <div style=\"background-image: url(https:\/\/mrdp.pl\/uploads\/IMG_0189-45x70.jpg)\"><\/div>\n                            <\/div>\n                            <div>\n                                <h2 class=\"newsTitle\">Roman Kr\u00f3likowski <span>Wodorek<\/span><\/h2>\n                                <div class=\"info\">\n                                                                        <p><i class=\"icon-globe\"><\/i> <span>Miejscowo\u015b\u0107:<\/span> <strong>Modlniczka<\/strong><\/p>                                    <p><i class=\"icon-star-half-empty\"><\/i> <span>Kategoria:<\/span> <strong>TOTAL EXTREME<\/strong><\/p>                                    <p><i class=\"icon-flag-checkered\"><\/i> <span>Numer startowy:<\/span> <strong>12<\/strong><\/p>\n                                    <p><i class=\"icon-list-alt\"><\/i> <span>Data startu:<\/span> <strong>2019-08-24 12:05<\/strong><\/p>                                <\/div>\n                                <div class=\"commentsCount\"><i class=\"icon-comments-alt darkerColor\"><\/i> 14<\/div>\n                                <p><span class=\"more\">\u00bb more<\/span><\/p><\/div>\n                        <\/div>\n                    <\/div>\n                <\/a>\n            <\/section>\n                        <section class=\"newsItem userItem\">\n                <a href=\"https:\/\/mrdp.pl\/en\/zawodnik\/wieslaw-janczak-2019\" title=\"Wies\u0142aw Ja\u0144czak\">\n                    <div class=\"fastGrid\">\n                        <div>\n                            <div class=\"avatarColumn\">\n                                <div style=\"background-image: url(https:\/\/mrdp.pl\/uploads\/P1000J2016-65x70.jpg)\"><\/div>\n                            <\/div>\n                            <div>\n                                <h2 class=\"newsTitle\">Wies\u0142aw Ja\u0144czak <span>wiecho<\/span><\/h2>\n                                <div class=\"info\">\n                                                                        <p><i class=\"icon-globe\"><\/i> <span>Miejscowo\u015b\u0107:<\/span> <strong>Bydgoszcz<\/strong><\/p>                                    <p><i class=\"icon-star-half-empty\"><\/i> <span>Kategoria:<\/span> <strong>TOTAL EXTREME<\/strong><\/p>                                    <p><i class=\"icon-flag-checkered\"><\/i> <span>Numer startowy:<\/span> <strong>13<\/strong><\/p>\n                                    <p><i class=\"icon-list-alt\"><\/i> <span>Data startu:<\/span> <strong>2019-08-24 12:05<\/strong><\/p>                                <\/div>\n                                <div class=\"commentsCount\"><i class=\"icon-comments-alt darkerColor\"><\/i> 21<\/div>\n                                <p><span class=\"more\">\u00bb more<\/span><\/p><\/div>\n                        <\/div>\n                    <\/div>\n                <\/a>\n            <\/section>\n                        <section class=\"newsItem userItem\">\n                <a href=\"https:\/\/mrdp.pl\/en\/zawodnik\/ireneusz-szymocha-2019\" title=\"Ireneusz Szymocha\">\n                    <div class=\"fastGrid\">\n                        <div>\n                            <div class=\"avatarColumn\">\n                                <div style=\"background-image: url(https:\/\/mrdp.pl\/uploads\/big-70x67.jpg)\"><\/div>\n                            <\/div>\n                            <div>\n                                <h2 class=\"newsTitle\">Ireneusz Szymocha <span>Achom<\/span><\/h2>\n                                <div class=\"info\">\n                                    <p><i class=\"icon-list-alt\"><\/i> <span>Klub:<\/span> <strong>K.R. ''Gryfland''<\/strong><\/p>                                    <p><i class=\"icon-globe\"><\/i> <span>Miejscowo\u015b\u0107:<\/span> <strong>Albert\u00f3w<\/strong><\/p>                                    <p><i class=\"icon-star-half-empty\"><\/i> <span>Kategoria:<\/span> <strong>TOTAL EXTREME<\/strong><\/p>                                    <p><i class=\"icon-flag-checkered\"><\/i> <span>Numer startowy:<\/span> <strong>14<\/strong><\/p>\n                                    <p><i class=\"icon-list-alt\"><\/i> <span>Data startu:<\/span> <strong>2019-08-24 12:05<\/strong><\/p>                                <\/div>\n                                <div class=\"commentsCount\"><i class=\"icon-comments-alt darkerColor\"><\/i> 31<\/div>\n                                <p><span class=\"more\">\u00bb more<\/span><\/p><\/div>\n                        <\/div>\n                    <\/div>\n                <\/a>\n            <\/section>\n                        <section class=\"newsItem userItem\">\n                <a href=\"https:\/\/mrdp.pl\/en\/zawodnik\/radoslaw-golebiewski\" title=\"Rados\u0142aw Go\u0142\u0119biewski\">\n                    <div class=\"fastGrid\">\n                        <div>\n                            <div class=\"avatarColumn\">\n                                <div style=\"background-image: url(https:\/\/mrdp.pl\/uploads\/Radoslaw-Golebiewski-70x39.jpg)\"><\/div>\n                            <\/div>\n                            <div>\n                                <h2 class=\"newsTitle\">Rados\u0142aw Go\u0142\u0119biewski <span><\/span><\/h2>\n                                <div class=\"info\">\n                                                                        <p><i class=\"icon-globe\"><\/i> <span>Miejscowo\u015b\u0107:<\/span> <strong>Toru\u0144<\/strong><\/p>                                    <p><i class=\"icon-star-half-empty\"><\/i> <span>Kategoria:<\/span> <strong>TOTAL EXTREME<\/strong><\/p>                                    <p><i class=\"icon-flag-checkered\"><\/i> <span>Numer startowy:<\/span> <strong>15<\/strong><\/p>\n                                    <p><i class=\"icon-list-alt\"><\/i> <span>Data startu:<\/span> <strong>2019-08-24 12:05<\/strong><\/p>                                <\/div>\n                                <div class=\"commentsCount\"><i class=\"icon-comments-alt darkerColor\"><\/i> 13<\/div>\n                                <p><span class=\"more\">\u00bb more<\/span><\/p><\/div>\n                        <\/div>\n                    <\/div>\n                <\/a>\n            <\/section>\n                        <section class=\"newsItem userItem\">\n                <a href=\"https:\/\/mrdp.pl\/en\/zawodnik\/krzysztof-naskret-2019\" title=\"Krzysztof Naskr\u0119t\">\n                    <div class=\"fastGrid\">\n                        <div>\n                            <div class=\"avatarColumn\">\n                                <div style=\"background-image: url(https:\/\/mrdp.pl\/uploads\/Krzysztof-Naskret-53x70.jpg)\"><\/div>\n                            <\/div>\n                            <div>\n                                <h2 class=\"newsTitle\">Krzysztof Naskr\u0119t <span>Sruba<\/span><\/h2>\n                                <div class=\"info\">\n                                    <p><i class=\"icon-list-alt\"><\/i> <span>Klub:<\/span> <strong>Qbook - Edica<\/strong><\/p>                                    <p><i class=\"icon-globe\"><\/i> <span>Miejscowo\u015b\u0107:<\/span> <strong>Czapury<\/strong><\/p>                                    <p><i class=\"icon-star-half-empty\"><\/i> <span>Kategoria:<\/span> <strong>TOTAL EXTREME<\/strong><\/p>                                    <p><i class=\"icon-flag-checkered\"><\/i> <span>Numer startowy:<\/span> <strong>16<\/strong><\/p>\n                                    <p><i class=\"icon-list-alt\"><\/i> <span>Data startu:<\/span> <strong>2019-08-24 12:05<\/strong><\/p>                                <\/div>\n                                <div class=\"commentsCount\"><i class=\"icon-comments-alt darkerColor\"><\/i> 14<\/div>\n                                <p><span class=\"more\">\u00bb more<\/span><\/p><\/div>\n                        <\/div>\n                    <\/div>\n                <\/a>\n            <\/section>\n                        <section class=\"newsItem userItem\">\n                <a href=\"https:\/\/mrdp.pl\/en\/zawodnik\/klaudiusz-bek-2019\" title=\"Klaudiusz Bek\">\n                    <div class=\"fastGrid\">\n                        <div>\n                            <div class=\"avatarColumn\">\n                                <div style=\"background-image: url(https:\/\/mrdp.pl\/uploads\/klaus-i-Bruce-70x67.jpg)\"><\/div>\n                            <\/div>\n                            <div>\n                                <h2 class=\"newsTitle\">Klaudiusz Bek <span>klaus<\/span><\/h2>\n                                <div class=\"info\">\n                                                                        <p><i class=\"icon-globe\"><\/i> <span>Miejscowo\u015b\u0107:<\/span> <strong>Izbicko<\/strong><\/p>                                    <p><i class=\"icon-star-half-empty\"><\/i> <span>Kategoria:<\/span> <strong>TOTAL EXTREME<\/strong><\/p>                                    <p><i class=\"icon-flag-checkered\"><\/i> <span>Numer startowy:<\/span> <strong>17<\/strong><\/p>\n                                    <p><i class=\"icon-list-alt\"><\/i> <span>Data startu:<\/span> <strong>2019-08-24 12:05<\/strong><\/p>                                <\/div>\n                                <div class=\"commentsCount\"><i class=\"icon-comments-alt darkerColor\"><\/i> 16<\/div>\n                                <p><span class=\"more\">\u00bb more<\/span><\/p><\/div>\n                        <\/div>\n                    <\/div>\n                <\/a>\n            <\/section>\n                        <section class=\"newsItem userItem\">\n                <a href=\"https:\/\/mrdp.pl\/en\/zawodnik\/robert-wozniak-2019\" title=\"robert wo\u017aniak\">\n                    <div class=\"fastGrid\">\n                        <div>\n                            <div class=\"avatarColumn\">\n                                <div style=\"background-image: url(https:\/\/mrdp.pl\/uploads\/Wozniak-Robert-70x52.jpg)\"><\/div>\n                            <\/div>\n                            <div>\n                                <h2 class=\"newsTitle\">robert wo\u017aniak <span>robert1973<\/span><\/h2>\n                                <div class=\"info\">\n                                    <p><i class=\"icon-list-alt\"><\/i> <span>Klub:<\/span> <strong>robert1973<\/strong><\/p>                                    <p><i class=\"icon-globe\"><\/i> <span>Miejscowo\u015b\u0107:<\/span> <strong>Elbl\u0105g<\/strong><\/p>                                    <p><i class=\"icon-star-half-empty\"><\/i> <span>Kategoria:<\/span> <strong>EXTREME<\/strong><\/p>                                    <p><i class=\"icon-flag-checkered\"><\/i> <span>Numer startowy:<\/span> <strong>18<\/strong><\/p>\n                                    <p><i class=\"icon-list-alt\"><\/i> <span>Data startu:<\/span> <strong>2019-08-24 12:05<\/strong><\/p>                                <\/div>\n                                <div class=\"commentsCount\"><i class=\"icon-comments-alt darkerColor\"><\/i> 13<\/div>\n                                <p><span class=\"more\">\u00bb more<\/span><\/p><\/div>\n                        <\/div>\n                    <\/div>\n                <\/a>\n            <\/section>\n                        <section class=\"newsItem userItem\">\n                <a href=\"https:\/\/mrdp.pl\/en\/zawodnik\/grzegorz-szamrowicz-2019\" title=\"Grzegorz Szamrowicz\">\n                    <div class=\"fastGrid\">\n                        <div>\n                            <div class=\"avatarColumn\">\n                                <div style=\"background-image: url(https:\/\/mrdp.pl\/uploads\/IMG-20180916-WA0003-70x52.jpg)\"><\/div>\n                            <\/div>\n                            <div>\n                                <h2 class=\"newsTitle\">Grzegorz Szamrowicz <span><\/span><\/h2>\n                                <div class=\"info\">\n                                                                        <p><i class=\"icon-globe\"><\/i> <span>Miejscowo\u015b\u0107:<\/span> <strong>Z\u0105bkowice \u015al\u0105skie<\/strong><\/p>                                    <p><i class=\"icon-star-half-empty\"><\/i> <span>Kategoria:<\/span> <strong>TOTAL EXTREME<\/strong><\/p>                                    <p><i class=\"icon-flag-checkered\"><\/i> <span>Numer startowy:<\/span> <strong>19<\/strong><\/p>\n                                    <p><i class=\"icon-list-alt\"><\/i> <span>Data startu:<\/span> <strong>2019-08-24 12:05<\/strong><\/p>                                <\/div>\n                                <div class=\"commentsCount\"><i class=\"icon-comments-alt darkerColor\"><\/i> 32<\/div>\n                                <p><span class=\"more\">\u00bb more<\/span><\/p><\/div>\n                        <\/div>\n                    <\/div>\n                <\/a>\n            <\/section>\n                        <section class=\"newsItem userItem\">\n                <a href=\"https:\/\/mrdp.pl\/en\/zawodnik\/zbigniew-nowak\" title=\"Zbigniew Nowak\">\n                    <div class=\"fastGrid\">\n                        <div>\n                            <div class=\"avatarColumn\">\n                                <div style=\"background-image: url(https:\/\/mrdp.pl\/uploads\/IMG_20180421_055133-39x70.jpg)\"><\/div>\n                            <\/div>\n                            <div>\n                                <h2 class=\"newsTitle\">Zbigniew Nowak <span><\/span><\/h2>\n                                <div class=\"info\">\n                                                                        <p><i class=\"icon-globe\"><\/i> <span>Miejscowo\u015b\u0107:<\/span> <strong>Gaszowice<\/strong><\/p>                                    <p><i class=\"icon-star-half-empty\"><\/i> <span>Kategoria:<\/span> <strong>TOTAL EXTREME<\/strong><\/p>                                    <p><i class=\"icon-flag-checkered\"><\/i> <span>Numer startowy:<\/span> <strong>20<\/strong><\/p>\n                                    <p><i class=\"icon-list-alt\"><\/i> <span>Data startu:<\/span> <strong>2019-08-24 12:05<\/strong><\/p>                                <\/div>\n                                <div class=\"commentsCount\"><i class=\"icon-comments-alt darkerColor\"><\/i> 16<\/div>\n                                <p><span class=\"more\">\u00bb more<\/span><\/p><\/div>\n                        <\/div>\n                    <\/div>\n                <\/a>\n            <\/section>\n                        <section class=\"newsItem userItem\">\n                <a href=\"https:\/\/mrdp.pl\/en\/zawodnik\/szymon-jopek\" title=\"Szymon Jopek\">\n                    <div class=\"fastGrid\">\n                        <div>\n                            <div class=\"avatarColumn\">\n                                <div style=\"background-image: url(https:\/\/mrdp.pl\/en\/wp-content\/themes\/mrdp\/img\/empty.png)\"><\/div>\n                            <\/div>\n                            <div>\n                                <h2 class=\"newsTitle\">Szymon Jopek <span>janek<\/span><\/h2>\n                                <div class=\"info\">\n                                                                        <p><i class=\"icon-globe\"><\/i> <span>Miejscowo\u015b\u0107:<\/span> <strong>Przygodzice<\/strong><\/p>                                    <p><i class=\"icon-star-half-empty\"><\/i> <span>Kategoria:<\/span> <strong>TOTAL EXTREME<\/strong><\/p>                                    <p><i class=\"icon-flag-checkered\"><\/i> <span>Numer startowy:<\/span> <strong>21<\/strong><\/p>\n                                    <p><i class=\"icon-list-alt\"><\/i> <span>Data startu:<\/span> <strong>2019-08-24 12:05<\/strong><\/p>                                <\/div>\n                                <div class=\"commentsCount\"><i class=\"icon-comments-alt darkerColor\"><\/i> 13<\/div>\n                                <p><span class=\"more\">\u00bb more<\/span><\/p><\/div>\n                        <\/div>\n                    <\/div>\n                <\/a>\n            <\/section>\n                        <section class=\"newsItem userItem\">\n                <a href=\"https:\/\/mrdp.pl\/en\/zawodnik\/lukasz-mirowski-2019\" title=\"\u0141ukasz Mirowski\">\n                    <div class=\"fastGrid\">\n                        <div>\n                            <div class=\"avatarColumn\">\n                                <div style=\"background-image: url(https:\/\/mrdp.pl\/uploads\/Lukasz-Mirowski-43x70.jpg)\"><\/div>\n                            <\/div>\n                            <div>\n                                <h2 class=\"newsTitle\">\u0141ukasz Mirowski <span><\/span><\/h2>\n                                <div class=\"info\">\n                                                                        <p><i class=\"icon-globe\"><\/i> <span>Miejscowo\u015b\u0107:<\/span> <strong>Wroc\u0142aw<\/strong><\/p>                                    <p><i class=\"icon-star-half-empty\"><\/i> <span>Kategoria:<\/span> <strong>TOTAL EXTREME<\/strong><\/p>                                    <p><i class=\"icon-flag-checkered\"><\/i> <span>Numer startowy:<\/span> <strong>22<\/strong><\/p>\n                                    <p><i class=\"icon-list-alt\"><\/i> <span>Data startu:<\/span> <strong>2019-08-24 12:05<\/strong><\/p>                                <\/div>\n                                <div class=\"commentsCount\"><i class=\"icon-comments-alt darkerColor\"><\/i> 13<\/div>\n                                <p><span class=\"more\">\u00bb more<\/span><\/p><\/div>\n                        <\/div>\n                    <\/div>\n                <\/a>\n            <\/section>\n                        <section class=\"newsItem userItem\">\n                <a href=\"https:\/\/mrdp.pl\/en\/zawodnik\/szymon-sapeta\" title=\"Szymon Sapeta\">\n                    <div class=\"fastGrid\">\n                        <div>\n                            <div class=\"avatarColumn\">\n                                <div style=\"background-image: url(https:\/\/mrdp.pl\/uploads\/Szymon-Sapeta-70x52.jpg)\"><\/div>\n                            <\/div>\n                            <div>\n                                <h2 class=\"newsTitle\">Szymon Sapeta <span>SaPeR<\/span><\/h2>\n                                <div class=\"info\">\n                                    <p><i class=\"icon-list-alt\"><\/i> <span>Klub:<\/span> <strong>Schronisko Przys\u0142op\/GO4ADVENTURE<\/strong><\/p>                                    <p><i class=\"icon-globe\"><\/i> <span>Miejscowo\u015b\u0107:<\/span> <strong>Wis\u0142a<\/strong><\/p>                                    <p><i class=\"icon-star-half-empty\"><\/i> <span>Kategoria:<\/span> <strong>TOTAL EXTREME<\/strong><\/p>                                    <p><i class=\"icon-flag-checkered\"><\/i> <span>Numer startowy:<\/span> <strong>23<\/strong><\/p>\n                                    <p><i class=\"icon-list-alt\"><\/i> <span>Data startu:<\/span> <strong>2019-08-24 12:05<\/strong><\/p>                                <\/div>\n                                <div class=\"commentsCount\"><i class=\"icon-comments-alt darkerColor\"><\/i> 5<\/div>\n                                <p><span class=\"more\">\u00bb more<\/span><\/p><\/div>\n                        <\/div>\n                    <\/div>\n                <\/a>\n            <\/section>\n                        <section class=\"newsItem userItem\">\n                <a href=\"https:\/\/mrdp.pl\/en\/zawodnik\/piotr-organek\" title=\"Piotr Organek\">\n                    <div class=\"fastGrid\">\n                        <div>\n                            <div class=\"avatarColumn\">\n                                <div style=\"background-image: url(https:\/\/mrdp.pl\/uploads\/Organek_Piotr-39x70.jpg)\"><\/div>\n                            <\/div>\n                            <div>\n                                <h2 class=\"newsTitle\">Piotr Organek <span><\/span><\/h2>\n                                <div class=\"info\">\n                                    <p><i class=\"icon-list-alt\"><\/i> <span>Klub:<\/span> <strong>Niniwa Team<\/strong><\/p>                                    <p><i class=\"icon-globe\"><\/i> <span>Miejscowo\u015b\u0107:<\/span> <strong>Nowa Ruda<\/strong><\/p>                                    <p><i class=\"icon-star-half-empty\"><\/i> <span>Kategoria:<\/span> <strong>TOTAL EXTREME<\/strong><\/p>                                    <p><i class=\"icon-flag-checkered\"><\/i> <span>Numer startowy:<\/span> <strong>24<\/strong><\/p>\n                                    <p><i class=\"icon-list-alt\"><\/i> <span>Data startu:<\/span> <strong>2019-08-24 12:05<\/strong><\/p>                                <\/div>\n                                <div class=\"commentsCount\"><i class=\"icon-comments-alt darkerColor\"><\/i> 38<\/div>\n                                <p><span class=\"more\">\u00bb more<\/span><\/p><\/div>\n                        <\/div>\n                    <\/div>\n                <\/a>\n            <\/section>\n                        <section class=\"newsItem userItem\">\n                <a href=\"https:\/\/mrdp.pl\/en\/zawodnik\/marek-kamm-2019\" title=\"Marek Kamm\">\n                    <div class=\"fastGrid\">\n                        <div>\n                            <div class=\"avatarColumn\">\n                                <div style=\"background-image: url(https:\/\/mrdp.pl\/uploads\/DSCN9762-70x52.jpg)\"><\/div>\n                            <\/div>\n                            <div>\n                                <h2 class=\"newsTitle\">Marek Kamm <span>Marecki<\/span><\/h2>\n                                <div class=\"info\">\n                                    <p><i class=\"icon-list-alt\"><\/i> <span>Klub:<\/span> <strong>marecki.home.pl<\/strong><\/p>                                    <p><i class=\"icon-globe\"><\/i> <span>Miejscowo\u015b\u0107:<\/span> <strong>ELBL\u0104G<\/strong><\/p>                                    <p><i class=\"icon-star-half-empty\"><\/i> <span>Kategoria:<\/span> <strong>TOTAL EXTREME<\/strong><\/p>                                    <p><i class=\"icon-flag-checkered\"><\/i> <span>Numer startowy:<\/span> <strong>25<\/strong><\/p>\n                                    <p><i class=\"icon-list-alt\"><\/i> <span>Data startu:<\/span> <strong>2019-08-24 12:05<\/strong><\/p>                                <\/div>\n                                <div class=\"commentsCount\"><i class=\"icon-comments-alt darkerColor\"><\/i> 31<\/div>\n                                <p><span class=\"more\">\u00bb more<\/span><\/p><\/div>\n                        <\/div>\n                    <\/div>\n                <\/a>\n            <\/section>\n                        <section class=\"newsItem userItem\">\n                <a href=\"https:\/\/mrdp.pl\/en\/zawodnik\/maciej-paterak-2019\" title=\"Maciej Paterak\">\n                    <div class=\"fastGrid\">\n                        <div>\n                            <div class=\"avatarColumn\">\n                                <div style=\"background-image: url(https:\/\/mrdp.pl\/uploads\/111-70x52.jpg)\"><\/div>\n                            <\/div>\n                            <div>\n                                <h2 class=\"newsTitle\">Maciej Paterak <span>Johnny<\/span><\/h2>\n                                <div class=\"info\">\n                                    <p><i class=\"icon-list-alt\"><\/i> <span>Klub:<\/span> <strong>team29er.pl<\/strong><\/p>                                    <p><i class=\"icon-globe\"><\/i> <span>Miejscowo\u015b\u0107:<\/span> <strong>Bestwina<\/strong><\/p>                                    <p><i class=\"icon-star-half-empty\"><\/i> <span>Kategoria:<\/span> <strong>TOTAL EXTREME<\/strong><\/p>                                    <p><i class=\"icon-flag-checkered\"><\/i> <span>Numer startowy:<\/span> <strong>26<\/strong><\/p>\n                                    <p><i class=\"icon-list-alt\"><\/i> <span>Data startu:<\/span> <strong>2019-08-24 12:05<\/strong><\/p>                                <\/div>\n                                <div class=\"commentsCount\"><i class=\"icon-comments-alt darkerColor\"><\/i> 25<\/div>\n                                <p><span class=\"more\">\u00bb more<\/span><\/p><\/div>\n                        <\/div>\n                    <\/div>\n                <\/a>\n            <\/section>\n                        <section class=\"newsItem userItem\">\n                <a href=\"https:\/\/mrdp.pl\/en\/zawodnik\/marcin-witkowski-2019\" title=\"Marcin Witkowski\">\n                    <div class=\"fastGrid\">\n                        <div>\n                            <div class=\"avatarColumn\">\n                                <div style=\"background-image: url(https:\/\/mrdp.pl\/uploads\/DSC02384-64x70.jpg)\"><\/div>\n                            <\/div>\n                            <div>\n                                <h2 class=\"newsTitle\">Marcin Witkowski <span>Wiciu<\/span><\/h2>\n                                <div class=\"info\">\n                                    <p><i class=\"icon-list-alt\"><\/i> <span>Klub:<\/span> <strong>ZASZYCI<\/strong><\/p>                                    <p><i class=\"icon-globe\"><\/i> <span>Miejscowo\u015b\u0107:<\/span> <strong>Warszawa<\/strong><\/p>                                    <p><i class=\"icon-star-half-empty\"><\/i> <span>Kategoria:<\/span> <strong>TOTAL EXTREME<\/strong><\/p>                                    <p><i class=\"icon-flag-checkered\"><\/i> <span>Numer startowy:<\/span> <strong>27<\/strong><\/p>\n                                    <p><i class=\"icon-list-alt\"><\/i> <span>Data startu:<\/span> <strong>2019-08-24 12:05<\/strong><\/p>                                <\/div>\n                                <div class=\"commentsCount\"><i class=\"icon-comments-alt darkerColor\"><\/i> 13<\/div>\n                                <p><span class=\"more\">\u00bb more<\/span><\/p><\/div>\n                        <\/div>\n                    <\/div>\n                <\/a>\n            <\/section>\n                        <section class=\"newsItem userItem\">\n                <a href=\"https:\/\/mrdp.pl\/en\/zawodnik\/michal-salaban-2019\" title=\"Micha\u0142 Sa\u0142aban\">\n                    <div class=\"fastGrid\">\n                        <div>\n                            <div class=\"avatarColumn\">\n                                <div style=\"background-image: url(https:\/\/mrdp.pl\/uploads\/Michal-Salaban-70x70.jpg)\"><\/div>\n                            <\/div>\n                            <div>\n                                <h2 class=\"newsTitle\">Micha\u0142 Sa\u0142aban <span>emes<\/span><\/h2>\n                                <div class=\"info\">\n                                    <p><i class=\"icon-list-alt\"><\/i> <span>Klub:<\/span> <strong>N.A.G.<\/strong><\/p>                                    <p><i class=\"icon-globe\"><\/i> <span>Miejscowo\u015b\u0107:<\/span> <strong>Wroc\u0142aw<\/strong><\/p>                                    <p><i class=\"icon-star-half-empty\"><\/i> <span>Kategoria:<\/span> <strong>TOTAL EXTREME<\/strong><\/p>                                    <p><i class=\"icon-flag-checkered\"><\/i> <span>Numer startowy:<\/span> <strong>28<\/strong><\/p>\n                                    <p><i class=\"icon-list-alt\"><\/i> <span>Data startu:<\/span> <strong>2019-08-24 12:05<\/strong><\/p>                                <\/div>\n                                <div class=\"commentsCount\"><i class=\"icon-comments-alt darkerColor\"><\/i> 25<\/div>\n                                <p><span class=\"more\">\u00bb more<\/span><\/p><\/div>\n                        <\/div>\n                    <\/div>\n                <\/a>\n            <\/section>\n                        <section class=\"newsItem userItem\">\n                <a href=\"https:\/\/mrdp.pl\/en\/zawodnik\/kazimierz-piechowka-2019\" title=\"Kazimierz Piech\u00f3wka\">\n                    <div class=\"fastGrid\">\n                        <div>\n                            <div class=\"avatarColumn\">\n                                <div style=\"background-image: url(https:\/\/mrdp.pl\/uploads\/20160809_094334-2_edited-64x70.jpg)\"><\/div>\n                            <\/div>\n                            <div>\n                                <h2 class=\"newsTitle\">Kazimierz Piech\u00f3wka <span>Kazzz<\/span><\/h2>\n                                <div class=\"info\">\n                                                                        <p><i class=\"icon-globe\"><\/i> <span>Miejscowo\u015b\u0107:<\/span> <strong>Krak\u00f3w<\/strong><\/p>                                    <p><i class=\"icon-star-half-empty\"><\/i> <span>Kategoria:<\/span> <strong>TOTAL EXTREME<\/strong><\/p>                                    <p><i class=\"icon-flag-checkered\"><\/i> <span>Numer startowy:<\/span> <strong>29<\/strong><\/p>\n                                    <p><i class=\"icon-list-alt\"><\/i> <span>Data startu:<\/span> <strong>2019-08-24 12:05<\/strong><\/p>                                <\/div>\n                                <div class=\"commentsCount\"><i class=\"icon-comments-alt darkerColor\"><\/i> 14<\/div>\n                                <p><span class=\"more\">\u00bb more<\/span><\/p><\/div>\n                        <\/div>\n                    <\/div>\n                <\/a>\n            <\/section>\n                        <section class=\"newsItem userItem\">\n                <a href=\"https:\/\/mrdp.pl\/en\/zawodnik\/adam-szczygiel-2019\" title=\"Adam Szczygie\u0142\">\n                    <div class=\"fastGrid\">\n                        <div>\n                            <div class=\"avatarColumn\">\n                                <div style=\"background-image: url(https:\/\/mrdp.pl\/uploads\/Stary-112a-60x70.jpg)\"><\/div>\n                            <\/div>\n                            <div>\n                                <h2 class=\"newsTitle\">Adam Szczygie\u0142 <span><\/span><\/h2>\n                                <div class=\"info\">\n                                    <p><i class=\"icon-list-alt\"><\/i> <span>Klub:<\/span> <strong>Smrek Carbon<\/strong><\/p>                                    <p><i class=\"icon-globe\"><\/i> <span>Miejscowo\u015b\u0107:<\/span> <strong>Cz\u0119stochowa<\/strong><\/p>                                    <p><i class=\"icon-star-half-empty\"><\/i> <span>Kategoria:<\/span> <strong>TOTAL EXTREME<\/strong><\/p>                                    <p><i class=\"icon-flag-checkered\"><\/i> <span>Numer startowy:<\/span> <strong>30<\/strong><\/p>\n                                    <p><i class=\"icon-list-alt\"><\/i> <span>Data startu:<\/span> <strong>2019-08-24 12:05<\/strong><\/p>                                <\/div>\n                                <div class=\"commentsCount\"><i class=\"icon-comments-alt darkerColor\"><\/i> 20<\/div>\n                                <p><span class=\"more\">\u00bb more<\/span><\/p><\/div>\n                        <\/div>\n                    <\/div>\n                <\/a>\n            <\/section>\n                        <section class=\"newsItem userItem\">\n                <a href=\"https:\/\/mrdp.pl\/en\/zawodnik\/krzysztof-wlazlo-2019\" title=\"Krzysztof Wlaz\u0142o\">\n                    <div class=\"fastGrid\">\n                        <div>\n                            <div class=\"avatarColumn\">\n                                <div style=\"background-image: url(https:\/\/mrdp.pl\/uploads\/Krzysztof-Wlazlo-39x70.jpg)\"><\/div>\n                            <\/div>\n                            <div>\n                                <h2 class=\"newsTitle\">Krzysztof Wlaz\u0142o <span>Krzychu<\/span><\/h2>\n                                <div class=\"info\">\n                                                                        <p><i class=\"icon-globe\"><\/i> <span>Miejscowo\u015b\u0107:<\/span> <strong>Mys\u0142owice <\/strong><\/p>                                    <p><i class=\"icon-star-half-empty\"><\/i> <span>Kategoria:<\/span> <strong>TOTAL EXTREME<\/strong><\/p>                                    <p><i class=\"icon-flag-checkered\"><\/i> <span>Numer startowy:<\/span> <strong>31<\/strong><\/p>\n                                    <p><i class=\"icon-list-alt\"><\/i> <span>Data startu:<\/span> <strong>2019-08-24 12:05<\/strong><\/p>                                <\/div>\n                                <div class=\"commentsCount\"><i class=\"icon-comments-alt darkerColor\"><\/i> 17<\/div>\n                                <p><span class=\"more\">\u00bb more<\/span><\/p><\/div>\n                        <\/div>\n                    <\/div>\n                <\/a>\n            <\/section>\n                        <section class=\"newsItem userItem\">\n                <a href=\"https:\/\/mrdp.pl\/en\/zawodnik\/jaroslaw-okonkowski\" title=\"Jaros\u0142aw Okonkowski\">\n                    <div class=\"fastGrid\">\n                        <div>\n                            <div class=\"avatarColumn\">\n                                <div style=\"background-image: url(https:\/\/mrdp.pl\/uploads\/inline-52x70.jpg)\"><\/div>\n                            <\/div>\n                            <div>\n                                <h2 class=\"newsTitle\">Jaros\u0142aw Okonkowski <span>Ted<\/span><\/h2>\n                                <div class=\"info\">\n                                    <p><i class=\"icon-list-alt\"><\/i> <span>Klub:<\/span> <strong>Orted<\/strong><\/p>                                    <p><i class=\"icon-globe\"><\/i> <span>Miejscowo\u015b\u0107:<\/span> <strong>W\u0142oszczowa<\/strong><\/p>                                    <p><i class=\"icon-star-half-empty\"><\/i> <span>Kategoria:<\/span> <strong>TOTAL EXTREME<\/strong><\/p>                                    <p><i class=\"icon-flag-checkered\"><\/i> <span>Numer startowy:<\/span> <strong>32<\/strong><\/p>\n                                    <p><i class=\"icon-list-alt\"><\/i> <span>Data startu:<\/span> <strong>2019-08-24 12:05<\/strong><\/p>                                <\/div>\n                                <div class=\"commentsCount\"><i class=\"icon-comments-alt darkerColor\"><\/i> 15<\/div>\n                                <p><span class=\"more\">\u00bb more<\/span><\/p><\/div>\n                        <\/div>\n                    <\/div>\n                <\/a>\n            <\/section>\n                        <section class=\"newsItem userItem\">\n                <a href=\"https:\/\/mrdp.pl\/en\/zawodnik\/wojciech-luszcz-2019\" title=\"Wojciech \u0141uszcz\">\n                    <div class=\"fastGrid\">\n                        <div>\n                            <div class=\"avatarColumn\">\n                                <div style=\"background-image: url(https:\/\/mrdp.pl\/uploads\/Wojciech-Luszcz1-52x70.jpg)\"><\/div>\n                            <\/div>\n                            <div>\n                                <h2 class=\"newsTitle\">Wojciech \u0141uszcz <span>egbercik<\/span><\/h2>\n                                <div class=\"info\">\n                                                                        <p><i class=\"icon-globe\"><\/i> <span>Miejscowo\u015b\u0107:<\/span> <strong>Legionowo<\/strong><\/p>                                    <p><i class=\"icon-star-half-empty\"><\/i> <span>Kategoria:<\/span> <strong>TOTAL EXTREME<\/strong><\/p>                                    <p><i class=\"icon-flag-checkered\"><\/i> <span>Numer startowy:<\/span> <strong>33<\/strong><\/p>\n                                    <p><i class=\"icon-list-alt\"><\/i> <span>Data startu:<\/span> <strong>2019-08-24 12:05<\/strong><\/p>                                <\/div>\n                                <div class=\"commentsCount\"><i class=\"icon-comments-alt darkerColor\"><\/i> 18<\/div>\n                                <p><span class=\"more\">\u00bb more<\/span><\/p><\/div>\n                        <\/div>\n                    <\/div>\n                <\/a>\n            <\/section>\n                        <section class=\"newsItem userItem\">\n                <a href=\"https:\/\/mrdp.pl\/en\/zawodnik\/mariusz-pacwa\" title=\"Mariusz Pacwa\">\n                    <div class=\"fastGrid\">\n                        <div>\n                            <div class=\"avatarColumn\">\n                                <div style=\"background-image: url(https:\/\/mrdp.pl\/uploads\/Mariusz-Pacwa-52x70.jpg)\"><\/div>\n                            <\/div>\n                            <div>\n                                <h2 class=\"newsTitle\">Mariusz Pacwa <span><\/span><\/h2>\n                                <div class=\"info\">\n                                                                        <p><i class=\"icon-globe\"><\/i> <span>Miejscowo\u015b\u0107:<\/span> <strong>Mys\u0142owice<\/strong><\/p>                                    <p><i class=\"icon-star-half-empty\"><\/i> <span>Kategoria:<\/span> <strong>TOTAL EXTREME<\/strong><\/p>                                    <p><i class=\"icon-flag-checkered\"><\/i> <span>Numer startowy:<\/span> <strong>34<\/strong><\/p>\n                                    <p><i class=\"icon-list-alt\"><\/i> <span>Data startu:<\/span> <strong>2019-08-24 12:05<\/strong><\/p>                                <\/div>\n                                <div class=\"commentsCount\"><i class=\"icon-comments-alt darkerColor\"><\/i> 14<\/div>\n                                <p><span class=\"more\">\u00bb more<\/span><\/p><\/div>\n                        <\/div>\n                    <\/div>\n                <\/a>\n            <\/section>\n                        <section class=\"newsItem userItem\">\n                <a href=\"https:\/\/mrdp.pl\/en\/zawodnik\/grzegorz-rybkowski\" title=\"Grzegorz Rybkowski\">\n                    <div class=\"fastGrid\">\n                        <div>\n                            <div class=\"avatarColumn\">\n                                <div style=\"background-image: url(https:\/\/mrdp.pl\/en\/wp-content\/themes\/mrdp\/img\/empty.png)\"><\/div>\n                            <\/div>\n                            <div>\n                                <h2 class=\"newsTitle\">Grzegorz Rybkowski <span>Rybka<\/span><\/h2>\n                                <div class=\"info\">\n                                    <p><i class=\"icon-list-alt\"><\/i> <span>Klub:<\/span> <strong>VELMAR<\/strong><\/p>                                    <p><i class=\"icon-globe\"><\/i> <span>Miejscowo\u015b\u0107:<\/span> <strong>Pruszk\u00f3w<\/strong><\/p>                                    <p><i class=\"icon-star-half-empty\"><\/i> <span>Kategoria:<\/span> <strong>TOTAL EXTREME<\/strong><\/p>                                    <p><i class=\"icon-flag-checkered\"><\/i> <span>Numer startowy:<\/span> <strong>35<\/strong><\/p>\n                                    <p><i class=\"icon-list-alt\"><\/i> <span>Data startu:<\/span> <strong>2019-08-24 12:05<\/strong><\/p>                                <\/div>\n                                <div class=\"commentsCount\"><i class=\"icon-comments-alt darkerColor\"><\/i> 15<\/div>\n                                <p><span class=\"more\">\u00bb more<\/span><\/p><\/div>\n                        <\/div>\n                    <\/div>\n                <\/a>\n            <\/section>\n                        <section class=\"newsItem userItem\">\n                <a href=\"https:\/\/mrdp.pl\/en\/zawodnik\/artur-furmanski\" title=\"Artur Furma\u0144ski\">\n                    <div class=\"fastGrid\">\n                        <div>\n                            <div class=\"avatarColumn\">\n                                <div style=\"background-image: url(https:\/\/mrdp.pl\/uploads\/FB_IMG_1538562056082-56x70.jpg)\"><\/div>\n                            <\/div>\n                            <div>\n                                <h2 class=\"newsTitle\">Artur Furma\u0144ski <span>OJCIEC<\/span><\/h2>\n                                <div class=\"info\">\n                                    <p><i class=\"icon-list-alt\"><\/i> <span>Klub:<\/span> <strong>RodzinaNaMedal<\/strong><\/p>                                    <p><i class=\"icon-globe\"><\/i> <span>Miejscowo\u015b\u0107:<\/span> <strong>Tarn\u00f3w<\/strong><\/p>                                    <p><i class=\"icon-star-half-empty\"><\/i> <span>Kategoria:<\/span> <strong>TOTAL EXTREME<\/strong><\/p>                                    <p><i class=\"icon-flag-checkered\"><\/i> <span>Numer startowy:<\/span> <strong>35<\/strong><\/p>\n                                    <p><i class=\"icon-list-alt\"><\/i> <span>Data startu:<\/span> <strong>2019-08-24 12:05<\/strong><\/p>                                <\/div>\n                                <div class=\"commentsCount\"><i class=\"icon-comments-alt darkerColor\"><\/i> 12<\/div>\n                                <p><span class=\"more\">\u00bb more<\/span><\/p><\/div>\n                        <\/div>\n                    <\/div>\n                <\/a>\n            <\/section>\n                        <section class=\"newsItem userItem\">\n                <a href=\"https:\/\/mrdp.pl\/en\/zawodnik\/jacek-galla\" title=\"Jacek Galla\">\n                    <div class=\"fastGrid\">\n                        <div>\n                            <div class=\"avatarColumn\">\n                                <div style=\"background-image: url(https:\/\/mrdp.pl\/uploads\/big3-70x70.jpg)\"><\/div>\n                            <\/div>\n                            <div>\n                                <h2 class=\"newsTitle\">Jacek Galla <span><\/span><\/h2>\n                                <div class=\"info\">\n                                    <p><i class=\"icon-list-alt\"><\/i> <span>Klub:<\/span> <strong>\u015aled\u017aGPS.pl<\/strong><\/p>                                    <p><i class=\"icon-globe\"><\/i> <span>Miejscowo\u015b\u0107:<\/span> <strong>Mochy<\/strong><\/p>                                    <p><i class=\"icon-star-half-empty\"><\/i> <span>Kategoria:<\/span> <strong>TOTAL EXTREME<\/strong><\/p>                                    <p><i class=\"icon-flag-checkered\"><\/i> <span>Numer startowy:<\/span> <strong>37<\/strong><\/p>\n                                    <p><i class=\"icon-list-alt\"><\/i> <span>Data startu:<\/span> <strong>2019-08-24 12:05<\/strong><\/p>                                <\/div>\n                                <div class=\"commentsCount\"><i class=\"icon-comments-alt darkerColor\"><\/i> 8<\/div>\n                                <p><span class=\"more\">\u00bb more<\/span><\/p><\/div>\n                        <\/div>\n                    <\/div>\n                <\/a>\n            <\/section>\n                        <section class=\"newsItem userItem\">\n                <a href=\"https:\/\/mrdp.pl\/en\/zawodnik\/stanislaw-ruchlicki-2019\" title=\"Stanis\u0142aw Ruchlicki\">\n                    <div class=\"fastGrid\">\n                        <div>\n                            <div class=\"avatarColumn\">\n                                <div style=\"background-image: url(https:\/\/mrdp.pl\/uploads\/Ruchlicki-Stanis\u0142aw-70x52.jpg)\"><\/div>\n                            <\/div>\n                            <div>\n                                <h2 class=\"newsTitle\">Stanis\u0142aw Ruchlicki <span>Stasiej<\/span><\/h2>\n                                <div class=\"info\">\n                                    <p><i class=\"icon-list-alt\"><\/i> <span>Klub:<\/span> <strong>Britenet<\/strong><\/p>                                    <p><i class=\"icon-globe\"><\/i> <span>Miejscowo\u015b\u0107:<\/span> <strong>Bia\u0142ystok<\/strong><\/p>                                    <p><i class=\"icon-star-half-empty\"><\/i> <span>Kategoria:<\/span> <strong>TOTAL EXTREME<\/strong><\/p>                                    <p><i class=\"icon-flag-checkered\"><\/i> <span>Numer startowy:<\/span> <strong>38<\/strong><\/p>\n                                    <p><i class=\"icon-list-alt\"><\/i> <span>Data startu:<\/span> <strong>2019-08-24 12:05<\/strong><\/p>                                <\/div>\n                                <div class=\"commentsCount\"><i class=\"icon-comments-alt darkerColor\"><\/i> 44<\/div>\n                                <p><span class=\"more\">\u00bb more<\/span><\/p><\/div>\n                        <\/div>\n                    <\/div>\n                <\/a>\n            <\/section>\n                        <section class=\"newsItem userItem\">\n                <a href=\"https:\/\/mrdp.pl\/en\/zawodnik\/jarek-krydzinski-2019\" title=\"Jarek Krydzi\u0144ski\">\n                    <div class=\"fastGrid\">\n                        <div>\n                            <div class=\"avatarColumn\">\n                                <div style=\"background-image: url(https:\/\/mrdp.pl\/uploads\/KrydzinskiJaroslaw-70x70.jpg)\"><\/div>\n                            <\/div>\n                            <div>\n                                <h2 class=\"newsTitle\">Jarek Krydzi\u0144ski <span><\/span><\/h2>\n                                <div class=\"info\">\n                                                                        <p><i class=\"icon-globe\"><\/i> <span>Miejscowo\u015b\u0107:<\/span> <strong>sierpc<\/strong><\/p>                                    <p><i class=\"icon-star-half-empty\"><\/i> <span>Kategoria:<\/span> <strong>TOTAL EXTREME<\/strong><\/p>                                    <p><i class=\"icon-flag-checkered\"><\/i> <span>Numer startowy:<\/span> <strong>39<\/strong><\/p>\n                                    <p><i class=\"icon-list-alt\"><\/i> <span>Data startu:<\/span> <strong>2019-08-24 12:05<\/strong><\/p>                                <\/div>\n                                <div class=\"commentsCount\"><i class=\"icon-comments-alt darkerColor\"><\/i> 14<\/div>\n                                <p><span class=\"more\">\u00bb more<\/span><\/p><\/div>\n                        <\/div>\n                    <\/div>\n                <\/a>\n            <\/section>\n                        <section class=\"newsItem userItem\">\n                <a href=\"https:\/\/mrdp.pl\/en\/zawodnik\/marcin-siniarski\" title=\"Marcin Siniarski\">\n                    <div class=\"fastGrid\">\n                        <div>\n                            <div class=\"avatarColumn\">\n                                <div style=\"background-image: url(https:\/\/mrdp.pl\/uploads\/marcin-siniarski-70x70.jpg)\"><\/div>\n                            <\/div>\n                            <div>\n                                <h2 class=\"newsTitle\">Marcin Siniarski <span>MSI<\/span><\/h2>\n                                <div class=\"info\">\n                                                                        <p><i class=\"icon-globe\"><\/i> <span>Miejscowo\u015b\u0107:<\/span> <strong>Warszawa<\/strong><\/p>                                    <p><i class=\"icon-star-half-empty\"><\/i> <span>Kategoria:<\/span> <strong>TOTAL EXTREME<\/strong><\/p>                                    <p><i class=\"icon-flag-checkered\"><\/i> <span>Numer startowy:<\/span> <strong>40<\/strong><\/p>\n                                    <p><i class=\"icon-list-alt\"><\/i> <span>Data startu:<\/span> <strong>2019-08-24 12:05<\/strong><\/p>                                <\/div>\n                                <div class=\"commentsCount\"><i class=\"icon-comments-alt darkerColor\"><\/i> 12<\/div>\n                                <p><span class=\"more\">\u00bb more<\/span><\/p><\/div>\n                        <\/div>\n                    <\/div>\n                <\/a>\n            <\/section>\n                        <section class=\"newsItem userItem\">\n                <a href=\"https:\/\/mrdp.pl\/en\/zawodnik\/maciej-blimel-2019\" title=\"Maciej Blimel\">\n                    <div class=\"fastGrid\">\n                        <div>\n                            <div class=\"avatarColumn\">\n                                <div style=\"background-image: url(https:\/\/mrdp.pl\/uploads\/Maciej-Blimel-70x70.jpg)\"><\/div>\n                            <\/div>\n                            <div>\n                                <h2 class=\"newsTitle\">Maciej Blimel <span>Suchy<\/span><\/h2>\n                                <div class=\"info\">\n                                    <p><i class=\"icon-list-alt\"><\/i> <span>Klub:<\/span> <strong>Bike Time Team<\/strong><\/p>                                    <p><i class=\"icon-globe\"><\/i> <span>Miejscowo\u015b\u0107:<\/span> <strong>\u0141\u00f3d\u017a<\/strong><\/p>                                    <p><i class=\"icon-star-half-empty\"><\/i> <span>Kategoria:<\/span> <strong>EXTREME<\/strong><\/p>                                    <p><i class=\"icon-flag-checkered\"><\/i> <span>Numer startowy:<\/span> <strong>41<\/strong><\/p>\n                                    <p><i class=\"icon-list-alt\"><\/i> <span>Data startu:<\/span> <strong>2019-08-24 12:05<\/strong><\/p>                                <\/div>\n                                <div class=\"commentsCount\"><i class=\"icon-comments-alt darkerColor\"><\/i> 16<\/div>\n                                <p><span class=\"more\">\u00bb more<\/span><\/p><\/div>\n                        <\/div>\n                    <\/div>\n                <\/a>\n            <\/section>\n                        <section class=\"newsItem userItem\">\n                <a href=\"https:\/\/mrdp.pl\/en\/zawodnik\/krzysztof-banach-2019\" title=\"Krzysztof Banach\">\n                    <div class=\"fastGrid\">\n                        <div>\n                            <div class=\"avatarColumn\">\n                                <div style=\"background-image: url(https:\/\/mrdp.pl\/en\/wp-content\/themes\/mrdp\/img\/empty.png)\"><\/div>\n                            <\/div>\n                            <div>\n                                <h2 class=\"newsTitle\">Krzysztof Banach <span><\/span><\/h2>\n                                <div class=\"info\">\n                                                                        <p><i class=\"icon-globe\"><\/i> <span>Miejscowo\u015b\u0107:<\/span> <strong>Lublin<\/strong><\/p>                                    <p><i class=\"icon-star-half-empty\"><\/i> <span>Kategoria:<\/span> <strong>TOTAL EXTREME<\/strong><\/p>                                    <p><i class=\"icon-flag-checkered\"><\/i> <span>Numer startowy:<\/span> <strong>42<\/strong><\/p>\n                                    <p><i class=\"icon-list-alt\"><\/i> <span>Data startu:<\/span> <strong>2019-08-24 12:05<\/strong><\/p>                                <\/div>\n                                <div class=\"commentsCount\"><i class=\"icon-comments-alt darkerColor\"><\/i> 9<\/div>\n                                <p><span class=\"more\">\u00bb more<\/span><\/p><\/div>\n                        <\/div>\n                    <\/div>\n                <\/a>\n            <\/section>\n                        <section class=\"newsItem userItem\">\n                <a href=\"https:\/\/mrdp.pl\/en\/zawodnik\/wojtek-j-gubala-2019\" title=\"Wojtek J.Guba\u0142a\">\n                    <div class=\"fastGrid\">\n                        <div>\n                            <div class=\"avatarColumn\">\n                                <div style=\"background-image: url(https:\/\/mrdp.pl\/uploads\/Wojtek-Gubala-70x46.jpg)\"><\/div>\n                            <\/div>\n                            <div>\n                                <h2 class=\"newsTitle\">Wojtek J.Guba\u0142a <span><\/span><\/h2>\n                                <div class=\"info\">\n                                    <p><i class=\"icon-list-alt\"><\/i> <span>Klub:<\/span> <strong>Grupetto-Ostre Ko\u0142o Gorlice<\/strong><\/p>                                    <p><i class=\"icon-globe\"><\/i> <span>Miejscowo\u015b\u0107:<\/span> <strong>Gorlice<\/strong><\/p>                                    <p><i class=\"icon-star-half-empty\"><\/i> <span>Kategoria:<\/span> <strong>TOTAL EXTREME<\/strong><\/p>                                    <p><i class=\"icon-flag-checkered\"><\/i> <span>Numer startowy:<\/span> <strong>43<\/strong><\/p>\n                                    <p><i class=\"icon-list-alt\"><\/i> <span>Data startu:<\/span> <strong>2019-08-24 12:05<\/strong><\/p>                                <\/div>\n                                <div class=\"commentsCount\"><i class=\"icon-comments-alt darkerColor\"><\/i> 10<\/div>\n                                <p><span class=\"more\">\u00bb more<\/span><\/p><\/div>\n                        <\/div>\n                    <\/div>\n                <\/a>\n            <\/section>\n                        <section class=\"newsItem userItem\">\n                <a href=\"https:\/\/mrdp.pl\/en\/zawodnik\/tomasz-stefanski\" title=\"Tomasz Stefa\u0144ski\">\n                    <div class=\"fastGrid\">\n                        <div>\n                            <div class=\"avatarColumn\">\n                                <div style=\"background-image: url(https:\/\/mrdp.pl\/uploads\/11891042_884967468247680_3875238308720421481_n-70x70.jpg)\"><\/div>\n                            <\/div>\n                            <div>\n                                <h2 class=\"newsTitle\">Tomasz Stefa\u0144ski <span>Pieniek<\/span><\/h2>\n                                <div class=\"info\">\n                                    <p><i class=\"icon-list-alt\"><\/i> <span>Klub:<\/span> <strong>Welocypedy<\/strong><\/p>                                    <p><i class=\"icon-globe\"><\/i> <span>Miejscowo\u015b\u0107:<\/span> <strong>Warszawa<\/strong><\/p>                                    <p><i class=\"icon-star-half-empty\"><\/i> <span>Kategoria:<\/span> <strong>TOTAL EXTREME<\/strong><\/p>                                    <p><i class=\"icon-flag-checkered\"><\/i> <span>Numer startowy:<\/span> <strong>44<\/strong><\/p>\n                                    <p><i class=\"icon-list-alt\"><\/i> <span>Data startu:<\/span> <strong>2019-08-24 12:05<\/strong><\/p>                                <\/div>\n                                <div class=\"commentsCount\"><i class=\"icon-comments-alt darkerColor\"><\/i> 14<\/div>\n                                <p><span class=\"more\">\u00bb more<\/span><\/p><\/div>\n                        <\/div>\n                    <\/div>\n                <\/a>\n            <\/section>\n                        <section class=\"newsItem userItem\">\n                <a href=\"https:\/\/mrdp.pl\/en\/zawodnik\/jacek-koziol-2019\" title=\"Jacek Kozio\u0142\">\n                    <div class=\"fastGrid\">\n                        <div>\n                            <div class=\"avatarColumn\">\n                                <div style=\"background-image: url(https:\/\/mrdp.pl\/uploads\/20180318_134315-70x39.jpg)\"><\/div>\n                            <\/div>\n                            <div>\n                                <h2 class=\"newsTitle\">Jacek Kozio\u0142 <span>MAJJACK<\/span><\/h2>\n                                <div class=\"info\">\n                                    <p><i class=\"icon-list-alt\"><\/i> <span>Klub:<\/span> <strong>CTS\/GOAT TEAM <\/strong><\/p>                                    <p><i class=\"icon-globe\"><\/i> <span>Miejscowo\u015b\u0107:<\/span> <strong>Micha\u0142owice<\/strong><\/p>                                    <p><i class=\"icon-star-half-empty\"><\/i> <span>Kategoria:<\/span> <strong>TOTAL EXTREME<\/strong><\/p>                                    <p><i class=\"icon-flag-checkered\"><\/i> <span>Numer startowy:<\/span> <strong>45<\/strong><\/p>\n                                    <p><i class=\"icon-list-alt\"><\/i> <span>Data startu:<\/span> <strong>2019-08-24 12:05<\/strong><\/p>                                <\/div>\n                                <div class=\"commentsCount\"><i class=\"icon-comments-alt darkerColor\"><\/i> 27<\/div>\n                                <p><span class=\"more\">\u00bb more<\/span><\/p><\/div>\n                        <\/div>\n                    <\/div>\n                <\/a>\n            <\/section>\n                        <section class=\"newsItem userItem\">\n                <a href=\"https:\/\/mrdp.pl\/en\/zawodnik\/kamil-chwistecki\" title=\"Kamil Chwistecki\">\n                    <div class=\"fastGrid\">\n                        <div>\n                            <div class=\"avatarColumn\">\n                                <div style=\"background-image: url(https:\/\/mrdp.pl\/en\/wp-content\/themes\/mrdp\/img\/empty.png)\"><\/div>\n                            <\/div>\n                            <div>\n                                <h2 class=\"newsTitle\">Kamil Chwistecki <span><\/span><\/h2>\n                                <div class=\"info\">\n                                                                        <p><i class=\"icon-globe\"><\/i> <span>Miejscowo\u015b\u0107:<\/span> <strong>\u015awinouj\u015bcie<\/strong><\/p>                                    <p><i class=\"icon-star-half-empty\"><\/i> <span>Kategoria:<\/span> <strong>TOTAL EXTREME<\/strong><\/p>                                    <p><i class=\"icon-flag-checkered\"><\/i> <span>Numer startowy:<\/span> <strong>46<\/strong><\/p>\n                                    <p><i class=\"icon-list-alt\"><\/i> <span>Data startu:<\/span> <strong>2019-08-24 12:05<\/strong><\/p>                                <\/div>\n                                <div class=\"commentsCount\"><i class=\"icon-comments-alt darkerColor\"><\/i> 7<\/div>\n                                <p><span class=\"more\">\u00bb more<\/span><\/p><\/div>\n                        <\/div>\n                    <\/div>\n                <\/a>\n            <\/section>\n                        <section class=\"newsItem userItem\">\n                <a href=\"https:\/\/mrdp.pl\/en\/zawodnik\/darek-urbanczyk-2019\" title=\"Darek Urba\u0144czyk\">\n                    <div class=\"fastGrid\">\n                        <div>\n                            <div class=\"avatarColumn\">\n                                <div style=\"background-image: url(https:\/\/mrdp.pl\/uploads\/21167998_619667045087846_5490048123968714572_o-70x39.jpg)\"><\/div>\n                            <\/div>\n                            <div>\n                                <h2 class=\"newsTitle\">Darek Urba\u0144czyk <span><\/span><\/h2>\n                                <div class=\"info\">\n                                                                        <p><i class=\"icon-globe\"><\/i> <span>Miejscowo\u015b\u0107:<\/span> <strong>warszawa<\/strong><\/p>                                    <p><i class=\"icon-star-half-empty\"><\/i> <span>Kategoria:<\/span> <strong>TOTAL EXTREME<\/strong><\/p>                                    <p><i class=\"icon-flag-checkered\"><\/i> <span>Numer startowy:<\/span> <strong>47<\/strong><\/p>\n                                    <p><i class=\"icon-list-alt\"><\/i> <span>Data startu:<\/span> <strong>2019-08-24 12:05<\/strong><\/p>                                <\/div>\n                                <div class=\"commentsCount\"><i class=\"icon-comments-alt darkerColor\"><\/i> 42<\/div>\n                                <p><span class=\"more\">\u00bb more<\/span><\/p><\/div>\n                        <\/div>\n                    <\/div>\n                <\/a>\n            <\/section>\n                        <section class=\"newsItem userItem\">\n                <a href=\"https:\/\/mrdp.pl\/en\/zawodnik\/wojciech-holdakowski\" title=\"Wojciech Holdakowski\">\n                    <div class=\"fastGrid\">\n                        <div>\n                            <div class=\"avatarColumn\">\n                                <div style=\"background-image: url(https:\/\/mrdp.pl\/uploads\/Holdakowski-Wojciech-46x70.jpg)\"><\/div>\n                            <\/div>\n                            <div>\n                                <h2 class=\"newsTitle\">Wojciech Holdakowski <span><\/span><\/h2>\n                                <div class=\"info\">\n                                                                        <p><i class=\"icon-globe\"><\/i> <span>Miejscowo\u015b\u0107:<\/span> <strong>Warsaw<\/strong><\/p>                                    <p><i class=\"icon-star-half-empty\"><\/i> <span>Kategoria:<\/span> <strong>TOTAL EXTREME<\/strong><\/p>                                    <p><i class=\"icon-flag-checkered\"><\/i> <span>Numer startowy:<\/span> <strong>48<\/strong><\/p>\n                                    <p><i class=\"icon-list-alt\"><\/i> <span>Data startu:<\/span> <strong>2019-08-24 12:05<\/strong><\/p>                                <\/div>\n                                <div class=\"commentsCount\"><i class=\"icon-comments-alt darkerColor\"><\/i> 17<\/div>\n                                <p><span class=\"more\">\u00bb more<\/span><\/p><\/div>\n                        <\/div>\n                    <\/div>\n                <\/a>\n            <\/section>\n                        <section class=\"newsItem userItem\">\n                <a href=\"https:\/\/mrdp.pl\/en\/zawodnik\/andrzej-skwarecki\" title=\"Andrzej Skwarecki\">\n                    <div class=\"fastGrid\">\n                        <div>\n                            <div class=\"avatarColumn\">\n                                <div style=\"background-image: url(https:\/\/mrdp.pl\/en\/wp-content\/themes\/mrdp\/img\/empty.png)\"><\/div>\n                            <\/div>\n                            <div>\n                                <h2 class=\"newsTitle\">Andrzej Skwarecki <span><\/span><\/h2>\n                                <div class=\"info\">\n                                                                        <p><i class=\"icon-globe\"><\/i> <span>Miejscowo\u015b\u0107:<\/span> <strong>Jaworowa<\/strong><\/p>                                    <p><i class=\"icon-star-half-empty\"><\/i> <span>Kategoria:<\/span> <strong>TOTAL EXTREME<\/strong><\/p>                                    <p><i class=\"icon-flag-checkered\"><\/i> <span>Numer startowy:<\/span> <strong>49<\/strong><\/p>\n                                    <p><i class=\"icon-list-alt\"><\/i> <span>Data startu:<\/span> <strong>2019-08-24 12:05<\/strong><\/p>                                <\/div>\n                                <div class=\"commentsCount\"><i class=\"icon-comments-alt darkerColor\"><\/i> 27<\/div>\n                                <p><span class=\"more\">\u00bb more<\/span><\/p><\/div>\n                        <\/div>\n                    <\/div>\n                <\/a>\n            <\/section>\n                        <section class=\"newsItem userItem\">\n                <a href=\"https:\/\/mrdp.pl\/en\/zawodnik\/rafal-jedrusik-2019\" title=\"Rafa\u0142 J\u0119drusik\">\n                    <div class=\"fastGrid\">\n                        <div>\n                            <div class=\"avatarColumn\">\n                                <div style=\"background-image: url(https:\/\/mrdp.pl\/uploads\/foto1-62x70.jpg)\"><\/div>\n                            <\/div>\n                            <div>\n                                <h2 class=\"newsTitle\">Rafa\u0142 J\u0119drusik <span>rosiek<\/span><\/h2>\n                                <div class=\"info\">\n                                    <p><i class=\"icon-list-alt\"><\/i> <span>Klub:<\/span> <strong>TS8-BIES<\/strong><\/p>                                    <p><i class=\"icon-globe\"><\/i> <span>Miejscowo\u015b\u0107:<\/span> <strong>Gdynia<\/strong><\/p>                                    <p><i class=\"icon-star-half-empty\"><\/i> <span>Kategoria:<\/span> <strong>TOTAL EXTREME<\/strong><\/p>                                    <p><i class=\"icon-flag-checkered\"><\/i> <span>Numer startowy:<\/span> <strong>50<\/strong><\/p>\n                                    <p><i class=\"icon-list-alt\"><\/i> <span>Data startu:<\/span> <strong>2019-08-24 12:05<\/strong><\/p>                                <\/div>\n                                <div class=\"commentsCount\"><i class=\"icon-comments-alt darkerColor\"><\/i> 14<\/div>\n                                <p><span class=\"more\">\u00bb more<\/span><\/p><\/div>\n                        <\/div>\n                    <\/div>\n                <\/a>\n            <\/section>\n                        <section class=\"newsItem userItem\">\n                <a href=\"https:\/\/mrdp.pl\/en\/zawodnik\/ryszard-herc-2019\" title=\"Ryszard Herc\">\n                    <div class=\"fastGrid\">\n                        <div>\n                            <div class=\"avatarColumn\">\n                                <div style=\"background-image: url(https:\/\/mrdp.pl\/en\/wp-content\/themes\/mrdp\/img\/empty.png)\"><\/div>\n                            <\/div>\n                            <div>\n                                <h2 class=\"newsTitle\">Ryszard Herc <span><\/span><\/h2>\n                                <div class=\"info\">\n                                                                        <p><i class=\"icon-globe\"><\/i> <span>Miejscowo\u015b\u0107:<\/span> <strong>Rumia<\/strong><\/p>                                    <p><i class=\"icon-star-half-empty\"><\/i> <span>Kategoria:<\/span> <strong>TOTAL EXTREME<\/strong><\/p>                                    <p><i class=\"icon-flag-checkered\"><\/i> <span>Numer startowy:<\/span> <strong>51<\/strong><\/p>\n                                    <p><i class=\"icon-list-alt\"><\/i> <span>Data startu:<\/span> <strong>2019-08-24 12:05<\/strong><\/p>                                <\/div>\n                                <div class=\"commentsCount\"><i class=\"icon-comments-alt darkerColor\"><\/i> 5<\/div>\n                                <p><span class=\"more\">\u00bb more<\/span><\/p><\/div>\n                        <\/div>\n                    <\/div>\n                <\/a>\n            <\/section>\n                        <section class=\"newsItem userItem\">\n                <a href=\"https:\/\/mrdp.pl\/en\/zawodnik\/george-eliava\" title=\"George Eliava\">\n                    <div class=\"fastGrid\">\n                        <div>\n                            <div class=\"avatarColumn\">\n                                <div style=\"background-image: url(https:\/\/mrdp.pl\/uploads\/Giorgi-Eliava-70x52.jpg)\"><\/div>\n                            <\/div>\n                            <div>\n                                <h2 class=\"newsTitle\">George Eliava <span>Gio<\/span><\/h2>\n                                <div class=\"info\">\n                                                                        <p><i class=\"icon-globe\"><\/i> <span>Miejscowo\u015b\u0107:<\/span> <strong>Warszawa<\/strong><\/p>                                    <p><i class=\"icon-star-half-empty\"><\/i> <span>Kategoria:<\/span> <strong>TOTAL EXTREME<\/strong><\/p>                                    <p><i class=\"icon-flag-checkered\"><\/i> <span>Numer startowy:<\/span> <strong>52<\/strong><\/p>\n                                    <p><i class=\"icon-list-alt\"><\/i> <span>Data startu:<\/span> <strong>2019-08-24 12:05<\/strong><\/p>                                <\/div>\n                                <div class=\"commentsCount\"><i class=\"icon-comments-alt darkerColor\"><\/i> 14<\/div>\n                                <p><span class=\"more\">\u00bb more<\/span><\/p><\/div>\n                        <\/div>\n                    <\/div>\n                <\/a>\n            <\/section>\n                        <section class=\"newsItem userItem\">\n                <a href=\"https:\/\/mrdp.pl\/en\/zawodnik\/marek-piecek\" title=\"Marek Piecek\">\n                    <div class=\"fastGrid\">\n                        <div>\n                            <div class=\"avatarColumn\">\n                                <div style=\"background-image: url(https:\/\/mrdp.pl\/uploads\/marek-piecek-70x52.jpeg)\"><\/div>\n                            <\/div>\n                            <div>\n                                <h2 class=\"newsTitle\">Marek Piecek <span>Marek DIVE<\/span><\/h2>\n                                <div class=\"info\">\n                                                                        <p><i class=\"icon-globe\"><\/i> <span>Miejscowo\u015b\u0107:<\/span> <strong>Elbl\u0105g<\/strong><\/p>                                    <p><i class=\"icon-star-half-empty\"><\/i> <span>Kategoria:<\/span> <strong>TOTAL EXTREME<\/strong><\/p>                                    <p><i class=\"icon-flag-checkered\"><\/i> <span>Numer startowy:<\/span> <strong>53<\/strong><\/p>\n                                    <p><i class=\"icon-list-alt\"><\/i> <span>Data startu:<\/span> <strong>2019-08-24 12:05<\/strong><\/p>                                <\/div>\n                                <div class=\"commentsCount\"><i class=\"icon-comments-alt darkerColor\"><\/i> 3<\/div>\n                                <p><span class=\"more\">\u00bb more<\/span><\/p><\/div>\n                        <\/div>\n                    <\/div>\n                <\/a>\n            <\/section>\n                        <section class=\"newsItem userItem\">\n                <a href=\"https:\/\/mrdp.pl\/en\/zawodnik\/pawel-mielczarek-2019\" title=\"Pawe\u0142 Mielczarek\">\n                    <div class=\"fastGrid\">\n                        <div>\n                            <div class=\"avatarColumn\">\n                                <div style=\"background-image: url(https:\/\/mrdp.pl\/uploads\/8130968-70x46.jpeg)\"><\/div>\n                            <\/div>\n                            <div>\n                                <h2 class=\"newsTitle\">Pawe\u0142 Mielczarek <span>pirzu<\/span><\/h2>\n                                <div class=\"info\">\n                                                                        <p><i class=\"icon-globe\"><\/i> <span>Miejscowo\u015b\u0107:<\/span> <strong>Cz\u0119stochowa<\/strong><\/p>                                    <p><i class=\"icon-star-half-empty\"><\/i> <span>Kategoria:<\/span> <strong>TOTAL EXTREME<\/strong><\/p>                                    <p><i class=\"icon-flag-checkered\"><\/i> <span>Numer startowy:<\/span> <strong>54<\/strong><\/p>\n                                    <p><i class=\"icon-list-alt\"><\/i> <span>Data startu:<\/span> <strong>2019-08-24 12:05<\/strong><\/p>                                <\/div>\n                                <div class=\"commentsCount\"><i class=\"icon-comments-alt darkerColor\"><\/i> 25<\/div>\n                                <p><span class=\"more\">\u00bb more<\/span><\/p><\/div>\n                        <\/div>\n                    <\/div>\n                <\/a>\n            <\/section>\n                        <section class=\"newsItem userItem\">\n                <a href=\"https:\/\/mrdp.pl\/en\/zawodnik\/przemyslaw-ruda-2019\" title=\"Przemys\u0142aw Ruda\">\n                    <div class=\"fastGrid\">\n                        <div>\n                            <div class=\"avatarColumn\">\n                                <div style=\"background-image: url(https:\/\/mrdp.pl\/uploads\/Przemyslaw-Ruda-70x46.jpg)\"><\/div>\n                            <\/div>\n                            <div>\n                                <h2 class=\"newsTitle\">Przemys\u0142aw Ruda <span><\/span><\/h2>\n                                <div class=\"info\">\n                                                                        <p><i class=\"icon-globe\"><\/i> <span>Miejscowo\u015b\u0107:<\/span> <strong>Szczecin<\/strong><\/p>                                    <p><i class=\"icon-star-half-empty\"><\/i> <span>Kategoria:<\/span> <strong>TOTAL EXTREME<\/strong><\/p>                                    <p><i class=\"icon-flag-checkered\"><\/i> <span>Numer startowy:<\/span> <strong>55<\/strong><\/p>\n                                    <p><i class=\"icon-list-alt\"><\/i> <span>Data startu:<\/span> <strong>2019-08-24 12:05<\/strong><\/p>                                <\/div>\n                                <div class=\"commentsCount\"><i class=\"icon-comments-alt darkerColor\"><\/i> 5<\/div>\n                                <p><span class=\"more\">\u00bb more<\/span><\/p><\/div>\n                        <\/div>\n                    <\/div>\n                <\/a>\n            <\/section>\n                        <section class=\"newsItem userItem\">\n                <a href=\"https:\/\/mrdp.pl\/en\/zawodnik\/pawel-sekulski-2019\" title=\"Pawe\u0142 Sekulski\">\n                    <div class=\"fastGrid\">\n                        <div>\n                            <div class=\"avatarColumn\">\n                                <div style=\"background-image: url(https:\/\/mrdp.pl\/en\/wp-content\/themes\/mrdp\/img\/empty.png)\"><\/div>\n                            <\/div>\n                            <div>\n                                <h2 class=\"newsTitle\">Pawe\u0142 Sekulski <span><\/span><\/h2>\n                                <div class=\"info\">\n                                    <p><i class=\"icon-list-alt\"><\/i> <span>Klub:<\/span> <strong>DYNAMO Sierpc<\/strong><\/p>                                    <p><i class=\"icon-globe\"><\/i> <span>Miejscowo\u015b\u0107:<\/span> <strong>Sierpc<\/strong><\/p>                                    <p><i class=\"icon-star-half-empty\"><\/i> <span>Kategoria:<\/span> <strong>TOTAL EXTREME<\/strong><\/p>                                    <p><i class=\"icon-flag-checkered\"><\/i> <span>Numer startowy:<\/span> <strong>56<\/strong><\/p>\n                                    <p><i class=\"icon-list-alt\"><\/i> <span>Data startu:<\/span> <strong>2019-08-24 12:05<\/strong><\/p>                                <\/div>\n                                <div class=\"commentsCount\"><i class=\"icon-comments-alt darkerColor\"><\/i> 17<\/div>\n                                <p><span class=\"more\">\u00bb more<\/span><\/p><\/div>\n                        <\/div>\n                    <\/div>\n                <\/a>\n            <\/section>\n                        <section class=\"newsItem userItem\">\n                <a href=\"https:\/\/mrdp.pl\/en\/zawodnik\/przemyslaw-szlagor-2019\" title=\"Przemys\u0142aw Szlagor\">\n                    <div class=\"fastGrid\">\n                        <div>\n                            <div class=\"avatarColumn\">\n                                <div style=\"background-image: url(https:\/\/mrdp.pl\/uploads\/Przemyslaw-Szlagor-70x70.jpg)\"><\/div>\n                            <\/div>\n                            <div>\n                                <h2 class=\"newsTitle\">Przemys\u0142aw Szlagor <span><\/span><\/h2>\n                                <div class=\"info\">\n                                    <p><i class=\"icon-list-alt\"><\/i> <span>Klub:<\/span> <strong>Rogelli Team<\/strong><\/p>                                    <p><i class=\"icon-globe\"><\/i> <span>Miejscowo\u015b\u0107:<\/span> <strong>Kobiernice<\/strong><\/p>                                    <p><i class=\"icon-star-half-empty\"><\/i> <span>Kategoria:<\/span> <strong>TOTAL EXTREME<\/strong><\/p>                                    <p><i class=\"icon-flag-checkered\"><\/i> <span>Numer startowy:<\/span> <strong>57<\/strong><\/p>\n                                    <p><i class=\"icon-list-alt\"><\/i> <span>Data startu:<\/span> <strong>2019-08-24 12:05<\/strong><\/p>                                <\/div>\n                                <div class=\"commentsCount\"><i class=\"icon-comments-alt darkerColor\"><\/i> 19<\/div>\n                                <p><span class=\"more\">\u00bb more<\/span><\/p><\/div>\n                        <\/div>\n                    <\/div>\n                <\/a>\n            <\/section>\n                        <section class=\"newsItem userItem\">\n                <a href=\"https:\/\/mrdp.pl\/en\/zawodnik\/janusz-ziolkowski\" title=\"Janusz Zi\u00f3\u0142kowski\">\n                    <div class=\"fastGrid\">\n                        <div>\n                            <div class=\"avatarColumn\">\n                                <div style=\"background-image: url(https:\/\/mrdp.pl\/uploads\/Janusz-Ziolkowsk-55x70.jpg)\"><\/div>\n                            <\/div>\n                            <div>\n                                <h2 class=\"newsTitle\">Janusz Zi\u00f3\u0142kowski <span><\/span><\/h2>\n                                <div class=\"info\">\n                                                                        <p><i class=\"icon-globe\"><\/i> <span>Miejscowo\u015b\u0107:<\/span> <strong>Toru\u0144<\/strong><\/p>                                    <p><i class=\"icon-star-half-empty\"><\/i> <span>Kategoria:<\/span> <strong>TOTAL EXTREME<\/strong><\/p>                                    <p><i class=\"icon-flag-checkered\"><\/i> <span>Numer startowy:<\/span> <strong>58<\/strong><\/p>\n                                    <p><i class=\"icon-list-alt\"><\/i> <span>Data startu:<\/span> <strong>2019-08-24 12:05<\/strong><\/p>                                <\/div>\n                                <div class=\"commentsCount\"><i class=\"icon-comments-alt darkerColor\"><\/i> 12<\/div>\n                                <p><span class=\"more\">\u00bb more<\/span><\/p><\/div>\n                        <\/div>\n                    <\/div>\n                <\/a>\n            <\/section>\n                        <section class=\"newsItem userItem\">\n                <a href=\"https:\/\/mrdp.pl\/en\/zawodnik\/robert-stanek\" title=\"Robert Stanek\">\n                    <div class=\"fastGrid\">\n                        <div>\n                            <div class=\"avatarColumn\">\n                                <div style=\"background-image: url(https:\/\/mrdp.pl\/uploads\/Robert-Stanek-70x65.jpg)\"><\/div>\n                            <\/div>\n                            <div>\n                                <h2 class=\"newsTitle\">Robert Stanek <span><\/span><\/h2>\n                                <div class=\"info\">\n                                    <p><i class=\"icon-list-alt\"><\/i> <span>Klub:<\/span> <strong>Rudy Kot<\/strong><\/p>                                    <p><i class=\"icon-globe\"><\/i> <span>Miejscowo\u015b\u0107:<\/span> <strong>Szczecin <\/strong><\/p>                                    <p><i class=\"icon-star-half-empty\"><\/i> <span>Kategoria:<\/span> <strong>TOTAL EXTREME<\/strong><\/p>                                    <p><i class=\"icon-flag-checkered\"><\/i> <span>Numer startowy:<\/span> <strong>59<\/strong><\/p>\n                                    <p><i class=\"icon-list-alt\"><\/i> <span>Data startu:<\/span> <strong>2019-08-24 12:05<\/strong><\/p>                                <\/div>\n                                <div class=\"commentsCount\"><i class=\"icon-comments-alt darkerColor\"><\/i> 14<\/div>\n                                <p><span class=\"more\">\u00bb more<\/span><\/p><\/div>\n                        <\/div>\n                    <\/div>\n                <\/a>\n            <\/section>\n                        <section class=\"newsItem userItem\">\n                <a href=\"https:\/\/mrdp.pl\/en\/zawodnik\/krzysztof-wos-2019\" title=\"Krzysztof Wo\u015b\">\n                    <div class=\"fastGrid\">\n                        <div>\n                            <div class=\"avatarColumn\">\n                                <div style=\"background-image: url(https:\/\/mrdp.pl\/uploads\/Stylus20170607-041-70x52.jpg)\"><\/div>\n                            <\/div>\n                            <div>\n                                <h2 class=\"newsTitle\">Krzysztof Wo\u015b <span>Skaut<\/span><\/h2>\n                                <div class=\"info\">\n                                                                        <p><i class=\"icon-globe\"><\/i> <span>Miejscowo\u015b\u0107:<\/span> <strong>J\u00f3zef\u00f3w<\/strong><\/p>                                    <p><i class=\"icon-star-half-empty\"><\/i> <span>Kategoria:<\/span> <strong>EXTREME<\/strong><\/p>                                    <p><i class=\"icon-flag-checkered\"><\/i> <span>Numer startowy:<\/span> <strong>211<\/strong><\/p>\n                                    <p><i class=\"icon-list-alt\"><\/i> <span>Data startu:<\/span> <strong>2019-08-24 12:05<\/strong><\/p>                                <\/div>\n                                <div class=\"commentsCount\"><i class=\"icon-comments-alt darkerColor\"><\/i> 33<\/div>\n                                <p><span class=\"more\">\u00bb more<\/span><\/p><\/div>\n                        <\/div>\n                    <\/div>\n                <\/a>\n            <\/section>\n                        <section class=\"newsItem userItem\">\n                <a href=\"https:\/\/mrdp.pl\/en\/zawodnik\/dariusz-chojnowski\" title=\"Dariusz Chojnowski\">\n                    <div class=\"fastGrid\">\n                        <div>\n                            <div class=\"avatarColumn\">\n                                <div style=\"background-image: url(https:\/\/mrdp.pl\/uploads\/IMG_1436-39x70.jpg)\"><\/div>\n                            <\/div>\n                            <div>\n                                <h2 class=\"newsTitle\">Dariusz Chojnowski <span><\/span><\/h2>\n                                <div class=\"info\">\n                                                                        <p><i class=\"icon-globe\"><\/i> <span>Miejscowo\u015b\u0107:<\/span> <strong>Za\u015bcianki<\/strong><\/p>                                    <p><i class=\"icon-star-half-empty\"><\/i> <span>Kategoria:<\/span> <strong>EXTREME<\/strong><\/p>                                    <p><i class=\"icon-flag-checkered\"><\/i> <span>Numer startowy:<\/span> <strong>212<\/strong><\/p>\n                                    <p><i class=\"icon-list-alt\"><\/i> <span>Data startu:<\/span> <strong>2019-08-24 12:05<\/strong><\/p>                                <\/div>\n                                <div class=\"commentsCount\"><i class=\"icon-comments-alt darkerColor\"><\/i> 14<\/div>\n                                <p><span class=\"more\">\u00bb more<\/span><\/p><\/div>\n                        <\/div>\n                    <\/div>\n                <\/a>\n            <\/section>\n                        <section class=\"newsItem userItem\">\n                <a href=\"https:\/\/mrdp.pl\/en\/zawodnik\/andrzej-grondek-2019\" title=\"Andrzej Grondek\">\n                    <div class=\"fastGrid\">\n                        <div>\n                            <div class=\"avatarColumn\">\n                                <div style=\"background-image: url(https:\/\/mrdp.pl\/uploads\/Andrzej-Grondek-70x46.jpg)\"><\/div>\n                            <\/div>\n                            <div>\n                                <h2 class=\"newsTitle\">Andrzej Grondek <span>endriu68<\/span><\/h2>\n                                <div class=\"info\">\n                                                                        <p><i class=\"icon-globe\"><\/i> <span>Miejscowo\u015b\u0107:<\/span> <strong>Lublin<\/strong><\/p>                                    <p><i class=\"icon-star-half-empty\"><\/i> <span>Kategoria:<\/span> <strong>EXTREME<\/strong><\/p>                                    <p><i class=\"icon-flag-checkered\"><\/i> <span>Numer startowy:<\/span> <strong>213<\/strong><\/p>\n                                    <p><i class=\"icon-list-alt\"><\/i> <span>Data startu:<\/span> <strong>2019-08-24 12:05<\/strong><\/p>                                <\/div>\n                                <div class=\"commentsCount\"><i class=\"icon-comments-alt darkerColor\"><\/i> 14<\/div>\n                                <p><span class=\"more\">\u00bb more<\/span><\/p><\/div>\n                        <\/div>\n                    <\/div>\n                <\/a>\n            <\/section>\n                        <section class=\"newsItem userItem\">\n                <a href=\"https:\/\/mrdp.pl\/en\/zawodnik\/marcin-karlowski-2019\" title=\"Marcin Kar\u0142owski\">\n                    <div class=\"fastGrid\">\n                        <div>\n                            <div class=\"avatarColumn\">\n                                <div style=\"background-image: url(https:\/\/mrdp.pl\/uploads\/AA1_6065-\u2014-kopia-70x46.jpg)\"><\/div>\n                            <\/div>\n                            <div>\n                                <h2 class=\"newsTitle\">Marcin Kar\u0142owski <span>Husky8<\/span><\/h2>\n                                <div class=\"info\">\n                                    <p><i class=\"icon-list-alt\"><\/i> <span>Klub:<\/span> <strong>Marcin Kar\u0142owski<\/strong><\/p>                                    <p><i class=\"icon-globe\"><\/i> <span>Miejscowo\u015b\u0107:<\/span> <strong>Cz\u0119stochowa<\/strong><\/p>                                    <p><i class=\"icon-star-half-empty\"><\/i> <span>Kategoria:<\/span> <strong>EXTREME<\/strong><\/p>                                    <p><i class=\"icon-flag-checkered\"><\/i> <span>Numer startowy:<\/span> <strong>214<\/strong><\/p>\n                                    <p><i class=\"icon-list-alt\"><\/i> <span>Data startu:<\/span> <strong>2019-08-24 12:05<\/strong><\/p>                                <\/div>\n                                <div class=\"commentsCount\"><i class=\"icon-comments-alt darkerColor\"><\/i> 25<\/div>\n                                <p><span class=\"more\">\u00bb more<\/span><\/p><\/div>\n                        <\/div>\n                    <\/div>\n                <\/a>\n            <\/section>\n                        <section class=\"newsItem userItem\">\n                <a href=\"https:\/\/mrdp.pl\/en\/zawodnik\/dominik-hetman\" title=\"Dominik Hetman\">\n                    <div class=\"fastGrid\">\n                        <div>\n                            <div class=\"avatarColumn\">\n                                <div style=\"background-image: url(https:\/\/mrdp.pl\/uploads\/na-fejsa-70x59.jpg)\"><\/div>\n                            <\/div>\n                            <div>\n                                <h2 class=\"newsTitle\">Dominik Hetman <span><\/span><\/h2>\n                                <div class=\"info\">\n                                                                        <p><i class=\"icon-globe\"><\/i> <span>Miejscowo\u015b\u0107:<\/span> <strong>Krzywi\u0144<\/strong><\/p>                                    <p><i class=\"icon-star-half-empty\"><\/i> <span>Kategoria:<\/span> <strong>EXTREME<\/strong><\/p>                                    <p><i class=\"icon-flag-checkered\"><\/i> <span>Numer startowy:<\/span> <strong>215<\/strong><\/p>\n                                    <p><i class=\"icon-list-alt\"><\/i> <span>Data startu:<\/span> <strong>2019-08-24 12:05<\/strong><\/p>                                <\/div>\n                                <div class=\"commentsCount\"><i class=\"icon-comments-alt darkerColor\"><\/i> 12<\/div>\n                                <p><span class=\"more\">\u00bb more<\/span><\/p><\/div>\n                        <\/div>\n                    <\/div>\n                <\/a>\n            <\/section>\n                        <section class=\"newsItem userItem\">\n                <a href=\"https:\/\/mrdp.pl\/en\/zawodnik\/jerzy-krolikowski\" title=\"Jerzy Kr\u00f3likowski\">\n                    <div class=\"fastGrid\">\n                        <div>\n                            <div class=\"avatarColumn\">\n                                <div style=\"background-image: url(https:\/\/mrdp.pl\/uploads\/sesja5-70x59.jpg)\"><\/div>\n                            <\/div>\n                            <div>\n                                <h2 class=\"newsTitle\">Jerzy Kr\u00f3likowski <span><\/span><\/h2>\n                                <div class=\"info\">\n                                    <p><i class=\"icon-list-alt\"><\/i> <span>Klub:<\/span> <strong>Szybkie Kopyto Ultra<\/strong><\/p>                                    <p><i class=\"icon-globe\"><\/i> <span>Miejscowo\u015b\u0107:<\/span> <strong>Warszawa<\/strong><\/p>                                    <p><i class=\"icon-star-half-empty\"><\/i> <span>Kategoria:<\/span> <strong>EXTREME<\/strong><\/p>                                    <p><i class=\"icon-flag-checkered\"><\/i> <span>Numer startowy:<\/span> <strong>216<\/strong><\/p>\n                                    <p><i class=\"icon-list-alt\"><\/i> <span>Data startu:<\/span> <strong>2019-08-24 12:05<\/strong><\/p>                                <\/div>\n                                <div class=\"commentsCount\"><i class=\"icon-comments-alt darkerColor\"><\/i> 13<\/div>\n                                <p><span class=\"more\">\u00bb more<\/span><\/p><\/div>\n                        <\/div>\n                    <\/div>\n                <\/a>\n            <\/section>\n                        <section class=\"newsItem userItem\">\n                <a href=\"https:\/\/mrdp.pl\/en\/zawodnik\/mariusz-filipek-2019\" title=\"Mariusz Filipek\">\n                    <div class=\"fastGrid\">\n                        <div>\n                            <div class=\"avatarColumn\">\n                                <div style=\"background-image: url(https:\/\/mrdp.pl\/uploads\/3a-56x70.jpg)\"><\/div>\n                            <\/div>\n                            <div>\n                                <h2 class=\"newsTitle\">Mariusz Filipek <span>Mariobiker<\/span><\/h2>\n                                <div class=\"info\">\n                                    <p><i class=\"icon-list-alt\"><\/i> <span>Klub:<\/span> <strong>Bike Room Team<\/strong><\/p>                                    <p><i class=\"icon-globe\"><\/i> <span>Miejscowo\u015b\u0107:<\/span> <strong>Niedrzwica Du\u017ca<\/strong><\/p>                                    <p><i class=\"icon-star-half-empty\"><\/i> <span>Kategoria:<\/span> <strong>EXTREME<\/strong><\/p>                                    <p><i class=\"icon-flag-checkered\"><\/i> <span>Numer startowy:<\/span> <strong>218<\/strong><\/p>\n                                    <p><i class=\"icon-list-alt\"><\/i> <span>Data startu:<\/span> <strong>2019-08-24 12:05<\/strong><\/p>                                <\/div>\n                                <div class=\"commentsCount\"><i class=\"icon-comments-alt darkerColor\"><\/i> 14<\/div>\n                                <p><span class=\"more\">\u00bb more<\/span><\/p><\/div>\n                        <\/div>\n                    <\/div>\n                <\/a>\n            <\/section>\n                        <section class=\"newsItem userItem\">\n                <a href=\"https:\/\/mrdp.pl\/en\/zawodnik\/jakub-gierlik-2019\" title=\"Jakub Gierlik\">\n                    <div class=\"fastGrid\">\n                        <div>\n                            <div class=\"avatarColumn\">\n                                <div style=\"background-image: url(https:\/\/mrdp.pl\/uploads\/Jakub-Gierlik-70x63.jpg)\"><\/div>\n                            <\/div>\n                            <div>\n                                <h2 class=\"newsTitle\">Jakub Gierlik <span>Pankolarz<\/span><\/h2>\n                                <div class=\"info\">\n                                    <p><i class=\"icon-list-alt\"><\/i> <span>Klub:<\/span> <strong>Roadbike Team<\/strong><\/p>                                    <p><i class=\"icon-globe\"><\/i> <span>Miejscowo\u015b\u0107:<\/span> <strong>Miejska G\u00f3rka<\/strong><\/p>                                    <p><i class=\"icon-star-half-empty\"><\/i> <span>Kategoria:<\/span> <strong>EXTREME<\/strong><\/p>                                    <p><i class=\"icon-flag-checkered\"><\/i> <span>Numer startowy:<\/span> <strong>219<\/strong><\/p>\n                                    <p><i class=\"icon-list-alt\"><\/i> <span>Data startu:<\/span> <strong>2019-08-24 12:05<\/strong><\/p>                                <\/div>\n                                <div class=\"commentsCount\"><i class=\"icon-comments-alt darkerColor\"><\/i> 13<\/div>\n                                <p><span class=\"more\">\u00bb more<\/span><\/p><\/div>\n                        <\/div>\n                    <\/div>\n                <\/a>\n            <\/section>\n                        <section class=\"newsItem userItem\">\n                <a href=\"https:\/\/mrdp.pl\/en\/zawodnik\/witold-biernacki-2019\" title=\"Witold Biernacki\">\n                    <div class=\"fastGrid\">\n                        <div>\n                            <div class=\"avatarColumn\">\n                                <div style=\"background-image: url(https:\/\/mrdp.pl\/uploads\/10cze2011_6494-70x46.jpg)\"><\/div>\n                            <\/div>\n                            <div>\n                                <h2 class=\"newsTitle\">Witold Biernacki <span><\/span><\/h2>\n                                <div class=\"info\">\n                                                                        <p><i class=\"icon-globe\"><\/i> <span>Miejscowo\u015b\u0107:<\/span> <strong>Gosty\u0144<\/strong><\/p>                                    <p><i class=\"icon-star-half-empty\"><\/i> <span>Kategoria:<\/span> <strong>EXTREME<\/strong><\/p>                                    <p><i class=\"icon-flag-checkered\"><\/i> <span>Numer startowy:<\/span> <strong>220<\/strong><\/p>\n                                    <p><i class=\"icon-list-alt\"><\/i> <span>Data startu:<\/span> <strong>2019-08-24 12:05<\/strong><\/p>                                <\/div>\n                                <div class=\"commentsCount\"><i class=\"icon-comments-alt darkerColor\"><\/i> 14<\/div>\n                                <p><span class=\"more\">\u00bb more<\/span><\/p><\/div>\n                        <\/div>\n                    <\/div>\n                <\/a>\n            <\/section>\n                        <section class=\"newsItem userItem\">\n                <a href=\"https:\/\/mrdp.pl\/en\/zawodnik\/mariusz-wozny\" title=\"Mariusz Wo\u017any\">\n                    <div class=\"fastGrid\">\n                        <div>\n                            <div class=\"avatarColumn\">\n                                <div style=\"background-image: url(https:\/\/mrdp.pl\/uploads\/IMG_20190318_112420-46x70.jpg)\"><\/div>\n                            <\/div>\n                            <div>\n                                <h2 class=\"newsTitle\">Mariusz Wo\u017any <span>Raphael<\/span><\/h2>\n                                <div class=\"info\">\n                                    <p><i class=\"icon-list-alt\"><\/i> <span>Klub:<\/span> <strong>Puszcza Kozienicka<\/strong><\/p>                                    <p><i class=\"icon-globe\"><\/i> <span>Miejscowo\u015b\u0107:<\/span> <strong>Garbatka Letnisko<\/strong><\/p>                                    <p><i class=\"icon-star-half-empty\"><\/i> <span>Kategoria:<\/span> <strong>EXTREME<\/strong><\/p>                                    <p><i class=\"icon-flag-checkered\"><\/i> <span>Numer startowy:<\/span> <strong>221<\/strong><\/p>\n                                    <p><i class=\"icon-list-alt\"><\/i> <span>Data startu:<\/span> <strong>2019-08-24 12:05<\/strong><\/p>                                <\/div>\n                                <div class=\"commentsCount\"><i class=\"icon-comments-alt darkerColor\"><\/i> 15<\/div>\n                                <p><span class=\"more\">\u00bb more<\/span><\/p><\/div>\n                        <\/div>\n                    <\/div>\n                <\/a>\n            <\/section>\n                        <section class=\"newsItem userItem\">\n                <a href=\"https:\/\/mrdp.pl\/en\/zawodnik\/marcin-stec-2019\" title=\"Marcin Stec\">\n                    <div class=\"fastGrid\">\n                        <div>\n                            <div class=\"avatarColumn\">\n                                <div style=\"background-image: url(https:\/\/mrdp.pl\/uploads\/2017-12-21_16.08.22-70x70.jpg)\"><\/div>\n                            <\/div>\n                            <div>\n                                <h2 class=\"newsTitle\">Marcin Stec <span><\/span><\/h2>\n                                <div class=\"info\">\n                                    <p><i class=\"icon-list-alt\"><\/i> <span>Klub:<\/span> <strong>KLKS Lider Sztum<\/strong><\/p>                                    <p><i class=\"icon-globe\"><\/i> <span>Miejscowo\u015b\u0107:<\/span> <strong>Sztum<\/strong><\/p>                                    <p><i class=\"icon-star-half-empty\"><\/i> <span>Kategoria:<\/span> <strong>EXTREME<\/strong><\/p>                                    <p><i class=\"icon-flag-checkered\"><\/i> <span>Numer startowy:<\/span> <strong>222<\/strong><\/p>\n                                    <p><i class=\"icon-list-alt\"><\/i> <span>Data startu:<\/span> <strong>2019-08-24 12:05<\/strong><\/p>                                <\/div>\n                                <div class=\"commentsCount\"><i class=\"icon-comments-alt darkerColor\"><\/i> 7<\/div>\n                                <p><span class=\"more\">\u00bb more<\/span><\/p><\/div>\n                        <\/div>\n                    <\/div>\n                <\/a>\n            <\/section>\n                        <section class=\"newsItem userItem\">\n                <a href=\"https:\/\/mrdp.pl\/en\/zawodnik\/mariusz-galuszka\" title=\"Mariusz Ga\u0142uszka\">\n                    <div class=\"fastGrid\">\n                        <div>\n                            <div class=\"avatarColumn\">\n                                <div style=\"background-image: url(https:\/\/mrdp.pl\/uploads\/20150705_185048_222-59x70.jpg)\"><\/div>\n                            <\/div>\n                            <div>\n                                <h2 class=\"newsTitle\">Mariusz Ga\u0142uszka <span><\/span><\/h2>\n                                <div class=\"info\">\n                                    <p><i class=\"icon-list-alt\"><\/i> <span>Klub:<\/span> <strong>KTC Krosno<\/strong><\/p>                                    <p><i class=\"icon-globe\"><\/i> <span>Miejscowo\u015b\u0107:<\/span> <strong>Kro\u015bcienko Wy\u017cne<\/strong><\/p>                                    <p><i class=\"icon-star-half-empty\"><\/i> <span>Kategoria:<\/span> <strong>EXTREME<\/strong><\/p>                                    <p><i class=\"icon-flag-checkered\"><\/i> <span>Numer startowy:<\/span> <strong>224<\/strong><\/p>\n                                    <p><i class=\"icon-list-alt\"><\/i> <span>Data startu:<\/span> <strong>2019-08-24 12:05<\/strong><\/p>                                <\/div>\n                                <div class=\"commentsCount\"><i class=\"icon-comments-alt darkerColor\"><\/i> 15<\/div>\n                                <p><span class=\"more\">\u00bb more<\/span><\/p><\/div>\n                        <\/div>\n                    <\/div>\n                <\/a>\n            <\/section>\n                        <section class=\"newsItem userItem\">\n                <a href=\"https:\/\/mrdp.pl\/en\/zawodnik\/jerzy-scibisz-2019\" title=\"Jerzy \u015acibisz\">\n                    <div class=\"fastGrid\">\n                        <div>\n                            <div class=\"avatarColumn\">\n                                <div style=\"background-image: url(https:\/\/mrdp.pl\/uploads\/WP_20161004_16_37_18_Pro-39x70.jpg)\"><\/div>\n                            <\/div>\n                            <div>\n                                <h2 class=\"newsTitle\">Jerzy \u015acibisz <span>irzi rajder<\/span><\/h2>\n                                <div class=\"info\">\n                                    <p><i class=\"icon-list-alt\"><\/i> <span>Klub:<\/span> <strong>-<\/strong><\/p>                                    <p><i class=\"icon-globe\"><\/i> <span>Miejscowo\u015b\u0107:<\/span> <strong>Szczecin<\/strong><\/p>                                    <p><i class=\"icon-star-half-empty\"><\/i> <span>Kategoria:<\/span> <strong>EXTREME<\/strong><\/p>                                    <p><i class=\"icon-flag-checkered\"><\/i> <span>Numer startowy:<\/span> <strong>227<\/strong><\/p>\n                                    <p><i class=\"icon-list-alt\"><\/i> <span>Data startu:<\/span> <strong>2019-08-24 12:05<\/strong><\/p>                                <\/div>\n                                <div class=\"commentsCount\"><i class=\"icon-comments-alt darkerColor\"><\/i> 24<\/div>\n                                <p><span class=\"more\">\u00bb more<\/span><\/p><\/div>\n                        <\/div>\n                    <\/div>\n                <\/a>\n            <\/section>\n                        <section class=\"newsItem userItem\">\n                <a href=\"https:\/\/mrdp.pl\/en\/zawodnik\/pawel-talaga-2019\" title=\"Pawel Talaga\">\n                    <div class=\"fastGrid\">\n                        <div>\n                            <div class=\"avatarColumn\">\n                                <div style=\"background-image: url(https:\/\/mrdp.pl\/uploads\/Pawel-Talaga-52x70.jpg)\"><\/div>\n                            <\/div>\n                            <div>\n                                <h2 class=\"newsTitle\">Pawel Talaga <span><\/span><\/h2>\n                                <div class=\"info\">\n                                    <p><i class=\"icon-list-alt\"><\/i> <span>Klub:<\/span> <strong>AG SERWIS 71<\/strong><\/p>                                    <p><i class=\"icon-globe\"><\/i> <span>Miejscowo\u015b\u0107:<\/span> <strong>Krak\u00f3w<\/strong><\/p>                                    <p><i class=\"icon-star-half-empty\"><\/i> <span>Kategoria:<\/span> <strong>EXTREME<\/strong><\/p>                                    <p><i class=\"icon-flag-checkered\"><\/i> <span>Numer startowy:<\/span> <strong>228<\/strong><\/p>\n                                    <p><i class=\"icon-list-alt\"><\/i> <span>Data startu:<\/span> <strong>2019-08-24 12:05<\/strong><\/p>                                <\/div>\n                                <div class=\"commentsCount\"><i class=\"icon-comments-alt darkerColor\"><\/i> 12<\/div>\n                                <p><span class=\"more\">\u00bb more<\/span><\/p><\/div>\n                        <\/div>\n                    <\/div>\n                <\/a>\n            <\/section>\n                        <section class=\"newsItem userItem\">\n                <a href=\"https:\/\/mrdp.pl\/en\/zawodnik\/wladyslaw-pielecki-2019\" title=\"W\u0142adys\u0142aw Pielecki\">\n                    <div class=\"fastGrid\">\n                        <div>\n                            <div class=\"avatarColumn\">\n                                <div style=\"background-image: url(https:\/\/mrdp.pl\/uploads\/14497708_20180827_154834-70x52.jpg)\"><\/div>\n                            <\/div>\n                            <div>\n                                <h2 class=\"newsTitle\">W\u0142adys\u0142aw Pielecki <span><\/span><\/h2>\n                                <div class=\"info\">\n                                    <p><i class=\"icon-list-alt\"><\/i> <span>Klub:<\/span> <strong>W\u0141ADYS\u0141AW PIELECKI<\/strong><\/p>                                    <p><i class=\"icon-globe\"><\/i> <span>Miejscowo\u015b\u0107:<\/span> <strong>Bia\u0142e B\u0142ota<\/strong><\/p>                                    <p><i class=\"icon-star-half-empty\"><\/i> <span>Kategoria:<\/span> <strong>EXTREME<\/strong><\/p>                                    <p><i class=\"icon-flag-checkered\"><\/i> <span>Numer startowy:<\/span> <strong>231<\/strong><\/p>\n                                    <p><i class=\"icon-list-alt\"><\/i> <span>Data startu:<\/span> <strong>2019-08-24 12:05<\/strong><\/p>                                <\/div>\n                                <div class=\"commentsCount\"><i class=\"icon-comments-alt darkerColor\"><\/i> 13<\/div>\n                                <p><span class=\"more\">\u00bb more<\/span><\/p><\/div>\n                        <\/div>\n                    <\/div>\n                <\/a>\n            <\/section>\n            <\/p>","protected":false},"excerpt":{"rendered":"","protected":false},"author":1,"featured_media":0,"parent":4590,"menu_order":0,"comment_status":"closed","ping_status":"closed","template":"","meta":[],"_links":{"self":[{"href":"https:\/\/mrdp.pl\/en\/wp-json\/wp\/v2\/pages\/4607"}],"collection":[{"href":"https:\/\/mrdp.pl\/en\/wp-json\/wp\/v2\/pages"}],"about":[{"href":"https:\/\/mrdp.pl\/en\/wp-json\/wp\/v2\/types\/page"}],"author":[{"embeddable":true,"href":"https:\/\/mrdp.pl\/en\/wp-json\/wp\/v2\/users\/1"}],"replies":[{"embeddable":true,"href":"https:\/\/mrdp.pl\/en\/wp-json\/wp\/v2\/comments?post=4607"}],"version-history":[{"count":0,"href":"https:\/\/mrdp.pl\/en\/wp-json\/wp\/v2\/pages\/4607\/revisions"}],"up":[{"embeddable":true,"href":"https:\/\/mrdp.pl\/en\/wp-json\/wp\/v2\/pages\/4590"}],"wp:attachment":[{"href":"https:\/\/mrdp.pl\/en\/wp-json\/wp\/v2\/media?parent=4607"}],"curies":[{"name":"wp","href":"https:\/\/api.w.org\/{rel}","templated":true}]}}